{"id":600,"date":"2020-06-03T11:30:56","date_gmt":"2020-06-03T09:30:56","guid":{"rendered":"http:\/\/www.musees-mediterranee.org\/?page_id=600"},"modified":"2026-04-28T09:27:59","modified_gmt":"2026-04-28T07:27:59","slug":"emploi","status":"publish","type":"page","link":"http:\/\/www.musees-mediterranee.org\/index.php\/emploi\/","title":{"rendered":"Emploi"},"content":{"rendered":"\t\t<div data-elementor-type=\"wp-post\" data-elementor-id=\"600\" class=\"elementor elementor-600\" data-elementor-post-type=\"page\">\n\t\t\t\t<div class=\"elementor-element elementor-element-d30ee9c e-flex e-con-boxed e-con e-parent\" data-id=\"d30ee9c\" data-element_type=\"container\" data-e-type=\"container\">\n\t\t\t\t\t<div class=\"e-con-inner\">\n\t\t\t\t<div class=\"elementor-element elementor-element-3a6a92e exad-sticky-section-no exad-glass-effect-no elementor-widget elementor-widget-heading\" data-id=\"3a6a92e\" data-element_type=\"widget\" data-e-type=\"widget\" data-widget_type=\"heading.default\">\n\t\t\t\t<div class=\"elementor-widget-container\">\n\t\t\t\t\t<h2 class=\"elementor-heading-title elementor-size-default\">Emploi<\/h2>\t\t\t\t<\/div>\n\t\t\t\t<\/div>\n\t\t\t\t\t<\/div>\n\t\t\t\t<\/div>\n\t\t\t\t<section class=\"elementor-section elementor-top-section elementor-element elementor-element-bc672fd elementor-section-boxed elementor-section-height-default elementor-section-height-default exad-glass-effect-no exad-sticky-section-no\" data-id=\"bc672fd\" data-element_type=\"section\" data-e-type=\"section\">\n\t\t\t\t\t\t<div class=\"elementor-container elementor-column-gap-default\">\n\t\t\t\t\t<div class=\"elementor-column elementor-col-100 elementor-top-column elementor-element elementor-element-d52bf3a exad-glass-effect-no exad-sticky-section-no\" data-id=\"d52bf3a\" data-element_type=\"column\" data-e-type=\"column\">\n\t\t\t<div class=\"elementor-widget-wrap elementor-element-populated\">\n\t\t\t\t\t\t<section class=\"elementor-section elementor-inner-section elementor-element elementor-element-1046593 elementor-hidden-desktop elementor-hidden-tablet elementor-hidden-mobile elementor-section-boxed elementor-section-height-default elementor-section-height-default exad-glass-effect-no exad-sticky-section-no\" data-id=\"1046593\" data-element_type=\"section\" data-e-type=\"section\">\n\t\t\t\t\t\t<div class=\"elementor-container elementor-column-gap-default\">\n\t\t\t\t\t<div class=\"elementor-column elementor-col-100 elementor-inner-column elementor-element elementor-element-67e2a51 exad-glass-effect-no exad-sticky-section-no\" data-id=\"67e2a51\" data-element_type=\"column\" data-e-type=\"column\">\n\t\t\t<div class=\"elementor-widget-wrap elementor-element-populated\">\n\t\t\t\t\t\t<div class=\"elementor-element elementor-element-6c02398 exad-sticky-section-no exad-glass-effect-no elementor-widget elementor-widget-spacer\" data-id=\"6c02398\" data-element_type=\"widget\" data-e-type=\"widget\" data-widget_type=\"spacer.default\">\n\t\t\t\t<div class=\"elementor-widget-container\">\n\t\t\t\t\t\t\t<div class=\"elementor-spacer\">\n\t\t\t<div class=\"elementor-spacer-inner\"><\/div>\n\t\t<\/div>\n\t\t\t\t\t\t<\/div>\n\t\t\t\t<\/div>\n\t\t\t\t<div class=\"elementor-element elementor-element-37f425a exad-sticky-section-no exad-glass-effect-no elementor-widget elementor-widget-text-editor\" data-id=\"37f425a\" data-element_type=\"widget\" data-e-type=\"widget\" data-widget_type=\"text-editor.default\">\n\t\t\t\t<div class=\"elementor-widget-container\">\n\t\t\t\t\t\t\t\t\t<p><span style=\"text-decoration: underline;\">Les demandes<\/span> :<\/p>\t\t\t\t\t\t\t\t<\/div>\n\t\t\t\t<\/div>\n\t\t\t\t\t<\/div>\n\t\t<\/div>\n\t\t\t\t\t<\/div>\n\t\t<\/section>\n\t\t\t\t\t<\/div>\n\t\t<\/div>\n\t\t\t\t\t<\/div>\n\t\t<\/section>\n\t\t\t\t<section class=\"elementor-section elementor-top-section elementor-element elementor-element-0e70521 elementor-section-boxed elementor-section-height-default elementor-section-height-default exad-glass-effect-no exad-sticky-section-no\" data-id=\"0e70521\" data-element_type=\"section\" data-e-type=\"section\">\n\t\t\t\t\t\t<div class=\"elementor-container elementor-column-gap-default\">\n\t\t\t\t\t<div class=\"elementor-column elementor-col-100 elementor-top-column elementor-element elementor-element-fb3402c exad-glass-effect-no exad-sticky-section-no\" data-id=\"fb3402c\" data-element_type=\"column\" data-e-type=\"column\">\n\t\t\t<div class=\"elementor-widget-wrap elementor-element-populated\">\n\t\t\t\t\t\t<div class=\"elementor-element elementor-element-a111321 exad-sticky-section-no exad-glass-effect-no elementor-widget elementor-widget-text-editor\" data-id=\"a111321\" data-element_type=\"widget\" data-e-type=\"widget\" data-widget_type=\"text-editor.default\">\n\t\t\t\t<div class=\"elementor-widget-container\">\n\t\t\t\t\t\t\t\t\t<p><span style=\"text-decoration: underline;\">Les offres<\/span> :<\/p>\t\t\t\t\t\t\t\t<\/div>\n\t\t\t\t<\/div>\n\t\t\t\t<div class=\"elementor-element elementor-element-6f2de87 exad-sticky-section-no exad-glass-effect-no elementor-widget elementor-widget-text-editor\" data-id=\"6f2de87\" data-element_type=\"widget\" data-e-type=\"widget\" data-widget_type=\"text-editor.default\">\n\t\t\t\t<div class=\"elementor-widget-container\">\n\t\t\t\t\t\t\t\t\t<p>Suresnes : Directeur du mus\u00e9e et des archives. <a href=\"https:\/\/fr.indeed.com\/q-conservateur-patrimoine-l-paris-(75)-emplois.html?vjk=09d20d11d4a6de49\" target=\"_blank\" rel=\"noopener\">En savoir plus.<\/a><\/p><p>Paris, mus\u00e9e d\u2019art moderne, Conservateur Sp\u00e9cialit\u00e9 Art Contemporain &#8211; Commissaire d&#8217;Expositions. <a href=\"https:\/\/www.hellowork.com\/fr-fr\/emplois\/73544494.html\" target=\"_blank\" rel=\"noopener\">En savoir plus.<\/a><\/p>\t\t\t\t\t\t\t\t<\/div>\n\t\t\t\t<\/div>\n\t\t\t\t\t<\/div>\n\t\t<\/div>\n\t\t\t\t\t<\/div>\n\t\t<\/section>\n\t\t\t\t<section class=\"elementor-section elementor-top-section elementor-element elementor-element-4bb6621 elementor-section-boxed elementor-section-height-default elementor-section-height-default exad-glass-effect-no exad-sticky-section-no\" data-id=\"4bb6621\" data-element_type=\"section\" data-e-type=\"section\">\n\t\t\t\t\t\t<div class=\"elementor-container elementor-column-gap-default\">\n\t\t\t\t\t<div class=\"elementor-column elementor-col-100 elementor-top-column elementor-element elementor-element-076c588 exad-glass-effect-no exad-sticky-section-no\" data-id=\"076c588\" data-element_type=\"column\" data-e-type=\"column\">\n\t\t\t<div class=\"elementor-widget-wrap elementor-element-populated\">\n\t\t\t\t\t\t<div class=\"elementor-element elementor-element-d543ecf exad-sticky-section-no exad-glass-effect-no elementor-widget elementor-widget-text-editor\" data-id=\"d543ecf\" data-element_type=\"widget\" data-e-type=\"widget\" data-widget_type=\"text-editor.default\">\n\t\t\t\t<div class=\"elementor-widget-container\">\n\t\t\t\t\t\t\t\t\t<p><strong>Charg\u00e9e \/ Charg\u00e9 de pr\u00e9servation et de mise en valeur de fonds patrimonial et de collections<\/strong><\/p>\t\t\t\t\t\t\t\t<\/div>\n\t\t\t\t<\/div>\n\t\t\t\t<div class=\"elementor-element elementor-element-8366606 exad-sticky-section-no exad-glass-effect-no elementor-widget elementor-widget-shortcode\" data-id=\"8366606\" data-element_type=\"widget\" data-e-type=\"widget\" data-widget_type=\"shortcode.default\">\n\t\t\t\t<div class=\"elementor-widget-container\">\n\t\t\t\t\t\t\t<div class=\"elementor-shortcode\"><div class=\"wp-rss-template-container\" data-wpra-template=\"default\" data-template-ctx=\"eyJzb3VyY2VzIjoiMTI4OTEifQ==\">\n    <div class=\"wp-rss-aggregator wpra-list-template  \" data-page=\"1\">\n    \n    \n<ul class=\"wpra-item-list rss-aggregator wpra-item-list--bullets wpra-item-list--default\"\n    start=\"1\">\n                        <li class=\"wpra-item feed-item \">\n            \n            \n\n    <a  href=\"https:\/\/choisirleservicepublic.gouv.fr\/offre-emploi\/2026-2265277\/?tracking=1&amp;idOrigine=502\" target=\"_blank\" rel=\"nofollow\" class=\"\">2026-2265277 - Adjoint \u00e0 la cheffe du service de la r\u00e9gie des \u0153uvres H\/F<\/a>\n\n\n\n\n\n\n<div class=\"wprss-feed-meta\">\n    \n    \n    <\/div>\n\n\n\n\n\n            \n        <\/li>\n                    <li class=\"wpra-item feed-item \">\n            \n            \n\n    <a  href=\"https:\/\/choisirleservicepublic.gouv.fr\/offre-emploi\/2026-2230752\/?tracking=1&amp;idOrigine=502\" target=\"_blank\" rel=\"nofollow\" class=\"\">2026-2230752 - Attach\u00e9.e de collection  F\/H - CDD du 27\/05\/2026 au 15\/09\/2026<\/a>\n\n\n\n\n\n\n<div class=\"wprss-feed-meta\">\n    \n    \n    <\/div>\n\n\n\n\n\n            \n        <\/li>\n                    <li class=\"wpra-item feed-item \">\n            \n            \n\n    <a  href=\"https:\/\/choisirleservicepublic.gouv.fr\/offre-emploi\/2026-2258744\/?tracking=1&amp;idOrigine=502\" target=\"_blank\" rel=\"nofollow\" class=\"\">2026-2258744 - Universit\u00e9 Lyon 1 - Adjoint technique Herbier APG (H\/F)<\/a>\n\n\n\n\n\n\n<div class=\"wprss-feed-meta\">\n    \n    \n    <\/div>\n\n\n\n\n\n            \n        <\/li>\n                    <li class=\"wpra-item feed-item \">\n            \n            \n\n    <a  href=\"https:\/\/choisirleservicepublic.gouv.fr\/offre-emploi\/2026-2247191\/?tracking=1&amp;idOrigine=502\" target=\"_blank\" rel=\"nofollow\" class=\"\">2026-2247191 - Universit\u00e9 Lyon 1 - Charg\u00e9 de fonds patrimoniaux et de documentation \u00e9lectronique (H\/F)<\/a>\n\n\n\n\n\n\n<div class=\"wprss-feed-meta\">\n    \n    \n    <\/div>\n\n\n\n\n\n            \n        <\/li>\n                    <li class=\"wpra-item feed-item \">\n            \n            \n\n    <a  href=\"https:\/\/choisirleservicepublic.gouv.fr\/offre-emploi\/2026-2205723\/?tracking=1&amp;idOrigine=502\" target=\"_blank\" rel=\"nofollow\" class=\"\">2026-2205723 - CONSERVATEUR \/ CONSERVATRICE DE LA BIBLIOTHEQUE ET DES ARCHIVES DU MUS\u00c9E COND\u00c9<\/a>\n\n\n\n\n\n\n<div class=\"wprss-feed-meta\">\n    \n    \n    <\/div>\n\n\n\n\n\n            \n        <\/li>\n        <\/ul>\n\n        \n<\/div>\n\n<\/div>\n<\/div>\n\t\t\t\t\t\t<\/div>\n\t\t\t\t<\/div>\n\t\t\t\t\t<\/div>\n\t\t<\/div>\n\t\t\t\t\t<\/div>\n\t\t<\/section>\n\t\t\t\t<section class=\"elementor-section elementor-top-section elementor-element elementor-element-4352afc elementor-section-boxed elementor-section-height-default elementor-section-height-default exad-glass-effect-no exad-sticky-section-no\" data-id=\"4352afc\" data-element_type=\"section\" data-e-type=\"section\">\n\t\t\t\t\t\t<div class=\"elementor-container elementor-column-gap-default\">\n\t\t\t\t\t<div class=\"elementor-column elementor-col-100 elementor-top-column elementor-element elementor-element-5ccbae1 exad-glass-effect-no exad-sticky-section-no\" data-id=\"5ccbae1\" data-element_type=\"column\" data-e-type=\"column\">\n\t\t\t<div class=\"elementor-widget-wrap elementor-element-populated\">\n\t\t\t\t\t\t<div class=\"elementor-element elementor-element-fb92e57 exad-sticky-section-no exad-glass-effect-no elementor-widget elementor-widget-text-editor\" data-id=\"fb92e57\" data-element_type=\"widget\" data-e-type=\"widget\" data-widget_type=\"text-editor.default\">\n\t\t\t\t<div class=\"elementor-widget-container\">\n\t\t\t\t\t\t\t\t\t<p><strong>Charg\u00e9e \/ Charg\u00e9 d&#8217;\u00e9tudes de protection et de valorisation du patrimoine et de l&#8217;architecture<\/strong><\/p>\t\t\t\t\t\t\t\t<\/div>\n\t\t\t\t<\/div>\n\t\t\t\t\t<\/div>\n\t\t<\/div>\n\t\t\t\t\t<\/div>\n\t\t<\/section>\n\t\t\t\t<section class=\"elementor-section elementor-top-section elementor-element elementor-element-7e6ec8a elementor-section-boxed elementor-section-height-default elementor-section-height-default exad-glass-effect-no exad-sticky-section-no\" data-id=\"7e6ec8a\" data-element_type=\"section\" data-e-type=\"section\">\n\t\t\t\t\t\t<div class=\"elementor-container elementor-column-gap-default\">\n\t\t\t\t\t<div class=\"elementor-column elementor-col-100 elementor-top-column elementor-element elementor-element-abd9a71 exad-glass-effect-no exad-sticky-section-no\" data-id=\"abd9a71\" data-element_type=\"column\" data-e-type=\"column\">\n\t\t\t<div class=\"elementor-widget-wrap elementor-element-populated\">\n\t\t\t\t\t\t<div class=\"elementor-element elementor-element-7e8e707 exad-sticky-section-no exad-glass-effect-no elementor-widget elementor-widget-shortcode\" data-id=\"7e8e707\" data-element_type=\"widget\" data-e-type=\"widget\" data-widget_type=\"shortcode.default\">\n\t\t\t\t<div class=\"elementor-widget-container\">\n\t\t\t\t\t\t\t<div class=\"elementor-shortcode\"><div class=\"wp-rss-template-container\" data-wpra-template=\"default\" data-template-ctx=\"eyJzb3VyY2VzIjoiMTI5MzcifQ==\">\n    <div class=\"wp-rss-aggregator wpra-list-template  \" data-page=\"1\">\n    \n    \n<ul class=\"wpra-item-list rss-aggregator wpra-item-list--bullets wpra-item-list--default\"\n    start=\"1\">\n                        <li class=\"wpra-item feed-item \">\n            \n            \n\n    <a  href=\"https:\/\/choisirleservicepublic.gouv.fr\/offre-emploi\/2026-2201941\/?tracking=1&amp;idOrigine=502\" target=\"_blank\" rel=\"nofollow\" class=\"\">2026-2201941 - Ing\u00e9nieur des services culturels et du patrimoine \u00e0 l'UDAP de l'Oise (H\/F)<\/a>\n\n\n\n\n\n\n<div class=\"wprss-feed-meta\">\n    \n    \n    <\/div>\n\n\n\n\n\n            \n        <\/li>\n                    <li class=\"wpra-item feed-item \">\n            \n            \n\n    <a  href=\"https:\/\/choisirleservicepublic.gouv.fr\/offre-emploi\/2026-2193458\/?tracking=1&amp;idOrigine=502\" target=\"_blank\" rel=\"nofollow\" class=\"\">2026-2193458 - TSC -Instructeur-contr\u00f4leur en patrimoine, architecture et urbanisme - DRAC IDF<\/a>\n\n\n\n\n\n\n<div class=\"wprss-feed-meta\">\n    \n    \n    <\/div>\n\n\n\n\n\n            \n        <\/li>\n                    <li class=\"wpra-item feed-item \">\n            \n            \n\n    <a  href=\"https:\/\/choisirleservicepublic.gouv.fr\/offre-emploi\/2026-2245577\/?tracking=1&amp;idOrigine=502\" target=\"_blank\" rel=\"nofollow\" class=\"\">2026-2245577 - TSCBF-Instructeur(rice)-contr\u00f4leur(se) en architecture et en urbanisme, UDAP d'Indre-et-Loire )<\/a>\n\n\n\n\n\n\n<div class=\"wprss-feed-meta\">\n    \n    \n    <\/div>\n\n\n\n\n\n            \n        <\/li>\n        <\/ul>\n\n        \n<\/div>\n\n<\/div>\n<\/div>\n\t\t\t\t\t\t<\/div>\n\t\t\t\t<\/div>\n\t\t\t\t\t<\/div>\n\t\t<\/div>\n\t\t\t\t\t<\/div>\n\t\t<\/section>\n\t\t\t\t<section class=\"elementor-section elementor-top-section elementor-element elementor-element-b47b02e elementor-section-boxed elementor-section-height-default elementor-section-height-default exad-glass-effect-no exad-sticky-section-no\" data-id=\"b47b02e\" data-element_type=\"section\" data-e-type=\"section\">\n\t\t\t\t\t\t<div class=\"elementor-container elementor-column-gap-default\">\n\t\t\t\t\t<div class=\"elementor-column elementor-col-100 elementor-top-column elementor-element elementor-element-71e27e8 exad-glass-effect-no exad-sticky-section-no\" data-id=\"71e27e8\" data-element_type=\"column\" data-e-type=\"column\">\n\t\t\t<div class=\"elementor-widget-wrap elementor-element-populated\">\n\t\t\t\t\t\t<div class=\"elementor-element elementor-element-2beaeaf exad-sticky-section-no exad-glass-effect-no elementor-widget elementor-widget-text-editor\" data-id=\"2beaeaf\" data-element_type=\"widget\" data-e-type=\"widget\" data-widget_type=\"text-editor.default\">\n\t\t\t\t<div class=\"elementor-widget-container\">\n\t\t\t\t\t\t\t\t\t<p><strong>Directrice \/ Directeur d&#8217;\u00e9tablissement culturel et\/ou patrimonial<\/strong><\/p>\t\t\t\t\t\t\t\t<\/div>\n\t\t\t\t<\/div>\n\t\t\t\t\t<\/div>\n\t\t<\/div>\n\t\t\t\t\t<\/div>\n\t\t<\/section>\n\t\t\t\t<section class=\"elementor-section elementor-top-section elementor-element elementor-element-49139d1 elementor-section-boxed elementor-section-height-default elementor-section-height-default exad-glass-effect-no exad-sticky-section-no\" data-id=\"49139d1\" data-element_type=\"section\" data-e-type=\"section\">\n\t\t\t\t\t\t<div class=\"elementor-container elementor-column-gap-default\">\n\t\t\t\t\t<div class=\"elementor-column elementor-col-100 elementor-top-column elementor-element elementor-element-4f3bc48 exad-glass-effect-no exad-sticky-section-no\" data-id=\"4f3bc48\" data-element_type=\"column\" data-e-type=\"column\">\n\t\t\t<div class=\"elementor-widget-wrap elementor-element-populated\">\n\t\t\t\t\t\t<div class=\"elementor-element elementor-element-5802cfa exad-sticky-section-no exad-glass-effect-no elementor-widget elementor-widget-shortcode\" data-id=\"5802cfa\" data-element_type=\"widget\" data-e-type=\"widget\" data-widget_type=\"shortcode.default\">\n\t\t\t\t<div class=\"elementor-widget-container\">\n\t\t\t\t\t\t\t<div class=\"elementor-shortcode\"><div class=\"wp-rss-template-container\" data-wpra-template=\"default\" data-template-ctx=\"eyJzb3VyY2VzIjoiMTI5NDUifQ==\">\n    <div class=\"wp-rss-aggregator wpra-list-template  \" data-page=\"1\">\n    \n    \n<ul class=\"wpra-item-list rss-aggregator wpra-item-list--bullets wpra-item-list--default\"\n    start=\"1\">\n                        <li class=\"wpra-item feed-item \">\n            \n            \n\n    <a  href=\"https:\/\/choisirleservicepublic.gouv.fr\/offre-emploi\/O078260427000067\/?tracking=1&amp;idOrigine=502\" target=\"_blank\" rel=\"nofollow\" class=\"\">O078260427000067 - Directeur (rice) des affaires culturelles et du centre culturel - Mairie d'EPONE<\/a>\n\n\n\n\n\n\n<div class=\"wprss-feed-meta\">\n    \n    \n    <\/div>\n\n\n\n\n\n            \n        <\/li>\n                    <li class=\"wpra-item feed-item \">\n            \n            \n\n    <a  href=\"https:\/\/choisirleservicepublic.gouv.fr\/offre-emploi\/O092260427000224\/?tracking=1&amp;idOrigine=502\" target=\"_blank\" rel=\"nofollow\" class=\"\">O092260427000224 - Directeur de l'action culturelle (h\/f) - Bois-Colombes<\/a>\n\n\n\n\n\n\n<div class=\"wprss-feed-meta\">\n    \n    \n    <\/div>\n\n\n\n\n\n            \n        <\/li>\n                    <li class=\"wpra-item feed-item \">\n            \n            \n\n    <a  href=\"https:\/\/choisirleservicepublic.gouv.fr\/offre-emploi\/O045260423000482\/?tracking=1&amp;idOrigine=502\" target=\"_blank\" rel=\"nofollow\" class=\"\">O045260423000482 - Responsable du p\u00f4le diffusion culturelle (h\/f) - COMMUNE DE SAINT JEAN DE LA RUELLE<\/a>\n\n\n\n\n\n\n<div class=\"wprss-feed-meta\">\n    \n    \n    <\/div>\n\n\n\n\n\n            \n        <\/li>\n                    <li class=\"wpra-item feed-item \">\n            \n            \n\n    <a  href=\"https:\/\/choisirleservicepublic.gouv.fr\/offre-emploi\/MAE_ac845e59-1764-4115-848f-42fed5627b3e\/?tracking=1&amp;idOrigine=502\" target=\"_blank\" rel=\"nofollow\" class=\"\">MAE_ac845e59-1764-4115-848f-42fed5627b3e - Directeur (F\/H) de l'Alliance fran\u00e7aise de Chittagong - Bangladesh<\/a>\n\n\n\n\n\n\n<div class=\"wprss-feed-meta\">\n    \n    \n    <\/div>\n\n\n\n\n\n            \n        <\/li>\n                    <li class=\"wpra-item feed-item \">\n            \n            \n\n    <a  href=\"https:\/\/choisirleservicepublic.gouv.fr\/offre-emploi\/MAE_d7d916e0-4f51-4ce0-bc49-1cac9f9e74e1\/?tracking=1&amp;idOrigine=502\" target=\"_blank\" rel=\"nofollow\" class=\"\">MAE_d7d916e0-4f51-4ce0-bc49-1cac9f9e74e1 - Directeur d'Alliance Fran\u00e7aise (F\/H) - Alliance Fran\u00e7aise d'Oulan Bator - Mongolie<\/a>\n\n\n\n\n\n\n<div class=\"wprss-feed-meta\">\n    \n    \n    <\/div>\n\n\n\n\n\n            \n        <\/li>\n                    <li class=\"wpra-item feed-item \">\n            \n            \n\n    <a  href=\"https:\/\/choisirleservicepublic.gouv.fr\/offre-emploi\/CMN_2026-307\/?tracking=1&amp;idOrigine=502\" target=\"_blank\" rel=\"nofollow\" class=\"\">CMN_2026-307 - Administrateur adjoint H\/F<\/a>\n\n\n\n\n\n\n<div class=\"wprss-feed-meta\">\n    \n    \n    <\/div>\n\n\n\n\n\n            \n        <\/li>\n                    <li class=\"wpra-item feed-item \">\n            \n            \n\n    <a  href=\"https:\/\/choisirleservicepublic.gouv.fr\/offre-emploi\/MAE_b0be96a9-4888-4202-a350-b00b40d8b58c\/?tracking=1&amp;idOrigine=502\" target=\"_blank\" rel=\"nofollow\" class=\"\">MAE_b0be96a9-4888-4202-a350-b00b40d8b58c - Directeur d'Alliance Fran\u00e7aise (F\/H) - Alliance fran\u00e7aise de Monrovia - Lib\u00e9ria<\/a>\n\n\n\n\n\n\n<div class=\"wprss-feed-meta\">\n    \n    \n    <\/div>\n\n\n\n\n\n            \n        <\/li>\n                    <li class=\"wpra-item feed-item \">\n            \n            \n\n    <a  href=\"https:\/\/choisirleservicepublic.gouv.fr\/offre-emploi\/MAE_a218b96f-3723-4446-8018-91cd1a94a701\/?tracking=1&amp;idOrigine=502\" target=\"_blank\" rel=\"nofollow\" class=\"\">MAE_a218b96f-3723-4446-8018-91cd1a94a701 - Directeur (F\/H) - Alliance fran\u00e7aise de Duba\u00ef - \u00c9mirats Arabes Unis<\/a>\n\n\n\n\n\n\n<div class=\"wprss-feed-meta\">\n    \n    \n    <\/div>\n\n\n\n\n\n            \n        <\/li>\n                    <li class=\"wpra-item feed-item \">\n            \n            \n\n    <a  href=\"https:\/\/choisirleservicepublic.gouv.fr\/offre-emploi\/MAE_b6c19cde-7b38-4a27-9243-6e97dd57bcc6\/?tracking=1&amp;idOrigine=502\" target=\"_blank\" rel=\"nofollow\" class=\"\">MAE_b6c19cde-7b38-4a27-9243-6e97dd57bcc6 - Directeur d'Alliance Fran\u00e7aise (F\/H) - Alliance Fran\u00e7aise de Chennai - Inde<\/a>\n\n\n\n\n\n\n<div class=\"wprss-feed-meta\">\n    \n    \n    <\/div>\n\n\n\n\n\n            \n        <\/li>\n                    <li class=\"wpra-item feed-item \">\n            \n            \n\n    <a  href=\"https:\/\/choisirleservicepublic.gouv.fr\/offre-emploi\/O078260417000895\/?tracking=1&amp;idOrigine=502\" target=\"_blank\" rel=\"nofollow\" class=\"\">O078260417000895 - Directeur.trice du th\u00e9\u00e2tre - R\u00e9gie d'Exploitation du Th\u00e9atre de Poissy<\/a>\n\n\n\n\n\n\n<div class=\"wprss-feed-meta\">\n    \n    \n    <\/div>\n\n\n\n\n\n            \n        <\/li>\n        <\/ul>\n\n        \n<\/div>\n\n<\/div>\n<\/div>\n\t\t\t\t\t\t<\/div>\n\t\t\t\t<\/div>\n\t\t\t\t\t<\/div>\n\t\t<\/div>\n\t\t\t\t\t<\/div>\n\t\t<\/section>\n\t\t\t\t<section class=\"elementor-section elementor-top-section elementor-element elementor-element-654c9d9 elementor-section-boxed elementor-section-height-default elementor-section-height-default exad-glass-effect-no exad-sticky-section-no\" data-id=\"654c9d9\" data-element_type=\"section\" data-e-type=\"section\">\n\t\t\t\t\t\t<div class=\"elementor-container elementor-column-gap-default\">\n\t\t\t\t\t<div class=\"elementor-column elementor-col-100 elementor-top-column elementor-element elementor-element-f23a0da exad-glass-effect-no exad-sticky-section-no\" data-id=\"f23a0da\" data-element_type=\"column\" data-e-type=\"column\">\n\t\t\t<div class=\"elementor-widget-wrap elementor-element-populated\">\n\t\t\t\t\t\t<div class=\"elementor-element elementor-element-5b223f0 exad-sticky-section-no exad-glass-effect-no elementor-widget elementor-widget-text-editor\" data-id=\"5b223f0\" data-element_type=\"widget\" data-e-type=\"widget\" data-widget_type=\"text-editor.default\">\n\t\t\t\t<div class=\"elementor-widget-container\">\n\t\t\t\t\t\t\t\t\t<p><strong>R\u00e9gisseuse \/ R\u00e9gisseur d&#8217;\u0153uvres<\/strong><\/p>\t\t\t\t\t\t\t\t<\/div>\n\t\t\t\t<\/div>\n\t\t\t\t\t<\/div>\n\t\t<\/div>\n\t\t\t\t\t<\/div>\n\t\t<\/section>\n\t\t\t\t<section class=\"elementor-section elementor-top-section elementor-element elementor-element-c3346ee elementor-section-boxed elementor-section-height-default elementor-section-height-default exad-glass-effect-no exad-sticky-section-no\" data-id=\"c3346ee\" data-element_type=\"section\" data-e-type=\"section\">\n\t\t\t\t\t\t<div class=\"elementor-container elementor-column-gap-default\">\n\t\t\t\t\t<div class=\"elementor-column elementor-col-100 elementor-top-column elementor-element elementor-element-205eeb8 exad-glass-effect-no exad-sticky-section-no\" data-id=\"205eeb8\" data-element_type=\"column\" data-e-type=\"column\">\n\t\t\t<div class=\"elementor-widget-wrap elementor-element-populated\">\n\t\t\t\t\t\t<div class=\"elementor-element elementor-element-f085dcf exad-sticky-section-no exad-glass-effect-no elementor-widget elementor-widget-shortcode\" data-id=\"f085dcf\" data-element_type=\"widget\" data-e-type=\"widget\" data-widget_type=\"shortcode.default\">\n\t\t\t\t<div class=\"elementor-widget-container\">\n\t\t\t\t\t\t\t<div class=\"elementor-shortcode\"><div class=\"wp-rss-template-container\" data-wpra-template=\"default\" data-template-ctx=\"eyJzb3VyY2VzIjoiMTI5NjYifQ==\">\n    <div class=\"wp-rss-aggregator wpra-list-template  \" data-page=\"1\">\n    \n    \n<ul class=\"wpra-item-list rss-aggregator wpra-item-list--bullets wpra-item-list--default\"\n    start=\"1\">\n                        <li class=\"wpra-item feed-item \">\n            \n            \n\n    <a  href=\"https:\/\/choisirleservicepublic.gouv.fr\/offre-emploi\/2026-2265275\/?tracking=1&amp;idOrigine=502\" target=\"_blank\" rel=\"nofollow\" class=\"\">2026-2265275 - R\u00e9gisseur expositions et \u00e9v\u00e8nements H\/F<\/a>\n\n\n\n\n\n\n<div class=\"wprss-feed-meta\">\n    \n    \n    <\/div>\n\n\n\n\n\n            \n        <\/li>\n                    <li class=\"wpra-item feed-item \">\n            \n            \n\n    <a  href=\"https:\/\/choisirleservicepublic.gouv.fr\/offre-emploi\/O025260423001459\/?tracking=1&amp;idOrigine=502\" target=\"_blank\" rel=\"nofollow\" class=\"\">O025260423001459 - Un assistant de conservation du patrimoine (H\/F) - VILLE DE BESANCON<\/a>\n\n\n\n\n\n\n<div class=\"wprss-feed-meta\">\n    \n    \n    <\/div>\n\n\n\n\n\n            \n        <\/li>\n                    <li class=\"wpra-item feed-item \">\n            \n            \n\n    <a  href=\"https:\/\/choisirleservicepublic.gouv.fr\/offre-emploi\/O067260420001272\/?tracking=1&amp;idOrigine=502\" target=\"_blank\" rel=\"nofollow\" class=\"\">O067260420001272 - Charg\u00e9-e de mission inventaire et r\u00e9colement<\/a>\n\n\n\n\n\n\n<div class=\"wprss-feed-meta\">\n    \n    \n    <\/div>\n\n\n\n\n\n            \n        <\/li>\n                    <li class=\"wpra-item feed-item \">\n            \n            \n\n    <a  href=\"https:\/\/choisirleservicepublic.gouv.fr\/offre-emploi\/O083260421000915\/?tracking=1&amp;idOrigine=502\" target=\"_blank\" rel=\"nofollow\" class=\"\">O083260421000915 - R\u00e9gisseur technique des expositions (F\/H) - Conseil D\u00e9partemental du Var<\/a>\n\n\n\n\n\n\n<div class=\"wprss-feed-meta\">\n    \n    \n    <\/div>\n\n\n\n\n\n            \n        <\/li>\n                    <li class=\"wpra-item feed-item \">\n            \n            \n\n    <a  href=\"https:\/\/choisirleservicepublic.gouv.fr\/offre-emploi\/O023260417000579\/?tracking=1&amp;idOrigine=502\" target=\"_blank\" rel=\"nofollow\" class=\"\">O023260417000579 - Volontaire Territorial en Administration assistant(e) r\u00e9gie des collections<\/a>\n\n\n\n\n\n\n<div class=\"wprss-feed-meta\">\n    \n    \n    <\/div>\n\n\n\n\n\n            \n        <\/li>\n                    <li class=\"wpra-item feed-item \">\n            \n            \n\n    <a  href=\"https:\/\/choisirleservicepublic.gouv.fr\/offre-emploi\/O054260414000747\/?tracking=1&amp;idOrigine=502\" target=\"_blank\" rel=\"nofollow\" class=\"\">O054260414000747 - R\u00e9gisseur.se d'oeuvres - Ch\u00e2teau de Lun\u00e9ville - Offre 1030<\/a>\n\n\n\n\n\n\n<div class=\"wprss-feed-meta\">\n    \n    \n    <\/div>\n\n\n\n\n\n            \n        <\/li>\n                    <li class=\"wpra-item feed-item \">\n            \n            \n\n    <a  href=\"https:\/\/choisirleservicepublic.gouv.fr\/offre-emploi\/2026-2252399\/?tracking=1&amp;idOrigine=502\" target=\"_blank\" rel=\"nofollow\" class=\"\">2026-2252399 - Charg\u00e9 du suivi des pr\u00eats et d\u00e9p\u00f4ts - Mus\u00e9e des Arts et M\u00e9tiers (F\/H)<\/a>\n\n\n\n\n\n\n<div class=\"wprss-feed-meta\">\n    \n    \n    <\/div>\n\n\n\n\n\n            \n        <\/li>\n                    <li class=\"wpra-item feed-item \">\n            \n            \n\n    <a  href=\"https:\/\/choisirleservicepublic.gouv.fr\/offre-emploi\/O075260413000397\/?tracking=1&amp;idOrigine=502\" target=\"_blank\" rel=\"nofollow\" class=\"\">O075260413000397 - Charg\u00e9(e) d\u2019Informatisation et de R\u00e9colement - Paris Mus\u00e9es<\/a>\n\n\n\n\n\n\n<div class=\"wprss-feed-meta\">\n    \n    \n    <\/div>\n\n\n\n\n\n            \n        <\/li>\n                    <li class=\"wpra-item feed-item \">\n            \n            \n\n    <a  href=\"https:\/\/choisirleservicepublic.gouv.fr\/offre-emploi\/2026-2233484\/?tracking=1&amp;idOrigine=502\" target=\"_blank\" rel=\"nofollow\" class=\"\">2026-2233484 - Responsable de la r\u00e9gie des collections et des expositions H\/F - Mus\u00e9e de l'Ordre de la Lib\u00e9ration<\/a>\n\n\n\n\n\n\n<div class=\"wprss-feed-meta\">\n    \n    \n    <\/div>\n\n\n\n\n\n            \n        <\/li>\n                    <li class=\"wpra-item feed-item \">\n            \n            \n\n    <a  href=\"https:\/\/choisirleservicepublic.gouv.fr\/offre-emploi\/o97346-202603009323\/?tracking=1&amp;idOrigine=502\" target=\"_blank\" rel=\"nofollow\" class=\"\">o97346-202603009323 - R\u00e9gisseur des collections (F\/H) - Maison des Cultures et des M\u00e9moires de Guyane (MCMG)<\/a>\n\n\n\n\n\n\n<div class=\"wprss-feed-meta\">\n    \n    \n    <\/div>\n\n\n\n\n\n            \n        <\/li>\n        <\/ul>\n\n        \n<\/div>\n\n<\/div>\n<\/div>\n\t\t\t\t\t\t<\/div>\n\t\t\t\t<\/div>\n\t\t\t\t\t<\/div>\n\t\t<\/div>\n\t\t\t\t\t<\/div>\n\t\t<\/section>\n\t\t\t\t<section class=\"elementor-section elementor-top-section elementor-element elementor-element-80a4ec8 elementor-section-boxed elementor-section-height-default elementor-section-height-default exad-glass-effect-no exad-sticky-section-no\" data-id=\"80a4ec8\" data-element_type=\"section\" data-e-type=\"section\">\n\t\t\t\t\t\t<div class=\"elementor-container elementor-column-gap-default\">\n\t\t\t\t\t<div class=\"elementor-column elementor-col-100 elementor-top-column elementor-element elementor-element-797eb7a exad-glass-effect-no exad-sticky-section-no\" data-id=\"797eb7a\" data-element_type=\"column\" data-e-type=\"column\">\n\t\t\t<div class=\"elementor-widget-wrap elementor-element-populated\">\n\t\t\t\t\t\t<div class=\"elementor-element elementor-element-b82b0d3 exad-sticky-section-no exad-glass-effect-no elementor-widget elementor-widget-text-editor\" data-id=\"b82b0d3\" data-element_type=\"widget\" data-e-type=\"widget\" data-widget_type=\"text-editor.default\">\n\t\t\t\t<div class=\"elementor-widget-container\">\n\t\t\t\t\t\t\t\t\t<p><strong>Responsable d&#8217;atelier d&#8217;art ou d\u2019un service des m\u00e9tiers d\u2019art et du patrimoine<\/strong><\/p>\t\t\t\t\t\t\t\t<\/div>\n\t\t\t\t<\/div>\n\t\t\t\t\t<\/div>\n\t\t<\/div>\n\t\t\t\t\t<\/div>\n\t\t<\/section>\n\t\t\t\t<section class=\"elementor-section elementor-top-section elementor-element elementor-element-94df1ae elementor-section-boxed elementor-section-height-default elementor-section-height-default exad-glass-effect-no exad-sticky-section-no\" data-id=\"94df1ae\" data-element_type=\"section\" data-e-type=\"section\">\n\t\t\t\t\t\t<div class=\"elementor-container elementor-column-gap-default\">\n\t\t\t\t\t<div class=\"elementor-column elementor-col-100 elementor-top-column elementor-element elementor-element-68576bd exad-glass-effect-no exad-sticky-section-no\" data-id=\"68576bd\" data-element_type=\"column\" data-e-type=\"column\">\n\t\t\t<div class=\"elementor-widget-wrap elementor-element-populated\">\n\t\t\t\t\t\t<div class=\"elementor-element elementor-element-639f812 exad-sticky-section-no exad-glass-effect-no elementor-widget elementor-widget-shortcode\" data-id=\"639f812\" data-element_type=\"widget\" data-e-type=\"widget\" data-widget_type=\"shortcode.default\">\n\t\t\t\t<div class=\"elementor-widget-container\">\n\t\t\t\t\t\t\t<div class=\"elementor-shortcode\"><div class=\"wp-rss-template-container\" data-wpra-template=\"default\" data-template-ctx=\"eyJzb3VyY2VzIjoiMTI5ODgifQ==\">\n    <div class=\"wp-rss-aggregator wpra-list-template  \" data-page=\"1\">\n    \n    \n<ul class=\"wpra-item-list rss-aggregator wpra-item-list--bullets wpra-item-list--default\"\n    start=\"1\">\n                        <li class=\"wpra-item feed-item \">\n            \n            \n\n    <a  href=\"https:\/\/choisirleservicepublic.gouv.fr\/offre-emploi\/2026-2253725\/?tracking=1&amp;idOrigine=502\" target=\"_blank\" rel=\"nofollow\" class=\"\">2026-2253725 - A - Chef de l'atelier d'impression d'art - Manufactures nationales S\u00e8vres et Mobilier national (92) H\/F<\/a>\n\n\n\n\n\n\n<div class=\"wprss-feed-meta\">\n    \n    \n    <\/div>\n\n\n\n\n\n            \n        <\/li>\n                    <li class=\"wpra-item feed-item \">\n            \n            \n\n    <a  href=\"https:\/\/choisirleservicepublic.gouv.fr\/offre-emploi\/2026-2248590\/?tracking=1&amp;idOrigine=502\" target=\"_blank\" rel=\"nofollow\" class=\"\">2026-2248590 - Directeur\/directrice artistique - La Pokop au SUAC<\/a>\n\n\n\n\n\n\n<div class=\"wprss-feed-meta\">\n    \n    \n    <\/div>\n\n\n\n\n\n            \n        <\/li>\n                    <li class=\"wpra-item feed-item \">\n            \n            \n\n    <a  href=\"https:\/\/choisirleservicepublic.gouv.fr\/offre-emploi\/2026-2248423\/?tracking=1&amp;idOrigine=502\" target=\"_blank\" rel=\"nofollow\" class=\"\">2026-2248423 - Responsable de l'atelier S\u00e9rigraphie temps incomplet 80%<\/a>\n\n\n\n\n\n\n<div class=\"wprss-feed-meta\">\n    \n    \n    <\/div>\n\n\n\n\n\n            \n        <\/li>\n                    <li class=\"wpra-item feed-item \">\n            \n            \n\n    <a  href=\"https:\/\/choisirleservicepublic.gouv.fr\/offre-emploi\/2026-2248410\/?tracking=1&amp;idOrigine=502\" target=\"_blank\" rel=\"nofollow\" class=\"\">2026-2248410 - Responsable de l'atelier S\u00e9rigraphie<\/a>\n\n\n\n\n\n\n<div class=\"wprss-feed-meta\">\n    \n    \n    <\/div>\n\n\n\n\n\n            \n        <\/li>\n                    <li class=\"wpra-item feed-item \">\n            \n            \n\n    <a  href=\"https:\/\/choisirleservicepublic.gouv.fr\/offre-emploi\/2026-2248317\/?tracking=1&amp;idOrigine=502\" target=\"_blank\" rel=\"nofollow\" class=\"\">2026-2248317 - Adjoint au chef du service des jardins H\/F<\/a>\n\n\n\n\n\n\n<div class=\"wprss-feed-meta\">\n    \n    \n    <\/div>\n\n\n\n\n\n            \n        <\/li>\n        <\/ul>\n\n        \n<\/div>\n\n<\/div>\n<\/div>\n\t\t\t\t\t\t<\/div>\n\t\t\t\t<\/div>\n\t\t\t\t\t<\/div>\n\t\t<\/div>\n\t\t\t\t\t<\/div>\n\t\t<\/section>\n\t\t\t\t<section class=\"elementor-section elementor-top-section elementor-element elementor-element-6a9b4a2 elementor-section-boxed elementor-section-height-default elementor-section-height-default exad-glass-effect-no exad-sticky-section-no\" data-id=\"6a9b4a2\" data-element_type=\"section\" data-e-type=\"section\">\n\t\t\t\t\t\t<div class=\"elementor-container elementor-column-gap-default\">\n\t\t\t\t\t<div class=\"elementor-column elementor-col-100 elementor-top-column elementor-element elementor-element-45cccae exad-glass-effect-no exad-sticky-section-no\" data-id=\"45cccae\" data-element_type=\"column\" data-e-type=\"column\">\n\t\t\t<div class=\"elementor-widget-wrap elementor-element-populated\">\n\t\t\t\t\t\t<div class=\"elementor-element elementor-element-ea8d1e5 exad-sticky-section-no exad-glass-effect-no elementor-widget elementor-widget-text-editor\" data-id=\"ea8d1e5\" data-element_type=\"widget\" data-e-type=\"widget\" data-widget_type=\"text-editor.default\">\n\t\t\t\t<div class=\"elementor-widget-container\">\n\t\t\t\t\t\t\t\t\t<p><strong>Responsable de politique des publics<\/strong><\/p>\t\t\t\t\t\t\t\t<\/div>\n\t\t\t\t<\/div>\n\t\t\t\t\t<\/div>\n\t\t<\/div>\n\t\t\t\t\t<\/div>\n\t\t<\/section>\n\t\t\t\t<section class=\"elementor-section elementor-top-section elementor-element elementor-element-97fc435 elementor-section-boxed elementor-section-height-default elementor-section-height-default exad-glass-effect-no exad-sticky-section-no\" data-id=\"97fc435\" data-element_type=\"section\" data-e-type=\"section\">\n\t\t\t\t\t\t<div class=\"elementor-container elementor-column-gap-default\">\n\t\t\t\t\t<div class=\"elementor-column elementor-col-100 elementor-top-column elementor-element elementor-element-03f3938 exad-glass-effect-no exad-sticky-section-no\" data-id=\"03f3938\" data-element_type=\"column\" data-e-type=\"column\">\n\t\t\t<div class=\"elementor-widget-wrap elementor-element-populated\">\n\t\t\t\t\t\t<div class=\"elementor-element elementor-element-b8f5594 exad-sticky-section-no exad-glass-effect-no elementor-widget elementor-widget-shortcode\" data-id=\"b8f5594\" data-element_type=\"widget\" data-e-type=\"widget\" data-widget_type=\"shortcode.default\">\n\t\t\t\t<div class=\"elementor-widget-container\">\n\t\t\t\t\t\t\t<div class=\"elementor-shortcode\"><div class=\"wp-rss-template-container\" data-wpra-template=\"default\" data-template-ctx=\"eyJzb3VyY2VzIjoiMTMwMTIifQ==\">\n    <div class=\"wp-rss-aggregator wpra-list-template  \" data-page=\"1\">\n    \n    \n<ul class=\"wpra-item-list rss-aggregator wpra-item-list--bullets wpra-item-list--default\"\n    start=\"1\">\n                        <li class=\"wpra-item feed-item \">\n            \n            \n\n    <a  href=\"https:\/\/choisirleservicepublic.gouv.fr\/offre-emploi\/2026-2245515\/?tracking=1&amp;idOrigine=502\" target=\"_blank\" rel=\"nofollow\" class=\"\">2026-2245515 - Conservateur r\u00e9gional adjoint de l'arch\u00e9ologie<\/a>\n\n\n\n\n\n\n<div class=\"wprss-feed-meta\">\n    \n    \n    <\/div>\n\n\n\n\n\n            \n        <\/li>\n                    <li class=\"wpra-item feed-item \">\n            \n            \n\n    <a  href=\"https:\/\/choisirleservicepublic.gouv.fr\/offre-emploi\/2026-2239540\/?tracking=1&amp;idOrigine=502\" target=\"_blank\" rel=\"nofollow\" class=\"\">2026-2239540 - Responsable du p\u00f4le expositions H\/F<\/a>\n\n\n\n\n\n\n<div class=\"wprss-feed-meta\">\n    \n    \n    <\/div>\n\n\n\n\n\n            \n        <\/li>\n        <\/ul>\n\n        \n<\/div>\n\n<\/div>\n<\/div>\n\t\t\t\t\t\t<\/div>\n\t\t\t\t<\/div>\n\t\t\t\t\t<\/div>\n\t\t<\/div>\n\t\t\t\t\t<\/div>\n\t\t<\/section>\n\t\t\t\t<section class=\"elementor-section elementor-top-section elementor-element elementor-element-d0398c9 elementor-section-boxed elementor-section-height-default elementor-section-height-default exad-glass-effect-no exad-sticky-section-no\" data-id=\"d0398c9\" data-element_type=\"section\" data-e-type=\"section\">\n\t\t\t\t\t\t<div class=\"elementor-container elementor-column-gap-default\">\n\t\t\t\t\t<div class=\"elementor-column elementor-col-100 elementor-top-column elementor-element elementor-element-dc80cc7 exad-glass-effect-no exad-sticky-section-no\" data-id=\"dc80cc7\" data-element_type=\"column\" data-e-type=\"column\">\n\t\t\t<div class=\"elementor-widget-wrap elementor-element-populated\">\n\t\t\t\t\t\t<div class=\"elementor-element elementor-element-49f3adb exad-sticky-section-no exad-glass-effect-no elementor-widget elementor-widget-text-editor\" data-id=\"49f3adb\" data-element_type=\"widget\" data-e-type=\"widget\" data-widget_type=\"text-editor.default\">\n\t\t\t\t<div class=\"elementor-widget-container\">\n\t\t\t\t\t\t\t\t\t<p><strong>Responsable de production et de programmation culturelle<\/strong><\/p>\t\t\t\t\t\t\t\t<\/div>\n\t\t\t\t<\/div>\n\t\t\t\t\t<\/div>\n\t\t<\/div>\n\t\t\t\t\t<\/div>\n\t\t<\/section>\n\t\t\t\t<section class=\"elementor-section elementor-top-section elementor-element elementor-element-ac52c91 elementor-section-boxed elementor-section-height-default elementor-section-height-default exad-glass-effect-no exad-sticky-section-no\" data-id=\"ac52c91\" data-element_type=\"section\" data-e-type=\"section\">\n\t\t\t\t\t\t<div class=\"elementor-container elementor-column-gap-default\">\n\t\t\t\t\t<div class=\"elementor-column elementor-col-100 elementor-top-column elementor-element elementor-element-e9d9e6d exad-glass-effect-no exad-sticky-section-no\" data-id=\"e9d9e6d\" data-element_type=\"column\" data-e-type=\"column\">\n\t\t\t<div class=\"elementor-widget-wrap elementor-element-populated\">\n\t\t\t\t\t\t<div class=\"elementor-element elementor-element-89fa3c9 exad-sticky-section-no exad-glass-effect-no elementor-widget elementor-widget-shortcode\" data-id=\"89fa3c9\" data-element_type=\"widget\" data-e-type=\"widget\" data-widget_type=\"shortcode.default\">\n\t\t\t\t<div class=\"elementor-widget-container\">\n\t\t\t\t\t\t\t<div class=\"elementor-shortcode\"><div class=\"wp-rss-template-container\" data-wpra-template=\"default\" data-template-ctx=\"eyJzb3VyY2VzIjoiMTMwMTcifQ==\">\n    <div class=\"wp-rss-aggregator wpra-list-template  \" data-page=\"1\">\n    \n    \n<ul class=\"wpra-item-list rss-aggregator wpra-item-list--bullets wpra-item-list--default\"\n    start=\"1\">\n                        <li class=\"wpra-item feed-item \">\n            \n            \n\n    <a  href=\"https:\/\/choisirleservicepublic.gouv.fr\/offre-emploi\/2026-2252223\/?tracking=1&amp;idOrigine=502\" target=\"_blank\" rel=\"nofollow\" class=\"\">2026-2252223 - Chef de projets culture et vie de campus H\/F<\/a>\n\n\n\n\n\n\n<div class=\"wprss-feed-meta\">\n    \n    \n    <\/div>\n\n\n\n\n\n            \n        <\/li>\n                    <li class=\"wpra-item feed-item \">\n            \n            \n\n    <a  href=\"https:\/\/choisirleservicepublic.gouv.fr\/offre-emploi\/2026-2230957\/?tracking=1&amp;idOrigine=502\" target=\"_blank\" rel=\"nofollow\" class=\"\">2026-2230957 - Charg\u00e9.e de programmation culturelle - CDD de 5 mois<\/a>\n\n\n\n\n\n\n<div class=\"wprss-feed-meta\">\n    \n    \n    <\/div>\n\n\n\n\n\n            \n        <\/li>\n                    <li class=\"wpra-item feed-item \">\n            \n            \n\n    <a  href=\"https:\/\/choisirleservicepublic.gouv.fr\/offre-emploi\/2026-2245553\/?tracking=1&amp;idOrigine=502\" target=\"_blank\" rel=\"nofollow\" class=\"\">2026-2245553 - EPMO Responsable de production culturelle, charg\u00e9 \/ charg\u00e9e des affaires financi\u00e8res et juridiques<\/a>\n\n\n\n\n\n\n<div class=\"wprss-feed-meta\">\n    \n    \n    <\/div>\n\n\n\n\n\n            \n        <\/li>\n        <\/ul>\n\n        \n<\/div>\n\n<\/div>\n<\/div>\n\t\t\t\t\t\t<\/div>\n\t\t\t\t<\/div>\n\t\t\t\t\t<\/div>\n\t\t<\/div>\n\t\t\t\t\t<\/div>\n\t\t<\/section>\n\t\t\t\t<section class=\"elementor-section elementor-top-section elementor-element elementor-element-b87b004 elementor-section-boxed elementor-section-height-default elementor-section-height-default exad-glass-effect-no exad-sticky-section-no\" data-id=\"b87b004\" data-element_type=\"section\" data-e-type=\"section\">\n\t\t\t\t\t\t<div class=\"elementor-container elementor-column-gap-default\">\n\t\t\t\t\t<div class=\"elementor-column elementor-col-100 elementor-top-column elementor-element elementor-element-8c7a941 exad-glass-effect-no exad-sticky-section-no\" data-id=\"8c7a941\" data-element_type=\"column\" data-e-type=\"column\">\n\t\t\t<div class=\"elementor-widget-wrap elementor-element-populated\">\n\t\t\t\t\t\t<div class=\"elementor-element elementor-element-b3f6f0a exad-sticky-section-no exad-glass-effect-no elementor-widget elementor-widget-text-editor\" data-id=\"b3f6f0a\" data-element_type=\"widget\" data-e-type=\"widget\" data-widget_type=\"text-editor.default\">\n\t\t\t\t<div class=\"elementor-widget-container\">\n\t\t\t\t\t\t\t\t\t<p><strong>Responsable d&#8217;un \u00e9tablissement de conservation et de restauration des patrimoines<\/strong><\/p>\t\t\t\t\t\t\t\t<\/div>\n\t\t\t\t<\/div>\n\t\t\t\t\t<\/div>\n\t\t<\/div>\n\t\t\t\t\t<\/div>\n\t\t<\/section>\n\t\t\t\t<section class=\"elementor-section elementor-top-section elementor-element elementor-element-32c79ae elementor-section-boxed elementor-section-height-default elementor-section-height-default exad-glass-effect-no exad-sticky-section-no\" data-id=\"32c79ae\" data-element_type=\"section\" data-e-type=\"section\">\n\t\t\t\t\t\t<div class=\"elementor-container elementor-column-gap-default\">\n\t\t\t\t\t<div class=\"elementor-column elementor-col-100 elementor-top-column elementor-element elementor-element-bf338b7 exad-glass-effect-no exad-sticky-section-no\" data-id=\"bf338b7\" data-element_type=\"column\" data-e-type=\"column\">\n\t\t\t<div class=\"elementor-widget-wrap elementor-element-populated\">\n\t\t\t\t\t\t<div class=\"elementor-element elementor-element-15feef8 exad-sticky-section-no exad-glass-effect-no elementor-widget elementor-widget-shortcode\" data-id=\"15feef8\" data-element_type=\"widget\" data-e-type=\"widget\" data-widget_type=\"shortcode.default\">\n\t\t\t\t<div class=\"elementor-widget-container\">\n\t\t\t\t\t\t\t<div class=\"elementor-shortcode\"><div class=\"wp-rss-template-container\" data-wpra-template=\"default\" data-template-ctx=\"eyJzb3VyY2VzIjoiMTMwMjIifQ==\">\n    <div class=\"wp-rss-aggregator wpra-list-template  \" data-page=\"1\">\n    \n    \n<ul class=\"wpra-item-list rss-aggregator wpra-item-list--bullets wpra-item-list--default\"\n    start=\"1\">\n                        <li class=\"wpra-item feed-item \">\n            \n            \n\n    <a  href=\"https:\/\/choisirleservicepublic.gouv.fr\/offre-emploi\/2026-2266448\/?tracking=1&amp;idOrigine=502\" target=\"_blank\" rel=\"nofollow\" class=\"\">2026-2266448 - Conservateur - Chef de service de la galerie d'architecture contemporaine H\/F<\/a>\n\n\n\n\n\n\n<div class=\"wprss-feed-meta\">\n    \n    \n    <\/div>\n\n\n\n\n\n            \n        <\/li>\n                    <li class=\"wpra-item feed-item \">\n            \n            \n\n    <a  href=\"https:\/\/choisirleservicepublic.gouv.fr\/offre-emploi\/2026-2264759\/?tracking=1&amp;idOrigine=502\" target=\"_blank\" rel=\"nofollow\" class=\"\">2026-2264759 - Chef de l'UDAP du Cantal<\/a>\n\n\n\n\n\n\n<div class=\"wprss-feed-meta\">\n    \n    \n    <\/div>\n\n\n\n\n\n            \n        <\/li>\n                    <li class=\"wpra-item feed-item \">\n            \n            \n\n    <a  href=\"https:\/\/choisirleservicepublic.gouv.fr\/offre-emploi\/2026-2240740\/?tracking=1&amp;idOrigine=502\" target=\"_blank\" rel=\"nofollow\" class=\"\">2026-2240740 - Directeur adjoint des Archives d\u00e9partementales des Yvelines H\/F<\/a>\n\n\n\n\n\n\n<div class=\"wprss-feed-meta\">\n    \n    \n    <\/div>\n\n\n\n\n\n            \n        <\/li>\n        <\/ul>\n\n        \n<\/div>\n\n<\/div>\n<\/div>\n\t\t\t\t\t\t<\/div>\n\t\t\t\t<\/div>\n\t\t\t\t\t<\/div>\n\t\t<\/div>\n\t\t\t\t\t<\/div>\n\t\t<\/section>\n\t\t\t\t<section class=\"elementor-section elementor-top-section elementor-element elementor-element-f5b5d5e elementor-section-boxed elementor-section-height-default elementor-section-height-default exad-glass-effect-no exad-sticky-section-no\" data-id=\"f5b5d5e\" data-element_type=\"section\" data-e-type=\"section\">\n\t\t\t\t\t\t<div class=\"elementor-container elementor-column-gap-default\">\n\t\t\t\t\t<div class=\"elementor-column elementor-col-100 elementor-top-column elementor-element elementor-element-76439eb exad-glass-effect-no exad-sticky-section-no\" data-id=\"76439eb\" data-element_type=\"column\" data-e-type=\"column\">\n\t\t\t<div class=\"elementor-widget-wrap elementor-element-populated\">\n\t\t\t\t\t\t<div class=\"elementor-element elementor-element-6ad282f exad-sticky-section-no exad-glass-effect-no elementor-widget elementor-widget-text-editor\" data-id=\"6ad282f\" data-element_type=\"widget\" data-e-type=\"widget\" data-widget_type=\"text-editor.default\">\n\t\t\t\t<div class=\"elementor-widget-container\">\n\t\t\t\t\t\t\t\t\t<p><strong>Technicienne \/ Technicien des m\u00e9tiers d&#8217;art et du patrimoine<\/strong><\/p>\t\t\t\t\t\t\t\t<\/div>\n\t\t\t\t<\/div>\n\t\t\t\t\t<\/div>\n\t\t<\/div>\n\t\t\t\t\t<\/div>\n\t\t<\/section>\n\t\t\t\t<section class=\"elementor-section elementor-top-section elementor-element elementor-element-bab8d3f elementor-section-boxed elementor-section-height-default elementor-section-height-default exad-glass-effect-no exad-sticky-section-no\" data-id=\"bab8d3f\" data-element_type=\"section\" data-e-type=\"section\">\n\t\t\t\t\t\t<div class=\"elementor-container elementor-column-gap-default\">\n\t\t\t\t\t<div class=\"elementor-column elementor-col-100 elementor-top-column elementor-element elementor-element-5f1398b exad-glass-effect-no exad-sticky-section-no\" data-id=\"5f1398b\" data-element_type=\"column\" data-e-type=\"column\">\n\t\t\t<div class=\"elementor-widget-wrap elementor-element-populated\">\n\t\t\t\t\t\t<div class=\"elementor-element elementor-element-a029bcb exad-sticky-section-no exad-glass-effect-no elementor-widget elementor-widget-shortcode\" data-id=\"a029bcb\" data-element_type=\"widget\" data-e-type=\"widget\" data-widget_type=\"shortcode.default\">\n\t\t\t\t<div class=\"elementor-widget-container\">\n\t\t\t\t\t\t\t<div class=\"elementor-shortcode\"><div class=\"wp-rss-template-container\" data-wpra-template=\"default\" data-template-ctx=\"eyJzb3VyY2VzIjoiMTMwMjcifQ==\">\n    <div class=\"wp-rss-aggregator wpra-list-template  \" data-page=\"1\">\n    \n    \n<ul class=\"wpra-item-list rss-aggregator wpra-item-list--bullets wpra-item-list--default\"\n    start=\"1\">\n                        <li class=\"wpra-item feed-item \">\n            \n            \n\n    <a  href=\"https:\/\/choisirleservicepublic.gouv.fr\/offre-emploi\/2026-2266482\/?tracking=1&amp;idOrigine=502\" target=\"_blank\" rel=\"nofollow\" class=\"\">2026-2266482 - Agent d'atelier support mus\u00e9ographique - manutention et \u00e9chafaudage (F\/H)<\/a>\n\n\n\n\n\n\n<div class=\"wprss-feed-meta\">\n    \n    \n    <\/div>\n\n\n\n\n\n            \n        <\/li>\n                    <li class=\"wpra-item feed-item \">\n            \n            \n\n    <a  href=\"https:\/\/choisirleservicepublic.gouv.fr\/offre-emploi\/DEF_59-00065142\/?tracking=1&amp;idOrigine=502\" target=\"_blank\" rel=\"nofollow\" class=\"\">DEF_59-00065142 - Assistant archiviste<\/a>\n\n\n\n\n\n\n<div class=\"wprss-feed-meta\">\n    \n    \n    <\/div>\n\n\n\n\n\n            \n        <\/li>\n                    <li class=\"wpra-item feed-item \">\n            \n            \n\n    <a  href=\"https:\/\/choisirleservicepublic.gouv.fr\/offre-emploi\/2026-2265265\/?tracking=1&amp;idOrigine=502\" target=\"_blank\" rel=\"nofollow\" class=\"\">2026-2265265 - Moniteur.trice \u00e9tudiant.e au D\u00e9partement de la Biblioth\u00e8que et de la Documentation (2026-2027)<\/a>\n\n\n\n\n\n\n<div class=\"wprss-feed-meta\">\n    \n    \n    <\/div>\n\n\n\n\n\n            \n        <\/li>\n                    <li class=\"wpra-item feed-item \">\n            \n            \n\n    <a  href=\"https:\/\/choisirleservicepublic.gouv.fr\/offre-emploi\/2026-2264933\/?tracking=1&amp;idOrigine=502\" target=\"_blank\" rel=\"nofollow\" class=\"\">2026-2264933 - Apprentissage \u2013 Charg\u00e9(e) d'appui au m\u00e9c\u00e9nat<\/a>\n\n\n\n\n\n\n<div class=\"wprss-feed-meta\">\n    \n    \n    <\/div>\n\n\n\n\n\n            \n        <\/li>\n                    <li class=\"wpra-item feed-item \">\n            \n            \n\n    <a  href=\"https:\/\/choisirleservicepublic.gouv.fr\/offre-emploi\/2026-2265197\/?tracking=1&amp;idOrigine=502\" target=\"_blank\" rel=\"nofollow\" class=\"\">2026-2265197 - Instructeur \/ Instructrice - Contr\u00f4leur \/ Contr\u00f4leuse en architecture et urbanisme UDAP 89<\/a>\n\n\n\n\n\n\n<div class=\"wprss-feed-meta\">\n    \n    \n    <\/div>\n\n\n\n\n\n            \n        <\/li>\n                    <li class=\"wpra-item feed-item \">\n            \n            \n\n    <a  href=\"https:\/\/choisirleservicepublic.gouv.fr\/offre-emploi\/MEF_2026-29476\/?tracking=1&amp;idOrigine=502\" target=\"_blank\" rel=\"nofollow\" class=\"\">MEF_2026-29476 - SEC:GEN Technicienne\/Technicien logistique d'\u0153uvres d'art H\/F<\/a>\n\n\n\n\n\n\n<div class=\"wprss-feed-meta\">\n    \n    \n    <\/div>\n\n\n\n\n\n            \n        <\/li>\n                    <li class=\"wpra-item feed-item \">\n            \n            \n\n    <a  href=\"https:\/\/choisirleservicepublic.gouv.fr\/offre-emploi\/2026-2261377\/?tracking=1&amp;idOrigine=502\" target=\"_blank\" rel=\"nofollow\" class=\"\">2026-2261377 - Moniteur \u00e9tudiant ou monitrice \u00e9tudiante \/ Service des Editions (2026-2027)<\/a>\n\n\n\n\n\n\n<div class=\"wprss-feed-meta\">\n    \n    \n    <\/div>\n\n\n\n\n\n            \n        <\/li>\n                    <li class=\"wpra-item feed-item \">\n            \n            \n\n    <a  href=\"https:\/\/choisirleservicepublic.gouv.fr\/offre-emploi\/2026-2258877\/?tracking=1&amp;idOrigine=502\" target=\"_blank\" rel=\"nofollow\" class=\"\">2026-2258877 - Menuisier (F\/H) - CDD 1 an<\/a>\n\n\n\n\n\n\n<div class=\"wprss-feed-meta\">\n    \n    \n    <\/div>\n\n\n\n\n\n            \n        <\/li>\n                    <li class=\"wpra-item feed-item \">\n            \n            \n\n    <a  href=\"https:\/\/choisirleservicepublic.gouv.fr\/offre-emploi\/2026-2258875\/?tracking=1&amp;idOrigine=502\" target=\"_blank\" rel=\"nofollow\" class=\"\">2026-2258875 - Responsable des moyens de production cin\u00e9ma<\/a>\n\n\n\n\n\n\n<div class=\"wprss-feed-meta\">\n    \n    \n    <\/div>\n\n\n\n\n\n            \n        <\/li>\n                    <li class=\"wpra-item feed-item \">\n            \n            \n\n    <a  href=\"https:\/\/choisirleservicepublic.gouv.fr\/offre-emploi\/2025-1961414\/?tracking=1&amp;idOrigine=502\" target=\"_blank\" rel=\"nofollow\" class=\"\">2025-1961414 - Technicien du patrimoine 94 H\/F<\/a>\n\n\n\n\n\n\n<div class=\"wprss-feed-meta\">\n    \n    \n    <\/div>\n\n\n\n\n\n            \n        <\/li>\n        <\/ul>\n\n        \n<\/div>\n\n<\/div>\n<\/div>\n\t\t\t\t\t\t<\/div>\n\t\t\t\t<\/div>\n\t\t\t\t\t<\/div>\n\t\t<\/div>\n\t\t\t\t\t<\/div>\n\t\t<\/section>\n\t\t\t\t<\/div>\n\t\t","protected":false},"excerpt":{"rendered":"<p>Emploi Les demandes : Les offres : Suresnes : Directeur du mus\u00e9e et des archives. En savoir plus. Paris, mus\u00e9e d\u2019art moderne, Conservateur Sp\u00e9cialit\u00e9 Art Contemporain &#8211; Commissaire d&#8217;Expositions. En&hellip; <\/p>\n","protected":false},"author":1,"featured_media":0,"parent":0,"menu_order":0,"comment_status":"closed","ping_status":"closed","template":"","meta":{"_acf_changed":false,"_bbp_topic_count":0,"_bbp_reply_count":0,"_bbp_total_topic_count":0,"_bbp_total_reply_count":0,"_bbp_voice_count":0,"_bbp_anonymous_reply_count":0,"_bbp_topic_count_hidden":0,"_bbp_reply_count_hidden":0,"_bbp_forum_subforum_count":0,"iawp_total_views":3559,"footnotes":""},"class_list":["post-600","page","type-page","status-publish","hentry"],"acf":[],"_links":{"self":[{"href":"http:\/\/www.musees-mediterranee.org\/index.php\/wp-json\/wp\/v2\/pages\/600","targetHints":{"allow":["GET"]}}],"collection":[{"href":"http:\/\/www.musees-mediterranee.org\/index.php\/wp-json\/wp\/v2\/pages"}],"about":[{"href":"http:\/\/www.musees-mediterranee.org\/index.php\/wp-json\/wp\/v2\/types\/page"}],"author":[{"embeddable":true,"href":"http:\/\/www.musees-mediterranee.org\/index.php\/wp-json\/wp\/v2\/users\/1"}],"replies":[{"embeddable":true,"href":"http:\/\/www.musees-mediterranee.org\/index.php\/wp-json\/wp\/v2\/comments?post=600"}],"version-history":[{"count":0,"href":"http:\/\/www.musees-mediterranee.org\/index.php\/wp-json\/wp\/v2\/pages\/600\/revisions"}],"wp:attachment":[{"href":"http:\/\/www.musees-mediterranee.org\/index.php\/wp-json\/wp\/v2\/media?parent=600"}],"curies":[{"name":"wp","href":"https:\/\/api.w.org\/{rel}","templated":true}]}}