{"id":24,"date":"2018-12-05T10:06:47","date_gmt":"2018-12-05T09:06:47","guid":{"rendered":"http:\/\/www.musees-mediterranee.org\/?page_id=24"},"modified":"2026-04-29T09:05:37","modified_gmt":"2026-04-29T07:05:37","slug":"tous-les-musees","status":"publish","type":"page","link":"http:\/\/www.musees-mediterranee.org\/index.php\/tous-les-musees\/","title":{"rendered":"Tous les mus\u00e9es"},"content":{"rendered":"\t\t<div data-elementor-type=\"wp-page\" data-elementor-id=\"24\" class=\"elementor elementor-24\" data-elementor-post-type=\"page\">\n\t\t\t\t\t\t<section class=\"elementor-section elementor-top-section elementor-element elementor-element-a65594d elementor-section-boxed elementor-section-height-default elementor-section-height-default exad-glass-effect-no exad-sticky-section-no\" data-id=\"a65594d\" data-element_type=\"section\" data-e-type=\"section\">\n\t\t\t\t\t\t<div class=\"elementor-container elementor-column-gap-default\">\n\t\t\t\t\t<div class=\"elementor-column elementor-col-100 elementor-top-column elementor-element elementor-element-74c2a49 exad-glass-effect-no exad-sticky-section-no\" data-id=\"74c2a49\" data-element_type=\"column\" data-e-type=\"column\">\n\t\t\t<div class=\"elementor-widget-wrap elementor-element-populated\">\n\t\t\t\t\t\t<div class=\"elementor-element elementor-element-8b51f0c exad-sticky-section-no exad-glass-effect-no elementor-widget elementor-widget-heading\" data-id=\"8b51f0c\" data-element_type=\"widget\" data-e-type=\"widget\" data-widget_type=\"heading.default\">\n\t\t\t\t<div class=\"elementor-widget-container\">\n\t\t\t\t\t<h3 class=\"elementor-heading-title elementor-size-default\">Actualit\u00e9 des adh\u00e9rents<\/h3>\t\t\t\t<\/div>\n\t\t\t\t<\/div>\n\t\t\t\t<div class=\"elementor-element elementor-element-c74dbfa elementor-grid-4 elementor-grid-tablet-2 elementor-grid-mobile-1 elementor-posts--thumbnail-top elementor-card-shadow-yes elementor-posts__hover-gradient exad-sticky-section-no exad-glass-effect-no elementor-widget elementor-widget-posts\" data-id=\"c74dbfa\" data-element_type=\"widget\" data-e-type=\"widget\" data-settings=\"{&quot;cards_columns&quot;:&quot;4&quot;,&quot;cards_row_gap&quot;:{&quot;unit&quot;:&quot;px&quot;,&quot;size&quot;:10,&quot;sizes&quot;:[]},&quot;cards_columns_tablet&quot;:&quot;2&quot;,&quot;cards_columns_mobile&quot;:&quot;1&quot;,&quot;cards_row_gap_tablet&quot;:{&quot;unit&quot;:&quot;px&quot;,&quot;size&quot;:&quot;&quot;,&quot;sizes&quot;:[]},&quot;cards_row_gap_mobile&quot;:{&quot;unit&quot;:&quot;px&quot;,&quot;size&quot;:&quot;&quot;,&quot;sizes&quot;:[]}}\" data-widget_type=\"posts.cards\">\n\t\t\t\t<div class=\"elementor-widget-container\">\n\t\t\t\t\t\t\t<div class=\"elementor-posts-container elementor-posts elementor-posts--skin-cards elementor-grid\" role=\"list\">\n\t\t\t\t<article class=\"elementor-post elementor-grid-item post-24769 post type-post status-publish format-standard has-post-thumbnail hentry category-actualites-adherents category-en-ligne\" role=\"listitem\">\n\t\t\t<div class=\"elementor-post__card\">\n\t\t\t\t<a class=\"elementor-post__thumbnail__link\" href=\"http:\/\/www.musees-mediterranee.org\/index.php\/2026\/03\/10\/programmation-2026\/\" tabindex=\"-1\" ><div class=\"elementor-post__thumbnail\"><img decoding=\"async\" width=\"300\" height=\"151\" src=\"http:\/\/www.musees-mediterranee.org\/wp-content\/uploads\/2026\/03\/Affiche_Gard_2026_1-300x151.jpg\" class=\"attachment-medium size-medium wp-image-24770\" alt=\"\" srcset=\"http:\/\/www.musees-mediterranee.org\/wp-content\/uploads\/2026\/03\/Affiche_Gard_2026_1-300x151.jpg 300w, http:\/\/www.musees-mediterranee.org\/wp-content\/uploads\/2026\/03\/Affiche_Gard_2026_1-205x103.jpg 205w, http:\/\/www.musees-mediterranee.org\/wp-content\/uploads\/2026\/03\/Affiche_Gard_2026_1-480x242.jpg 480w, http:\/\/www.musees-mediterranee.org\/wp-content\/uploads\/2026\/03\/Affiche_Gard_2026_1.jpg 515w\" sizes=\"(max-width: 300px) 100vw, 300px\" \/><\/div><\/a>\n\t\t\t\t<div class=\"elementor-post__text\">\n\t\t\t\t<h6 class=\"elementor-post__title\">\n\t\t\t<a href=\"http:\/\/www.musees-mediterranee.org\/index.php\/2026\/03\/10\/programmation-2026\/\" >\n\t\t\t\tProgrammation 2026 des mus\u00e9es adh\u00e9rents de Gard\t\t\t<\/a>\n\t\t<\/h6>\n\t\t\t\t<div class=\"elementor-post__excerpt\">\n\t\t\t<p>Mus\u00e9e Albert-Andr\u00e9<br \/> Mus\u00e9e d\u2019art sacr\u00e9 du Gard \u2013 Maison des Chevaliers<br \/> Mus\u00e9e Pierre-de-Luxembourg <\/p>\t\t<\/div>\n\t\t\t\t<\/div>\n\t\t\t\t\t<\/div>\n\t\t<\/article>\n\t\t\t\t<article class=\"elementor-post elementor-grid-item post-24723 post type-post status-publish format-standard has-post-thumbnail hentry category-actualites-adherents\" role=\"listitem\">\n\t\t\t<div class=\"elementor-post__card\">\n\t\t\t\t<a class=\"elementor-post__thumbnail__link\" href=\"http:\/\/www.musees-mediterranee.org\/index.php\/2026\/03\/10\/programmation-evenements-du-musee-de-prehistoire-des-gorges-du-verdon\/\" tabindex=\"-1\" ><div class=\"elementor-post__thumbnail\"><img fetchpriority=\"high\" decoding=\"async\" width=\"300\" height=\"300\" src=\"http:\/\/www.musees-mediterranee.org\/wp-content\/uploads\/2026\/03\/Affiche_2026-300x300.png\" class=\"attachment-medium size-medium wp-image-24726\" alt=\"\" srcset=\"http:\/\/www.musees-mediterranee.org\/wp-content\/uploads\/2026\/03\/Affiche_2026-300x300.png 300w, http:\/\/www.musees-mediterranee.org\/wp-content\/uploads\/2026\/03\/Affiche_2026-150x150.png 150w, http:\/\/www.musees-mediterranee.org\/wp-content\/uploads\/2026\/03\/Affiche_2026-330x330.png 330w, http:\/\/www.musees-mediterranee.org\/wp-content\/uploads\/2026\/03\/Affiche_2026-40x40.png 40w, http:\/\/www.musees-mediterranee.org\/wp-content\/uploads\/2026\/03\/Affiche_2026-275x275.png 275w, http:\/\/www.musees-mediterranee.org\/wp-content\/uploads\/2026\/03\/Affiche_2026-205x205.png 205w, http:\/\/www.musees-mediterranee.org\/wp-content\/uploads\/2026\/03\/Affiche_2026-480x480.png 480w, http:\/\/www.musees-mediterranee.org\/wp-content\/uploads\/2026\/03\/Affiche_2026.png 584w\" sizes=\"(max-width: 300px) 100vw, 300px\" \/><\/div><\/a>\n\t\t\t\t<div class=\"elementor-post__text\">\n\t\t\t\t<h6 class=\"elementor-post__title\">\n\t\t\t<a href=\"http:\/\/www.musees-mediterranee.org\/index.php\/2026\/03\/10\/programmation-evenements-du-musee-de-prehistoire-des-gorges-du-verdon\/\" >\n\t\t\t\tMus\u00e9e de Pr\u00e9histoire des gorges du Verdon\t\t\t<\/a>\n\t\t<\/h6>\n\t\t\t\t<div class=\"elementor-post__excerpt\">\n\t\t\t<p>Programmation 2026<\/p>\t\t<\/div>\n\t\t\t\t<\/div>\n\t\t\t\t\t<\/div>\n\t\t<\/article>\n\t\t\t\t<article class=\"elementor-post elementor-grid-item post-24217 post type-post status-publish format-standard has-post-thumbnail hentry category-actualites-adherents category-en-ligne\" role=\"listitem\">\n\t\t\t<div class=\"elementor-post__card\">\n\t\t\t\t<a class=\"elementor-post__thumbnail__link\" href=\"http:\/\/www.musees-mediterranee.org\/index.php\/2026\/01\/13\/la-transhumance-kirghize-sinvite-a-lecomusee-de-la-crau\/\" tabindex=\"-1\" ><div class=\"elementor-post__thumbnail\"><img decoding=\"async\" width=\"300\" height=\"300\" src=\"http:\/\/www.musees-mediterranee.org\/wp-content\/uploads\/2026\/01\/Transhumance_La-crau_2026_Accueil-300x300.jpg\" class=\"attachment-medium size-medium wp-image-24218\" alt=\"\" srcset=\"http:\/\/www.musees-mediterranee.org\/wp-content\/uploads\/2026\/01\/Transhumance_La-crau_2026_Accueil-300x300.jpg 300w, http:\/\/www.musees-mediterranee.org\/wp-content\/uploads\/2026\/01\/Transhumance_La-crau_2026_Accueil-150x150.jpg 150w, http:\/\/www.musees-mediterranee.org\/wp-content\/uploads\/2026\/01\/Transhumance_La-crau_2026_Accueil-330x330.jpg 330w, http:\/\/www.musees-mediterranee.org\/wp-content\/uploads\/2026\/01\/Transhumance_La-crau_2026_Accueil-40x40.jpg 40w, http:\/\/www.musees-mediterranee.org\/wp-content\/uploads\/2026\/01\/Transhumance_La-crau_2026_Accueil-275x275.jpg 275w, http:\/\/www.musees-mediterranee.org\/wp-content\/uploads\/2026\/01\/Transhumance_La-crau_2026_Accueil-205x205.jpg 205w, http:\/\/www.musees-mediterranee.org\/wp-content\/uploads\/2026\/01\/Transhumance_La-crau_2026_Accueil.jpg 400w\" sizes=\"(max-width: 300px) 100vw, 300px\" \/><\/div><\/a>\n\t\t\t\t<div class=\"elementor-post__text\">\n\t\t\t\t<h6 class=\"elementor-post__title\">\n\t\t\t<a href=\"http:\/\/www.musees-mediterranee.org\/index.php\/2026\/01\/13\/la-transhumance-kirghize-sinvite-a-lecomusee-de-la-crau\/\" >\n\t\t\t\tLa transhumance Kirghize s\u2019invite \u00e0 l\u2019\u00c9comus\u00e9e de la Crau\t\t\t<\/a>\n\t\t<\/h6>\n\t\t\t\t<div class=\"elementor-post__excerpt\">\n\t\t\t<p>du 06 janvier au 12 avril 2026<\/p>\t\t<\/div>\n\t\t\t\t<\/div>\n\t\t\t\t\t<\/div>\n\t\t<\/article>\n\t\t\t\t<article class=\"elementor-post elementor-grid-item post-24203 post type-post status-publish format-standard has-post-thumbnail hentry category-actualites-adherents category-en-ligne\" role=\"listitem\">\n\t\t\t<div class=\"elementor-post__card\">\n\t\t\t\t<a class=\"elementor-post__thumbnail__link\" href=\"http:\/\/www.musees-mediterranee.org\/index.php\/2026\/01\/13\/en-foret-de-la-gestion-a-levasion\/\" tabindex=\"-1\" ><div class=\"elementor-post__thumbnail\"><img loading=\"lazy\" decoding=\"async\" width=\"300\" height=\"220\" src=\"http:\/\/www.musees-mediterranee.org\/wp-content\/uploads\/2026\/01\/Salagon_foret_2026-300x220.jpg\" class=\"attachment-medium size-medium wp-image-24204\" alt=\"\" srcset=\"http:\/\/www.musees-mediterranee.org\/wp-content\/uploads\/2026\/01\/Salagon_foret_2026-300x220.jpg 300w, http:\/\/www.musees-mediterranee.org\/wp-content\/uploads\/2026\/01\/Salagon_foret_2026-1024x751.jpg 1024w, http:\/\/www.musees-mediterranee.org\/wp-content\/uploads\/2026\/01\/Salagon_foret_2026-768x563.jpg 768w, http:\/\/www.musees-mediterranee.org\/wp-content\/uploads\/2026\/01\/Salagon_foret_2026-205x150.jpg 205w, http:\/\/www.musees-mediterranee.org\/wp-content\/uploads\/2026\/01\/Salagon_foret_2026-480x352.jpg 480w, http:\/\/www.musees-mediterranee.org\/wp-content\/uploads\/2026\/01\/Salagon_foret_2026-1320x968.jpg 1320w, http:\/\/www.musees-mediterranee.org\/wp-content\/uploads\/2026\/01\/Salagon_foret_2026.jpg 1500w\" sizes=\"(max-width: 300px) 100vw, 300px\" \/><\/div><\/a>\n\t\t\t\t<div class=\"elementor-post__text\">\n\t\t\t\t<h6 class=\"elementor-post__title\">\n\t\t\t<a href=\"http:\/\/www.musees-mediterranee.org\/index.php\/2026\/01\/13\/en-foret-de-la-gestion-a-levasion\/\" >\n\t\t\t\tEn For\u00eat, de la gestion \u00e0 l\u2019\u00e9vasion\t\t\t<\/a>\n\t\t<\/h6>\n\t\t\t\t<div class=\"elementor-post__excerpt\">\n\t\t\t<p>Exposition temporaire au mus\u00e9e de Salagon jusqu&#8217;au 15 d\u00e9cembre 2026<\/p>\t\t<\/div>\n\t\t\t\t<\/div>\n\t\t\t\t\t<\/div>\n\t\t<\/article>\n\t\t\t\t<article class=\"elementor-post elementor-grid-item post-23708 post type-post status-publish format-standard has-post-thumbnail hentry category-actualites-adherents category-en-ligne\" role=\"listitem\">\n\t\t\t<div class=\"elementor-post__card\">\n\t\t\t\t<a class=\"elementor-post__thumbnail__link\" href=\"http:\/\/www.musees-mediterranee.org\/index.php\/2025\/11\/25\/ferdinand-springer-paysages-imaginaires\/\" tabindex=\"-1\" ><div class=\"elementor-post__thumbnail\"><img loading=\"lazy\" decoding=\"async\" width=\"212\" height=\"300\" src=\"http:\/\/www.musees-mediterranee.org\/wp-content\/uploads\/2025\/11\/Grasse_202512-212x300.jpg\" class=\"attachment-medium size-medium wp-image-23709\" alt=\"\" srcset=\"http:\/\/www.musees-mediterranee.org\/wp-content\/uploads\/2025\/11\/Grasse_202512-212x300.jpg 212w, http:\/\/www.musees-mediterranee.org\/wp-content\/uploads\/2025\/11\/Grasse_202512-205x290.jpg 205w, http:\/\/www.musees-mediterranee.org\/wp-content\/uploads\/2025\/11\/Grasse_202512-480x678.jpg 480w, http:\/\/www.musees-mediterranee.org\/wp-content\/uploads\/2025\/11\/Grasse_202512.jpg 557w\" sizes=\"(max-width: 212px) 100vw, 212px\" \/><\/div><\/a>\n\t\t\t\t<div class=\"elementor-post__text\">\n\t\t\t\t<h6 class=\"elementor-post__title\">\n\t\t\t<a href=\"http:\/\/www.musees-mediterranee.org\/index.php\/2025\/11\/25\/ferdinand-springer-paysages-imaginaires\/\" >\n\t\t\t\tFerdinand Springer &#8211; Paysages imaginaires\t\t\t<\/a>\n\t\t<\/h6>\n\t\t\t\t<div class=\"elementor-post__excerpt\">\n\t\t\t<p>du 12 d\u00e9cembre 2025 au 22 mars 2026<br \/> Mus\u00e9e International de la Parfumerie \u2013 Grasse<\/p>\t\t<\/div>\n\t\t\t\t<\/div>\n\t\t\t\t\t<\/div>\n\t\t<\/article>\n\t\t\t\t<article class=\"elementor-post elementor-grid-item post-22016 post type-post status-publish format-standard has-post-thumbnail hentry category-actualites-adherents category-en-ligne\" role=\"listitem\">\n\t\t\t<div class=\"elementor-post__card\">\n\t\t\t\t<a class=\"elementor-post__thumbnail__link\" href=\"http:\/\/www.musees-mediterranee.org\/index.php\/2025\/07\/30\/sors-de-ta-reserve\/\" tabindex=\"-1\" ><div class=\"elementor-post__thumbnail\"><img loading=\"lazy\" decoding=\"async\" width=\"300\" height=\"220\" src=\"http:\/\/www.musees-mediterranee.org\/wp-content\/uploads\/2025\/07\/csm_Expo_Reserve_2024_a366371f89-300x220.jpg\" class=\"attachment-medium size-medium wp-image-22017\" alt=\"\" srcset=\"http:\/\/www.musees-mediterranee.org\/wp-content\/uploads\/2025\/07\/csm_Expo_Reserve_2024_a366371f89-300x220.jpg 300w, http:\/\/www.musees-mediterranee.org\/wp-content\/uploads\/2025\/07\/csm_Expo_Reserve_2024_a366371f89-205x150.jpg 205w, http:\/\/www.musees-mediterranee.org\/wp-content\/uploads\/2025\/07\/csm_Expo_Reserve_2024_a366371f89.jpg 315w\" sizes=\"(max-width: 300px) 100vw, 300px\" \/><\/div><\/a>\n\t\t\t\t<div class=\"elementor-post__text\">\n\t\t\t\t<h6 class=\"elementor-post__title\">\n\t\t\t<a href=\"http:\/\/www.musees-mediterranee.org\/index.php\/2025\/07\/30\/sors-de-ta-reserve\/\" >\n\t\t\t\tSors de ta R\u00e9serve !\t\t\t<\/a>\n\t\t<\/h6>\n\t\t\t\t<div class=\"elementor-post__excerpt\">\n\t\t\t<p>Sors de ta R\u00e9serve !<br \/> Du 01 f\u00e9vrier au 15 d\u00e9cembre 2025<br \/> Mus\u00e9e de Pr\u00e9histoire des gorges du Verdon<\/p>\t\t<\/div>\n\t\t\t\t<\/div>\n\t\t\t\t\t<\/div>\n\t\t<\/article>\n\t\t\t\t<article class=\"elementor-post elementor-grid-item post-17879 post type-post status-publish format-standard has-post-thumbnail hentry category-actualites-adherents category-en-ligne\" role=\"listitem\">\n\t\t\t<div class=\"elementor-post__card\">\n\t\t\t\t<a class=\"elementor-post__thumbnail__link\" href=\"http:\/\/www.musees-mediterranee.org\/index.php\/2025\/03\/12\/programmation-evenements-du-musee-ciotaden-en-2025\/\" tabindex=\"-1\" ><div class=\"elementor-post__thumbnail\"><img loading=\"lazy\" decoding=\"async\" width=\"300\" height=\"212\" src=\"http:\/\/www.musees-mediterranee.org\/wp-content\/uploads\/2025\/03\/Actu_Ciotaden_2025-300x212.jpg\" class=\"attachment-medium size-medium wp-image-17882\" alt=\"\" srcset=\"http:\/\/www.musees-mediterranee.org\/wp-content\/uploads\/2025\/03\/Actu_Ciotaden_2025-300x212.jpg 300w, http:\/\/www.musees-mediterranee.org\/wp-content\/uploads\/2025\/03\/Actu_Ciotaden_2025-1024x724.jpg 1024w, http:\/\/www.musees-mediterranee.org\/wp-content\/uploads\/2025\/03\/Actu_Ciotaden_2025-768x543.jpg 768w, http:\/\/www.musees-mediterranee.org\/wp-content\/uploads\/2025\/03\/Actu_Ciotaden_2025.jpg 1200w\" sizes=\"(max-width: 300px) 100vw, 300px\" \/><\/div><\/a>\n\t\t\t\t<div class=\"elementor-post__text\">\n\t\t\t\t<h6 class=\"elementor-post__title\">\n\t\t\t<a href=\"http:\/\/www.musees-mediterranee.org\/index.php\/2025\/03\/12\/programmation-evenements-du-musee-ciotaden-en-2025\/\" >\n\t\t\t\tProgrammation \u00e9v\u00e9nements du mus\u00e9e Ciotaden\t\t\t<\/a>\n\t\t<\/h6>\n\t\t\t\t<div class=\"elementor-post__excerpt\">\n\t\t\t<p>en 2025<br \/> La Ciotat<\/p>\t\t<\/div>\n\t\t\t\t<\/div>\n\t\t\t\t\t<\/div>\n\t\t<\/article>\n\t\t\t\t<\/div>\n\t\t\n\t\t\t\t\t\t<\/div>\n\t\t\t\t<\/div>\n\t\t\t\t<div class=\"elementor-element elementor-element-6479dab exad-sticky-section-no exad-glass-effect-no elementor-widget elementor-widget-spacer\" data-id=\"6479dab\" data-element_type=\"widget\" data-e-type=\"widget\" data-widget_type=\"spacer.default\">\n\t\t\t\t<div class=\"elementor-widget-container\">\n\t\t\t\t\t\t\t<div class=\"elementor-spacer\">\n\t\t\t<div class=\"elementor-spacer-inner\"><\/div>\n\t\t<\/div>\n\t\t\t\t\t\t<\/div>\n\t\t\t\t<\/div>\n\t\t\t\t\t<\/div>\n\t\t<\/div>\n\t\t\t\t\t<\/div>\n\t\t<\/section>\n\t\t\t\t<section class=\"elementor-section elementor-top-section elementor-element elementor-element-7941aef elementor-section-boxed elementor-section-height-default elementor-section-height-default exad-glass-effect-no exad-sticky-section-no\" data-id=\"7941aef\" data-element_type=\"section\" data-e-type=\"section\">\n\t\t\t\t\t\t<div class=\"elementor-container elementor-column-gap-default\">\n\t\t\t\t\t<div class=\"elementor-column elementor-col-100 elementor-top-column elementor-element elementor-element-d2f7e96 exad-glass-effect-no exad-sticky-section-no\" data-id=\"d2f7e96\" data-element_type=\"column\" data-e-type=\"column\">\n\t\t\t<div class=\"elementor-widget-wrap elementor-element-populated\">\n\t\t\t\t\t\t<div class=\"elementor-element elementor-element-5a25ab2 exad-sticky-section-no exad-glass-effect-no elementor-widget elementor-widget-heading\" data-id=\"5a25ab2\" data-element_type=\"widget\" data-e-type=\"widget\" data-widget_type=\"heading.default\">\n\t\t\t\t<div class=\"elementor-widget-container\">\n\t\t\t\t\t<h3 class=\"elementor-heading-title elementor-size-default\">Les adh\u00e9rents<\/h3>\t\t\t\t<\/div>\n\t\t\t\t<\/div>\n\t\t\t\t<div class=\"elementor-element elementor-element-ce3ee00 elementor-grid-4 elementor-posts--align-center elementor-grid-tablet-2 elementor-grid-mobile-1 elementor-posts--thumbnail-top elementor-card-shadow-yes elementor-posts__hover-gradient exad-sticky-section-no exad-glass-effect-no elementor-widget elementor-widget-posts\" data-id=\"ce3ee00\" data-element_type=\"widget\" data-e-type=\"widget\" data-settings=\"{&quot;cards_columns&quot;:&quot;4&quot;,&quot;cards_row_gap&quot;:{&quot;unit&quot;:&quot;px&quot;,&quot;size&quot;:10,&quot;sizes&quot;:[]},&quot;cards_columns_tablet&quot;:&quot;2&quot;,&quot;cards_columns_mobile&quot;:&quot;1&quot;,&quot;cards_row_gap_tablet&quot;:{&quot;unit&quot;:&quot;px&quot;,&quot;size&quot;:&quot;&quot;,&quot;sizes&quot;:[]},&quot;cards_row_gap_mobile&quot;:{&quot;unit&quot;:&quot;px&quot;,&quot;size&quot;:&quot;&quot;,&quot;sizes&quot;:[]}}\" data-widget_type=\"posts.cards\">\n\t\t\t\t<div class=\"elementor-widget-container\">\n\t\t\t\t\t\t\t<div class=\"elementor-posts-container elementor-posts elementor-posts--skin-cards elementor-grid\" role=\"list\">\n\t\t\t\t<article class=\"elementor-post elementor-grid-item post-12223 post type-post status-publish format-standard has-post-thumbnail hentry category-musee-adherent category-page-musee category-route-archeo tag-128 tag-bagnols-sur-ceze\" role=\"listitem\">\n\t\t\t<div class=\"elementor-post__card\">\n\t\t\t\t<a class=\"elementor-post__thumbnail__link\" href=\"http:\/\/www.musees-mediterranee.org\/index.php\/2024\/07\/17\/musee-albert-andre\/\" tabindex=\"-1\" ><div class=\"elementor-post__thumbnail\"><img loading=\"lazy\" decoding=\"async\" width=\"238\" height=\"300\" src=\"http:\/\/www.musees-mediterranee.org\/wp-content\/uploads\/2024\/07\/muse-175-photo_1-238x300.jpg\" class=\"attachment-medium size-medium wp-image-12224\" alt=\"\" srcset=\"http:\/\/www.musees-mediterranee.org\/wp-content\/uploads\/2024\/07\/muse-175-photo_1-238x300.jpg 238w, http:\/\/www.musees-mediterranee.org\/wp-content\/uploads\/2024\/07\/muse-175-photo_1.jpg 453w\" sizes=\"(max-width: 238px) 100vw, 238px\" \/><\/div><\/a>\n\t\t\t\t<div class=\"elementor-post__text\">\n\t\t\t\t<h3 class=\"elementor-post__title\">\n\t\t\t<a href=\"http:\/\/www.musees-mediterranee.org\/index.php\/2024\/07\/17\/musee-albert-andre\/\" >\n\t\t\t\tMus\u00e9e Albert-Andr\u00e9\t\t\t<\/a>\n\t\t<\/h3>\n\t\t\t\t<div class=\"elementor-post__excerpt\">\n\t\t\t<p>Bagnols-sur-C\u00e8ze<\/p>\t\t<\/div>\n\t\t\t\t<\/div>\n\t\t\t\t\t<\/div>\n\t\t<\/article>\n\t\t\t\t<article class=\"elementor-post elementor-grid-item post-12661 post type-post status-publish format-standard has-post-thumbnail hentry category-musee-adherent category-page-musee tag-132 tag-grasse\" role=\"listitem\">\n\t\t\t<div class=\"elementor-post__card\">\n\t\t\t\t<a class=\"elementor-post__thumbnail__link\" href=\"http:\/\/www.musees-mediterranee.org\/index.php\/2024\/08\/28\/villa-musee-jean-honore-fragonard\/\" tabindex=\"-1\" ><div class=\"elementor-post__thumbnail\"><img loading=\"lazy\" decoding=\"async\" width=\"198\" height=\"300\" src=\"http:\/\/www.musees-mediterranee.org\/wp-content\/uploads\/2024\/08\/muse-5-photo_3-198x300.jpg\" class=\"attachment-medium size-medium wp-image-12662\" alt=\"\" srcset=\"http:\/\/www.musees-mediterranee.org\/wp-content\/uploads\/2024\/08\/muse-5-photo_3-198x300.jpg 198w, http:\/\/www.musees-mediterranee.org\/wp-content\/uploads\/2024\/08\/muse-5-photo_3.jpg 459w\" sizes=\"(max-width: 198px) 100vw, 198px\" \/><\/div><\/a>\n\t\t\t\t<div class=\"elementor-post__text\">\n\t\t\t\t<h3 class=\"elementor-post__title\">\n\t\t\t<a href=\"http:\/\/www.musees-mediterranee.org\/index.php\/2024\/08\/28\/villa-musee-jean-honore-fragonard\/\" >\n\t\t\t\tVilla-Mus\u00e9e Jean-Honor\u00e9 Fragonard\t\t\t<\/a>\n\t\t<\/h3>\n\t\t\t\t<div class=\"elementor-post__excerpt\">\n\t\t\t<p>Grasse<\/p>\t\t<\/div>\n\t\t\t\t<\/div>\n\t\t\t\t\t<\/div>\n\t\t<\/article>\n\t\t\t\t<article class=\"elementor-post elementor-grid-item post-12669 post type-post status-publish format-standard has-post-thumbnail hentry category-musee-adherent category-page-musee category-route-archeo tag-132 tag-grasse\" role=\"listitem\">\n\t\t\t<div class=\"elementor-post__card\">\n\t\t\t\t<a class=\"elementor-post__thumbnail__link\" href=\"http:\/\/www.musees-mediterranee.org\/index.php\/2024\/08\/28\/musee-dart-et-dhistoire-de-provence\/\" tabindex=\"-1\" ><div class=\"elementor-post__thumbnail\"><img loading=\"lazy\" decoding=\"async\" width=\"200\" height=\"300\" src=\"http:\/\/www.musees-mediterranee.org\/wp-content\/uploads\/2024\/08\/musPhoto_6_V8S4-200x300.jpg\" class=\"attachment-medium size-medium wp-image-12670\" alt=\"\" srcset=\"http:\/\/www.musees-mediterranee.org\/wp-content\/uploads\/2024\/08\/musPhoto_6_V8S4-200x300.jpg 200w, http:\/\/www.musees-mediterranee.org\/wp-content\/uploads\/2024\/08\/musPhoto_6_V8S4.jpg 333w\" sizes=\"(max-width: 200px) 100vw, 200px\" \/><\/div><\/a>\n\t\t\t\t<div class=\"elementor-post__text\">\n\t\t\t\t<h3 class=\"elementor-post__title\">\n\t\t\t<a href=\"http:\/\/www.musees-mediterranee.org\/index.php\/2024\/08\/28\/musee-dart-et-dhistoire-de-provence\/\" >\n\t\t\t\tMus\u00e9e d&#8217;Art et d&#8217;Histoire de Provence\t\t\t<\/a>\n\t\t<\/h3>\n\t\t\t\t<div class=\"elementor-post__excerpt\">\n\t\t\t<p>Grasse<\/p>\t\t<\/div>\n\t\t\t\t<\/div>\n\t\t\t\t\t<\/div>\n\t\t<\/article>\n\t\t\t\t<article class=\"elementor-post elementor-grid-item post-12674 post type-post status-publish format-standard has-post-thumbnail hentry category-musee-adherent category-page-musee tag-132 tag-grasse\" role=\"listitem\">\n\t\t\t<div class=\"elementor-post__card\">\n\t\t\t\t<a class=\"elementor-post__thumbnail__link\" href=\"http:\/\/www.musees-mediterranee.org\/index.php\/2024\/08\/28\/musee-international-de-la-parfumerie\/\" tabindex=\"-1\" ><div class=\"elementor-post__thumbnail\"><img loading=\"lazy\" decoding=\"async\" width=\"300\" height=\"199\" src=\"http:\/\/www.musees-mediterranee.org\/wp-content\/uploads\/2024\/08\/musPhoto_7_IQN3-300x199.jpg\" class=\"attachment-medium size-medium wp-image-12675\" alt=\"\" srcset=\"http:\/\/www.musees-mediterranee.org\/wp-content\/uploads\/2024\/08\/musPhoto_7_IQN3-300x199.jpg 300w, http:\/\/www.musees-mediterranee.org\/wp-content\/uploads\/2024\/08\/musPhoto_7_IQN3.jpg 600w\" sizes=\"(max-width: 300px) 100vw, 300px\" \/><\/div><\/a>\n\t\t\t\t<div class=\"elementor-post__text\">\n\t\t\t\t<h3 class=\"elementor-post__title\">\n\t\t\t<a href=\"http:\/\/www.musees-mediterranee.org\/index.php\/2024\/08\/28\/musee-international-de-la-parfumerie\/\" >\n\t\t\t\tMus\u00e9e International de la Parfumerie\t\t\t<\/a>\n\t\t<\/h3>\n\t\t\t\t<div class=\"elementor-post__excerpt\">\n\t\t\t<p>Grasse<\/p>\t\t<\/div>\n\t\t\t\t<\/div>\n\t\t\t\t\t<\/div>\n\t\t<\/article>\n\t\t\t\t<article class=\"elementor-post elementor-grid-item post-12707 post type-post status-publish format-standard has-post-thumbnail hentry category-musee-adherent category-page-musee tag-131 tag-la-ciotat tag-m61\" role=\"listitem\">\n\t\t\t<div class=\"elementor-post__card\">\n\t\t\t\t<a class=\"elementor-post__thumbnail__link\" href=\"http:\/\/www.musees-mediterranee.org\/index.php\/2024\/09\/03\/musee-ciotaden\/\" tabindex=\"-1\" ><div class=\"elementor-post__thumbnail\"><img loading=\"lazy\" decoding=\"async\" width=\"300\" height=\"225\" src=\"http:\/\/www.musees-mediterranee.org\/wp-content\/uploads\/2024\/09\/muse-61-photo_1-300x225.jpg\" class=\"attachment-medium size-medium wp-image-12708\" alt=\"\" srcset=\"http:\/\/www.musees-mediterranee.org\/wp-content\/uploads\/2024\/09\/muse-61-photo_1-300x225.jpg 300w, http:\/\/www.musees-mediterranee.org\/wp-content\/uploads\/2024\/09\/muse-61-photo_1.jpg 700w\" sizes=\"(max-width: 300px) 100vw, 300px\" \/><\/div><\/a>\n\t\t\t\t<div class=\"elementor-post__text\">\n\t\t\t\t<h3 class=\"elementor-post__title\">\n\t\t\t<a href=\"http:\/\/www.musees-mediterranee.org\/index.php\/2024\/09\/03\/musee-ciotaden\/\" >\n\t\t\t\tMus\u00e9e Ciotaden\t\t\t<\/a>\n\t\t<\/h3>\n\t\t\t\t<div class=\"elementor-post__excerpt\">\n\t\t\t<p>La Ciotat<\/p>\t\t<\/div>\n\t\t\t\t<\/div>\n\t\t\t\t\t<\/div>\n\t\t<\/article>\n\t\t\t\t<article class=\"elementor-post elementor-grid-item post-13079 post type-post status-publish format-standard has-post-thumbnail hentry category-musee-adherent category-page-musee tag-129 tag-mane\" role=\"listitem\">\n\t\t\t<div class=\"elementor-post__card\">\n\t\t\t\t<a class=\"elementor-post__thumbnail__link\" href=\"http:\/\/www.musees-mediterranee.org\/index.php\/2024\/09\/11\/musee-de-salagon\/\" tabindex=\"-1\" ><div class=\"elementor-post__thumbnail\"><img loading=\"lazy\" decoding=\"async\" width=\"300\" height=\"180\" src=\"http:\/\/www.musees-mediterranee.org\/wp-content\/uploads\/2024\/09\/muse-13-photo_1-300x180.jpg\" class=\"attachment-medium size-medium wp-image-13080\" alt=\"\" srcset=\"http:\/\/www.musees-mediterranee.org\/wp-content\/uploads\/2024\/09\/muse-13-photo_1-300x180.jpg 300w, http:\/\/www.musees-mediterranee.org\/wp-content\/uploads\/2024\/09\/muse-13-photo_1.jpg 350w\" sizes=\"(max-width: 300px) 100vw, 300px\" \/><\/div><\/a>\n\t\t\t\t<div class=\"elementor-post__text\">\n\t\t\t\t<h3 class=\"elementor-post__title\">\n\t\t\t<a href=\"http:\/\/www.musees-mediterranee.org\/index.php\/2024\/09\/11\/musee-de-salagon\/\" >\n\t\t\t\tMus\u00e9e de Salagon\t\t\t<\/a>\n\t\t<\/h3>\n\t\t\t\t<div class=\"elementor-post__excerpt\">\n\t\t\t<p>Mane<\/p>\t\t<\/div>\n\t\t\t\t<\/div>\n\t\t\t\t\t<\/div>\n\t\t<\/article>\n\t\t\t\t<article class=\"elementor-post elementor-grid-item post-13967 post type-post status-publish format-standard has-post-thumbnail hentry category-musee-adherent category-page-musee tag-128 tag-pont-saint-esprit\" role=\"listitem\">\n\t\t\t<div class=\"elementor-post__card\">\n\t\t\t\t<a class=\"elementor-post__thumbnail__link\" href=\"http:\/\/www.musees-mediterranee.org\/index.php\/2024\/10\/15\/musee-dart-sacre-du-gard-maison-des-chevaliers\/\" tabindex=\"-1\" ><div class=\"elementor-post__thumbnail\"><img loading=\"lazy\" decoding=\"async\" width=\"300\" height=\"171\" src=\"http:\/\/www.musees-mediterranee.org\/wp-content\/uploads\/2024\/10\/musPhoto_185_0FYW-300x171.jpg\" class=\"attachment-medium size-medium wp-image-13968\" alt=\"\" srcset=\"http:\/\/www.musees-mediterranee.org\/wp-content\/uploads\/2024\/10\/musPhoto_185_0FYW-300x171.jpg 300w, http:\/\/www.musees-mediterranee.org\/wp-content\/uploads\/2024\/10\/musPhoto_185_0FYW-128x72.jpg 128w, http:\/\/www.musees-mediterranee.org\/wp-content\/uploads\/2024\/10\/musPhoto_185_0FYW.jpg 419w\" sizes=\"(max-width: 300px) 100vw, 300px\" \/><\/div><\/a>\n\t\t\t\t<div class=\"elementor-post__text\">\n\t\t\t\t<h3 class=\"elementor-post__title\">\n\t\t\t<a href=\"http:\/\/www.musees-mediterranee.org\/index.php\/2024\/10\/15\/musee-dart-sacre-du-gard-maison-des-chevaliers\/\" >\n\t\t\t\tMus\u00e9e d&#8217;art sacr\u00e9 du Gard &#8211; Maison des Chevaliers\t\t\t<\/a>\n\t\t<\/h3>\n\t\t\t\t<div class=\"elementor-post__excerpt\">\n\t\t\t<p>Pont-Saint-Esprit<\/p>\t\t<\/div>\n\t\t\t\t<\/div>\n\t\t\t\t\t<\/div>\n\t\t<\/article>\n\t\t\t\t<article class=\"elementor-post elementor-grid-item post-13974 post type-post status-publish format-standard has-post-thumbnail hentry category-musee-adherent category-page-musee category-route-archeo tag-129 tag-quinson\" role=\"listitem\">\n\t\t\t<div class=\"elementor-post__card\">\n\t\t\t\t<a class=\"elementor-post__thumbnail__link\" href=\"http:\/\/www.musees-mediterranee.org\/index.php\/2024\/10\/15\/musee-de-prehistoire-des-gorges-du-verdon\/\" tabindex=\"-1\" ><div class=\"elementor-post__thumbnail\"><img loading=\"lazy\" decoding=\"async\" width=\"300\" height=\"225\" src=\"http:\/\/www.musees-mediterranee.org\/wp-content\/uploads\/2024\/10\/muse-76-photo_1-300x225.jpg\" class=\"attachment-medium size-medium wp-image-13975\" alt=\"\" srcset=\"http:\/\/www.musees-mediterranee.org\/wp-content\/uploads\/2024\/10\/muse-76-photo_1-300x225.jpg 300w, http:\/\/www.musees-mediterranee.org\/wp-content\/uploads\/2024\/10\/muse-76-photo_1.jpg 700w\" sizes=\"(max-width: 300px) 100vw, 300px\" \/><\/div><\/a>\n\t\t\t\t<div class=\"elementor-post__text\">\n\t\t\t\t<h3 class=\"elementor-post__title\">\n\t\t\t<a href=\"http:\/\/www.musees-mediterranee.org\/index.php\/2024\/10\/15\/musee-de-prehistoire-des-gorges-du-verdon\/\" >\n\t\t\t\tMus\u00e9e de Pr\u00e9histoire des gorges du Verdon\t\t\t<\/a>\n\t\t<\/h3>\n\t\t\t\t<div class=\"elementor-post__excerpt\">\n\t\t\t<p>Quinson<\/p>\t\t<\/div>\n\t\t\t\t<\/div>\n\t\t\t\t\t<\/div>\n\t\t<\/article>\n\t\t\t\t<article class=\"elementor-post elementor-grid-item post-17606 post type-post status-publish format-standard has-post-thumbnail hentry category-musee-adherent category-page-musee tag-131 tag-saint-martin-de-crau\" role=\"listitem\">\n\t\t\t<div class=\"elementor-post__card\">\n\t\t\t\t<a class=\"elementor-post__thumbnail__link\" href=\"http:\/\/www.musees-mediterranee.org\/index.php\/2024\/10\/16\/ecomusee-de-la-crau\/\" tabindex=\"-1\" ><div class=\"elementor-post__thumbnail\"><img loading=\"lazy\" decoding=\"async\" width=\"300\" height=\"225\" src=\"http:\/\/www.musees-mediterranee.org\/wp-content\/uploads\/2025\/02\/Crau-300x225.jpg\" class=\"attachment-medium size-medium wp-image-17609\" alt=\"\" srcset=\"http:\/\/www.musees-mediterranee.org\/wp-content\/uploads\/2025\/02\/Crau-300x225.jpg 300w, http:\/\/www.musees-mediterranee.org\/wp-content\/uploads\/2025\/02\/Crau.jpg 400w\" sizes=\"(max-width: 300px) 100vw, 300px\" \/><\/div><\/a>\n\t\t\t\t<div class=\"elementor-post__text\">\n\t\t\t\t<h3 class=\"elementor-post__title\">\n\t\t\t<a href=\"http:\/\/www.musees-mediterranee.org\/index.php\/2024\/10\/16\/ecomusee-de-la-crau\/\" >\n\t\t\t\tEcomus\u00e9e de la Crau\t\t\t<\/a>\n\t\t<\/h3>\n\t\t\t\t<div class=\"elementor-post__excerpt\">\n\t\t\t<p>Saint-Martin-de-Crau<\/p>\t\t<\/div>\n\t\t\t\t<\/div>\n\t\t\t\t\t<\/div>\n\t\t<\/article>\n\t\t\t\t<article class=\"elementor-post elementor-grid-item post-14178 post type-post status-publish format-standard has-post-thumbnail hentry category-musee-adherent category-page-musee tag-112 tag-sartene\" role=\"listitem\">\n\t\t\t<div class=\"elementor-post__card\">\n\t\t\t\t<a class=\"elementor-post__thumbnail__link\" href=\"http:\/\/www.musees-mediterranee.org\/index.php\/2024\/10\/22\/musee-darcheologie-de-la-corse\/\" tabindex=\"-1\" ><div class=\"elementor-post__thumbnail\"><img loading=\"lazy\" decoding=\"async\" width=\"300\" height=\"142\" src=\"http:\/\/www.musees-mediterranee.org\/wp-content\/uploads\/2024\/10\/musPhoto_265_PG2X-300x142.jpg\" class=\"attachment-medium size-medium wp-image-14234\" alt=\"\" srcset=\"http:\/\/www.musees-mediterranee.org\/wp-content\/uploads\/2024\/10\/musPhoto_265_PG2X-300x142.jpg 300w, http:\/\/www.musees-mediterranee.org\/wp-content\/uploads\/2024\/10\/musPhoto_265_PG2X.jpg 600w\" sizes=\"(max-width: 300px) 100vw, 300px\" \/><\/div><\/a>\n\t\t\t\t<div class=\"elementor-post__text\">\n\t\t\t\t<h3 class=\"elementor-post__title\">\n\t\t\t<a href=\"http:\/\/www.musees-mediterranee.org\/index.php\/2024\/10\/22\/musee-darcheologie-de-la-corse\/\" >\n\t\t\t\tMus\u00e9e d&#8217;arch\u00e9ologie de la Corse\t\t\t<\/a>\n\t\t<\/h3>\n\t\t\t\t<div class=\"elementor-post__excerpt\">\n\t\t\t<p>Sart\u00e8ne<\/p>\t\t<\/div>\n\t\t\t\t<\/div>\n\t\t\t\t\t<\/div>\n\t\t<\/article>\n\t\t\t\t<article class=\"elementor-post elementor-grid-item post-14393 post type-post status-publish format-standard has-post-thumbnail hentry category-musee-adherent category-page-musee tag-128 tag-villeneuve-les-avignon\" role=\"listitem\">\n\t\t\t<div class=\"elementor-post__card\">\n\t\t\t\t<a class=\"elementor-post__thumbnail__link\" href=\"http:\/\/www.musees-mediterranee.org\/index.php\/2024\/10\/29\/musee-pierre-de-luxembourg\/\" tabindex=\"-1\" ><div class=\"elementor-post__thumbnail\"><img loading=\"lazy\" decoding=\"async\" width=\"300\" height=\"258\" src=\"http:\/\/www.musees-mediterranee.org\/wp-content\/uploads\/2024\/10\/muse-190-photo_1-300x258.jpg\" class=\"attachment-medium size-medium wp-image-14450\" alt=\"\" srcset=\"http:\/\/www.musees-mediterranee.org\/wp-content\/uploads\/2024\/10\/muse-190-photo_1-300x258.jpg 300w, http:\/\/www.musees-mediterranee.org\/wp-content\/uploads\/2024\/10\/muse-190-photo_1.jpg 700w\" sizes=\"(max-width: 300px) 100vw, 300px\" \/><\/div><\/a>\n\t\t\t\t<div class=\"elementor-post__text\">\n\t\t\t\t<h3 class=\"elementor-post__title\">\n\t\t\t<a href=\"http:\/\/www.musees-mediterranee.org\/index.php\/2024\/10\/29\/musee-pierre-de-luxembourg\/\" >\n\t\t\t\tMus\u00e9e Pierre-de-Luxembourg\t\t\t<\/a>\n\t\t<\/h3>\n\t\t\t\t<div class=\"elementor-post__excerpt\">\n\t\t\t<p>Villeneuve-l\u00e8s-Avignon<\/p>\t\t<\/div>\n\t\t\t\t<\/div>\n\t\t\t\t\t<\/div>\n\t\t<\/article>\n\t\t\t\t<\/div>\n\t\t\n\t\t\t\t\t\t<\/div>\n\t\t\t\t<\/div>\n\t\t\t\t<div class=\"elementor-element elementor-element-77cfbbe elementor-grid-4 elementor-posts--align-center elementor-grid-tablet-2 elementor-grid-mobile-1 elementor-posts--thumbnail-top elementor-card-shadow-yes elementor-posts__hover-gradient exad-sticky-section-no exad-glass-effect-no elementor-widget elementor-widget-posts\" data-id=\"77cfbbe\" data-element_type=\"widget\" data-e-type=\"widget\" data-settings=\"{&quot;cards_columns&quot;:&quot;4&quot;,&quot;cards_row_gap&quot;:{&quot;unit&quot;:&quot;px&quot;,&quot;size&quot;:10,&quot;sizes&quot;:[]},&quot;cards_columns_tablet&quot;:&quot;2&quot;,&quot;cards_columns_mobile&quot;:&quot;1&quot;,&quot;cards_row_gap_tablet&quot;:{&quot;unit&quot;:&quot;px&quot;,&quot;size&quot;:&quot;&quot;,&quot;sizes&quot;:[]},&quot;cards_row_gap_mobile&quot;:{&quot;unit&quot;:&quot;px&quot;,&quot;size&quot;:&quot;&quot;,&quot;sizes&quot;:[]}}\" data-widget_type=\"posts.cards\">\n\t\t\t\t<div class=\"elementor-widget-container\">\n\t\t\t\t\t\t\t<div class=\"elementor-posts-container elementor-posts elementor-posts--skin-cards elementor-grid\" role=\"list\">\n\t\t\t\t<article class=\"elementor-post elementor-grid-item post-22178 post type-post status-publish format-standard has-post-thumbnail hentry category-page-insadher\" role=\"listitem\">\n\t\t\t<div class=\"elementor-post__card\">\n\t\t\t\t<a class=\"elementor-post__thumbnail__link\" href=\"http:\/\/www.musees-mediterranee.org\/index.php\/2025\/08\/12\/cicrp\/\" tabindex=\"-1\" ><div class=\"elementor-post__thumbnail\"><img loading=\"lazy\" decoding=\"async\" width=\"300\" height=\"200\" src=\"http:\/\/www.musees-mediterranee.org\/wp-content\/uploads\/2025\/08\/CICRP-1024x683-1-300x200.jpg\" class=\"attachment-medium size-medium wp-image-22193\" alt=\"\" srcset=\"http:\/\/www.musees-mediterranee.org\/wp-content\/uploads\/2025\/08\/CICRP-1024x683-1-300x200.jpg 300w, http:\/\/www.musees-mediterranee.org\/wp-content\/uploads\/2025\/08\/CICRP-1024x683-1-768x512.jpg 768w, http:\/\/www.musees-mediterranee.org\/wp-content\/uploads\/2025\/08\/CICRP-1024x683-1-205x137.jpg 205w, http:\/\/www.musees-mediterranee.org\/wp-content\/uploads\/2025\/08\/CICRP-1024x683-1-480x320.jpg 480w, http:\/\/www.musees-mediterranee.org\/wp-content\/uploads\/2025\/08\/CICRP-1024x683-1.jpg 1024w\" sizes=\"(max-width: 300px) 100vw, 300px\" \/><\/div><\/a>\n\t\t\t\t<div class=\"elementor-post__text\">\n\t\t\t\t<h3 class=\"elementor-post__title\">\n\t\t\t<a href=\"http:\/\/www.musees-mediterranee.org\/index.php\/2025\/08\/12\/cicrp\/\" >\n\t\t\t\tCICRP\t\t\t<\/a>\n\t\t<\/h3>\n\t\t\t\t<div class=\"elementor-post__excerpt\">\n\t\t\t<p>Centre Interdisciplinaire de Conservation et de Restauration du Patrimoine<\/p>\t\t<\/div>\n\t\t\t\t<\/div>\n\t\t\t\t\t<\/div>\n\t\t<\/article>\n\t\t\t\t<\/div>\n\t\t\n\t\t\t\t\t\t<\/div>\n\t\t\t\t<\/div>\n\t\t\t\t<div class=\"elementor-element elementor-element-0cacb22 elementor-widget-divider--view-line exad-sticky-section-no exad-glass-effect-no elementor-widget elementor-widget-divider\" data-id=\"0cacb22\" data-element_type=\"widget\" data-e-type=\"widget\" data-widget_type=\"divider.default\">\n\t\t\t\t<div class=\"elementor-widget-container\">\n\t\t\t\t\t\t\t<div class=\"elementor-divider\">\n\t\t\t<span class=\"elementor-divider-separator\">\n\t\t\t\t\t\t<\/span>\n\t\t<\/div>\n\t\t\t\t\t\t<\/div>\n\t\t\t\t<\/div>\n\t\t\t\t\t<\/div>\n\t\t<\/div>\n\t\t\t\t\t<\/div>\n\t\t<\/section>\n\t\t\t\t<section class=\"elementor-section elementor-top-section elementor-element elementor-element-09e6efc elementor-section-boxed elementor-section-height-default elementor-section-height-default exad-glass-effect-no exad-sticky-section-no\" data-id=\"09e6efc\" data-element_type=\"section\" data-e-type=\"section\">\n\t\t\t\t\t\t<div class=\"elementor-container elementor-column-gap-default\">\n\t\t\t\t\t<div class=\"elementor-column elementor-col-100 elementor-top-column elementor-element elementor-element-12c435a exad-glass-effect-no exad-sticky-section-no\" data-id=\"12c435a\" data-element_type=\"column\" data-e-type=\"column\">\n\t\t\t<div class=\"elementor-widget-wrap elementor-element-populated\">\n\t\t\t\t\t\t<div class=\"elementor-element elementor-element-0014c8d exad-sticky-section-no exad-glass-effect-no elementor-widget elementor-widget-heading\" data-id=\"0014c8d\" data-element_type=\"widget\" data-e-type=\"widget\" data-widget_type=\"heading.default\">\n\t\t\t\t<div class=\"elementor-widget-container\">\n\t\t\t\t\t<h3 class=\"elementor-heading-title elementor-size-default\">Tous les mus\u00e9es<\/h3>\t\t\t\t<\/div>\n\t\t\t\t<\/div>\n\t\t\t\t\t<\/div>\n\t\t<\/div>\n\t\t\t\t\t<\/div>\n\t\t<\/section>\n\t\t\t\t<section class=\"elementor-section elementor-top-section elementor-element elementor-element-544b44b elementor-section-boxed elementor-section-height-default elementor-section-height-default exad-glass-effect-no exad-sticky-section-no\" data-id=\"544b44b\" data-element_type=\"section\" data-e-type=\"section\">\n\t\t\t\t\t\t<div class=\"elementor-container elementor-column-gap-default\">\n\t\t\t\t\t<div class=\"elementor-column elementor-col-100 elementor-top-column elementor-element elementor-element-0b7d06a exad-glass-effect-no exad-sticky-section-no\" data-id=\"0b7d06a\" data-element_type=\"column\" data-e-type=\"column\">\n\t\t\t<div class=\"elementor-widget-wrap elementor-element-populated\">\n\t\t\t\t\t\t<div class=\"elementor-element elementor-element-6857cb9 exad-sticky-section-no exad-glass-effect-no elementor-widget elementor-widget-text-editor\" data-id=\"6857cb9\" data-element_type=\"widget\" data-e-type=\"widget\" data-widget_type=\"text-editor.default\">\n\t\t\t\t<div class=\"elementor-widget-container\">\n\t\t\t\t\t\t\t\t\t<p>Les mus\u00e9es par d\u00e9partements : <a href=\"http:\/\/www.musees-mediterranee.org\/index.php\/tous-les-musees\/les-musees-04-05\/\">04\/05<\/a> &#8211; <a href=\"http:\/\/www.musees-mediterranee.org\/index.php\/tous-les-musees\/les-musees-06\/\">06<\/a> &#8211; <a href=\"http:\/\/www.musees-mediterranee.org\/index.php\/tous-les-musees\/les-musees-13\/\">13<\/a> &#8211; <a href=\"http:\/\/www.musees-mediterranee.org\/index.php\/tous-les-musees\/les-musees-20\/\">20<\/a> &#8211; <a href=\"http:\/\/www.musees-mediterranee.org\/index.php\/tous-les-musees\/les-musees-83\/\">83<\/a> &#8211; <a href=\"http:\/\/www.musees-mediterranee.org\/index.php\/tous-les-musees\/les-musees-84\/\">84<\/a> &#8211; <a href=\"http:\/\/www.musees-mediterranee.org\/index.php\/tous-les-musees\/les-musees-11\/\">11<\/a> &#8211; <a href=\"http:\/\/www.musees-mediterranee.org\/index.php\/tous-les-musees\/les-musees-30\/\">30<\/a> &#8211; <a href=\"http:\/\/www.musees-mediterranee.org\/index.php\/tous-les-musees\/les-musees-34\/\">34<\/a><\/p>\t\t\t\t\t\t\t\t<\/div>\n\t\t\t\t<\/div>\n\t\t\t\t\t<\/div>\n\t\t<\/div>\n\t\t\t\t\t<\/div>\n\t\t<\/section>\n\t\t\t\t<section class=\"elementor-section elementor-top-section elementor-element elementor-element-6852780 elementor-section-boxed elementor-section-height-default elementor-section-height-default exad-glass-effect-no exad-sticky-section-no\" data-id=\"6852780\" data-element_type=\"section\" data-e-type=\"section\">\n\t\t\t\t\t\t<div class=\"elementor-container elementor-column-gap-default\">\n\t\t\t\t\t<div class=\"elementor-column elementor-col-100 elementor-top-column elementor-element elementor-element-50e5228 exad-glass-effect-no exad-sticky-section-no\" data-id=\"50e5228\" data-element_type=\"column\" data-e-type=\"column\">\n\t\t\t<div class=\"elementor-widget-wrap elementor-element-populated\">\n\t\t\t\t\t\t<div class=\"elementor-element elementor-element-636cdeb exad-sticky-section-no exad-glass-effect-no elementor-widget elementor-widget-heading\" data-id=\"636cdeb\" data-element_type=\"widget\" data-e-type=\"widget\" data-widget_type=\"heading.default\">\n\t\t\t\t<div class=\"elementor-widget-container\">\n\t\t\t\t\t<h5 class=\"elementor-heading-title elementor-size-default\">Aix-en-Provence<\/h5>\t\t\t\t<\/div>\n\t\t\t\t<\/div>\n\t\t\t\t\t<\/div>\n\t\t<\/div>\n\t\t\t\t\t<\/div>\n\t\t<\/section>\n\t\t\t\t<section class=\"elementor-section elementor-top-section elementor-element elementor-element-76dd2b3 elementor-section-boxed elementor-section-height-default elementor-section-height-default exad-glass-effect-no exad-sticky-section-no\" data-id=\"76dd2b3\" data-element_type=\"section\" data-e-type=\"section\">\n\t\t\t\t\t\t<div class=\"elementor-container elementor-column-gap-default\">\n\t\t\t\t\t<div class=\"elementor-column elementor-col-100 elementor-top-column elementor-element elementor-element-76899a1 exad-glass-effect-no exad-sticky-section-no\" data-id=\"76899a1\" data-element_type=\"column\" data-e-type=\"column\">\n\t\t\t<div class=\"elementor-widget-wrap elementor-element-populated\">\n\t\t\t\t\t\t<div class=\"elementor-element elementor-element-5d637ba elementor-grid-4 elementor-posts--align-center elementor-grid-tablet-2 elementor-grid-mobile-1 elementor-posts--thumbnail-top elementor-card-shadow-yes elementor-posts__hover-gradient exad-sticky-section-no exad-glass-effect-no elementor-widget elementor-widget-posts\" data-id=\"5d637ba\" data-element_type=\"widget\" data-e-type=\"widget\" data-settings=\"{&quot;cards_columns&quot;:&quot;4&quot;,&quot;cards_row_gap&quot;:{&quot;unit&quot;:&quot;px&quot;,&quot;size&quot;:10,&quot;sizes&quot;:[]},&quot;cards_columns_tablet&quot;:&quot;2&quot;,&quot;cards_columns_mobile&quot;:&quot;1&quot;,&quot;cards_row_gap_tablet&quot;:{&quot;unit&quot;:&quot;px&quot;,&quot;size&quot;:&quot;&quot;,&quot;sizes&quot;:[]},&quot;cards_row_gap_mobile&quot;:{&quot;unit&quot;:&quot;px&quot;,&quot;size&quot;:&quot;&quot;,&quot;sizes&quot;:[]}}\" data-widget_type=\"posts.cards\">\n\t\t\t\t<div class=\"elementor-widget-container\">\n\t\t\t\t\t\t\t<div class=\"elementor-posts-container elementor-posts elementor-posts--skin-cards elementor-grid\" role=\"list\">\n\t\t\t\t<article class=\"elementor-post elementor-grid-item post-11934 post type-post status-publish format-standard has-post-thumbnail hentry category-page-musee tag-131 tag-aix-en-provence\" role=\"listitem\">\n\t\t\t<div class=\"elementor-post__card\">\n\t\t\t\t<a class=\"elementor-post__thumbnail__link\" href=\"http:\/\/www.musees-mediterranee.org\/index.php\/2024\/07\/02\/atelier-paul-cezanne\/\" tabindex=\"-1\" ><div class=\"elementor-post__thumbnail\"><img loading=\"lazy\" decoding=\"async\" width=\"300\" height=\"195\" src=\"http:\/\/www.musees-mediterranee.org\/wp-content\/uploads\/2024\/07\/muse-42-photo_1-300x195.jpg\" class=\"attachment-medium size-medium wp-image-11940\" alt=\"\" srcset=\"http:\/\/www.musees-mediterranee.org\/wp-content\/uploads\/2024\/07\/muse-42-photo_1-300x195.jpg 300w, http:\/\/www.musees-mediterranee.org\/wp-content\/uploads\/2024\/07\/muse-42-photo_1.jpg 700w\" sizes=\"(max-width: 300px) 100vw, 300px\" \/><\/div><\/a>\n\t\t\t\t<div class=\"elementor-post__text\">\n\t\t\t\t<h3 class=\"elementor-post__title\">\n\t\t\t<a href=\"http:\/\/www.musees-mediterranee.org\/index.php\/2024\/07\/02\/atelier-paul-cezanne\/\" >\n\t\t\t\tAtelier Paul-C\u00e9zanne\t\t\t<\/a>\n\t\t<\/h3>\n\t\t\t\t<div class=\"elementor-post__excerpt\">\n\t\t\t<p>Aix-en-Provence<\/p>\t\t<\/div>\n\t\t\t\t<\/div>\n\t\t\t\t\t<\/div>\n\t\t<\/article>\n\t\t\t\t<article class=\"elementor-post elementor-grid-item post-12022 post type-post status-publish format-standard has-post-thumbnail hentry category-page-musee tag-131 tag-aix-en-provence\" role=\"listitem\">\n\t\t\t<div class=\"elementor-post__card\">\n\t\t\t\t<a class=\"elementor-post__thumbnail__link\" href=\"http:\/\/www.musees-mediterranee.org\/index.php\/2024\/07\/03\/centre-architectonique-de-la-fondation-vasarely\/\" tabindex=\"-1\" ><div class=\"elementor-post__thumbnail\"><img loading=\"lazy\" decoding=\"async\" width=\"300\" height=\"234\" src=\"http:\/\/www.musees-mediterranee.org\/wp-content\/uploads\/2024\/07\/musPhoto_250_MEYY-300x234.jpg\" class=\"attachment-medium size-medium wp-image-12023\" alt=\"\" srcset=\"http:\/\/www.musees-mediterranee.org\/wp-content\/uploads\/2024\/07\/musPhoto_250_MEYY-300x234.jpg 300w, http:\/\/www.musees-mediterranee.org\/wp-content\/uploads\/2024\/07\/musPhoto_250_MEYY.jpg 600w\" sizes=\"(max-width: 300px) 100vw, 300px\" \/><\/div><\/a>\n\t\t\t\t<div class=\"elementor-post__text\">\n\t\t\t\t<h3 class=\"elementor-post__title\">\n\t\t\t<a href=\"http:\/\/www.musees-mediterranee.org\/index.php\/2024\/07\/03\/centre-architectonique-de-la-fondation-vasarely\/\" >\n\t\t\t\tCentre Architectonique de la Fondation Vasarely\t\t\t<\/a>\n\t\t<\/h3>\n\t\t\t\t<div class=\"elementor-post__excerpt\">\n\t\t\t<p>Aix-en-Provence<\/p>\t\t<\/div>\n\t\t\t\t<\/div>\n\t\t\t\t\t<\/div>\n\t\t<\/article>\n\t\t\t\t<article class=\"elementor-post elementor-grid-item post-11992 post type-post status-publish format-standard has-post-thumbnail hentry category-page-musee tag-131 tag-aix-en-provence\" role=\"listitem\">\n\t\t\t<div class=\"elementor-post__card\">\n\t\t\t\t<a class=\"elementor-post__thumbnail__link\" href=\"http:\/\/www.musees-mediterranee.org\/index.php\/2024\/07\/02\/musee-des-tapisseries\/\" tabindex=\"-1\" ><div class=\"elementor-post__thumbnail\"><img loading=\"lazy\" decoding=\"async\" width=\"206\" height=\"300\" src=\"http:\/\/www.musees-mediterranee.org\/wp-content\/uploads\/2024\/07\/muse-87-photo_1-206x300.jpg\" class=\"attachment-medium size-medium wp-image-11995\" alt=\"\" srcset=\"http:\/\/www.musees-mediterranee.org\/wp-content\/uploads\/2024\/07\/muse-87-photo_1-206x300.jpg 206w, http:\/\/www.musees-mediterranee.org\/wp-content\/uploads\/2024\/07\/muse-87-photo_1.jpg 480w\" sizes=\"(max-width: 206px) 100vw, 206px\" \/><\/div><\/a>\n\t\t\t\t<div class=\"elementor-post__text\">\n\t\t\t\t<h3 class=\"elementor-post__title\">\n\t\t\t<a href=\"http:\/\/www.musees-mediterranee.org\/index.php\/2024\/07\/02\/musee-des-tapisseries\/\" >\n\t\t\t\tMus\u00e9e des Tapisseries\t\t\t<\/a>\n\t\t<\/h3>\n\t\t\t\t<div class=\"elementor-post__excerpt\">\n\t\t\t<p>Aix-en-Provence<\/p>\t\t<\/div>\n\t\t\t\t<\/div>\n\t\t\t\t\t<\/div>\n\t\t<\/article>\n\t\t\t\t<article class=\"elementor-post elementor-grid-item post-11997 post type-post status-publish format-standard has-post-thumbnail hentry category-page-musee tag-131 tag-aix-en-provence\" role=\"listitem\">\n\t\t\t<div class=\"elementor-post__card\">\n\t\t\t\t<a class=\"elementor-post__thumbnail__link\" href=\"http:\/\/www.musees-mediterranee.org\/index.php\/2024\/07\/02\/musee-du-pavillon-de-vendome\/\" tabindex=\"-1\" ><div class=\"elementor-post__thumbnail\"><img loading=\"lazy\" decoding=\"async\" width=\"201\" height=\"300\" src=\"http:\/\/www.musees-mediterranee.org\/wp-content\/uploads\/2024\/07\/muse-91-photo_1-201x300.jpg\" class=\"attachment-medium size-medium wp-image-11998\" alt=\"\" srcset=\"http:\/\/www.musees-mediterranee.org\/wp-content\/uploads\/2024\/07\/muse-91-photo_1-201x300.jpg 201w, http:\/\/www.musees-mediterranee.org\/wp-content\/uploads\/2024\/07\/muse-91-photo_1.jpg 468w\" sizes=\"(max-width: 201px) 100vw, 201px\" \/><\/div><\/a>\n\t\t\t\t<div class=\"elementor-post__text\">\n\t\t\t\t<h3 class=\"elementor-post__title\">\n\t\t\t<a href=\"http:\/\/www.musees-mediterranee.org\/index.php\/2024\/07\/02\/musee-du-pavillon-de-vendome\/\" >\n\t\t\t\tMus\u00e9e du Pavillon de Vend\u00f4me\t\t\t<\/a>\n\t\t<\/h3>\n\t\t\t\t<div class=\"elementor-post__excerpt\">\n\t\t\t<p>Aix-en-Provence<\/p>\t\t<\/div>\n\t\t\t\t<\/div>\n\t\t\t\t\t<\/div>\n\t\t<\/article>\n\t\t\t\t<article class=\"elementor-post elementor-grid-item post-11893 post type-post status-publish format-standard has-post-thumbnail hentry category-page-musee tag-131 tag-aix-en-provence\" role=\"listitem\">\n\t\t\t<div class=\"elementor-post__card\">\n\t\t\t\t<a class=\"elementor-post__thumbnail__link\" href=\"http:\/\/www.musees-mediterranee.org\/index.php\/2024\/06\/26\/musee-du-vieil-aix-hotel-destienne-de-saint-jean\/\" tabindex=\"-1\" ><div class=\"elementor-post__thumbnail\"><img loading=\"lazy\" decoding=\"async\" width=\"300\" height=\"202\" src=\"http:\/\/www.musees-mediterranee.org\/wp-content\/uploads\/2024\/06\/muse-29-photo_1-300x202.jpg\" class=\"attachment-medium size-medium wp-image-11904\" alt=\"\" srcset=\"http:\/\/www.musees-mediterranee.org\/wp-content\/uploads\/2024\/06\/muse-29-photo_1-300x202.jpg 300w, http:\/\/www.musees-mediterranee.org\/wp-content\/uploads\/2024\/06\/muse-29-photo_1.jpg 700w\" sizes=\"(max-width: 300px) 100vw, 300px\" \/><\/div><\/a>\n\t\t\t\t<div class=\"elementor-post__text\">\n\t\t\t\t<h3 class=\"elementor-post__title\">\n\t\t\t<a href=\"http:\/\/www.musees-mediterranee.org\/index.php\/2024\/06\/26\/musee-du-vieil-aix-hotel-destienne-de-saint-jean\/\" >\n\t\t\t\tMus\u00e9e du Vieil Aix (Hotel d&#8217;Estienne de Saint Jean )\t\t\t<\/a>\n\t\t<\/h3>\n\t\t\t\t<div class=\"elementor-post__excerpt\">\n\t\t\t<p>Aix-en-Provence<\/p>\t\t<\/div>\n\t\t\t\t<\/div>\n\t\t\t\t\t<\/div>\n\t\t<\/article>\n\t\t\t\t<article class=\"elementor-post elementor-grid-item post-12011 post type-post status-publish format-standard has-post-thumbnail hentry category-page-musee category-route-archeo tag-131 tag-aix-en-provence\" role=\"listitem\">\n\t\t\t<div class=\"elementor-post__card\">\n\t\t\t\t<a class=\"elementor-post__thumbnail__link\" href=\"http:\/\/www.musees-mediterranee.org\/index.php\/2024\/07\/03\/musee-granet\/\" tabindex=\"-1\" ><div class=\"elementor-post__thumbnail\"><img loading=\"lazy\" decoding=\"async\" width=\"300\" height=\"190\" src=\"http:\/\/www.musees-mediterranee.org\/wp-content\/uploads\/2024\/07\/musPhoto_100_U0V8-300x190.jpg\" class=\"attachment-medium size-medium wp-image-12012\" alt=\"\" srcset=\"http:\/\/www.musees-mediterranee.org\/wp-content\/uploads\/2024\/07\/musPhoto_100_U0V8-300x190.jpg 300w, http:\/\/www.musees-mediterranee.org\/wp-content\/uploads\/2024\/07\/musPhoto_100_U0V8.jpg 600w\" sizes=\"(max-width: 300px) 100vw, 300px\" \/><\/div><\/a>\n\t\t\t\t<div class=\"elementor-post__text\">\n\t\t\t\t<h3 class=\"elementor-post__title\">\n\t\t\t<a href=\"http:\/\/www.musees-mediterranee.org\/index.php\/2024\/07\/03\/musee-granet\/\" >\n\t\t\t\tMus\u00e9e Granet\t\t\t<\/a>\n\t\t<\/h3>\n\t\t\t\t<div class=\"elementor-post__excerpt\">\n\t\t\t<p>Aix-en-Provence<\/p>\t\t<\/div>\n\t\t\t\t<\/div>\n\t\t\t\t\t<\/div>\n\t\t<\/article>\n\t\t\t\t<article class=\"elementor-post elementor-grid-item post-11986 post type-post status-publish format-standard has-post-thumbnail hentry category-page-musee tag-131 tag-aix-en-provence\" role=\"listitem\">\n\t\t\t<div class=\"elementor-post__card\">\n\t\t\t\t<a class=\"elementor-post__thumbnail__link\" href=\"http:\/\/www.musees-mediterranee.org\/index.php\/2024\/07\/02\/musee-paul-arbaud\/\" tabindex=\"-1\" ><div class=\"elementor-post__thumbnail\"><img loading=\"lazy\" decoding=\"async\" width=\"300\" height=\"196\" src=\"http:\/\/www.musees-mediterranee.org\/wp-content\/uploads\/2024\/07\/muse-57-photo_1-300x196.jpg\" class=\"attachment-medium size-medium wp-image-11988\" alt=\"\" srcset=\"http:\/\/www.musees-mediterranee.org\/wp-content\/uploads\/2024\/07\/muse-57-photo_1-300x196.jpg 300w, http:\/\/www.musees-mediterranee.org\/wp-content\/uploads\/2024\/07\/muse-57-photo_1.jpg 700w\" sizes=\"(max-width: 300px) 100vw, 300px\" \/><\/div><\/a>\n\t\t\t\t<div class=\"elementor-post__text\">\n\t\t\t\t<h3 class=\"elementor-post__title\">\n\t\t\t<a href=\"http:\/\/www.musees-mediterranee.org\/index.php\/2024\/07\/02\/musee-paul-arbaud\/\" >\n\t\t\t\tMus\u00e9e Paul-Arbaud\t\t\t<\/a>\n\t\t<\/h3>\n\t\t\t\t<div class=\"elementor-post__excerpt\">\n\t\t\t<p>Aix-en-Provence<\/p>\t\t<\/div>\n\t\t\t\t<\/div>\n\t\t\t\t\t<\/div>\n\t\t<\/article>\n\t\t\t\t<article class=\"elementor-post elementor-grid-item post-14593 post type-post status-publish format-standard has-post-thumbnail hentry category-page-musee tag-131 tag-aix-en-provence\" role=\"listitem\">\n\t\t\t<div class=\"elementor-post__card\">\n\t\t\t\t<a class=\"elementor-post__thumbnail__link\" href=\"http:\/\/www.musees-mediterranee.org\/index.php\/2024\/07\/02\/museum-dhistoire-naturelle-4\/\" tabindex=\"-1\" ><div class=\"elementor-post__thumbnail\"><img loading=\"lazy\" decoding=\"async\" width=\"300\" height=\"198\" src=\"http:\/\/www.musees-mediterranee.org\/wp-content\/uploads\/2024\/11\/muse-130-photo_1-300x198.jpg\" class=\"attachment-medium size-medium wp-image-14532\" alt=\"\" srcset=\"http:\/\/www.musees-mediterranee.org\/wp-content\/uploads\/2024\/11\/muse-130-photo_1-300x198.jpg 300w, http:\/\/www.musees-mediterranee.org\/wp-content\/uploads\/2024\/11\/muse-130-photo_1.jpg 460w\" sizes=\"(max-width: 300px) 100vw, 300px\" \/><\/div><\/a>\n\t\t\t\t<div class=\"elementor-post__text\">\n\t\t\t\t<h3 class=\"elementor-post__title\">\n\t\t\t<a href=\"http:\/\/www.musees-mediterranee.org\/index.php\/2024\/07\/02\/museum-dhistoire-naturelle-4\/\" >\n\t\t\t\tMus\u00e9um d&#8217;Histoire Naturelle\t\t\t<\/a>\n\t\t<\/h3>\n\t\t\t\t<div class=\"elementor-post__excerpt\">\n\t\t\t<p>Aix-en-Provence<\/p>\t\t<\/div>\n\t\t\t\t<\/div>\n\t\t\t\t\t<\/div>\n\t\t<\/article>\n\t\t\t\t<\/div>\n\t\t\n\t\t\t\t\t\t<\/div>\n\t\t\t\t<\/div>\n\t\t\t\t<div class=\"elementor-element elementor-element-176a6aa elementor-widget-divider--view-line exad-sticky-section-no exad-glass-effect-no elementor-widget elementor-widget-divider\" data-id=\"176a6aa\" data-element_type=\"widget\" data-e-type=\"widget\" data-widget_type=\"divider.default\">\n\t\t\t\t<div class=\"elementor-widget-container\">\n\t\t\t\t\t\t\t<div class=\"elementor-divider\">\n\t\t\t<span class=\"elementor-divider-separator\">\n\t\t\t\t\t\t<\/span>\n\t\t<\/div>\n\t\t\t\t\t\t<\/div>\n\t\t\t\t<\/div>\n\t\t\t\t\t<\/div>\n\t\t<\/div>\n\t\t\t\t\t<\/div>\n\t\t<\/section>\n\t\t\t\t<section class=\"elementor-section elementor-top-section elementor-element elementor-element-006a644 elementor-section-boxed elementor-section-height-default elementor-section-height-default exad-glass-effect-no exad-sticky-section-no\" data-id=\"006a644\" data-element_type=\"section\" data-e-type=\"section\">\n\t\t\t\t\t\t<div class=\"elementor-container elementor-column-gap-default\">\n\t\t\t\t\t<div class=\"elementor-column elementor-col-100 elementor-top-column elementor-element elementor-element-3846c89 exad-glass-effect-no exad-sticky-section-no\" data-id=\"3846c89\" data-element_type=\"column\" data-e-type=\"column\">\n\t\t\t<div class=\"elementor-widget-wrap elementor-element-populated\">\n\t\t\t\t\t\t<div class=\"elementor-element elementor-element-9997c6c exad-sticky-section-no exad-glass-effect-no elementor-widget elementor-widget-heading\" data-id=\"9997c6c\" data-element_type=\"widget\" data-e-type=\"widget\" data-widget_type=\"heading.default\">\n\t\t\t\t<div class=\"elementor-widget-container\">\n\t\t\t\t\t<h5 class=\"elementor-heading-title elementor-size-default\">Al\u00e8s - Antibes - Apt  - Aubagne<\/h5>\t\t\t\t<\/div>\n\t\t\t\t<\/div>\n\t\t\t\t<div class=\"elementor-element elementor-element-4a6a655 elementor-grid-4 elementor-posts--align-center elementor-grid-tablet-2 elementor-grid-mobile-1 elementor-posts--thumbnail-top elementor-card-shadow-yes elementor-posts__hover-gradient exad-sticky-section-no exad-glass-effect-no elementor-widget elementor-widget-posts\" data-id=\"4a6a655\" data-element_type=\"widget\" data-e-type=\"widget\" data-settings=\"{&quot;cards_columns&quot;:&quot;4&quot;,&quot;cards_row_gap&quot;:{&quot;unit&quot;:&quot;px&quot;,&quot;size&quot;:10,&quot;sizes&quot;:[]},&quot;cards_columns_tablet&quot;:&quot;2&quot;,&quot;cards_columns_mobile&quot;:&quot;1&quot;,&quot;cards_row_gap_tablet&quot;:{&quot;unit&quot;:&quot;px&quot;,&quot;size&quot;:&quot;&quot;,&quot;sizes&quot;:[]},&quot;cards_row_gap_mobile&quot;:{&quot;unit&quot;:&quot;px&quot;,&quot;size&quot;:&quot;&quot;,&quot;sizes&quot;:[]}}\" data-widget_type=\"posts.cards\">\n\t\t\t\t<div class=\"elementor-widget-container\">\n\t\t\t\t\t\t\t<div class=\"elementor-posts-container elementor-posts elementor-posts--skin-cards elementor-grid\" role=\"list\">\n\t\t\t\t<article class=\"elementor-post elementor-grid-item post-12123 post type-post status-publish format-standard has-post-thumbnail hentry category-page-musee tag-128 tag-ales\" role=\"listitem\">\n\t\t\t<div class=\"elementor-post__card\">\n\t\t\t\t<a class=\"elementor-post__thumbnail__link\" href=\"http:\/\/www.musees-mediterranee.org\/index.php\/2024\/07\/09\/musee-bibliotheque-pierre-andre-benoit\/\" tabindex=\"-1\" ><div class=\"elementor-post__thumbnail\"><img loading=\"lazy\" decoding=\"async\" width=\"197\" height=\"300\" src=\"http:\/\/www.musees-mediterranee.org\/wp-content\/uploads\/2024\/07\/muse-164-photo_1-197x300.jpg\" class=\"attachment-medium size-medium wp-image-12124\" alt=\"\" srcset=\"http:\/\/www.musees-mediterranee.org\/wp-content\/uploads\/2024\/07\/muse-164-photo_1-197x300.jpg 197w, http:\/\/www.musees-mediterranee.org\/wp-content\/uploads\/2024\/07\/muse-164-photo_1.jpg 459w\" sizes=\"(max-width: 197px) 100vw, 197px\" \/><\/div><\/a>\n\t\t\t\t<div class=\"elementor-post__text\">\n\t\t\t\t<h3 class=\"elementor-post__title\">\n\t\t\t<a href=\"http:\/\/www.musees-mediterranee.org\/index.php\/2024\/07\/09\/musee-bibliotheque-pierre-andre-benoit\/\" >\n\t\t\t\tMus\u00e9e Biblioth\u00e8que Pierre Andr\u00e9 Benoit\t\t\t<\/a>\n\t\t<\/h3>\n\t\t\t\t<div class=\"elementor-post__excerpt\">\n\t\t\t<p>Al\u00e8s<\/p>\t\t<\/div>\n\t\t\t\t<\/div>\n\t\t\t\t\t<\/div>\n\t\t<\/article>\n\t\t\t\t<article class=\"elementor-post elementor-grid-item post-12131 post type-post status-publish format-standard has-post-thumbnail hentry category-page-musee category-route-archeo tag-128 tag-ales\" role=\"listitem\">\n\t\t\t<div class=\"elementor-post__card\">\n\t\t\t\t<a class=\"elementor-post__thumbnail__link\" href=\"http:\/\/www.musees-mediterranee.org\/index.php\/2024\/07\/09\/musee-du-colombier\/\" tabindex=\"-1\" ><div class=\"elementor-post__thumbnail\"><img loading=\"lazy\" decoding=\"async\" width=\"300\" height=\"225\" src=\"http:\/\/www.musees-mediterranee.org\/wp-content\/uploads\/2024\/07\/muse-166-photo_1-300x225.jpg\" class=\"attachment-medium size-medium wp-image-12132\" alt=\"\" srcset=\"http:\/\/www.musees-mediterranee.org\/wp-content\/uploads\/2024\/07\/muse-166-photo_1-300x225.jpg 300w, http:\/\/www.musees-mediterranee.org\/wp-content\/uploads\/2024\/07\/muse-166-photo_1.jpg 700w\" sizes=\"(max-width: 300px) 100vw, 300px\" \/><\/div><\/a>\n\t\t\t\t<div class=\"elementor-post__text\">\n\t\t\t\t<h3 class=\"elementor-post__title\">\n\t\t\t<a href=\"http:\/\/www.musees-mediterranee.org\/index.php\/2024\/07\/09\/musee-du-colombier\/\" >\n\t\t\t\tMus\u00e9e du Colombier\t\t\t<\/a>\n\t\t<\/h3>\n\t\t\t\t<div class=\"elementor-post__excerpt\">\n\t\t\t<p>Al\u00e8s<\/p>\t\t<\/div>\n\t\t\t\t<\/div>\n\t\t\t\t\t<\/div>\n\t\t<\/article>\n\t\t\t\t<article class=\"elementor-post elementor-grid-item post-12137 post type-post status-publish format-standard has-post-thumbnail hentry category-page-musee category-route-archeo tag-132 tag-antibes\" role=\"listitem\">\n\t\t\t<div class=\"elementor-post__card\">\n\t\t\t\t<a class=\"elementor-post__thumbnail__link\" href=\"http:\/\/www.musees-mediterranee.org\/index.php\/2024\/07\/10\/musee-darcheologie\/\" tabindex=\"-1\" ><div class=\"elementor-post__thumbnail\"><img loading=\"lazy\" decoding=\"async\" width=\"300\" height=\"225\" src=\"http:\/\/www.musees-mediterranee.org\/wp-content\/uploads\/2024\/07\/muse-62-photo_1-300x225.jpg\" class=\"attachment-medium size-medium wp-image-12138\" alt=\"\" srcset=\"http:\/\/www.musees-mediterranee.org\/wp-content\/uploads\/2024\/07\/muse-62-photo_1-300x225.jpg 300w, http:\/\/www.musees-mediterranee.org\/wp-content\/uploads\/2024\/07\/muse-62-photo_1.jpg 700w\" sizes=\"(max-width: 300px) 100vw, 300px\" \/><\/div><\/a>\n\t\t\t\t<div class=\"elementor-post__text\">\n\t\t\t\t<h3 class=\"elementor-post__title\">\n\t\t\t<a href=\"http:\/\/www.musees-mediterranee.org\/index.php\/2024\/07\/10\/musee-darcheologie\/\" >\n\t\t\t\tMus\u00e9e d&#8217;Arch\u00e9ologie\t\t\t<\/a>\n\t\t<\/h3>\n\t\t\t\t<div class=\"elementor-post__excerpt\">\n\t\t\t<p>Antibes<\/p>\t\t<\/div>\n\t\t\t\t<\/div>\n\t\t\t\t\t<\/div>\n\t\t<\/article>\n\t\t\t\t<article class=\"elementor-post elementor-grid-item post-12149 post type-post status-publish format-standard has-post-thumbnail hentry category-page-musee tag-132 tag-antibes\" role=\"listitem\">\n\t\t\t<div class=\"elementor-post__card\">\n\t\t\t\t<a class=\"elementor-post__thumbnail__link\" href=\"http:\/\/www.musees-mediterranee.org\/index.php\/2024\/07\/10\/musee-picasso\/\" tabindex=\"-1\" ><div class=\"elementor-post__thumbnail\"><img loading=\"lazy\" decoding=\"async\" width=\"300\" height=\"169\" src=\"http:\/\/www.musees-mediterranee.org\/wp-content\/uploads\/2024\/07\/musPhoto_241_GFVE-300x169.jpg\" class=\"attachment-medium size-medium wp-image-12150\" alt=\"\" srcset=\"http:\/\/www.musees-mediterranee.org\/wp-content\/uploads\/2024\/07\/musPhoto_241_GFVE-300x169.jpg 300w, http:\/\/www.musees-mediterranee.org\/wp-content\/uploads\/2024\/07\/musPhoto_241_GFVE-768x432.jpg 768w, http:\/\/www.musees-mediterranee.org\/wp-content\/uploads\/2024\/07\/musPhoto_241_GFVE-128x72.jpg 128w, http:\/\/www.musees-mediterranee.org\/wp-content\/uploads\/2024\/07\/musPhoto_241_GFVE.jpg 960w\" sizes=\"(max-width: 300px) 100vw, 300px\" \/><\/div><\/a>\n\t\t\t\t<div class=\"elementor-post__text\">\n\t\t\t\t<h3 class=\"elementor-post__title\">\n\t\t\t<a href=\"http:\/\/www.musees-mediterranee.org\/index.php\/2024\/07\/10\/musee-picasso\/\" >\n\t\t\t\tMus\u00e9e Picasso\t\t\t<\/a>\n\t\t<\/h3>\n\t\t\t\t<div class=\"elementor-post__excerpt\">\n\t\t\t<p>Antibes<\/p>\t\t<\/div>\n\t\t\t\t<\/div>\n\t\t\t\t\t<\/div>\n\t\t<\/article>\n\t\t\t\t<article class=\"elementor-post elementor-grid-item post-12155 post type-post status-publish format-standard has-post-thumbnail hentry category-page-musee category-route-archeo tag-130 tag-apt\" role=\"listitem\">\n\t\t\t<div class=\"elementor-post__card\">\n\t\t\t\t<a class=\"elementor-post__thumbnail__link\" href=\"http:\/\/www.musees-mediterranee.org\/index.php\/2024\/07\/10\/musee-dapt\/\" tabindex=\"-1\" ><div class=\"elementor-post__thumbnail\"><img loading=\"lazy\" decoding=\"async\" width=\"201\" height=\"300\" src=\"http:\/\/www.musees-mediterranee.org\/wp-content\/uploads\/2024\/07\/muse-120-photo_1-201x300.jpg\" class=\"attachment-medium size-medium wp-image-12156\" alt=\"\" srcset=\"http:\/\/www.musees-mediterranee.org\/wp-content\/uploads\/2024\/07\/muse-120-photo_1-201x300.jpg 201w, http:\/\/www.musees-mediterranee.org\/wp-content\/uploads\/2024\/07\/muse-120-photo_1.jpg 469w\" sizes=\"(max-width: 201px) 100vw, 201px\" \/><\/div><\/a>\n\t\t\t\t<div class=\"elementor-post__text\">\n\t\t\t\t<h3 class=\"elementor-post__title\">\n\t\t\t<a href=\"http:\/\/www.musees-mediterranee.org\/index.php\/2024\/07\/10\/musee-dapt\/\" >\n\t\t\t\tMus\u00e9e d&#8217;Apt\t\t\t<\/a>\n\t\t<\/h3>\n\t\t\t\t<div class=\"elementor-post__excerpt\">\n\t\t\t<p>Apt<\/p>\t\t<\/div>\n\t\t\t\t<\/div>\n\t\t\t\t\t<\/div>\n\t\t<\/article>\n\t\t\t\t<article class=\"elementor-post elementor-grid-item post-12162 post type-post status-publish format-standard has-post-thumbnail hentry category-page-musee tag-131 tag-aubagne\" role=\"listitem\">\n\t\t\t<div class=\"elementor-post__card\">\n\t\t\t\t<a class=\"elementor-post__thumbnail__link\" href=\"http:\/\/www.musees-mediterranee.org\/index.php\/2024\/07\/10\/musee-de-la-legion-etrangere\/\" tabindex=\"-1\" ><div class=\"elementor-post__thumbnail\"><img loading=\"lazy\" decoding=\"async\" width=\"300\" height=\"80\" src=\"http:\/\/www.musees-mediterranee.org\/wp-content\/uploads\/2024\/07\/musPhoto_240_M7HT-300x80.jpg\" class=\"attachment-medium size-medium wp-image-12163\" alt=\"\" srcset=\"http:\/\/www.musees-mediterranee.org\/wp-content\/uploads\/2024\/07\/musPhoto_240_M7HT-300x80.jpg 300w, http:\/\/www.musees-mediterranee.org\/wp-content\/uploads\/2024\/07\/musPhoto_240_M7HT.jpg 447w\" sizes=\"(max-width: 300px) 100vw, 300px\" \/><\/div><\/a>\n\t\t\t\t<div class=\"elementor-post__text\">\n\t\t\t\t<h3 class=\"elementor-post__title\">\n\t\t\t<a href=\"http:\/\/www.musees-mediterranee.org\/index.php\/2024\/07\/10\/musee-de-la-legion-etrangere\/\" >\n\t\t\t\tMus\u00e9e de la L\u00e9gion Etrang\u00e8re\t\t\t<\/a>\n\t\t<\/h3>\n\t\t\t\t<div class=\"elementor-post__excerpt\">\n\t\t\t<p>Aubagne<\/p>\t\t<\/div>\n\t\t\t\t<\/div>\n\t\t\t\t\t<\/div>\n\t\t<\/article>\n\t\t\t\t<\/div>\n\t\t\n\t\t\t\t\t\t<\/div>\n\t\t\t\t<\/div>\n\t\t\t\t<div class=\"elementor-element elementor-element-4127c68 elementor-widget-divider--view-line exad-sticky-section-no exad-glass-effect-no elementor-widget elementor-widget-divider\" data-id=\"4127c68\" data-element_type=\"widget\" data-e-type=\"widget\" data-widget_type=\"divider.default\">\n\t\t\t\t<div class=\"elementor-widget-container\">\n\t\t\t\t\t\t\t<div class=\"elementor-divider\">\n\t\t\t<span class=\"elementor-divider-separator\">\n\t\t\t\t\t\t<\/span>\n\t\t<\/div>\n\t\t\t\t\t\t<\/div>\n\t\t\t\t<\/div>\n\t\t\t\t\t<\/div>\n\t\t<\/div>\n\t\t\t\t\t<\/div>\n\t\t<\/section>\n\t\t\t\t<section class=\"elementor-section elementor-top-section elementor-element elementor-element-9d00cd9 elementor-section-boxed elementor-section-height-default elementor-section-height-default exad-glass-effect-no exad-sticky-section-no\" data-id=\"9d00cd9\" data-element_type=\"section\" data-e-type=\"section\">\n\t\t\t\t\t\t<div class=\"elementor-container elementor-column-gap-default\">\n\t\t\t\t\t<div class=\"elementor-column elementor-col-100 elementor-top-column elementor-element elementor-element-0df8ffd exad-glass-effect-no exad-sticky-section-no\" data-id=\"0df8ffd\" data-element_type=\"column\" data-e-type=\"column\">\n\t\t\t<div class=\"elementor-widget-wrap elementor-element-populated\">\n\t\t\t\t\t\t<div class=\"elementor-element elementor-element-dc75d57 exad-sticky-section-no exad-glass-effect-no elementor-widget elementor-widget-heading\" data-id=\"dc75d57\" data-element_type=\"widget\" data-e-type=\"widget\" data-widget_type=\"heading.default\">\n\t\t\t\t<div class=\"elementor-widget-container\">\n\t\t\t\t\t<h5 class=\"elementor-heading-title elementor-size-default\">Arles - Avignon<\/h5>\t\t\t\t<\/div>\n\t\t\t\t<\/div>\n\t\t\t\t<div class=\"elementor-element elementor-element-6d43fc5 elementor-grid-4 elementor-posts--align-center elementor-grid-tablet-2 elementor-grid-mobile-1 elementor-posts--thumbnail-top elementor-card-shadow-yes elementor-posts__hover-gradient exad-sticky-section-no exad-glass-effect-no elementor-widget elementor-widget-posts\" data-id=\"6d43fc5\" data-element_type=\"widget\" data-e-type=\"widget\" data-settings=\"{&quot;cards_columns&quot;:&quot;4&quot;,&quot;cards_row_gap&quot;:{&quot;unit&quot;:&quot;px&quot;,&quot;size&quot;:10,&quot;sizes&quot;:[]},&quot;cards_columns_tablet&quot;:&quot;2&quot;,&quot;cards_columns_mobile&quot;:&quot;1&quot;,&quot;cards_row_gap_tablet&quot;:{&quot;unit&quot;:&quot;px&quot;,&quot;size&quot;:&quot;&quot;,&quot;sizes&quot;:[]},&quot;cards_row_gap_mobile&quot;:{&quot;unit&quot;:&quot;px&quot;,&quot;size&quot;:&quot;&quot;,&quot;sizes&quot;:[]}}\" data-widget_type=\"posts.cards\">\n\t\t\t\t<div class=\"elementor-widget-container\">\n\t\t\t\t\t\t\t<div class=\"elementor-posts-container elementor-posts elementor-posts--skin-cards elementor-grid\" role=\"list\">\n\t\t\t\t<article class=\"elementor-post elementor-grid-item post-12170 post type-post status-publish format-standard has-post-thumbnail hentry category-page-musee tag-131 tag-arles\" role=\"listitem\">\n\t\t\t<div class=\"elementor-post__card\">\n\t\t\t\t<a class=\"elementor-post__thumbnail__link\" href=\"http:\/\/www.musees-mediterranee.org\/index.php\/2024\/07\/10\/musee-de-la-camargue\/\" tabindex=\"-1\" ><div class=\"elementor-post__thumbnail\"><img loading=\"lazy\" decoding=\"async\" width=\"300\" height=\"225\" src=\"http:\/\/www.musees-mediterranee.org\/wp-content\/uploads\/2024\/07\/musPhoto_12_I3OO-300x225.jpg\" class=\"attachment-medium size-medium wp-image-12171\" alt=\"\" srcset=\"http:\/\/www.musees-mediterranee.org\/wp-content\/uploads\/2024\/07\/musPhoto_12_I3OO-300x225.jpg 300w, http:\/\/www.musees-mediterranee.org\/wp-content\/uploads\/2024\/07\/musPhoto_12_I3OO.jpg 600w\" sizes=\"(max-width: 300px) 100vw, 300px\" \/><\/div><\/a>\n\t\t\t\t<div class=\"elementor-post__text\">\n\t\t\t\t<h3 class=\"elementor-post__title\">\n\t\t\t<a href=\"http:\/\/www.musees-mediterranee.org\/index.php\/2024\/07\/10\/musee-de-la-camargue\/\" >\n\t\t\t\tMus\u00e9e de la Camargue\t\t\t<\/a>\n\t\t<\/h3>\n\t\t\t\t<div class=\"elementor-post__excerpt\">\n\t\t\t<p>Arles<\/p>\t\t<\/div>\n\t\t\t\t<\/div>\n\t\t\t\t\t<\/div>\n\t\t<\/article>\n\t\t\t\t<article class=\"elementor-post elementor-grid-item post-12177 post type-post status-publish format-standard has-post-thumbnail hentry category-page-musee tag-131 tag-arles\" role=\"listitem\">\n\t\t\t<div class=\"elementor-post__card\">\n\t\t\t\t<a class=\"elementor-post__thumbnail__link\" href=\"http:\/\/www.musees-mediterranee.org\/index.php\/2024\/07\/10\/museon-arlaten-musee-de-provence\/\" tabindex=\"-1\" ><div class=\"elementor-post__thumbnail\"><img loading=\"lazy\" decoding=\"async\" width=\"207\" height=\"300\" src=\"http:\/\/www.musees-mediterranee.org\/wp-content\/uploads\/2024\/07\/muse-20-photo_1-207x300.jpg\" class=\"attachment-medium size-medium wp-image-12178\" alt=\"\" srcset=\"http:\/\/www.musees-mediterranee.org\/wp-content\/uploads\/2024\/07\/muse-20-photo_1-207x300.jpg 207w, http:\/\/www.musees-mediterranee.org\/wp-content\/uploads\/2024\/07\/muse-20-photo_1.jpg 482w\" sizes=\"(max-width: 207px) 100vw, 207px\" \/><\/div><\/a>\n\t\t\t\t<div class=\"elementor-post__text\">\n\t\t\t\t<h3 class=\"elementor-post__title\">\n\t\t\t<a href=\"http:\/\/www.musees-mediterranee.org\/index.php\/2024\/07\/10\/museon-arlaten-musee-de-provence\/\" >\n\t\t\t\tMuseon Arlaten &#8211; mus\u00e9e de Provence\t\t\t<\/a>\n\t\t<\/h3>\n\t\t\t\t<div class=\"elementor-post__excerpt\">\n\t\t\t<p>Arles<\/p>\t\t<\/div>\n\t\t\t\t<\/div>\n\t\t\t\t\t<\/div>\n\t\t<\/article>\n\t\t\t\t<article class=\"elementor-post elementor-grid-item post-12184 post type-post status-publish format-standard has-post-thumbnail hentry category-page-musee category-route-archeo tag-131 tag-arles\" role=\"listitem\">\n\t\t\t<div class=\"elementor-post__card\">\n\t\t\t\t<a class=\"elementor-post__thumbnail__link\" href=\"http:\/\/www.musees-mediterranee.org\/index.php\/2024\/07\/10\/musee-departemental-arles-antique\/\" tabindex=\"-1\" ><div class=\"elementor-post__thumbnail\"><img loading=\"lazy\" decoding=\"async\" width=\"300\" height=\"199\" src=\"http:\/\/www.musees-mediterranee.org\/wp-content\/uploads\/2024\/07\/muse-41-photo_2-300x199.jpg\" class=\"attachment-medium size-medium wp-image-12185\" alt=\"\" srcset=\"http:\/\/www.musees-mediterranee.org\/wp-content\/uploads\/2024\/07\/muse-41-photo_2-300x199.jpg 300w, http:\/\/www.musees-mediterranee.org\/wp-content\/uploads\/2024\/07\/muse-41-photo_2.jpg 700w\" sizes=\"(max-width: 300px) 100vw, 300px\" \/><\/div><\/a>\n\t\t\t\t<div class=\"elementor-post__text\">\n\t\t\t\t<h3 class=\"elementor-post__title\">\n\t\t\t<a href=\"http:\/\/www.musees-mediterranee.org\/index.php\/2024\/07\/10\/musee-departemental-arles-antique\/\" >\n\t\t\t\tMus\u00e9e d\u00e9partemental Arles antique\t\t\t<\/a>\n\t\t<\/h3>\n\t\t\t\t<div class=\"elementor-post__excerpt\">\n\t\t\t<p>Arles<\/p>\t\t<\/div>\n\t\t\t\t<\/div>\n\t\t\t\t\t<\/div>\n\t\t<\/article>\n\t\t\t\t<article class=\"elementor-post elementor-grid-item post-12189 post type-post status-publish format-standard has-post-thumbnail hentry category-page-musee tag-131 tag-arles\" role=\"listitem\">\n\t\t\t<div class=\"elementor-post__card\">\n\t\t\t\t<a class=\"elementor-post__thumbnail__link\" href=\"http:\/\/www.musees-mediterranee.org\/index.php\/2024\/07\/10\/musee-reattu\/\" tabindex=\"-1\" ><div class=\"elementor-post__thumbnail\"><img loading=\"lazy\" decoding=\"async\" width=\"300\" height=\"189\" src=\"http:\/\/www.musees-mediterranee.org\/wp-content\/uploads\/2024\/07\/muse-127-photo_1-300x189.jpg\" class=\"attachment-medium size-medium wp-image-12190\" alt=\"\" srcset=\"http:\/\/www.musees-mediterranee.org\/wp-content\/uploads\/2024\/07\/muse-127-photo_1-300x189.jpg 300w, http:\/\/www.musees-mediterranee.org\/wp-content\/uploads\/2024\/07\/muse-127-photo_1.jpg 700w\" sizes=\"(max-width: 300px) 100vw, 300px\" \/><\/div><\/a>\n\t\t\t\t<div class=\"elementor-post__text\">\n\t\t\t\t<h3 class=\"elementor-post__title\">\n\t\t\t<a href=\"http:\/\/www.musees-mediterranee.org\/index.php\/2024\/07\/10\/musee-reattu\/\" >\n\t\t\t\tMus\u00e9e R\u00e9attu\t\t\t<\/a>\n\t\t<\/h3>\n\t\t\t\t<div class=\"elementor-post__excerpt\">\n\t\t\t<p>Arles<\/p>\t\t<\/div>\n\t\t\t\t<\/div>\n\t\t\t\t\t<\/div>\n\t\t<\/article>\n\t\t\t\t<article class=\"elementor-post elementor-grid-item post-12202 post type-post status-publish format-standard has-post-thumbnail hentry category-page-musee tag-130 tag-avignon\" role=\"listitem\">\n\t\t\t<div class=\"elementor-post__card\">\n\t\t\t\t<a class=\"elementor-post__thumbnail__link\" href=\"http:\/\/www.musees-mediterranee.org\/index.php\/2024\/07\/17\/musee-du-petit-palais\/\" tabindex=\"-1\" ><div class=\"elementor-post__thumbnail\"><img loading=\"lazy\" decoding=\"async\" width=\"200\" height=\"300\" src=\"http:\/\/www.musees-mediterranee.org\/wp-content\/uploads\/2024\/07\/musPhoto_38_46LF-200x300.jpg\" class=\"attachment-medium size-medium wp-image-12203\" alt=\"\" srcset=\"http:\/\/www.musees-mediterranee.org\/wp-content\/uploads\/2024\/07\/musPhoto_38_46LF-200x300.jpg 200w, http:\/\/www.musees-mediterranee.org\/wp-content\/uploads\/2024\/07\/musPhoto_38_46LF.jpg 333w\" sizes=\"(max-width: 200px) 100vw, 200px\" \/><\/div><\/a>\n\t\t\t\t<div class=\"elementor-post__text\">\n\t\t\t\t<h3 class=\"elementor-post__title\">\n\t\t\t<a href=\"http:\/\/www.musees-mediterranee.org\/index.php\/2024\/07\/17\/musee-du-petit-palais\/\" >\n\t\t\t\tMus\u00e9e du Petit Palais\t\t\t<\/a>\n\t\t<\/h3>\n\t\t\t\t<div class=\"elementor-post__excerpt\">\n\t\t\t<p>Avignon<\/p>\t\t<\/div>\n\t\t\t\t<\/div>\n\t\t\t\t\t<\/div>\n\t\t<\/article>\n\t\t\t\t<article class=\"elementor-post elementor-grid-item post-12210 post type-post status-publish format-standard has-post-thumbnail hentry category-page-musee category-route-archeo tag-130 tag-avignon\" role=\"listitem\">\n\t\t\t<div class=\"elementor-post__card\">\n\t\t\t\t<a class=\"elementor-post__thumbnail__link\" href=\"http:\/\/www.musees-mediterranee.org\/index.php\/2024\/07\/17\/musee-calvet\/\" tabindex=\"-1\" ><div class=\"elementor-post__thumbnail\"><img loading=\"lazy\" decoding=\"async\" width=\"300\" height=\"195\" src=\"http:\/\/www.musees-mediterranee.org\/wp-content\/uploads\/2024\/07\/muse-58-photo_1-300x195.jpg\" class=\"attachment-medium size-medium wp-image-12211\" alt=\"\" srcset=\"http:\/\/www.musees-mediterranee.org\/wp-content\/uploads\/2024\/07\/muse-58-photo_1-300x195.jpg 300w, http:\/\/www.musees-mediterranee.org\/wp-content\/uploads\/2024\/07\/muse-58-photo_1.jpg 320w\" sizes=\"(max-width: 300px) 100vw, 300px\" \/><\/div><\/a>\n\t\t\t\t<div class=\"elementor-post__text\">\n\t\t\t\t<h3 class=\"elementor-post__title\">\n\t\t\t<a href=\"http:\/\/www.musees-mediterranee.org\/index.php\/2024\/07\/17\/musee-calvet\/\" >\n\t\t\t\tMus\u00e9e Calvet\t\t\t<\/a>\n\t\t<\/h3>\n\t\t\t\t<div class=\"elementor-post__excerpt\">\n\t\t\t<p>Avignon<\/p>\t\t<\/div>\n\t\t\t\t<\/div>\n\t\t\t\t\t<\/div>\n\t\t<\/article>\n\t\t\t\t<article class=\"elementor-post elementor-grid-item post-12215 post type-post status-publish format-standard has-post-thumbnail hentry category-page-musee category-route-archeo tag-130 tag-avignon\" role=\"listitem\">\n\t\t\t<div class=\"elementor-post__card\">\n\t\t\t\t<a class=\"elementor-post__thumbnail__link\" href=\"http:\/\/www.musees-mediterranee.org\/index.php\/2024\/07\/17\/musee-lapidaire\/\" tabindex=\"-1\" ><div class=\"elementor-post__thumbnail\"><img loading=\"lazy\" decoding=\"async\" width=\"300\" height=\"236\" src=\"http:\/\/www.musees-mediterranee.org\/wp-content\/uploads\/2024\/07\/muse-107-photo_1-300x236.jpg\" class=\"attachment-medium size-medium wp-image-12216\" alt=\"\" srcset=\"http:\/\/www.musees-mediterranee.org\/wp-content\/uploads\/2024\/07\/muse-107-photo_1-300x236.jpg 300w, http:\/\/www.musees-mediterranee.org\/wp-content\/uploads\/2024\/07\/muse-107-photo_1.jpg 448w\" sizes=\"(max-width: 300px) 100vw, 300px\" \/><\/div><\/a>\n\t\t\t\t<div class=\"elementor-post__text\">\n\t\t\t\t<h3 class=\"elementor-post__title\">\n\t\t\t<a href=\"http:\/\/www.musees-mediterranee.org\/index.php\/2024\/07\/17\/musee-lapidaire\/\" >\n\t\t\t\tMus\u00e9e Lapidaire\t\t\t<\/a>\n\t\t<\/h3>\n\t\t\t\t<div class=\"elementor-post__excerpt\">\n\t\t\t<p>Avignon<\/p>\t\t<\/div>\n\t\t\t\t<\/div>\n\t\t\t\t\t<\/div>\n\t\t<\/article>\n\t\t\t\t<article class=\"elementor-post elementor-grid-item post-12219 post type-post status-publish format-standard has-post-thumbnail hentry category-page-musee tag-130 tag-avignon\" role=\"listitem\">\n\t\t\t<div class=\"elementor-post__card\">\n\t\t\t\t<a class=\"elementor-post__thumbnail__link\" href=\"http:\/\/www.musees-mediterranee.org\/index.php\/2024\/07\/17\/musee-dhistoire-naturelle-esprit-requien\/\" tabindex=\"-1\" ><div class=\"elementor-post__thumbnail\"><img loading=\"lazy\" decoding=\"async\" width=\"300\" height=\"195\" src=\"http:\/\/www.musees-mediterranee.org\/wp-content\/uploads\/2024\/07\/muse-132-photo_1-300x195.jpg\" class=\"attachment-medium size-medium wp-image-12220\" alt=\"\" srcset=\"http:\/\/www.musees-mediterranee.org\/wp-content\/uploads\/2024\/07\/muse-132-photo_1-300x195.jpg 300w, http:\/\/www.musees-mediterranee.org\/wp-content\/uploads\/2024\/07\/muse-132-photo_1.jpg 700w\" sizes=\"(max-width: 300px) 100vw, 300px\" \/><\/div><\/a>\n\t\t\t\t<div class=\"elementor-post__text\">\n\t\t\t\t<h3 class=\"elementor-post__title\">\n\t\t\t<a href=\"http:\/\/www.musees-mediterranee.org\/index.php\/2024\/07\/17\/musee-dhistoire-naturelle-esprit-requien\/\" >\n\t\t\t\tMus\u00e9e d&#8217;Histoire naturelle Esprit Requien\t\t\t<\/a>\n\t\t<\/h3>\n\t\t\t\t<div class=\"elementor-post__excerpt\">\n\t\t\t<p>Avignon<\/p>\t\t<\/div>\n\t\t\t\t<\/div>\n\t\t\t\t\t<\/div>\n\t\t<\/article>\n\t\t\t\t<\/div>\n\t\t\n\t\t\t\t\t\t<\/div>\n\t\t\t\t<\/div>\n\t\t\t\t<div class=\"elementor-element elementor-element-33db63d elementor-widget-divider--view-line exad-sticky-section-no exad-glass-effect-no elementor-widget elementor-widget-divider\" data-id=\"33db63d\" data-element_type=\"widget\" data-e-type=\"widget\" data-widget_type=\"divider.default\">\n\t\t\t\t<div class=\"elementor-widget-container\">\n\t\t\t\t\t\t\t<div class=\"elementor-divider\">\n\t\t\t<span class=\"elementor-divider-separator\">\n\t\t\t\t\t\t<\/span>\n\t\t<\/div>\n\t\t\t\t\t\t<\/div>\n\t\t\t\t<\/div>\n\t\t\t\t\t<\/div>\n\t\t<\/div>\n\t\t\t\t\t<\/div>\n\t\t<\/section>\n\t\t\t\t<section class=\"elementor-section elementor-top-section elementor-element elementor-element-ce37157 elementor-section-boxed elementor-section-height-default elementor-section-height-default exad-glass-effect-no exad-sticky-section-no\" data-id=\"ce37157\" data-element_type=\"section\" data-e-type=\"section\">\n\t\t\t\t\t\t<div class=\"elementor-container elementor-column-gap-default\">\n\t\t\t\t\t<div class=\"elementor-column elementor-col-100 elementor-top-column elementor-element elementor-element-026994d exad-glass-effect-no exad-sticky-section-no\" data-id=\"026994d\" data-element_type=\"column\" data-e-type=\"column\">\n\t\t\t<div class=\"elementor-widget-wrap elementor-element-populated\">\n\t\t\t\t\t\t<div class=\"elementor-element elementor-element-7a86933 exad-sticky-section-no exad-glass-effect-no elementor-widget elementor-widget-heading\" data-id=\"7a86933\" data-element_type=\"widget\" data-e-type=\"widget\" data-widget_type=\"heading.default\">\n\t\t\t\t<div class=\"elementor-widget-container\">\n\t\t\t\t\t<h5 class=\"elementor-heading-title elementor-size-default\">Bagnols-sur-C\u00e8ze - Barcelonnette - Beaucaire - B\u00e9ziers - Biot - Bormes-les-Mimosas - Bouzigues<\/h5>\t\t\t\t<\/div>\n\t\t\t\t<\/div>\n\t\t\t\t<div class=\"elementor-element elementor-element-e1b9a91 elementor-grid-4 elementor-posts--align-center elementor-widget__width-initial elementor-grid-tablet-2 elementor-grid-mobile-1 elementor-posts--thumbnail-top elementor-card-shadow-yes elementor-posts__hover-gradient exad-sticky-section-no exad-glass-effect-no elementor-widget elementor-widget-posts\" data-id=\"e1b9a91\" data-element_type=\"widget\" data-e-type=\"widget\" data-settings=\"{&quot;cards_columns&quot;:&quot;4&quot;,&quot;cards_row_gap&quot;:{&quot;unit&quot;:&quot;px&quot;,&quot;size&quot;:10,&quot;sizes&quot;:[]},&quot;cards_columns_tablet&quot;:&quot;2&quot;,&quot;cards_columns_mobile&quot;:&quot;1&quot;,&quot;cards_row_gap_tablet&quot;:{&quot;unit&quot;:&quot;px&quot;,&quot;size&quot;:&quot;&quot;,&quot;sizes&quot;:[]},&quot;cards_row_gap_mobile&quot;:{&quot;unit&quot;:&quot;px&quot;,&quot;size&quot;:&quot;&quot;,&quot;sizes&quot;:[]}}\" data-widget_type=\"posts.cards\">\n\t\t\t\t<div class=\"elementor-widget-container\">\n\t\t\t\t\t\t\t<div class=\"elementor-posts-container elementor-posts elementor-posts--skin-cards elementor-grid\" role=\"list\">\n\t\t\t\t<article class=\"elementor-post elementor-grid-item post-12223 post type-post status-publish format-standard has-post-thumbnail hentry category-musee-adherent category-page-musee category-route-archeo tag-128 tag-bagnols-sur-ceze\" role=\"listitem\">\n\t\t\t<div class=\"elementor-post__card\">\n\t\t\t\t<a class=\"elementor-post__thumbnail__link\" href=\"http:\/\/www.musees-mediterranee.org\/index.php\/2024\/07\/17\/musee-albert-andre\/\" tabindex=\"-1\" ><div class=\"elementor-post__thumbnail\"><img loading=\"lazy\" decoding=\"async\" width=\"238\" height=\"300\" src=\"http:\/\/www.musees-mediterranee.org\/wp-content\/uploads\/2024\/07\/muse-175-photo_1-238x300.jpg\" class=\"attachment-medium size-medium wp-image-12224\" alt=\"\" srcset=\"http:\/\/www.musees-mediterranee.org\/wp-content\/uploads\/2024\/07\/muse-175-photo_1-238x300.jpg 238w, http:\/\/www.musees-mediterranee.org\/wp-content\/uploads\/2024\/07\/muse-175-photo_1.jpg 453w\" sizes=\"(max-width: 238px) 100vw, 238px\" \/><\/div><\/a>\n\t\t\t\t<div class=\"elementor-post__text\">\n\t\t\t\t<h3 class=\"elementor-post__title\">\n\t\t\t<a href=\"http:\/\/www.musees-mediterranee.org\/index.php\/2024\/07\/17\/musee-albert-andre\/\" >\n\t\t\t\tMus\u00e9e Albert-Andr\u00e9\t\t\t<\/a>\n\t\t<\/h3>\n\t\t\t\t<div class=\"elementor-post__excerpt\">\n\t\t\t<p>Bagnols-sur-C\u00e8ze<\/p>\t\t<\/div>\n\t\t\t\t<\/div>\n\t\t\t\t\t<\/div>\n\t\t<\/article>\n\t\t\t\t<article class=\"elementor-post elementor-grid-item post-12232 post type-post status-publish format-standard has-post-thumbnail hentry category-page-musee category-route-archeo tag-129 tag-barcelonnette\" role=\"listitem\">\n\t\t\t<div class=\"elementor-post__card\">\n\t\t\t\t<a class=\"elementor-post__thumbnail__link\" href=\"http:\/\/www.musees-mediterranee.org\/index.php\/2024\/07\/17\/musee-de-la-vallee-la-sapiniere\/\" tabindex=\"-1\" ><div class=\"elementor-post__thumbnail\"><img loading=\"lazy\" decoding=\"async\" width=\"300\" height=\"279\" src=\"http:\/\/www.musees-mediterranee.org\/wp-content\/uploads\/2024\/07\/musPhoto_78_CEPD-300x279.jpg\" class=\"attachment-medium size-medium wp-image-12233\" alt=\"\" srcset=\"http:\/\/www.musees-mediterranee.org\/wp-content\/uploads\/2024\/07\/musPhoto_78_CEPD-300x279.jpg 300w, http:\/\/www.musees-mediterranee.org\/wp-content\/uploads\/2024\/07\/musPhoto_78_CEPD.jpg 537w\" sizes=\"(max-width: 300px) 100vw, 300px\" \/><\/div><\/a>\n\t\t\t\t<div class=\"elementor-post__text\">\n\t\t\t\t<h3 class=\"elementor-post__title\">\n\t\t\t<a href=\"http:\/\/www.musees-mediterranee.org\/index.php\/2024\/07\/17\/musee-de-la-vallee-la-sapiniere\/\" >\n\t\t\t\tMus\u00e9e de la Vall\u00e9e &#8211; La Sapini\u00e8re\t\t\t<\/a>\n\t\t<\/h3>\n\t\t\t\t<div class=\"elementor-post__excerpt\">\n\t\t\t<p>Barcelonnette<\/p>\t\t<\/div>\n\t\t\t\t<\/div>\n\t\t\t\t\t<\/div>\n\t\t<\/article>\n\t\t\t\t<article class=\"elementor-post elementor-grid-item post-12281 post type-post status-publish format-standard has-post-thumbnail hentry category-page-musee category-route-archeo tag-128 tag-beaucaire\" role=\"listitem\">\n\t\t\t<div class=\"elementor-post__card\">\n\t\t\t\t<a class=\"elementor-post__thumbnail__link\" href=\"http:\/\/www.musees-mediterranee.org\/index.php\/2024\/07\/23\/musee-auguste-jacquet\/\" tabindex=\"-1\" ><div class=\"elementor-post__thumbnail\"><img loading=\"lazy\" decoding=\"async\" width=\"300\" height=\"225\" src=\"http:\/\/www.musees-mediterranee.org\/wp-content\/uploads\/2024\/07\/muse-177-photo_1-300x225.jpg\" class=\"attachment-medium size-medium wp-image-12285\" alt=\"\" srcset=\"http:\/\/www.musees-mediterranee.org\/wp-content\/uploads\/2024\/07\/muse-177-photo_1-300x225.jpg 300w, http:\/\/www.musees-mediterranee.org\/wp-content\/uploads\/2024\/07\/muse-177-photo_1.jpg 700w\" sizes=\"(max-width: 300px) 100vw, 300px\" \/><\/div><\/a>\n\t\t\t\t<div class=\"elementor-post__text\">\n\t\t\t\t<h3 class=\"elementor-post__title\">\n\t\t\t<a href=\"http:\/\/www.musees-mediterranee.org\/index.php\/2024\/07\/23\/musee-auguste-jacquet\/\" >\n\t\t\t\tMus\u00e9e Auguste-Jacquet\t\t\t<\/a>\n\t\t<\/h3>\n\t\t\t\t<div class=\"elementor-post__excerpt\">\n\t\t\t<p>Beaucaire<\/p>\t\t<\/div>\n\t\t\t\t<\/div>\n\t\t\t\t\t<\/div>\n\t\t<\/article>\n\t\t\t\t<article class=\"elementor-post elementor-grid-item post-12316 post type-post status-publish format-standard has-post-thumbnail hentry category-page-musee tag-134 tag-beziers\" role=\"listitem\">\n\t\t\t<div class=\"elementor-post__card\">\n\t\t\t\t<a class=\"elementor-post__thumbnail__link\" href=\"http:\/\/www.musees-mediterranee.org\/index.php\/2024\/07\/23\/musee-fayet\/\" tabindex=\"-1\" ><div class=\"elementor-post__thumbnail\"><img loading=\"lazy\" decoding=\"async\" width=\"211\" height=\"300\" src=\"http:\/\/www.musees-mediterranee.org\/wp-content\/uploads\/2024\/07\/musPhoto_191_08CN-211x300.jpg\" class=\"attachment-medium size-medium wp-image-12317\" alt=\"\" srcset=\"http:\/\/www.musees-mediterranee.org\/wp-content\/uploads\/2024\/07\/musPhoto_191_08CN-211x300.jpg 211w, http:\/\/www.musees-mediterranee.org\/wp-content\/uploads\/2024\/07\/musPhoto_191_08CN.jpg 315w\" sizes=\"(max-width: 211px) 100vw, 211px\" \/><\/div><\/a>\n\t\t\t\t<div class=\"elementor-post__text\">\n\t\t\t\t<h3 class=\"elementor-post__title\">\n\t\t\t<a href=\"http:\/\/www.musees-mediterranee.org\/index.php\/2024\/07\/23\/musee-fayet\/\" >\n\t\t\t\tMus\u00e9e Fayet\t\t\t<\/a>\n\t\t<\/h3>\n\t\t\t\t<div class=\"elementor-post__excerpt\">\n\t\t\t<p>B\u00e9ziers<\/p>\t\t<\/div>\n\t\t\t\t<\/div>\n\t\t\t\t\t<\/div>\n\t\t<\/article>\n\t\t\t\t<article class=\"elementor-post elementor-grid-item post-12354 post type-post status-publish format-standard has-post-thumbnail hentry category-page-musee tag-132 tag-biot\" role=\"listitem\">\n\t\t\t<div class=\"elementor-post__card\">\n\t\t\t\t<a class=\"elementor-post__thumbnail__link\" href=\"http:\/\/www.musees-mediterranee.org\/index.php\/2024\/07\/24\/musee-dhistoire-et-de-ceramique-biotoises\/\" tabindex=\"-1\" ><div class=\"elementor-post__thumbnail\"><img loading=\"lazy\" decoding=\"async\" width=\"300\" height=\"225\" src=\"http:\/\/www.musees-mediterranee.org\/wp-content\/uploads\/2024\/07\/muse-69-photo_1-300x225.jpg\" class=\"attachment-medium size-medium wp-image-12355\" alt=\"\" srcset=\"http:\/\/www.musees-mediterranee.org\/wp-content\/uploads\/2024\/07\/muse-69-photo_1-300x225.jpg 300w, http:\/\/www.musees-mediterranee.org\/wp-content\/uploads\/2024\/07\/muse-69-photo_1.jpg 700w\" sizes=\"(max-width: 300px) 100vw, 300px\" \/><\/div><\/a>\n\t\t\t\t<div class=\"elementor-post__text\">\n\t\t\t\t<h3 class=\"elementor-post__title\">\n\t\t\t<a href=\"http:\/\/www.musees-mediterranee.org\/index.php\/2024\/07\/24\/musee-dhistoire-et-de-ceramique-biotoises\/\" >\n\t\t\t\tMus\u00e9e d&#8217;Histoire et de C\u00e9ramique Biotoises\t\t\t<\/a>\n\t\t<\/h3>\n\t\t\t\t<div class=\"elementor-post__excerpt\">\n\t\t\t<p>Biot<\/p>\t\t<\/div>\n\t\t\t\t<\/div>\n\t\t\t\t\t<\/div>\n\t\t<\/article>\n\t\t\t\t<article class=\"elementor-post elementor-grid-item post-12359 post type-post status-publish format-standard has-post-thumbnail hentry category-page-musee tag-132 tag-biot\" role=\"listitem\">\n\t\t\t<div class=\"elementor-post__card\">\n\t\t\t\t<a class=\"elementor-post__thumbnail__link\" href=\"http:\/\/www.musees-mediterranee.org\/index.php\/2024\/07\/24\/musee-national-fernand-leger\/\" tabindex=\"-1\" ><div class=\"elementor-post__thumbnail\"><img loading=\"lazy\" decoding=\"async\" width=\"225\" height=\"300\" src=\"http:\/\/www.musees-mediterranee.org\/wp-content\/uploads\/2024\/07\/muse-122-photo_1-225x300.jpg\" class=\"attachment-medium size-medium wp-image-12360\" alt=\"\" srcset=\"http:\/\/www.musees-mediterranee.org\/wp-content\/uploads\/2024\/07\/muse-122-photo_1-225x300.jpg 225w, http:\/\/www.musees-mediterranee.org\/wp-content\/uploads\/2024\/07\/muse-122-photo_1.jpg 525w\" sizes=\"(max-width: 225px) 100vw, 225px\" \/><\/div><\/a>\n\t\t\t\t<div class=\"elementor-post__text\">\n\t\t\t\t<h3 class=\"elementor-post__title\">\n\t\t\t<a href=\"http:\/\/www.musees-mediterranee.org\/index.php\/2024\/07\/24\/musee-national-fernand-leger\/\" >\n\t\t\t\tMus\u00e9e national Fernand-L\u00e9ger\t\t\t<\/a>\n\t\t<\/h3>\n\t\t\t\t<div class=\"elementor-post__excerpt\">\n\t\t\t<p>Biot<\/p>\t\t<\/div>\n\t\t\t\t<\/div>\n\t\t\t\t\t<\/div>\n\t\t<\/article>\n\t\t\t\t<article class=\"elementor-post elementor-grid-item post-12367 post type-post status-publish format-standard has-post-thumbnail hentry category-page-musee tag-136 tag-bormes-les-mimosas\" role=\"listitem\">\n\t\t\t<div class=\"elementor-post__card\">\n\t\t\t\t<a class=\"elementor-post__thumbnail__link\" href=\"http:\/\/www.musees-mediterranee.org\/index.php\/2024\/07\/24\/mhab-musee-dhistoire-et-dart-de-bormes\/\" tabindex=\"-1\" ><div class=\"elementor-post__thumbnail\"><img loading=\"lazy\" decoding=\"async\" width=\"225\" height=\"300\" src=\"http:\/\/www.musees-mediterranee.org\/wp-content\/uploads\/2024\/07\/muse-60-photo_1-225x300.jpg\" class=\"attachment-medium size-medium wp-image-12368\" alt=\"\" srcset=\"http:\/\/www.musees-mediterranee.org\/wp-content\/uploads\/2024\/07\/muse-60-photo_1-225x300.jpg 225w, http:\/\/www.musees-mediterranee.org\/wp-content\/uploads\/2024\/07\/muse-60-photo_1.jpg 526w\" sizes=\"(max-width: 225px) 100vw, 225px\" \/><\/div><\/a>\n\t\t\t\t<div class=\"elementor-post__text\">\n\t\t\t\t<h3 class=\"elementor-post__title\">\n\t\t\t<a href=\"http:\/\/www.musees-mediterranee.org\/index.php\/2024\/07\/24\/mhab-musee-dhistoire-et-dart-de-bormes\/\" >\n\t\t\t\tMHAB-Mus\u00e9e d&#8217;Histoire et d&#8217;Art de Bormes\t\t\t<\/a>\n\t\t<\/h3>\n\t\t\t\t<div class=\"elementor-post__excerpt\">\n\t\t\t<p>Bormes-les-Mimosas<\/p>\t\t<\/div>\n\t\t\t\t<\/div>\n\t\t\t\t\t<\/div>\n\t\t<\/article>\n\t\t\t\t<article class=\"elementor-post elementor-grid-item post-12376 post type-post status-publish format-standard has-post-thumbnail hentry category-page-musee tag-134 tag-bouzigues\" role=\"listitem\">\n\t\t\t<div class=\"elementor-post__card\">\n\t\t\t\t<a class=\"elementor-post__thumbnail__link\" href=\"http:\/\/www.musees-mediterranee.org\/index.php\/2024\/07\/24\/musee-de-letang-de-thau\/\" tabindex=\"-1\" ><div class=\"elementor-post__thumbnail\"><img loading=\"lazy\" decoding=\"async\" width=\"300\" height=\"197\" src=\"http:\/\/www.musees-mediterranee.org\/wp-content\/uploads\/2024\/07\/muse-194-photo_1-300x197.jpg\" class=\"attachment-medium size-medium wp-image-12377\" alt=\"\" srcset=\"http:\/\/www.musees-mediterranee.org\/wp-content\/uploads\/2024\/07\/muse-194-photo_1-300x197.jpg 300w, http:\/\/www.musees-mediterranee.org\/wp-content\/uploads\/2024\/07\/muse-194-photo_1.jpg 700w\" sizes=\"(max-width: 300px) 100vw, 300px\" \/><\/div><\/a>\n\t\t\t\t<div class=\"elementor-post__text\">\n\t\t\t\t<h3 class=\"elementor-post__title\">\n\t\t\t<a href=\"http:\/\/www.musees-mediterranee.org\/index.php\/2024\/07\/24\/musee-de-letang-de-thau\/\" >\n\t\t\t\tMus\u00e9e de l&#8217;Etang de Thau\t\t\t<\/a>\n\t\t<\/h3>\n\t\t\t\t<div class=\"elementor-post__excerpt\">\n\t\t\t<p>Bouzigues<\/p>\t\t<\/div>\n\t\t\t\t<\/div>\n\t\t\t\t\t<\/div>\n\t\t<\/article>\n\t\t\t\t<\/div>\n\t\t\n\t\t\t\t\t\t<\/div>\n\t\t\t\t<\/div>\n\t\t\t\t<div class=\"elementor-element elementor-element-8316a33 elementor-widget-divider--view-line exad-sticky-section-no exad-glass-effect-no elementor-widget elementor-widget-divider\" data-id=\"8316a33\" data-element_type=\"widget\" data-e-type=\"widget\" data-widget_type=\"divider.default\">\n\t\t\t\t<div class=\"elementor-widget-container\">\n\t\t\t\t\t\t\t<div class=\"elementor-divider\">\n\t\t\t<span class=\"elementor-divider-separator\">\n\t\t\t\t\t\t<\/span>\n\t\t<\/div>\n\t\t\t\t\t\t<\/div>\n\t\t\t\t<\/div>\n\t\t\t\t\t<\/div>\n\t\t<\/div>\n\t\t\t\t\t<\/div>\n\t\t<\/section>\n\t\t\t\t<section class=\"elementor-section elementor-top-section elementor-element elementor-element-060c8a2 elementor-section-boxed elementor-section-height-default elementor-section-height-default exad-glass-effect-no exad-sticky-section-no\" data-id=\"060c8a2\" data-element_type=\"section\" data-e-type=\"section\">\n\t\t\t\t\t\t<div class=\"elementor-container elementor-column-gap-default\">\n\t\t\t\t\t<div class=\"elementor-column elementor-col-100 elementor-top-column elementor-element elementor-element-10fcb21 exad-glass-effect-no exad-sticky-section-no\" data-id=\"10fcb21\" data-element_type=\"column\" data-e-type=\"column\">\n\t\t\t<div class=\"elementor-widget-wrap elementor-element-populated\">\n\t\t\t\t\t\t<div class=\"elementor-element elementor-element-b70be93 exad-sticky-section-no exad-glass-effect-no elementor-widget elementor-widget-heading\" data-id=\"b70be93\" data-element_type=\"widget\" data-e-type=\"widget\" data-widget_type=\"heading.default\">\n\t\t\t\t<div class=\"elementor-widget-container\">\n\t\t\t\t\t<h5 class=\"elementor-heading-title elementor-size-default\">Brignoles - Cagnes-sur-Mer - Cannes - Cap d'Agde - Carcassonne<\/h5>\t\t\t\t<\/div>\n\t\t\t\t<\/div>\n\t\t\t\t<div class=\"elementor-element elementor-element-f067773 elementor-grid-4 elementor-posts--align-center elementor-widget__width-initial elementor-grid-tablet-2 elementor-grid-mobile-1 elementor-posts--thumbnail-top elementor-card-shadow-yes elementor-posts__hover-gradient exad-sticky-section-no exad-glass-effect-no elementor-widget elementor-widget-posts\" data-id=\"f067773\" data-element_type=\"widget\" data-e-type=\"widget\" data-settings=\"{&quot;cards_columns&quot;:&quot;4&quot;,&quot;cards_row_gap&quot;:{&quot;unit&quot;:&quot;px&quot;,&quot;size&quot;:10,&quot;sizes&quot;:[]},&quot;cards_columns_tablet&quot;:&quot;2&quot;,&quot;cards_columns_mobile&quot;:&quot;1&quot;,&quot;cards_row_gap_tablet&quot;:{&quot;unit&quot;:&quot;px&quot;,&quot;size&quot;:&quot;&quot;,&quot;sizes&quot;:[]},&quot;cards_row_gap_mobile&quot;:{&quot;unit&quot;:&quot;px&quot;,&quot;size&quot;:&quot;&quot;,&quot;sizes&quot;:[]}}\" data-widget_type=\"posts.cards\">\n\t\t\t\t<div class=\"elementor-widget-container\">\n\t\t\t\t\t\t\t<div class=\"elementor-posts-container elementor-posts elementor-posts--skin-cards elementor-grid\" role=\"list\">\n\t\t\t\t<article class=\"elementor-post elementor-grid-item post-12385 post type-post status-publish format-standard has-post-thumbnail hentry category-page-musee category-route-archeo tag-136 tag-brignoles\" role=\"listitem\">\n\t\t\t<div class=\"elementor-post__card\">\n\t\t\t\t<a class=\"elementor-post__thumbnail__link\" href=\"http:\/\/www.musees-mediterranee.org\/index.php\/2024\/07\/24\/musee-des-comtes-de-provence\/\" tabindex=\"-1\" ><div class=\"elementor-post__thumbnail\"><img loading=\"lazy\" decoding=\"async\" width=\"300\" height=\"170\" src=\"http:\/\/www.musees-mediterranee.org\/wp-content\/uploads\/2024\/07\/muse-92-photo_1-300x170.jpg\" class=\"attachment-medium size-medium wp-image-12386\" alt=\"\" srcset=\"http:\/\/www.musees-mediterranee.org\/wp-content\/uploads\/2024\/07\/muse-92-photo_1-300x170.jpg 300w, http:\/\/www.musees-mediterranee.org\/wp-content\/uploads\/2024\/07\/muse-92-photo_1-128x72.jpg 128w, http:\/\/www.musees-mediterranee.org\/wp-content\/uploads\/2024\/07\/muse-92-photo_1.jpg 700w\" sizes=\"(max-width: 300px) 100vw, 300px\" \/><\/div><\/a>\n\t\t\t\t<div class=\"elementor-post__text\">\n\t\t\t\t<h3 class=\"elementor-post__title\">\n\t\t\t<a href=\"http:\/\/www.musees-mediterranee.org\/index.php\/2024\/07\/24\/musee-des-comtes-de-provence\/\" >\n\t\t\t\tMus\u00e9e des Comtes de Provence\t\t\t<\/a>\n\t\t<\/h3>\n\t\t\t\t<div class=\"elementor-post__excerpt\">\n\t\t\t<p>Brignoles<\/p>\t\t<\/div>\n\t\t\t\t<\/div>\n\t\t\t\t\t<\/div>\n\t\t<\/article>\n\t\t\t\t<article class=\"elementor-post elementor-grid-item post-12411 post type-post status-publish format-standard has-post-thumbnail hentry category-page-musee tag-132 tag-cagnes-sur-mer\" role=\"listitem\">\n\t\t\t<div class=\"elementor-post__card\">\n\t\t\t\t<a class=\"elementor-post__thumbnail__link\" href=\"http:\/\/www.musees-mediterranee.org\/index.php\/2024\/07\/30\/chateau-musee-grimaldi\/\" tabindex=\"-1\" ><div class=\"elementor-post__thumbnail\"><img loading=\"lazy\" decoding=\"async\" width=\"300\" height=\"208\" src=\"http:\/\/www.musees-mediterranee.org\/wp-content\/uploads\/2024\/07\/musPhoto_44_20RZ-300x208.jpg\" class=\"attachment-medium size-medium wp-image-12412\" alt=\"\" srcset=\"http:\/\/www.musees-mediterranee.org\/wp-content\/uploads\/2024\/07\/musPhoto_44_20RZ-300x208.jpg 300w, http:\/\/www.musees-mediterranee.org\/wp-content\/uploads\/2024\/07\/musPhoto_44_20RZ-330x230.jpg 330w, http:\/\/www.musees-mediterranee.org\/wp-content\/uploads\/2024\/07\/musPhoto_44_20RZ.jpg 595w\" sizes=\"(max-width: 300px) 100vw, 300px\" \/><\/div><\/a>\n\t\t\t\t<div class=\"elementor-post__text\">\n\t\t\t\t<h3 class=\"elementor-post__title\">\n\t\t\t<a href=\"http:\/\/www.musees-mediterranee.org\/index.php\/2024\/07\/30\/chateau-musee-grimaldi\/\" >\n\t\t\t\tCh\u00e2teau-mus\u00e9e Grimaldi\t\t\t<\/a>\n\t\t<\/h3>\n\t\t\t\t<div class=\"elementor-post__excerpt\">\n\t\t\t<p>Cagnes-sur-Mer<\/p>\t\t<\/div>\n\t\t\t\t<\/div>\n\t\t\t\t\t<\/div>\n\t\t<\/article>\n\t\t\t\t<article class=\"elementor-post elementor-grid-item post-12416 post type-post status-publish format-standard has-post-thumbnail hentry category-page-musee tag-132 tag-cagnes-sur-mer\" role=\"listitem\">\n\t\t\t<div class=\"elementor-post__card\">\n\t\t\t\t<a class=\"elementor-post__thumbnail__link\" href=\"http:\/\/www.musees-mediterranee.org\/index.php\/2024\/07\/30\/cagnes-sur-mer\/\" tabindex=\"-1\" ><div class=\"elementor-post__thumbnail\"><img loading=\"lazy\" decoding=\"async\" width=\"300\" height=\"197\" src=\"http:\/\/www.musees-mediterranee.org\/wp-content\/uploads\/2024\/07\/muse-48-photo_1-300x197.jpg\" class=\"attachment-medium size-medium wp-image-12417\" alt=\"\" srcset=\"http:\/\/www.musees-mediterranee.org\/wp-content\/uploads\/2024\/07\/muse-48-photo_1-300x197.jpg 300w, http:\/\/www.musees-mediterranee.org\/wp-content\/uploads\/2024\/07\/muse-48-photo_1.jpg 700w\" sizes=\"(max-width: 300px) 100vw, 300px\" \/><\/div><\/a>\n\t\t\t\t<div class=\"elementor-post__text\">\n\t\t\t\t<h3 class=\"elementor-post__title\">\n\t\t\t<a href=\"http:\/\/www.musees-mediterranee.org\/index.php\/2024\/07\/30\/cagnes-sur-mer\/\" >\n\t\t\t\tCagnes-sur-Mer\t\t\t<\/a>\n\t\t<\/h3>\n\t\t\t\t<div class=\"elementor-post__excerpt\">\n\t\t\t<p>Cagnes-sur-Mer<\/p>\t\t<\/div>\n\t\t\t\t<\/div>\n\t\t\t\t\t<\/div>\n\t\t<\/article>\n\t\t\t\t<article class=\"elementor-post elementor-grid-item post-12421 post type-post status-publish format-standard has-post-thumbnail hentry category-page-musee category-route-archeo tag-132 tag-cannes\" role=\"listitem\">\n\t\t\t<div class=\"elementor-post__card\">\n\t\t\t\t<a class=\"elementor-post__thumbnail__link\" href=\"http:\/\/www.musees-mediterranee.org\/index.php\/2024\/07\/30\/musee-des-explorations-du-monde\/\" tabindex=\"-1\" ><div class=\"elementor-post__thumbnail\"><img loading=\"lazy\" decoding=\"async\" width=\"198\" height=\"300\" src=\"http:\/\/www.musees-mediterranee.org\/wp-content\/uploads\/2024\/07\/musPhoto_71_G0OL-198x300.jpg\" class=\"attachment-medium size-medium wp-image-12422\" alt=\"\" srcset=\"http:\/\/www.musees-mediterranee.org\/wp-content\/uploads\/2024\/07\/musPhoto_71_G0OL-198x300.jpg 198w, http:\/\/www.musees-mediterranee.org\/wp-content\/uploads\/2024\/07\/musPhoto_71_G0OL.jpg 330w\" sizes=\"(max-width: 198px) 100vw, 198px\" \/><\/div><\/a>\n\t\t\t\t<div class=\"elementor-post__text\">\n\t\t\t\t<h3 class=\"elementor-post__title\">\n\t\t\t<a href=\"http:\/\/www.musees-mediterranee.org\/index.php\/2024\/07\/30\/musee-des-explorations-du-monde\/\" >\n\t\t\t\tMus\u00e9e des explorations du monde\t\t\t<\/a>\n\t\t<\/h3>\n\t\t\t\t<div class=\"elementor-post__excerpt\">\n\t\t\t<p>Cannes<\/p>\t\t<\/div>\n\t\t\t\t<\/div>\n\t\t\t\t\t<\/div>\n\t\t<\/article>\n\t\t\t\t<article class=\"elementor-post elementor-grid-item post-12425 post type-post status-publish format-standard has-post-thumbnail hentry category-page-musee category-route-archeo tag-132 tag-cannes\" role=\"listitem\">\n\t\t\t<div class=\"elementor-post__card\">\n\t\t\t\t<a class=\"elementor-post__thumbnail__link\" href=\"http:\/\/www.musees-mediterranee.org\/index.php\/2024\/07\/30\/musee-du-masque-de-fer-et-du-fort-royal\/\" tabindex=\"-1\" ><div class=\"elementor-post__thumbnail\"><img loading=\"lazy\" decoding=\"async\" width=\"300\" height=\"188\" src=\"http:\/\/www.musees-mediterranee.org\/wp-content\/uploads\/2024\/07\/muse-74-photo_1-300x188.jpg\" class=\"attachment-medium size-medium wp-image-12426\" alt=\"\" srcset=\"http:\/\/www.musees-mediterranee.org\/wp-content\/uploads\/2024\/07\/muse-74-photo_1-300x188.jpg 300w, http:\/\/www.musees-mediterranee.org\/wp-content\/uploads\/2024\/07\/muse-74-photo_1.jpg 700w\" sizes=\"(max-width: 300px) 100vw, 300px\" \/><\/div><\/a>\n\t\t\t\t<div class=\"elementor-post__text\">\n\t\t\t\t<h3 class=\"elementor-post__title\">\n\t\t\t<a href=\"http:\/\/www.musees-mediterranee.org\/index.php\/2024\/07\/30\/musee-du-masque-de-fer-et-du-fort-royal\/\" >\n\t\t\t\tMus\u00e9e du Masque de fer et du Fort Royal\t\t\t<\/a>\n\t\t<\/h3>\n\t\t\t\t<div class=\"elementor-post__excerpt\">\n\t\t\t<p>Cannes<\/p>\t\t<\/div>\n\t\t\t\t<\/div>\n\t\t\t\t\t<\/div>\n\t\t<\/article>\n\t\t\t\t<article class=\"elementor-post elementor-grid-item post-12433 post type-post status-publish format-standard has-post-thumbnail hentry category-page-musee tag-134 tag-cap-dagde\" role=\"listitem\">\n\t\t\t<div class=\"elementor-post__card\">\n\t\t\t\t<a class=\"elementor-post__thumbnail__link\" href=\"http:\/\/www.musees-mediterranee.org\/index.php\/2024\/07\/30\/musee-agathois\/\" tabindex=\"-1\" ><div class=\"elementor-post__thumbnail\"><img loading=\"lazy\" decoding=\"async\" width=\"300\" height=\"116\" src=\"http:\/\/www.musees-mediterranee.org\/wp-content\/uploads\/2024\/07\/muse-165-photo_1-300x116.jpg\" class=\"attachment-medium size-medium wp-image-12434\" alt=\"\" srcset=\"http:\/\/www.musees-mediterranee.org\/wp-content\/uploads\/2024\/07\/muse-165-photo_1-300x116.jpg 300w, http:\/\/www.musees-mediterranee.org\/wp-content\/uploads\/2024\/07\/muse-165-photo_1.jpg 600w\" sizes=\"(max-width: 300px) 100vw, 300px\" \/><\/div><\/a>\n\t\t\t\t<div class=\"elementor-post__text\">\n\t\t\t\t<h3 class=\"elementor-post__title\">\n\t\t\t<a href=\"http:\/\/www.musees-mediterranee.org\/index.php\/2024\/07\/30\/musee-agathois\/\" >\n\t\t\t\tMus\u00e9e Agathois\t\t\t<\/a>\n\t\t<\/h3>\n\t\t\t\t<div class=\"elementor-post__excerpt\">\n\t\t\t<p>Cap d&#8217;Agde<\/p>\t\t<\/div>\n\t\t\t\t<\/div>\n\t\t\t\t\t<\/div>\n\t\t<\/article>\n\t\t\t\t<article class=\"elementor-post elementor-grid-item post-12438 post type-post status-publish format-standard has-post-thumbnail hentry category-page-musee tag-134 tag-cap-dagde\" role=\"listitem\">\n\t\t\t<div class=\"elementor-post__card\">\n\t\t\t\t<a class=\"elementor-post__thumbnail__link\" href=\"http:\/\/www.musees-mediterranee.org\/index.php\/2024\/07\/30\/musee-de-lephebe-darcheologie-sous-marine\/\" tabindex=\"-1\" ><div class=\"elementor-post__thumbnail\"><img loading=\"lazy\" decoding=\"async\" width=\"300\" height=\"200\" src=\"http:\/\/www.musees-mediterranee.org\/wp-content\/uploads\/2024\/07\/muse-222-photo_1-300x200.jpg\" class=\"attachment-medium size-medium wp-image-12439\" alt=\"\" srcset=\"http:\/\/www.musees-mediterranee.org\/wp-content\/uploads\/2024\/07\/muse-222-photo_1-300x200.jpg 300w, http:\/\/www.musees-mediterranee.org\/wp-content\/uploads\/2024\/07\/muse-222-photo_1.jpg 600w\" sizes=\"(max-width: 300px) 100vw, 300px\" \/><\/div><\/a>\n\t\t\t\t<div class=\"elementor-post__text\">\n\t\t\t\t<h3 class=\"elementor-post__title\">\n\t\t\t<a href=\"http:\/\/www.musees-mediterranee.org\/index.php\/2024\/07\/30\/musee-de-lephebe-darcheologie-sous-marine\/\" >\n\t\t\t\tMus\u00e9e de l&#8217;\u00c9ph\u00e8be &amp; d&#8217;arch\u00e9ologie sous-marine\t\t\t<\/a>\n\t\t<\/h3>\n\t\t\t\t<div class=\"elementor-post__excerpt\">\n\t\t\t<p>Cap d&#8217;Agde<\/p>\t\t<\/div>\n\t\t\t\t<\/div>\n\t\t\t\t\t<\/div>\n\t\t<\/article>\n\t\t\t\t<article class=\"elementor-post elementor-grid-item post-12446 post type-post status-publish format-standard has-post-thumbnail hentry category-page-musee tag-144 tag-carcassonne\" role=\"listitem\">\n\t\t\t<div class=\"elementor-post__card\">\n\t\t\t\t<a class=\"elementor-post__thumbnail__link\" href=\"http:\/\/www.musees-mediterranee.org\/index.php\/2024\/07\/30\/musee-des-beaux-arts\/\" tabindex=\"-1\" ><div class=\"elementor-post__thumbnail\"><img loading=\"lazy\" decoding=\"async\" width=\"300\" height=\"243\" src=\"http:\/\/www.musees-mediterranee.org\/wp-content\/uploads\/2024\/07\/muse-168-photo_1-300x243.jpg\" class=\"attachment-medium size-medium wp-image-12447\" alt=\"\" srcset=\"http:\/\/www.musees-mediterranee.org\/wp-content\/uploads\/2024\/07\/muse-168-photo_1-300x243.jpg 300w, http:\/\/www.musees-mediterranee.org\/wp-content\/uploads\/2024\/07\/muse-168-photo_1.jpg 695w\" sizes=\"(max-width: 300px) 100vw, 300px\" \/><\/div><\/a>\n\t\t\t\t<div class=\"elementor-post__text\">\n\t\t\t\t<h3 class=\"elementor-post__title\">\n\t\t\t<a href=\"http:\/\/www.musees-mediterranee.org\/index.php\/2024\/07\/30\/musee-des-beaux-arts\/\" >\n\t\t\t\tMus\u00e9e des Beaux-Arts\t\t\t<\/a>\n\t\t<\/h3>\n\t\t\t\t<div class=\"elementor-post__excerpt\">\n\t\t\t<p>Carcassonne<\/p>\t\t<\/div>\n\t\t\t\t<\/div>\n\t\t\t\t\t<\/div>\n\t\t<\/article>\n\t\t\t\t<\/div>\n\t\t\n\t\t\t\t\t\t<\/div>\n\t\t\t\t<\/div>\n\t\t\t\t<div class=\"elementor-element elementor-element-9ee37e5 elementor-widget-divider--view-line exad-sticky-section-no exad-glass-effect-no elementor-widget elementor-widget-divider\" data-id=\"9ee37e5\" data-element_type=\"widget\" data-e-type=\"widget\" data-widget_type=\"divider.default\">\n\t\t\t\t<div class=\"elementor-widget-container\">\n\t\t\t\t\t\t\t<div class=\"elementor-divider\">\n\t\t\t<span class=\"elementor-divider-separator\">\n\t\t\t\t\t\t<\/span>\n\t\t<\/div>\n\t\t\t\t\t\t<\/div>\n\t\t\t\t<\/div>\n\t\t\t\t\t<\/div>\n\t\t<\/div>\n\t\t\t\t\t<\/div>\n\t\t<\/section>\n\t\t\t\t<section class=\"elementor-section elementor-top-section elementor-element elementor-element-03256db elementor-section-boxed elementor-section-height-default elementor-section-height-default exad-glass-effect-no exad-sticky-section-no\" data-id=\"03256db\" data-element_type=\"section\" data-e-type=\"section\">\n\t\t\t\t\t\t<div class=\"elementor-container elementor-column-gap-default\">\n\t\t\t\t\t<div class=\"elementor-column elementor-col-100 elementor-top-column elementor-element elementor-element-a1ffd07 exad-glass-effect-no exad-sticky-section-no\" data-id=\"a1ffd07\" data-element_type=\"column\" data-e-type=\"column\">\n\t\t\t<div class=\"elementor-widget-wrap elementor-element-populated\">\n\t\t\t\t\t\t<div class=\"elementor-element elementor-element-487ae68 exad-sticky-section-no exad-glass-effect-no elementor-widget elementor-widget-heading\" data-id=\"487ae68\" data-element_type=\"widget\" data-e-type=\"widget\" data-widget_type=\"heading.default\">\n\t\t\t\t<div class=\"elementor-widget-container\">\n\t\t\t\t\t<h5 class=\"elementor-heading-title elementor-size-default\">Carpentras - Cassis - Castelnaudary - Cavaillon - C\u00e9ret - Collioure<\/h5>\t\t\t\t<\/div>\n\t\t\t\t<\/div>\n\t\t\t\t<div class=\"elementor-element elementor-element-686b80b elementor-grid-4 elementor-posts--align-center elementor-widget__width-initial elementor-grid-tablet-2 elementor-grid-mobile-1 elementor-posts--thumbnail-top elementor-card-shadow-yes elementor-posts__hover-gradient exad-sticky-section-no exad-glass-effect-no elementor-widget elementor-widget-posts\" data-id=\"686b80b\" data-element_type=\"widget\" data-e-type=\"widget\" data-settings=\"{&quot;cards_columns&quot;:&quot;4&quot;,&quot;cards_row_gap&quot;:{&quot;unit&quot;:&quot;px&quot;,&quot;size&quot;:10,&quot;sizes&quot;:[]},&quot;cards_columns_tablet&quot;:&quot;2&quot;,&quot;cards_columns_mobile&quot;:&quot;1&quot;,&quot;cards_row_gap_tablet&quot;:{&quot;unit&quot;:&quot;px&quot;,&quot;size&quot;:&quot;&quot;,&quot;sizes&quot;:[]},&quot;cards_row_gap_mobile&quot;:{&quot;unit&quot;:&quot;px&quot;,&quot;size&quot;:&quot;&quot;,&quot;sizes&quot;:[]}}\" data-widget_type=\"posts.cards\">\n\t\t\t\t<div class=\"elementor-widget-container\">\n\t\t\t\t\t\t\t<div class=\"elementor-posts-container elementor-posts elementor-posts--skin-cards elementor-grid\" role=\"list\">\n\t\t\t\t<article class=\"elementor-post elementor-grid-item post-12455 post type-post status-publish format-standard has-post-thumbnail hentry category-page-musee tag-130 tag-carpentras\" role=\"listitem\">\n\t\t\t<div class=\"elementor-post__card\">\n\t\t\t\t<a class=\"elementor-post__thumbnail__link\" href=\"http:\/\/www.musees-mediterranee.org\/index.php\/2024\/07\/30\/musee-bibliotheque-inguimbertine\/\" tabindex=\"-1\" ><div class=\"elementor-post__thumbnail\"><img loading=\"lazy\" decoding=\"async\" width=\"300\" height=\"185\" src=\"http:\/\/www.musees-mediterranee.org\/wp-content\/uploads\/2024\/07\/musPhoto_260_QHJN-300x185.jpg\" class=\"attachment-medium size-medium wp-image-12456\" alt=\"\" srcset=\"http:\/\/www.musees-mediterranee.org\/wp-content\/uploads\/2024\/07\/musPhoto_260_QHJN-300x185.jpg 300w, http:\/\/www.musees-mediterranee.org\/wp-content\/uploads\/2024\/07\/musPhoto_260_QHJN.jpg 491w\" sizes=\"(max-width: 300px) 100vw, 300px\" \/><\/div><\/a>\n\t\t\t\t<div class=\"elementor-post__text\">\n\t\t\t\t<h3 class=\"elementor-post__title\">\n\t\t\t<a href=\"http:\/\/www.musees-mediterranee.org\/index.php\/2024\/07\/30\/musee-bibliotheque-inguimbertine\/\" >\n\t\t\t\tMus\u00e9e-Biblioth\u00e8que Inguimbertine\t\t\t<\/a>\n\t\t<\/h3>\n\t\t\t\t<div class=\"elementor-post__excerpt\">\n\t\t\t<p>Carpentras<\/p>\t\t<\/div>\n\t\t\t\t<\/div>\n\t\t\t\t\t<\/div>\n\t\t<\/article>\n\t\t\t\t<article class=\"elementor-post elementor-grid-item post-12491 post type-post status-publish format-standard has-post-thumbnail hentry category-page-musee category-route-archeo tag-131 tag-cassis\" role=\"listitem\">\n\t\t\t<div class=\"elementor-post__card\">\n\t\t\t\t<a class=\"elementor-post__thumbnail__link\" href=\"http:\/\/www.musees-mediterranee.org\/index.php\/2024\/07\/31\/musee-municipal-mediterraneen-atp-de-cassis\/\" tabindex=\"-1\" ><div class=\"elementor-post__thumbnail\"><img loading=\"lazy\" decoding=\"async\" width=\"202\" height=\"300\" src=\"http:\/\/www.musees-mediterranee.org\/wp-content\/uploads\/2024\/07\/muse-39-photo_1-202x300.jpg\" class=\"attachment-medium size-medium wp-image-12492\" alt=\"\" srcset=\"http:\/\/www.musees-mediterranee.org\/wp-content\/uploads\/2024\/07\/muse-39-photo_1-202x300.jpg 202w, http:\/\/www.musees-mediterranee.org\/wp-content\/uploads\/2024\/07\/muse-39-photo_1.jpg 469w\" sizes=\"(max-width: 202px) 100vw, 202px\" \/><\/div><\/a>\n\t\t\t\t<div class=\"elementor-post__text\">\n\t\t\t\t<h3 class=\"elementor-post__title\">\n\t\t\t<a href=\"http:\/\/www.musees-mediterranee.org\/index.php\/2024\/07\/31\/musee-municipal-mediterraneen-atp-de-cassis\/\" >\n\t\t\t\tMus\u00e9e Municipal M\u00e9diterran\u00e9en ATP de Cassis\t\t\t<\/a>\n\t\t<\/h3>\n\t\t\t\t<div class=\"elementor-post__excerpt\">\n\t\t\t<p>Cassis<\/p>\t\t<\/div>\n\t\t\t\t<\/div>\n\t\t\t\t\t<\/div>\n\t\t<\/article>\n\t\t\t\t<article class=\"elementor-post elementor-grid-item post-12496 post type-post status-publish format-standard has-post-thumbnail hentry category-page-musee category-route-archeo tag-144 tag-castelnaudary\" role=\"listitem\">\n\t\t\t<div class=\"elementor-post__card\">\n\t\t\t\t<a class=\"elementor-post__thumbnail__link\" href=\"http:\/\/www.musees-mediterranee.org\/index.php\/2024\/07\/31\/musee-du-lauragais\/\" tabindex=\"-1\" ><div class=\"elementor-post__thumbnail\"><img loading=\"lazy\" decoding=\"async\" width=\"300\" height=\"232\" src=\"http:\/\/www.musees-mediterranee.org\/wp-content\/uploads\/2024\/07\/vide-300x232.jpg\" class=\"attachment-medium size-medium wp-image-12350\" alt=\"\" srcset=\"http:\/\/www.musees-mediterranee.org\/wp-content\/uploads\/2024\/07\/vide-300x232.jpg 300w, http:\/\/www.musees-mediterranee.org\/wp-content\/uploads\/2024\/07\/vide-1024x792.jpg 1024w, http:\/\/www.musees-mediterranee.org\/wp-content\/uploads\/2024\/07\/vide-768x594.jpg 768w, http:\/\/www.musees-mediterranee.org\/wp-content\/uploads\/2024\/07\/vide.jpg 1200w\" sizes=\"(max-width: 300px) 100vw, 300px\" \/><\/div><\/a>\n\t\t\t\t<div class=\"elementor-post__text\">\n\t\t\t\t<h3 class=\"elementor-post__title\">\n\t\t\t<a href=\"http:\/\/www.musees-mediterranee.org\/index.php\/2024\/07\/31\/musee-du-lauragais\/\" >\n\t\t\t\tMus\u00e9e du Lauragais\t\t\t<\/a>\n\t\t<\/h3>\n\t\t\t\t<div class=\"elementor-post__excerpt\">\n\t\t\t<p>Castelnaudary<\/p>\t\t<\/div>\n\t\t\t\t<\/div>\n\t\t\t\t\t<\/div>\n\t\t<\/article>\n\t\t\t\t<article class=\"elementor-post elementor-grid-item post-12498 post type-post status-publish format-standard has-post-thumbnail hentry category-page-musee category-route-archeo tag-130 tag-cavaillon\" role=\"listitem\">\n\t\t\t<div class=\"elementor-post__card\">\n\t\t\t\t<a class=\"elementor-post__thumbnail__link\" href=\"http:\/\/www.musees-mediterranee.org\/index.php\/2024\/07\/31\/musee-archeologique-de-lhotel-dieu\/\" tabindex=\"-1\" ><div class=\"elementor-post__thumbnail\"><img loading=\"lazy\" decoding=\"async\" width=\"300\" height=\"193\" src=\"http:\/\/www.musees-mediterranee.org\/wp-content\/uploads\/2024\/07\/musPhoto_49_KHAX-300x193.jpg\" class=\"attachment-medium size-medium wp-image-12499\" alt=\"\" srcset=\"http:\/\/www.musees-mediterranee.org\/wp-content\/uploads\/2024\/07\/musPhoto_49_KHAX-300x193.jpg 300w, http:\/\/www.musees-mediterranee.org\/wp-content\/uploads\/2024\/07\/musPhoto_49_KHAX.jpg 600w\" sizes=\"(max-width: 300px) 100vw, 300px\" \/><\/div><\/a>\n\t\t\t\t<div class=\"elementor-post__text\">\n\t\t\t\t<h3 class=\"elementor-post__title\">\n\t\t\t<a href=\"http:\/\/www.musees-mediterranee.org\/index.php\/2024\/07\/31\/musee-archeologique-de-lhotel-dieu\/\" >\n\t\t\t\tMus\u00e9e Arch\u00e9ologique de l&#8217;H\u00f4tel-Dieu\t\t\t<\/a>\n\t\t<\/h3>\n\t\t\t\t<div class=\"elementor-post__excerpt\">\n\t\t\t<p>Cavaillon<\/p>\t\t<\/div>\n\t\t\t\t<\/div>\n\t\t\t\t\t<\/div>\n\t\t<\/article>\n\t\t\t\t<article class=\"elementor-post elementor-grid-item post-12503 post type-post status-publish format-standard has-post-thumbnail hentry category-page-musee tag-130 tag-cavaillon tag-ferme\" role=\"listitem\">\n\t\t\t<div class=\"elementor-post__card\">\n\t\t\t\t<a class=\"elementor-post__thumbnail__link\" href=\"http:\/\/www.musees-mediterranee.org\/index.php\/2024\/07\/31\/musee-jouve\/\" tabindex=\"-1\" ><div class=\"elementor-post__thumbnail\"><img loading=\"lazy\" decoding=\"async\" width=\"200\" height=\"300\" src=\"http:\/\/www.musees-mediterranee.org\/wp-content\/uploads\/2024\/07\/muse-105-photo_1-200x300.jpg\" class=\"attachment-medium size-medium wp-image-12504\" alt=\"\" srcset=\"http:\/\/www.musees-mediterranee.org\/wp-content\/uploads\/2024\/07\/muse-105-photo_1-200x300.jpg 200w, http:\/\/www.musees-mediterranee.org\/wp-content\/uploads\/2024\/07\/muse-105-photo_1.jpg 448w\" sizes=\"(max-width: 200px) 100vw, 200px\" \/><\/div><\/a>\n\t\t\t\t<div class=\"elementor-post__text\">\n\t\t\t\t<h3 class=\"elementor-post__title\">\n\t\t\t<a href=\"http:\/\/www.musees-mediterranee.org\/index.php\/2024\/07\/31\/musee-jouve\/\" >\n\t\t\t\tMus\u00e9e Jouve\t\t\t<\/a>\n\t\t<\/h3>\n\t\t\t\t<div class=\"elementor-post__excerpt\">\n\t\t\t<p>Cavaillon<\/p>\t\t<\/div>\n\t\t\t\t<\/div>\n\t\t\t\t\t<\/div>\n\t\t<\/article>\n\t\t\t\t<article class=\"elementor-post elementor-grid-item post-12506 post type-post status-publish format-standard has-post-thumbnail hentry category-page-musee tag-130 tag-cavaillon\" role=\"listitem\">\n\t\t\t<div class=\"elementor-post__card\">\n\t\t\t\t<a class=\"elementor-post__thumbnail__link\" href=\"http:\/\/www.musees-mediterranee.org\/index.php\/2024\/07\/31\/musee-juif-comtadin-ancienne-synagogue\/\" tabindex=\"-1\" ><div class=\"elementor-post__thumbnail\"><img loading=\"lazy\" decoding=\"async\" width=\"171\" height=\"300\" src=\"http:\/\/www.musees-mediterranee.org\/wp-content\/uploads\/2024\/07\/musPhoto_106_9MP6-171x300.jpg\" class=\"attachment-medium size-medium wp-image-12507\" alt=\"\" srcset=\"http:\/\/www.musees-mediterranee.org\/wp-content\/uploads\/2024\/07\/musPhoto_106_9MP6-171x300.jpg 171w, http:\/\/www.musees-mediterranee.org\/wp-content\/uploads\/2024\/07\/musPhoto_106_9MP6.jpg 240w\" sizes=\"(max-width: 171px) 100vw, 171px\" \/><\/div><\/a>\n\t\t\t\t<div class=\"elementor-post__text\">\n\t\t\t\t<h3 class=\"elementor-post__title\">\n\t\t\t<a href=\"http:\/\/www.musees-mediterranee.org\/index.php\/2024\/07\/31\/musee-juif-comtadin-ancienne-synagogue\/\" >\n\t\t\t\tMus\u00e9e juif comtadin &#8211; ancienne synagogue\t\t\t<\/a>\n\t\t<\/h3>\n\t\t\t\t<div class=\"elementor-post__excerpt\">\n\t\t\t<p>Cavaillon<\/p>\t\t<\/div>\n\t\t\t\t<\/div>\n\t\t\t\t\t<\/div>\n\t\t<\/article>\n\t\t\t\t<article class=\"elementor-post elementor-grid-item post-12511 post type-post status-publish format-standard has-post-thumbnail hentry category-page-musee tag-149 tag-ceret\" role=\"listitem\">\n\t\t\t<div class=\"elementor-post__card\">\n\t\t\t\t<a class=\"elementor-post__thumbnail__link\" href=\"http:\/\/www.musees-mediterranee.org\/index.php\/2024\/07\/31\/musee-dart-moderne\/\" tabindex=\"-1\" ><div class=\"elementor-post__thumbnail\"><img loading=\"lazy\" decoding=\"async\" width=\"300\" height=\"193\" src=\"http:\/\/www.musees-mediterranee.org\/wp-content\/uploads\/2024\/07\/muse-210-photo_1-300x193.jpg\" class=\"attachment-medium size-medium wp-image-12512\" alt=\"\" srcset=\"http:\/\/www.musees-mediterranee.org\/wp-content\/uploads\/2024\/07\/muse-210-photo_1-300x193.jpg 300w, http:\/\/www.musees-mediterranee.org\/wp-content\/uploads\/2024\/07\/muse-210-photo_1.jpg 700w\" sizes=\"(max-width: 300px) 100vw, 300px\" \/><\/div><\/a>\n\t\t\t\t<div class=\"elementor-post__text\">\n\t\t\t\t<h3 class=\"elementor-post__title\">\n\t\t\t<a href=\"http:\/\/www.musees-mediterranee.org\/index.php\/2024\/07\/31\/musee-dart-moderne\/\" >\n\t\t\t\tMus\u00e9e d&#8217;art moderne\t\t\t<\/a>\n\t\t<\/h3>\n\t\t\t\t<div class=\"elementor-post__excerpt\">\n\t\t\t<p>C\u00e9ret<\/p>\t\t<\/div>\n\t\t\t\t<\/div>\n\t\t\t\t\t<\/div>\n\t\t<\/article>\n\t\t\t\t<article class=\"elementor-post elementor-grid-item post-12515 post type-post status-publish format-standard has-post-thumbnail hentry category-page-musee tag-149 tag-collioure\" role=\"listitem\">\n\t\t\t<div class=\"elementor-post__card\">\n\t\t\t\t<a class=\"elementor-post__thumbnail__link\" href=\"http:\/\/www.musees-mediterranee.org\/index.php\/2024\/07\/31\/musee-dart-moderne-fonds-peske\/\" tabindex=\"-1\" ><div class=\"elementor-post__thumbnail\"><img loading=\"lazy\" decoding=\"async\" width=\"300\" height=\"194\" src=\"http:\/\/www.musees-mediterranee.org\/wp-content\/uploads\/2024\/07\/muse-219-photo_1-300x194.jpg\" class=\"attachment-medium size-medium wp-image-12516\" alt=\"\" srcset=\"http:\/\/www.musees-mediterranee.org\/wp-content\/uploads\/2024\/07\/muse-219-photo_1-300x194.jpg 300w, http:\/\/www.musees-mediterranee.org\/wp-content\/uploads\/2024\/07\/muse-219-photo_1.jpg 400w\" sizes=\"(max-width: 300px) 100vw, 300px\" \/><\/div><\/a>\n\t\t\t\t<div class=\"elementor-post__text\">\n\t\t\t\t<h3 class=\"elementor-post__title\">\n\t\t\t<a href=\"http:\/\/www.musees-mediterranee.org\/index.php\/2024\/07\/31\/musee-dart-moderne-fonds-peske\/\" >\n\t\t\t\tMus\u00e9e d&#8217;Art Moderne. Fonds Pesk\u00e9\t\t\t<\/a>\n\t\t<\/h3>\n\t\t\t\t<div class=\"elementor-post__excerpt\">\n\t\t\t<p>Collioure<\/p>\t\t<\/div>\n\t\t\t\t<\/div>\n\t\t\t\t\t<\/div>\n\t\t<\/article>\n\t\t\t\t<\/div>\n\t\t\n\t\t\t\t\t\t<\/div>\n\t\t\t\t<\/div>\n\t\t\t\t<div class=\"elementor-element elementor-element-de7e0db elementor-widget-divider--view-line exad-sticky-section-no exad-glass-effect-no elementor-widget elementor-widget-divider\" data-id=\"de7e0db\" data-element_type=\"widget\" data-e-type=\"widget\" data-widget_type=\"divider.default\">\n\t\t\t\t<div class=\"elementor-widget-container\">\n\t\t\t\t\t\t\t<div class=\"elementor-divider\">\n\t\t\t<span class=\"elementor-divider-separator\">\n\t\t\t\t\t\t<\/span>\n\t\t<\/div>\n\t\t\t\t\t\t<\/div>\n\t\t\t\t<\/div>\n\t\t\t\t\t<\/div>\n\t\t<\/div>\n\t\t\t\t\t<\/div>\n\t\t<\/section>\n\t\t\t\t<section class=\"elementor-section elementor-top-section elementor-element elementor-element-e82972d elementor-section-boxed elementor-section-height-default elementor-section-height-default exad-glass-effect-no exad-sticky-section-no\" data-id=\"e82972d\" data-element_type=\"section\" data-e-type=\"section\">\n\t\t\t\t\t\t<div class=\"elementor-container elementor-column-gap-default\">\n\t\t\t\t\t<div class=\"elementor-column elementor-col-100 elementor-top-column elementor-element elementor-element-edc2019 exad-glass-effect-no exad-sticky-section-no\" data-id=\"edc2019\" data-element_type=\"column\" data-e-type=\"column\">\n\t\t\t<div class=\"elementor-widget-wrap elementor-element-populated\">\n\t\t\t\t\t\t<div class=\"elementor-element elementor-element-ba1ef7d exad-sticky-section-no exad-glass-effect-no elementor-widget elementor-widget-heading\" data-id=\"ba1ef7d\" data-element_type=\"widget\" data-e-type=\"widget\" data-widget_type=\"heading.default\">\n\t\t\t\t<div class=\"elementor-widget-container\">\n\t\t\t\t\t<h5 class=\"elementor-heading-title elementor-size-default\">Cucuron - Digne-les-Bains - Draguignan - Fontaine-de-Vaucluse - Forcalquier<\/h5>\t\t\t\t<\/div>\n\t\t\t\t<\/div>\n\t\t\t\t<div class=\"elementor-element elementor-element-83c0dd4 elementor-grid-4 elementor-posts--align-center elementor-widget__width-initial elementor-grid-tablet-2 elementor-grid-mobile-1 elementor-posts--thumbnail-top elementor-card-shadow-yes elementor-posts__hover-gradient exad-sticky-section-no exad-glass-effect-no elementor-widget elementor-widget-posts\" data-id=\"83c0dd4\" data-element_type=\"widget\" data-e-type=\"widget\" data-settings=\"{&quot;cards_columns&quot;:&quot;4&quot;,&quot;cards_row_gap&quot;:{&quot;unit&quot;:&quot;px&quot;,&quot;size&quot;:10,&quot;sizes&quot;:[]},&quot;cards_columns_tablet&quot;:&quot;2&quot;,&quot;cards_columns_mobile&quot;:&quot;1&quot;,&quot;cards_row_gap_tablet&quot;:{&quot;unit&quot;:&quot;px&quot;,&quot;size&quot;:&quot;&quot;,&quot;sizes&quot;:[]},&quot;cards_row_gap_mobile&quot;:{&quot;unit&quot;:&quot;px&quot;,&quot;size&quot;:&quot;&quot;,&quot;sizes&quot;:[]}}\" data-widget_type=\"posts.cards\">\n\t\t\t\t<div class=\"elementor-widget-container\">\n\t\t\t\t\t\t\t<div class=\"elementor-posts-container elementor-posts elementor-posts--skin-cards elementor-grid\" role=\"list\">\n\t\t\t\t<article class=\"elementor-post elementor-grid-item post-12518 post type-post status-publish format-standard has-post-thumbnail hentry category-page-musee category-route-archeo tag-130 tag-cucuron\" role=\"listitem\">\n\t\t\t<div class=\"elementor-post__card\">\n\t\t\t\t<a class=\"elementor-post__thumbnail__link\" href=\"http:\/\/www.musees-mediterranee.org\/index.php\/2024\/07\/31\/musee-marc-deydier\/\" tabindex=\"-1\" ><div class=\"elementor-post__thumbnail\"><img loading=\"lazy\" decoding=\"async\" width=\"276\" height=\"300\" src=\"http:\/\/www.musees-mediterranee.org\/wp-content\/uploads\/2024\/07\/muse-111-photo_1-276x300.jpg\" class=\"attachment-medium size-medium wp-image-12519\" alt=\"\" srcset=\"http:\/\/www.musees-mediterranee.org\/wp-content\/uploads\/2024\/07\/muse-111-photo_1-276x300.jpg 276w, http:\/\/www.musees-mediterranee.org\/wp-content\/uploads\/2024\/07\/muse-111-photo_1.jpg 643w\" sizes=\"(max-width: 276px) 100vw, 276px\" \/><\/div><\/a>\n\t\t\t\t<div class=\"elementor-post__text\">\n\t\t\t\t<h3 class=\"elementor-post__title\">\n\t\t\t<a href=\"http:\/\/www.musees-mediterranee.org\/index.php\/2024\/07\/31\/musee-marc-deydier\/\" >\n\t\t\t\tMus\u00e9e Marc-Deydier\t\t\t<\/a>\n\t\t<\/h3>\n\t\t\t\t<div class=\"elementor-post__excerpt\">\n\t\t\t<p>Cucuron<\/p>\t\t<\/div>\n\t\t\t\t<\/div>\n\t\t\t\t\t<\/div>\n\t\t<\/article>\n\t\t\t\t<article class=\"elementor-post elementor-grid-item post-12573 post type-post status-publish format-standard has-post-thumbnail hentry category-page-musee category-route-archeo tag-129 tag-digne-les-bains\" role=\"listitem\">\n\t\t\t<div class=\"elementor-post__card\">\n\t\t\t\t<a class=\"elementor-post__thumbnail__link\" href=\"http:\/\/www.musees-mediterranee.org\/index.php\/2024\/08\/27\/musee-gassendi\/\" tabindex=\"-1\" ><div class=\"elementor-post__thumbnail\"><img loading=\"lazy\" decoding=\"async\" width=\"300\" height=\"199\" src=\"http:\/\/www.musees-mediterranee.org\/wp-content\/uploads\/2024\/08\/musPhoto_9_T11G-300x199.jpg\" class=\"attachment-medium size-medium wp-image-12574\" alt=\"\" srcset=\"http:\/\/www.musees-mediterranee.org\/wp-content\/uploads\/2024\/08\/musPhoto_9_T11G-300x199.jpg 300w, http:\/\/www.musees-mediterranee.org\/wp-content\/uploads\/2024\/08\/musPhoto_9_T11G.jpg 360w\" sizes=\"(max-width: 300px) 100vw, 300px\" \/><\/div><\/a>\n\t\t\t\t<div class=\"elementor-post__text\">\n\t\t\t\t<h3 class=\"elementor-post__title\">\n\t\t\t<a href=\"http:\/\/www.musees-mediterranee.org\/index.php\/2024\/08\/27\/musee-gassendi\/\" >\n\t\t\t\tMus\u00e9e Gassendi\t\t\t<\/a>\n\t\t<\/h3>\n\t\t\t\t<div class=\"elementor-post__excerpt\">\n\t\t\t<p>Digne-les-Bains<\/p>\t\t<\/div>\n\t\t\t\t<\/div>\n\t\t\t\t\t<\/div>\n\t\t<\/article>\n\t\t\t\t<article class=\"elementor-post elementor-grid-item post-12578 post type-post status-publish format-standard has-post-thumbnail hentry category-page-musee tag-136 tag-draguignan\" role=\"listitem\">\n\t\t\t<div class=\"elementor-post__card\">\n\t\t\t\t<a class=\"elementor-post__thumbnail__link\" href=\"http:\/\/www.musees-mediterranee.org\/index.php\/2024\/08\/27\/12578\/\" tabindex=\"-1\" ><div class=\"elementor-post__thumbnail\"><img loading=\"lazy\" decoding=\"async\" width=\"300\" height=\"226\" src=\"http:\/\/www.musees-mediterranee.org\/wp-content\/uploads\/2024\/08\/muse-14-photo_1-300x226.jpg\" class=\"attachment-medium size-medium wp-image-12579\" alt=\"\" srcset=\"http:\/\/www.musees-mediterranee.org\/wp-content\/uploads\/2024\/08\/muse-14-photo_1-300x226.jpg 300w, http:\/\/www.musees-mediterranee.org\/wp-content\/uploads\/2024\/08\/muse-14-photo_1.jpg 700w\" sizes=\"(max-width: 300px) 100vw, 300px\" \/><\/div><\/a>\n\t\t\t\t<div class=\"elementor-post__text\">\n\t\t\t\t<h3 class=\"elementor-post__title\">\n\t\t\t<a href=\"http:\/\/www.musees-mediterranee.org\/index.php\/2024\/08\/27\/12578\/\" >\n\t\t\t\tMus\u00e9e de l&#8217;Artillerie\t\t\t<\/a>\n\t\t<\/h3>\n\t\t\t\t<div class=\"elementor-post__excerpt\">\n\t\t\t<p>Draguignan<\/p>\t\t<\/div>\n\t\t\t\t<\/div>\n\t\t\t\t\t<\/div>\n\t\t<\/article>\n\t\t\t\t<article class=\"elementor-post elementor-grid-item post-12584 post type-post status-publish format-standard has-post-thumbnail hentry category-page-musee tag-136 tag-draguignan\" role=\"listitem\">\n\t\t\t<div class=\"elementor-post__card\">\n\t\t\t\t<a class=\"elementor-post__thumbnail__link\" href=\"http:\/\/www.musees-mediterranee.org\/index.php\/2024\/08\/27\/musee-des-arts-et-traditions-populaires-de-moyenne-provence\/\" tabindex=\"-1\" ><div class=\"elementor-post__thumbnail\"><img loading=\"lazy\" decoding=\"async\" width=\"300\" height=\"170\" src=\"http:\/\/www.musees-mediterranee.org\/wp-content\/uploads\/2024\/08\/musPhoto_35_WYN9-300x170.jpg\" class=\"attachment-medium size-medium wp-image-12585\" alt=\"\" srcset=\"http:\/\/www.musees-mediterranee.org\/wp-content\/uploads\/2024\/08\/musPhoto_35_WYN9-300x170.jpg 300w, http:\/\/www.musees-mediterranee.org\/wp-content\/uploads\/2024\/08\/musPhoto_35_WYN9-128x72.jpg 128w, http:\/\/www.musees-mediterranee.org\/wp-content\/uploads\/2024\/08\/musPhoto_35_WYN9.jpg 419w\" sizes=\"(max-width: 300px) 100vw, 300px\" \/><\/div><\/a>\n\t\t\t\t<div class=\"elementor-post__text\">\n\t\t\t\t<h3 class=\"elementor-post__title\">\n\t\t\t<a href=\"http:\/\/www.musees-mediterranee.org\/index.php\/2024\/08\/27\/musee-des-arts-et-traditions-populaires-de-moyenne-provence\/\" >\n\t\t\t\tMus\u00e9e des Arts et Traditions Populaires de Moyenne Provence\t\t\t<\/a>\n\t\t<\/h3>\n\t\t\t\t<div class=\"elementor-post__excerpt\">\n\t\t\t<p>Draguignan<\/p>\t\t<\/div>\n\t\t\t\t<\/div>\n\t\t\t\t\t<\/div>\n\t\t<\/article>\n\t\t\t\t<article class=\"elementor-post elementor-grid-item post-12588 post type-post status-publish format-standard has-post-thumbnail hentry category-page-musee category-route-archeo tag-136 tag-draguignan\" role=\"listitem\">\n\t\t\t<div class=\"elementor-post__card\">\n\t\t\t\t<a class=\"elementor-post__thumbnail__link\" href=\"http:\/\/www.musees-mediterranee.org\/index.php\/2024\/08\/27\/musee-des-beaux-arts-2\/\" tabindex=\"-1\" ><div class=\"elementor-post__thumbnail\"><img loading=\"lazy\" decoding=\"async\" width=\"300\" height=\"197\" src=\"http:\/\/www.musees-mediterranee.org\/wp-content\/uploads\/2024\/08\/muse-114-photo_1-300x197.jpg\" class=\"attachment-medium size-medium wp-image-12589\" alt=\"\" srcset=\"http:\/\/www.musees-mediterranee.org\/wp-content\/uploads\/2024\/08\/muse-114-photo_1-300x197.jpg 300w, http:\/\/www.musees-mediterranee.org\/wp-content\/uploads\/2024\/08\/muse-114-photo_1.jpg 591w\" sizes=\"(max-width: 300px) 100vw, 300px\" \/><\/div><\/a>\n\t\t\t\t<div class=\"elementor-post__text\">\n\t\t\t\t<h3 class=\"elementor-post__title\">\n\t\t\t<a href=\"http:\/\/www.musees-mediterranee.org\/index.php\/2024\/08\/27\/musee-des-beaux-arts-2\/\" >\n\t\t\t\tMus\u00e9e des Beaux-Arts\t\t\t<\/a>\n\t\t<\/h3>\n\t\t\t\t<div class=\"elementor-post__excerpt\">\n\t\t\t<p>Draguignan<\/p>\t\t<\/div>\n\t\t\t\t<\/div>\n\t\t\t\t\t<\/div>\n\t\t<\/article>\n\t\t\t\t<article class=\"elementor-post elementor-grid-item post-12599 post type-post status-publish format-standard has-post-thumbnail hentry category-page-musee tag-130 tag-fontaine-de-vaucluse\" role=\"listitem\">\n\t\t\t<div class=\"elementor-post__card\">\n\t\t\t\t<a class=\"elementor-post__thumbnail__link\" href=\"http:\/\/www.musees-mediterranee.org\/index.php\/2024\/08\/27\/musee-bibliotheque-petrarque\/\" tabindex=\"-1\" ><div class=\"elementor-post__thumbnail\"><img loading=\"lazy\" decoding=\"async\" width=\"300\" height=\"200\" src=\"http:\/\/www.musees-mediterranee.org\/wp-content\/uploads\/2024\/08\/muse-4-photo_1-300x200.jpg\" class=\"attachment-medium size-medium wp-image-12600\" alt=\"\" srcset=\"http:\/\/www.musees-mediterranee.org\/wp-content\/uploads\/2024\/08\/muse-4-photo_1-300x200.jpg 300w, http:\/\/www.musees-mediterranee.org\/wp-content\/uploads\/2024\/08\/muse-4-photo_1.jpg 700w\" sizes=\"(max-width: 300px) 100vw, 300px\" \/><\/div><\/a>\n\t\t\t\t<div class=\"elementor-post__text\">\n\t\t\t\t<h3 class=\"elementor-post__title\">\n\t\t\t<a href=\"http:\/\/www.musees-mediterranee.org\/index.php\/2024\/08\/27\/musee-bibliotheque-petrarque\/\" >\n\t\t\t\tMus\u00e9e-biblioth\u00e8que P\u00e9trarque\t\t\t<\/a>\n\t\t<\/h3>\n\t\t\t\t<div class=\"elementor-post__excerpt\">\n\t\t\t<p>Fontaine-de-Vaucluse<\/p>\t\t<\/div>\n\t\t\t\t<\/div>\n\t\t\t\t\t<\/div>\n\t\t<\/article>\n\t\t\t\t<article class=\"elementor-post elementor-grid-item post-12612 post type-post status-publish format-standard has-post-thumbnail hentry category-page-musee tag-130 tag-fontaine-de-vaucluse\" role=\"listitem\">\n\t\t\t<div class=\"elementor-post__card\">\n\t\t\t\t<a class=\"elementor-post__thumbnail__link\" href=\"http:\/\/www.musees-mediterranee.org\/index.php\/2024\/08\/27\/musee-dhistoire-jean-garcin-1939-1945-lappel-de-la-liberte\/\" tabindex=\"-1\" ><div class=\"elementor-post__thumbnail\"><img loading=\"lazy\" decoding=\"async\" width=\"199\" height=\"300\" src=\"http:\/\/www.musees-mediterranee.org\/wp-content\/uploads\/2024\/08\/muse-81-photo_1-199x300.jpg\" class=\"attachment-medium size-medium wp-image-12615\" alt=\"\" srcset=\"http:\/\/www.musees-mediterranee.org\/wp-content\/uploads\/2024\/08\/muse-81-photo_1-199x300.jpg 199w, http:\/\/www.musees-mediterranee.org\/wp-content\/uploads\/2024\/08\/muse-81-photo_1.jpg 465w\" sizes=\"(max-width: 199px) 100vw, 199px\" \/><\/div><\/a>\n\t\t\t\t<div class=\"elementor-post__text\">\n\t\t\t\t<h3 class=\"elementor-post__title\">\n\t\t\t<a href=\"http:\/\/www.musees-mediterranee.org\/index.php\/2024\/08\/27\/musee-dhistoire-jean-garcin-1939-1945-lappel-de-la-liberte\/\" >\n\t\t\t\tMus\u00e9e d&#8217;Histoire Jean Garcin \u00ab 1939-1945, l&#8217;Appel de la Libert\u00e9 \u00bb\t\t\t<\/a>\n\t\t<\/h3>\n\t\t\t\t<div class=\"elementor-post__excerpt\">\n\t\t\t<p>Fontaine-de-Vaucluse<\/p>\t\t<\/div>\n\t\t\t\t<\/div>\n\t\t\t\t\t<\/div>\n\t\t<\/article>\n\t\t\t\t<article class=\"elementor-post elementor-grid-item post-12618 post type-post status-publish format-standard has-post-thumbnail hentry category-page-musee tag-129 tag-forcalquier\" role=\"listitem\">\n\t\t\t<div class=\"elementor-post__card\">\n\t\t\t\t<a class=\"elementor-post__thumbnail__link\" href=\"http:\/\/www.musees-mediterranee.org\/index.php\/2024\/08\/27\/musee-municipal-centre-dart-boris-bojnev\/\" tabindex=\"-1\" ><div class=\"elementor-post__thumbnail\"><img loading=\"lazy\" decoding=\"async\" width=\"300\" height=\"232\" src=\"http:\/\/www.musees-mediterranee.org\/wp-content\/uploads\/2024\/07\/vide-300x232.jpg\" class=\"attachment-medium size-medium wp-image-12350\" alt=\"\" srcset=\"http:\/\/www.musees-mediterranee.org\/wp-content\/uploads\/2024\/07\/vide-300x232.jpg 300w, http:\/\/www.musees-mediterranee.org\/wp-content\/uploads\/2024\/07\/vide-1024x792.jpg 1024w, http:\/\/www.musees-mediterranee.org\/wp-content\/uploads\/2024\/07\/vide-768x594.jpg 768w, http:\/\/www.musees-mediterranee.org\/wp-content\/uploads\/2024\/07\/vide.jpg 1200w\" sizes=\"(max-width: 300px) 100vw, 300px\" \/><\/div><\/a>\n\t\t\t\t<div class=\"elementor-post__text\">\n\t\t\t\t<h3 class=\"elementor-post__title\">\n\t\t\t<a href=\"http:\/\/www.musees-mediterranee.org\/index.php\/2024\/08\/27\/musee-municipal-centre-dart-boris-bojnev\/\" >\n\t\t\t\tMus\u00e9e municipal \u2013 Centre d\u2019art Boris Bojnev\t\t\t<\/a>\n\t\t<\/h3>\n\t\t\t\t<div class=\"elementor-post__excerpt\">\n\t\t\t<p>Forcalquier<\/p>\t\t<\/div>\n\t\t\t\t<\/div>\n\t\t\t\t\t<\/div>\n\t\t<\/article>\n\t\t\t\t<\/div>\n\t\t\n\t\t\t\t\t\t<\/div>\n\t\t\t\t<\/div>\n\t\t\t\t<div class=\"elementor-element elementor-element-da48d03 elementor-widget-divider--view-line exad-sticky-section-no exad-glass-effect-no elementor-widget elementor-widget-divider\" data-id=\"da48d03\" data-element_type=\"widget\" data-e-type=\"widget\" data-widget_type=\"divider.default\">\n\t\t\t\t<div class=\"elementor-widget-container\">\n\t\t\t\t\t\t\t<div class=\"elementor-divider\">\n\t\t\t<span class=\"elementor-divider-separator\">\n\t\t\t\t\t\t<\/span>\n\t\t<\/div>\n\t\t\t\t\t\t<\/div>\n\t\t\t\t<\/div>\n\t\t\t\t\t<\/div>\n\t\t<\/div>\n\t\t\t\t\t<\/div>\n\t\t<\/section>\n\t\t\t\t<section class=\"elementor-section elementor-top-section elementor-element elementor-element-2975838 elementor-section-boxed elementor-section-height-default elementor-section-height-default exad-glass-effect-no exad-sticky-section-no\" data-id=\"2975838\" data-element_type=\"section\" data-e-type=\"section\">\n\t\t\t\t\t\t<div class=\"elementor-container elementor-column-gap-default\">\n\t\t\t\t\t<div class=\"elementor-column elementor-col-100 elementor-top-column elementor-element elementor-element-17ca6a4 exad-glass-effect-no exad-sticky-section-no\" data-id=\"17ca6a4\" data-element_type=\"column\" data-e-type=\"column\">\n\t\t\t<div class=\"elementor-widget-wrap elementor-element-populated\">\n\t\t\t\t\t\t<div class=\"elementor-element elementor-element-13ce82b exad-sticky-section-no exad-glass-effect-no elementor-widget elementor-widget-heading\" data-id=\"13ce82b\" data-element_type=\"widget\" data-e-type=\"widget\" data-widget_type=\"heading.default\">\n\t\t\t\t<div class=\"elementor-widget-container\">\n\t\t\t\t\t<h5 class=\"elementor-heading-title elementor-size-default\">Fr\u00e9jus - Gap - Grasse - H\u00e9r\u00e9pian<\/h5>\t\t\t\t<\/div>\n\t\t\t\t<\/div>\n\t\t\t\t<div class=\"elementor-element elementor-element-1d9df15 elementor-grid-4 elementor-posts--align-center elementor-widget__width-initial elementor-grid-tablet-2 elementor-grid-mobile-1 elementor-posts--thumbnail-top elementor-card-shadow-yes elementor-posts__hover-gradient exad-sticky-section-no exad-glass-effect-no elementor-widget elementor-widget-posts\" data-id=\"1d9df15\" data-element_type=\"widget\" data-e-type=\"widget\" data-settings=\"{&quot;cards_columns&quot;:&quot;4&quot;,&quot;cards_row_gap&quot;:{&quot;unit&quot;:&quot;px&quot;,&quot;size&quot;:10,&quot;sizes&quot;:[]},&quot;cards_columns_tablet&quot;:&quot;2&quot;,&quot;cards_columns_mobile&quot;:&quot;1&quot;,&quot;cards_row_gap_tablet&quot;:{&quot;unit&quot;:&quot;px&quot;,&quot;size&quot;:&quot;&quot;,&quot;sizes&quot;:[]},&quot;cards_row_gap_mobile&quot;:{&quot;unit&quot;:&quot;px&quot;,&quot;size&quot;:&quot;&quot;,&quot;sizes&quot;:[]}}\" data-widget_type=\"posts.cards\">\n\t\t\t\t<div class=\"elementor-widget-container\">\n\t\t\t\t\t\t\t<div class=\"elementor-posts-container elementor-posts elementor-posts--skin-cards elementor-grid\" role=\"list\">\n\t\t\t\t<article class=\"elementor-post elementor-grid-item post-12634 post type-post status-publish format-standard has-post-thumbnail hentry category-page-musee category-route-archeo tag-136 tag-frejus\" role=\"listitem\">\n\t\t\t<div class=\"elementor-post__card\">\n\t\t\t\t<a class=\"elementor-post__thumbnail__link\" href=\"http:\/\/www.musees-mediterranee.org\/index.php\/2024\/08\/28\/musee-archeologique-municipal-de-frejus\/\" tabindex=\"-1\" ><div class=\"elementor-post__thumbnail\"><img loading=\"lazy\" decoding=\"async\" width=\"300\" height=\"200\" src=\"http:\/\/www.musees-mediterranee.org\/wp-content\/uploads\/2024\/08\/muse-53-photo_1-300x200.jpg\" class=\"attachment-medium size-medium wp-image-12636\" alt=\"\" srcset=\"http:\/\/www.musees-mediterranee.org\/wp-content\/uploads\/2024\/08\/muse-53-photo_1-300x200.jpg 300w, http:\/\/www.musees-mediterranee.org\/wp-content\/uploads\/2024\/08\/muse-53-photo_1.jpg 700w\" sizes=\"(max-width: 300px) 100vw, 300px\" \/><\/div><\/a>\n\t\t\t\t<div class=\"elementor-post__text\">\n\t\t\t\t<h3 class=\"elementor-post__title\">\n\t\t\t<a href=\"http:\/\/www.musees-mediterranee.org\/index.php\/2024\/08\/28\/musee-archeologique-municipal-de-frejus\/\" >\n\t\t\t\tMus\u00e9e Arch\u00e9ologique Municipal de Fr\u00e9jus\t\t\t<\/a>\n\t\t<\/h3>\n\t\t\t\t<div class=\"elementor-post__excerpt\">\n\t\t\t<p>Fr\u00e9jus<\/p>\t\t<\/div>\n\t\t\t\t<\/div>\n\t\t\t\t\t<\/div>\n\t\t<\/article>\n\t\t\t\t<article class=\"elementor-post elementor-grid-item post-12641 post type-post status-publish format-standard has-post-thumbnail hentry category-page-musee tag-136 tag-frejus\" role=\"listitem\">\n\t\t\t<div class=\"elementor-post__card\">\n\t\t\t\t<a class=\"elementor-post__thumbnail__link\" href=\"http:\/\/www.musees-mediterranee.org\/index.php\/2024\/08\/28\/musee-des-troupes-de-marine\/\" tabindex=\"-1\" ><div class=\"elementor-post__thumbnail\"><img loading=\"lazy\" decoding=\"async\" width=\"300\" height=\"144\" src=\"http:\/\/www.musees-mediterranee.org\/wp-content\/uploads\/2024\/08\/musPhoto_89_4DZP-300x144.jpg\" class=\"attachment-medium size-medium wp-image-12642\" alt=\"\" srcset=\"http:\/\/www.musees-mediterranee.org\/wp-content\/uploads\/2024\/08\/musPhoto_89_4DZP-300x144.jpg 300w, http:\/\/www.musees-mediterranee.org\/wp-content\/uploads\/2024\/08\/musPhoto_89_4DZP.jpg 600w\" sizes=\"(max-width: 300px) 100vw, 300px\" \/><\/div><\/a>\n\t\t\t\t<div class=\"elementor-post__text\">\n\t\t\t\t<h3 class=\"elementor-post__title\">\n\t\t\t<a href=\"http:\/\/www.musees-mediterranee.org\/index.php\/2024\/08\/28\/musee-des-troupes-de-marine\/\" >\n\t\t\t\tMus\u00e9e des Troupes de Marine\t\t\t<\/a>\n\t\t<\/h3>\n\t\t\t\t<div class=\"elementor-post__excerpt\">\n\t\t\t<p>Fr\u00e9jus<\/p>\t\t<\/div>\n\t\t\t\t<\/div>\n\t\t\t\t\t<\/div>\n\t\t<\/article>\n\t\t\t\t<article class=\"elementor-post elementor-grid-item post-12653 post type-post status-publish format-standard has-post-thumbnail hentry category-page-musee category-route-archeo tag-158 tag-gap\" role=\"listitem\">\n\t\t\t<div class=\"elementor-post__card\">\n\t\t\t\t<a class=\"elementor-post__thumbnail__link\" href=\"http:\/\/www.musees-mediterranee.org\/index.php\/2024\/08\/28\/musee-museum-departemental\/\" tabindex=\"-1\" ><div class=\"elementor-post__thumbnail\"><img loading=\"lazy\" decoding=\"async\" width=\"300\" height=\"225\" src=\"http:\/\/www.musees-mediterranee.org\/wp-content\/uploads\/2024\/08\/muse-37-photo_1-300x225.jpg\" class=\"attachment-medium size-medium wp-image-12654\" alt=\"\" srcset=\"http:\/\/www.musees-mediterranee.org\/wp-content\/uploads\/2024\/08\/muse-37-photo_1-300x225.jpg 300w, http:\/\/www.musees-mediterranee.org\/wp-content\/uploads\/2024\/08\/muse-37-photo_1.jpg 700w\" sizes=\"(max-width: 300px) 100vw, 300px\" \/><\/div><\/a>\n\t\t\t\t<div class=\"elementor-post__text\">\n\t\t\t\t<h3 class=\"elementor-post__title\">\n\t\t\t<a href=\"http:\/\/www.musees-mediterranee.org\/index.php\/2024\/08\/28\/musee-museum-departemental\/\" >\n\t\t\t\tMus\u00e9e Mus\u00e9um d\u00e9partemental\t\t\t<\/a>\n\t\t<\/h3>\n\t\t\t\t<div class=\"elementor-post__excerpt\">\n\t\t\t<p>Gap<\/p>\t\t<\/div>\n\t\t\t\t<\/div>\n\t\t\t\t\t<\/div>\n\t\t<\/article>\n\t\t\t\t<article class=\"elementor-post elementor-grid-item post-12661 post type-post status-publish format-standard has-post-thumbnail hentry category-musee-adherent category-page-musee tag-132 tag-grasse\" role=\"listitem\">\n\t\t\t<div class=\"elementor-post__card\">\n\t\t\t\t<a class=\"elementor-post__thumbnail__link\" href=\"http:\/\/www.musees-mediterranee.org\/index.php\/2024\/08\/28\/villa-musee-jean-honore-fragonard\/\" tabindex=\"-1\" ><div class=\"elementor-post__thumbnail\"><img loading=\"lazy\" decoding=\"async\" width=\"198\" height=\"300\" src=\"http:\/\/www.musees-mediterranee.org\/wp-content\/uploads\/2024\/08\/muse-5-photo_3-198x300.jpg\" class=\"attachment-medium size-medium wp-image-12662\" alt=\"\" srcset=\"http:\/\/www.musees-mediterranee.org\/wp-content\/uploads\/2024\/08\/muse-5-photo_3-198x300.jpg 198w, http:\/\/www.musees-mediterranee.org\/wp-content\/uploads\/2024\/08\/muse-5-photo_3.jpg 459w\" sizes=\"(max-width: 198px) 100vw, 198px\" \/><\/div><\/a>\n\t\t\t\t<div class=\"elementor-post__text\">\n\t\t\t\t<h3 class=\"elementor-post__title\">\n\t\t\t<a href=\"http:\/\/www.musees-mediterranee.org\/index.php\/2024\/08\/28\/villa-musee-jean-honore-fragonard\/\" >\n\t\t\t\tVilla-Mus\u00e9e Jean-Honor\u00e9 Fragonard\t\t\t<\/a>\n\t\t<\/h3>\n\t\t\t\t<div class=\"elementor-post__excerpt\">\n\t\t\t<p>Grasse<\/p>\t\t<\/div>\n\t\t\t\t<\/div>\n\t\t\t\t\t<\/div>\n\t\t<\/article>\n\t\t\t\t<article class=\"elementor-post elementor-grid-item post-12669 post type-post status-publish format-standard has-post-thumbnail hentry category-musee-adherent category-page-musee category-route-archeo tag-132 tag-grasse\" role=\"listitem\">\n\t\t\t<div class=\"elementor-post__card\">\n\t\t\t\t<a class=\"elementor-post__thumbnail__link\" href=\"http:\/\/www.musees-mediterranee.org\/index.php\/2024\/08\/28\/musee-dart-et-dhistoire-de-provence\/\" tabindex=\"-1\" ><div class=\"elementor-post__thumbnail\"><img loading=\"lazy\" decoding=\"async\" width=\"200\" height=\"300\" src=\"http:\/\/www.musees-mediterranee.org\/wp-content\/uploads\/2024\/08\/musPhoto_6_V8S4-200x300.jpg\" class=\"attachment-medium size-medium wp-image-12670\" alt=\"\" srcset=\"http:\/\/www.musees-mediterranee.org\/wp-content\/uploads\/2024\/08\/musPhoto_6_V8S4-200x300.jpg 200w, http:\/\/www.musees-mediterranee.org\/wp-content\/uploads\/2024\/08\/musPhoto_6_V8S4.jpg 333w\" sizes=\"(max-width: 200px) 100vw, 200px\" \/><\/div><\/a>\n\t\t\t\t<div class=\"elementor-post__text\">\n\t\t\t\t<h3 class=\"elementor-post__title\">\n\t\t\t<a href=\"http:\/\/www.musees-mediterranee.org\/index.php\/2024\/08\/28\/musee-dart-et-dhistoire-de-provence\/\" >\n\t\t\t\tMus\u00e9e d&#8217;Art et d&#8217;Histoire de Provence\t\t\t<\/a>\n\t\t<\/h3>\n\t\t\t\t<div class=\"elementor-post__excerpt\">\n\t\t\t<p>Grasse<\/p>\t\t<\/div>\n\t\t\t\t<\/div>\n\t\t\t\t\t<\/div>\n\t\t<\/article>\n\t\t\t\t<article class=\"elementor-post elementor-grid-item post-12674 post type-post status-publish format-standard has-post-thumbnail hentry category-musee-adherent category-page-musee tag-132 tag-grasse\" role=\"listitem\">\n\t\t\t<div class=\"elementor-post__card\">\n\t\t\t\t<a class=\"elementor-post__thumbnail__link\" href=\"http:\/\/www.musees-mediterranee.org\/index.php\/2024\/08\/28\/musee-international-de-la-parfumerie\/\" tabindex=\"-1\" ><div class=\"elementor-post__thumbnail\"><img loading=\"lazy\" decoding=\"async\" width=\"300\" height=\"199\" src=\"http:\/\/www.musees-mediterranee.org\/wp-content\/uploads\/2024\/08\/musPhoto_7_IQN3-300x199.jpg\" class=\"attachment-medium size-medium wp-image-12675\" alt=\"\" srcset=\"http:\/\/www.musees-mediterranee.org\/wp-content\/uploads\/2024\/08\/musPhoto_7_IQN3-300x199.jpg 300w, http:\/\/www.musees-mediterranee.org\/wp-content\/uploads\/2024\/08\/musPhoto_7_IQN3.jpg 600w\" sizes=\"(max-width: 300px) 100vw, 300px\" \/><\/div><\/a>\n\t\t\t\t<div class=\"elementor-post__text\">\n\t\t\t\t<h3 class=\"elementor-post__title\">\n\t\t\t<a href=\"http:\/\/www.musees-mediterranee.org\/index.php\/2024\/08\/28\/musee-international-de-la-parfumerie\/\" >\n\t\t\t\tMus\u00e9e International de la Parfumerie\t\t\t<\/a>\n\t\t<\/h3>\n\t\t\t\t<div class=\"elementor-post__excerpt\">\n\t\t\t<p>Grasse<\/p>\t\t<\/div>\n\t\t\t\t<\/div>\n\t\t\t\t\t<\/div>\n\t\t<\/article>\n\t\t\t\t<article class=\"elementor-post elementor-grid-item post-12679 post type-post status-publish format-standard has-post-thumbnail hentry category-page-musee tag-134 tag-herepian\" role=\"listitem\">\n\t\t\t<div class=\"elementor-post__card\">\n\t\t\t\t<a class=\"elementor-post__thumbnail__link\" href=\"http:\/\/www.musees-mediterranee.org\/index.php\/2024\/08\/28\/musee-de-la-cloche-et-de-la-sonnaille\/\" tabindex=\"-1\" ><div class=\"elementor-post__thumbnail\"><img loading=\"lazy\" decoding=\"async\" width=\"300\" height=\"232\" src=\"http:\/\/www.musees-mediterranee.org\/wp-content\/uploads\/2024\/07\/vide-300x232.jpg\" class=\"attachment-medium size-medium wp-image-12350\" alt=\"\" srcset=\"http:\/\/www.musees-mediterranee.org\/wp-content\/uploads\/2024\/07\/vide-300x232.jpg 300w, http:\/\/www.musees-mediterranee.org\/wp-content\/uploads\/2024\/07\/vide-1024x792.jpg 1024w, http:\/\/www.musees-mediterranee.org\/wp-content\/uploads\/2024\/07\/vide-768x594.jpg 768w, http:\/\/www.musees-mediterranee.org\/wp-content\/uploads\/2024\/07\/vide.jpg 1200w\" sizes=\"(max-width: 300px) 100vw, 300px\" \/><\/div><\/a>\n\t\t\t\t<div class=\"elementor-post__text\">\n\t\t\t\t<h3 class=\"elementor-post__title\">\n\t\t\t<a href=\"http:\/\/www.musees-mediterranee.org\/index.php\/2024\/08\/28\/musee-de-la-cloche-et-de-la-sonnaille\/\" >\n\t\t\t\tMus\u00e9e de la Cloche et de la Sonnaille\t\t\t<\/a>\n\t\t<\/h3>\n\t\t\t\t<div class=\"elementor-post__excerpt\">\n\t\t\t<p>H\u00e9r\u00e9pian<\/p>\t\t<\/div>\n\t\t\t\t<\/div>\n\t\t\t\t\t<\/div>\n\t\t<\/article>\n\t\t\t\t<\/div>\n\t\t\n\t\t\t\t\t\t<\/div>\n\t\t\t\t<\/div>\n\t\t\t\t<div class=\"elementor-element elementor-element-f0f0507 elementor-widget-divider--view-line exad-sticky-section-no exad-glass-effect-no elementor-widget elementor-widget-divider\" data-id=\"f0f0507\" data-element_type=\"widget\" data-e-type=\"widget\" data-widget_type=\"divider.default\">\n\t\t\t\t<div class=\"elementor-widget-container\">\n\t\t\t\t\t\t\t<div class=\"elementor-divider\">\n\t\t\t<span class=\"elementor-divider-separator\">\n\t\t\t\t\t\t<\/span>\n\t\t<\/div>\n\t\t\t\t\t\t<\/div>\n\t\t\t\t<\/div>\n\t\t\t\t\t<\/div>\n\t\t<\/div>\n\t\t\t\t\t<\/div>\n\t\t<\/section>\n\t\t\t\t<section class=\"elementor-section elementor-top-section elementor-element elementor-element-69ba40c elementor-section-boxed elementor-section-height-default elementor-section-height-default exad-glass-effect-no exad-sticky-section-no\" data-id=\"69ba40c\" data-element_type=\"section\" data-e-type=\"section\">\n\t\t\t\t\t\t<div class=\"elementor-container elementor-column-gap-default\">\n\t\t\t\t\t<div class=\"elementor-column elementor-col-100 elementor-top-column elementor-element elementor-element-a34e4b4 exad-glass-effect-no exad-sticky-section-no\" data-id=\"a34e4b4\" data-element_type=\"column\" data-e-type=\"column\">\n\t\t\t<div class=\"elementor-widget-wrap elementor-element-populated\">\n\t\t\t\t\t\t<div class=\"elementor-element elementor-element-8f0bcc8 exad-sticky-section-no exad-glass-effect-no elementor-widget elementor-widget-heading\" data-id=\"8f0bcc8\" data-element_type=\"widget\" data-e-type=\"widget\" data-widget_type=\"heading.default\">\n\t\t\t\t<div class=\"elementor-widget-container\">\n\t\t\t\t\t<h5 class=\"elementor-heading-title elementor-size-default\">Hy\u00e8res - Istres - La Ciotat - La Garde -  Lattes - Le Cannet - Le Pont-de-Montvert<\/h5>\t\t\t\t<\/div>\n\t\t\t\t<\/div>\n\t\t\t\t<div class=\"elementor-element elementor-element-887c8c1 elementor-grid-4 elementor-posts--align-center elementor-widget__width-initial elementor-grid-tablet-2 elementor-grid-mobile-1 elementor-posts--thumbnail-top elementor-card-shadow-yes elementor-posts__hover-gradient exad-sticky-section-no exad-glass-effect-no elementor-widget elementor-widget-posts\" data-id=\"887c8c1\" data-element_type=\"widget\" data-e-type=\"widget\" data-settings=\"{&quot;cards_columns&quot;:&quot;4&quot;,&quot;cards_row_gap&quot;:{&quot;unit&quot;:&quot;px&quot;,&quot;size&quot;:10,&quot;sizes&quot;:[]},&quot;cards_columns_tablet&quot;:&quot;2&quot;,&quot;cards_columns_mobile&quot;:&quot;1&quot;,&quot;cards_row_gap_tablet&quot;:{&quot;unit&quot;:&quot;px&quot;,&quot;size&quot;:&quot;&quot;,&quot;sizes&quot;:[]},&quot;cards_row_gap_mobile&quot;:{&quot;unit&quot;:&quot;px&quot;,&quot;size&quot;:&quot;&quot;,&quot;sizes&quot;:[]}}\" data-widget_type=\"posts.cards\">\n\t\t\t\t<div class=\"elementor-widget-container\">\n\t\t\t\t\t\t\t<div class=\"elementor-posts-container elementor-posts elementor-posts--skin-cards elementor-grid\" role=\"list\">\n\t\t\t\t<article class=\"elementor-post elementor-grid-item post-12693 post type-post status-publish format-standard has-post-thumbnail hentry category-page-musee category-route-archeo tag-136 tag-hyeres\" role=\"listitem\">\n\t\t\t<div class=\"elementor-post__card\">\n\t\t\t\t<a class=\"elementor-post__thumbnail__link\" href=\"http:\/\/www.musees-mediterranee.org\/index.php\/2024\/09\/03\/site-archeologique-dolbia\/\" tabindex=\"-1\" ><div class=\"elementor-post__thumbnail\"><img loading=\"lazy\" decoding=\"async\" width=\"300\" height=\"225\" src=\"http:\/\/www.musees-mediterranee.org\/wp-content\/uploads\/2024\/09\/musPhoto_116_1Z13-300x225.png\" class=\"attachment-medium size-medium wp-image-12694\" alt=\"\" srcset=\"http:\/\/www.musees-mediterranee.org\/wp-content\/uploads\/2024\/09\/musPhoto_116_1Z13-300x225.png 300w, http:\/\/www.musees-mediterranee.org\/wp-content\/uploads\/2024\/09\/musPhoto_116_1Z13.png 600w\" sizes=\"(max-width: 300px) 100vw, 300px\" \/><\/div><\/a>\n\t\t\t\t<div class=\"elementor-post__text\">\n\t\t\t\t<h3 class=\"elementor-post__title\">\n\t\t\t<a href=\"http:\/\/www.musees-mediterranee.org\/index.php\/2024\/09\/03\/site-archeologique-dolbia\/\" >\n\t\t\t\tSite arch\u00e9ologique d&#8217;Olbia\t\t\t<\/a>\n\t\t<\/h3>\n\t\t\t\t<div class=\"elementor-post__excerpt\">\n\t\t\t<p>Hy\u00e8res<\/p>\t\t<\/div>\n\t\t\t\t<\/div>\n\t\t\t\t\t<\/div>\n\t\t<\/article>\n\t\t\t\t<article class=\"elementor-post elementor-grid-item post-12696 post type-post status-publish format-standard has-post-thumbnail hentry category-page-musee tag-136 tag-hyeres\" role=\"listitem\">\n\t\t\t<div class=\"elementor-post__card\">\n\t\t\t\t<a class=\"elementor-post__thumbnail__link\" href=\"http:\/\/www.musees-mediterranee.org\/index.php\/2024\/09\/03\/la-banque-musee-des-cultures-et-du-paysage\/\" tabindex=\"-1\" ><div class=\"elementor-post__thumbnail\"><img loading=\"lazy\" decoding=\"async\" width=\"300\" height=\"225\" src=\"http:\/\/www.musees-mediterranee.org\/wp-content\/uploads\/2024\/09\/musPhoto_251_9IGH-300x225.jpg\" class=\"attachment-medium size-medium wp-image-12697\" alt=\"\" srcset=\"http:\/\/www.musees-mediterranee.org\/wp-content\/uploads\/2024\/09\/musPhoto_251_9IGH-300x225.jpg 300w, http:\/\/www.musees-mediterranee.org\/wp-content\/uploads\/2024\/09\/musPhoto_251_9IGH.jpg 600w\" sizes=\"(max-width: 300px) 100vw, 300px\" \/><\/div><\/a>\n\t\t\t\t<div class=\"elementor-post__text\">\n\t\t\t\t<h3 class=\"elementor-post__title\">\n\t\t\t<a href=\"http:\/\/www.musees-mediterranee.org\/index.php\/2024\/09\/03\/la-banque-musee-des-cultures-et-du-paysage\/\" >\n\t\t\t\tLa Banque, mus\u00e9e des Cultures et du Paysage\t\t\t<\/a>\n\t\t<\/h3>\n\t\t\t\t<div class=\"elementor-post__excerpt\">\n\t\t\t<p>Hy\u00e8res<\/p>\t\t<\/div>\n\t\t\t\t<\/div>\n\t\t\t\t\t<\/div>\n\t\t<\/article>\n\t\t\t\t<article class=\"elementor-post elementor-grid-item post-12703 post type-post status-publish format-standard has-post-thumbnail hentry category-page-musee category-route-archeo tag-131 tag-istres\" role=\"listitem\">\n\t\t\t<div class=\"elementor-post__card\">\n\t\t\t\t<a class=\"elementor-post__thumbnail__link\" href=\"http:\/\/www.musees-mediterranee.org\/index.php\/2024\/09\/03\/musee-rene-beaucaire\/\" tabindex=\"-1\" ><div class=\"elementor-post__thumbnail\"><img loading=\"lazy\" decoding=\"async\" width=\"225\" height=\"300\" src=\"http:\/\/www.musees-mediterranee.org\/wp-content\/uploads\/2024\/09\/muse-18-photo_1-225x300.jpg\" class=\"attachment-medium size-medium wp-image-12704\" alt=\"\" srcset=\"http:\/\/www.musees-mediterranee.org\/wp-content\/uploads\/2024\/09\/muse-18-photo_1-225x300.jpg 225w, http:\/\/www.musees-mediterranee.org\/wp-content\/uploads\/2024\/09\/muse-18-photo_1.jpg 525w\" sizes=\"(max-width: 225px) 100vw, 225px\" \/><\/div><\/a>\n\t\t\t\t<div class=\"elementor-post__text\">\n\t\t\t\t<h3 class=\"elementor-post__title\">\n\t\t\t<a href=\"http:\/\/www.musees-mediterranee.org\/index.php\/2024\/09\/03\/musee-rene-beaucaire\/\" >\n\t\t\t\tMus\u00e9e Ren\u00e9 Beaucaire\t\t\t<\/a>\n\t\t<\/h3>\n\t\t\t\t<div class=\"elementor-post__excerpt\">\n\t\t\t<p>Istres<\/p>\t\t<\/div>\n\t\t\t\t<\/div>\n\t\t\t\t\t<\/div>\n\t\t<\/article>\n\t\t\t\t<article class=\"elementor-post elementor-grid-item post-12707 post type-post status-publish format-standard has-post-thumbnail hentry category-musee-adherent category-page-musee tag-131 tag-la-ciotat tag-m61\" role=\"listitem\">\n\t\t\t<div class=\"elementor-post__card\">\n\t\t\t\t<a class=\"elementor-post__thumbnail__link\" href=\"http:\/\/www.musees-mediterranee.org\/index.php\/2024\/09\/03\/musee-ciotaden\/\" tabindex=\"-1\" ><div class=\"elementor-post__thumbnail\"><img loading=\"lazy\" decoding=\"async\" width=\"300\" height=\"225\" src=\"http:\/\/www.musees-mediterranee.org\/wp-content\/uploads\/2024\/09\/muse-61-photo_1-300x225.jpg\" class=\"attachment-medium size-medium wp-image-12708\" alt=\"\" srcset=\"http:\/\/www.musees-mediterranee.org\/wp-content\/uploads\/2024\/09\/muse-61-photo_1-300x225.jpg 300w, http:\/\/www.musees-mediterranee.org\/wp-content\/uploads\/2024\/09\/muse-61-photo_1.jpg 700w\" sizes=\"(max-width: 300px) 100vw, 300px\" \/><\/div><\/a>\n\t\t\t\t<div class=\"elementor-post__text\">\n\t\t\t\t<h3 class=\"elementor-post__title\">\n\t\t\t<a href=\"http:\/\/www.musees-mediterranee.org\/index.php\/2024\/09\/03\/musee-ciotaden\/\" >\n\t\t\t\tMus\u00e9e Ciotaden\t\t\t<\/a>\n\t\t<\/h3>\n\t\t\t\t<div class=\"elementor-post__excerpt\">\n\t\t\t<p>La Ciotat<\/p>\t\t<\/div>\n\t\t\t\t<\/div>\n\t\t\t\t\t<\/div>\n\t\t<\/article>\n\t\t\t\t<article class=\"elementor-post elementor-grid-item post-12716 post type-post status-publish format-standard has-post-thumbnail hentry category-page-musee tag-136 tag-la-garde\" role=\"listitem\">\n\t\t\t<div class=\"elementor-post__card\">\n\t\t\t\t<a class=\"elementor-post__thumbnail__link\" href=\"http:\/\/www.musees-mediterranee.org\/index.php\/2024\/09\/03\/musee-jean-aicard-paulin-bertrand\/\" tabindex=\"-1\" ><div class=\"elementor-post__thumbnail\"><img loading=\"lazy\" decoding=\"async\" width=\"300\" height=\"200\" src=\"http:\/\/www.musees-mediterranee.org\/wp-content\/uploads\/2024\/09\/muse-102-photo_1-300x200.jpg\" class=\"attachment-medium size-medium wp-image-12717\" alt=\"\" srcset=\"http:\/\/www.musees-mediterranee.org\/wp-content\/uploads\/2024\/09\/muse-102-photo_1-300x200.jpg 300w, http:\/\/www.musees-mediterranee.org\/wp-content\/uploads\/2024\/09\/muse-102-photo_1.jpg 700w\" sizes=\"(max-width: 300px) 100vw, 300px\" \/><\/div><\/a>\n\t\t\t\t<div class=\"elementor-post__text\">\n\t\t\t\t<h3 class=\"elementor-post__title\">\n\t\t\t<a href=\"http:\/\/www.musees-mediterranee.org\/index.php\/2024\/09\/03\/musee-jean-aicard-paulin-bertrand\/\" >\n\t\t\t\tMus\u00e9e Jean Aicard &#8211; Paulin Bertrand\t\t\t<\/a>\n\t\t<\/h3>\n\t\t\t\t<div class=\"elementor-post__excerpt\">\n\t\t\t<p>La Garde<\/p>\t\t<\/div>\n\t\t\t\t<\/div>\n\t\t\t\t\t<\/div>\n\t\t<\/article>\n\t\t\t\t<article class=\"elementor-post elementor-grid-item post-12723 post type-post status-publish format-standard has-post-thumbnail hentry category-page-musee category-route-archeo tag-134 tag-lattes\" role=\"listitem\">\n\t\t\t<div class=\"elementor-post__card\">\n\t\t\t\t<a class=\"elementor-post__thumbnail__link\" href=\"http:\/\/www.musees-mediterranee.org\/index.php\/2024\/09\/03\/site-archeologique-lattara-musee-henri-prades\/\" tabindex=\"-1\" ><div class=\"elementor-post__thumbnail\"><img loading=\"lazy\" decoding=\"async\" width=\"300\" height=\"199\" src=\"http:\/\/www.musees-mediterranee.org\/wp-content\/uploads\/2024\/09\/muse-196-photo_1-300x199.jpg\" class=\"attachment-medium size-medium wp-image-12724\" alt=\"\" srcset=\"http:\/\/www.musees-mediterranee.org\/wp-content\/uploads\/2024\/09\/muse-196-photo_1-300x199.jpg 300w, http:\/\/www.musees-mediterranee.org\/wp-content\/uploads\/2024\/09\/muse-196-photo_1.jpg 700w\" sizes=\"(max-width: 300px) 100vw, 300px\" \/><\/div><\/a>\n\t\t\t\t<div class=\"elementor-post__text\">\n\t\t\t\t<h3 class=\"elementor-post__title\">\n\t\t\t<a href=\"http:\/\/www.musees-mediterranee.org\/index.php\/2024\/09\/03\/site-archeologique-lattara-musee-henri-prades\/\" >\n\t\t\t\tSite arch\u00e9ologique Lattara &#8211; mus\u00e9e Henri Prades\t\t\t<\/a>\n\t\t<\/h3>\n\t\t\t\t<div class=\"elementor-post__excerpt\">\n\t\t\t<p>Lattes<\/p>\t\t<\/div>\n\t\t\t\t<\/div>\n\t\t\t\t\t<\/div>\n\t\t<\/article>\n\t\t\t\t<article class=\"elementor-post elementor-grid-item post-12729 post type-post status-publish format-standard has-post-thumbnail hentry category-page-musee tag-132 tag-le-cannet\" role=\"listitem\">\n\t\t\t<div class=\"elementor-post__card\">\n\t\t\t\t<a class=\"elementor-post__thumbnail__link\" href=\"http:\/\/www.musees-mediterranee.org\/index.php\/2024\/09\/03\/musee-bonnard\/\" tabindex=\"-1\" ><div class=\"elementor-post__thumbnail\"><img loading=\"lazy\" decoding=\"async\" width=\"172\" height=\"300\" src=\"http:\/\/www.musees-mediterranee.org\/wp-content\/uploads\/2024\/09\/musPhoto_238_WWB7-172x300.jpg\" class=\"attachment-medium size-medium wp-image-12730\" alt=\"\" srcset=\"http:\/\/www.musees-mediterranee.org\/wp-content\/uploads\/2024\/09\/musPhoto_238_WWB7-172x300.jpg 172w, http:\/\/www.musees-mediterranee.org\/wp-content\/uploads\/2024\/09\/musPhoto_238_WWB7.jpg 239w\" sizes=\"(max-width: 172px) 100vw, 172px\" \/><\/div><\/a>\n\t\t\t\t<div class=\"elementor-post__text\">\n\t\t\t\t<h3 class=\"elementor-post__title\">\n\t\t\t<a href=\"http:\/\/www.musees-mediterranee.org\/index.php\/2024\/09\/03\/musee-bonnard\/\" >\n\t\t\t\tMus\u00e9e Bonnard\t\t\t<\/a>\n\t\t<\/h3>\n\t\t\t\t<div class=\"elementor-post__excerpt\">\n\t\t\t<p>Le Cannet<\/p>\t\t<\/div>\n\t\t\t\t<\/div>\n\t\t\t\t\t<\/div>\n\t\t<\/article>\n\t\t\t\t<article class=\"elementor-post elementor-grid-item post-12735 post type-post status-publish format-standard has-post-thumbnail hentry category-page-musee tag-168 tag-le-pont-de-montvert\" role=\"listitem\">\n\t\t\t<div class=\"elementor-post__card\">\n\t\t\t\t<a class=\"elementor-post__thumbnail__link\" href=\"http:\/\/www.musees-mediterranee.org\/index.php\/2024\/09\/03\/ecomusee-du-mont-lozere\/\" tabindex=\"-1\" ><div class=\"elementor-post__thumbnail\"><img loading=\"lazy\" decoding=\"async\" width=\"300\" height=\"225\" src=\"http:\/\/www.musees-mediterranee.org\/wp-content\/uploads\/2024\/09\/muse-209-photo_1-300x225.jpg\" class=\"attachment-medium size-medium wp-image-12736\" alt=\"\" srcset=\"http:\/\/www.musees-mediterranee.org\/wp-content\/uploads\/2024\/09\/muse-209-photo_1-300x225.jpg 300w, http:\/\/www.musees-mediterranee.org\/wp-content\/uploads\/2024\/09\/muse-209-photo_1.jpg 700w\" sizes=\"(max-width: 300px) 100vw, 300px\" \/><\/div><\/a>\n\t\t\t\t<div class=\"elementor-post__text\">\n\t\t\t\t<h3 class=\"elementor-post__title\">\n\t\t\t<a href=\"http:\/\/www.musees-mediterranee.org\/index.php\/2024\/09\/03\/ecomusee-du-mont-lozere\/\" >\n\t\t\t\tEcomus\u00e9e du mont Loz\u00e8re\t\t\t<\/a>\n\t\t<\/h3>\n\t\t\t\t<div class=\"elementor-post__excerpt\">\n\t\t\t<p>Le Pont-de-Montvert<\/p>\t\t<\/div>\n\t\t\t\t<\/div>\n\t\t\t\t\t<\/div>\n\t\t<\/article>\n\t\t\t\t<\/div>\n\t\t\n\t\t\t\t\t\t<\/div>\n\t\t\t\t<\/div>\n\t\t\t\t<div class=\"elementor-element elementor-element-f6d2ad2 elementor-widget-divider--view-line exad-sticky-section-no exad-glass-effect-no elementor-widget elementor-widget-divider\" data-id=\"f6d2ad2\" data-element_type=\"widget\" data-e-type=\"widget\" data-widget_type=\"divider.default\">\n\t\t\t\t<div class=\"elementor-widget-container\">\n\t\t\t\t\t\t\t<div class=\"elementor-divider\">\n\t\t\t<span class=\"elementor-divider-separator\">\n\t\t\t\t\t\t<\/span>\n\t\t<\/div>\n\t\t\t\t\t\t<\/div>\n\t\t\t\t<\/div>\n\t\t\t\t\t<\/div>\n\t\t<\/div>\n\t\t\t\t\t<\/div>\n\t\t<\/section>\n\t\t\t\t<section class=\"elementor-section elementor-top-section elementor-element elementor-element-3c416d2 elementor-section-boxed elementor-section-height-default elementor-section-height-default exad-glass-effect-no exad-sticky-section-no\" data-id=\"3c416d2\" data-element_type=\"section\" data-e-type=\"section\">\n\t\t\t\t\t\t<div class=\"elementor-container elementor-column-gap-default\">\n\t\t\t\t\t<div class=\"elementor-column elementor-col-100 elementor-top-column elementor-element elementor-element-3d8de7f exad-glass-effect-no exad-sticky-section-no\" data-id=\"3d8de7f\" data-element_type=\"column\" data-e-type=\"column\">\n\t\t\t<div class=\"elementor-widget-wrap elementor-element-populated\">\n\t\t\t\t\t\t<div class=\"elementor-element elementor-element-697ace3 exad-sticky-section-no exad-glass-effect-no elementor-widget elementor-widget-heading\" data-id=\"697ace3\" data-element_type=\"widget\" data-e-type=\"widget\" data-widget_type=\"heading.default\">\n\t\t\t\t<div class=\"elementor-widget-container\">\n\t\t\t\t\t<h5 class=\"elementor-heading-title elementor-size-default\">Le Vigan - Les Baux-de-Provence - Les Matelles - Limoux - Lod\u00e8ve - Lucciana<\/h5>\t\t\t\t<\/div>\n\t\t\t\t<\/div>\n\t\t\t\t<div class=\"elementor-element elementor-element-2840572 elementor-grid-4 elementor-posts--align-center elementor-widget__width-initial elementor-grid-tablet-2 elementor-grid-mobile-1 elementor-posts--thumbnail-top elementor-card-shadow-yes elementor-posts__hover-gradient exad-sticky-section-no exad-glass-effect-no elementor-widget elementor-widget-posts\" data-id=\"2840572\" data-element_type=\"widget\" data-e-type=\"widget\" data-settings=\"{&quot;cards_columns&quot;:&quot;4&quot;,&quot;cards_row_gap&quot;:{&quot;unit&quot;:&quot;px&quot;,&quot;size&quot;:10,&quot;sizes&quot;:[]},&quot;cards_columns_tablet&quot;:&quot;2&quot;,&quot;cards_columns_mobile&quot;:&quot;1&quot;,&quot;cards_row_gap_tablet&quot;:{&quot;unit&quot;:&quot;px&quot;,&quot;size&quot;:&quot;&quot;,&quot;sizes&quot;:[]},&quot;cards_row_gap_mobile&quot;:{&quot;unit&quot;:&quot;px&quot;,&quot;size&quot;:&quot;&quot;,&quot;sizes&quot;:[]}}\" data-widget_type=\"posts.cards\">\n\t\t\t\t<div class=\"elementor-widget-container\">\n\t\t\t\t\t\t\t<div class=\"elementor-posts-container elementor-posts elementor-posts--skin-cards elementor-grid\" role=\"list\">\n\t\t\t\t<article class=\"elementor-post elementor-grid-item post-12745 post type-post status-publish format-standard has-post-thumbnail hentry category-page-musee category-route-archeo tag-128 tag-le-vigan\" role=\"listitem\">\n\t\t\t<div class=\"elementor-post__card\">\n\t\t\t\t<a class=\"elementor-post__thumbnail__link\" href=\"http:\/\/www.musees-mediterranee.org\/index.php\/2024\/09\/04\/musee-cevenol\/\" tabindex=\"-1\" ><div class=\"elementor-post__thumbnail\"><img loading=\"lazy\" decoding=\"async\" width=\"227\" height=\"300\" src=\"http:\/\/www.musees-mediterranee.org\/wp-content\/uploads\/2024\/09\/muse-178-photo_1-227x300.jpg\" class=\"attachment-medium size-medium wp-image-12746\" alt=\"\" srcset=\"http:\/\/www.musees-mediterranee.org\/wp-content\/uploads\/2024\/09\/muse-178-photo_1-227x300.jpg 227w, http:\/\/www.musees-mediterranee.org\/wp-content\/uploads\/2024\/09\/muse-178-photo_1.jpg 530w\" sizes=\"(max-width: 227px) 100vw, 227px\" \/><\/div><\/a>\n\t\t\t\t<div class=\"elementor-post__text\">\n\t\t\t\t<h3 class=\"elementor-post__title\">\n\t\t\t<a href=\"http:\/\/www.musees-mediterranee.org\/index.php\/2024\/09\/04\/musee-cevenol\/\" >\n\t\t\t\tMus\u00e9e C\u00e9venol\t\t\t<\/a>\n\t\t<\/h3>\n\t\t\t\t<div class=\"elementor-post__excerpt\">\n\t\t\t<p>Le Vigan<\/p>\t\t<\/div>\n\t\t\t\t<\/div>\n\t\t\t\t\t<\/div>\n\t\t<\/article>\n\t\t\t\t<article class=\"elementor-post elementor-grid-item post-12751 post type-post status-publish format-standard has-post-thumbnail hentry category-page-musee tag-131 tag-les-baux-de-provence\" role=\"listitem\">\n\t\t\t<div class=\"elementor-post__card\">\n\t\t\t\t<a class=\"elementor-post__thumbnail__link\" href=\"http:\/\/www.musees-mediterranee.org\/index.php\/2024\/09\/04\/musee-fondation-louis-jou\/\" tabindex=\"-1\" ><div class=\"elementor-post__thumbnail\"><img loading=\"lazy\" decoding=\"async\" width=\"184\" height=\"252\" src=\"http:\/\/www.musees-mediterranee.org\/wp-content\/uploads\/2024\/09\/musPhoto_47_MS8A.png\" class=\"attachment-medium size-medium wp-image-12752\" alt=\"\" \/><\/div><\/a>\n\t\t\t\t<div class=\"elementor-post__text\">\n\t\t\t\t<h3 class=\"elementor-post__title\">\n\t\t\t<a href=\"http:\/\/www.musees-mediterranee.org\/index.php\/2024\/09\/04\/musee-fondation-louis-jou\/\" >\n\t\t\t\tMus\u00e9e-Fondation Louis Jou\t\t\t<\/a>\n\t\t<\/h3>\n\t\t\t\t<div class=\"elementor-post__excerpt\">\n\t\t\t<p>Les Baux-de-Provence<\/p>\t\t<\/div>\n\t\t\t\t<\/div>\n\t\t\t\t\t<\/div>\n\t\t<\/article>\n\t\t\t\t<article class=\"elementor-post elementor-grid-item post-12754 post type-post status-publish format-standard has-post-thumbnail hentry category-page-musee tag-131 tag-les-baux-de-provence\" role=\"listitem\">\n\t\t\t<div class=\"elementor-post__card\">\n\t\t\t\t<a class=\"elementor-post__thumbnail__link\" href=\"http:\/\/www.musees-mediterranee.org\/index.php\/2024\/09\/04\/musee-des-santons\/\" tabindex=\"-1\" ><div class=\"elementor-post__thumbnail\"><img loading=\"lazy\" decoding=\"async\" width=\"300\" height=\"225\" src=\"http:\/\/www.musees-mediterranee.org\/wp-content\/uploads\/2024\/09\/muse-67-photo_1-300x225.jpg\" class=\"attachment-medium size-medium wp-image-12755\" alt=\"\" srcset=\"http:\/\/www.musees-mediterranee.org\/wp-content\/uploads\/2024\/09\/muse-67-photo_1-300x225.jpg 300w, http:\/\/www.musees-mediterranee.org\/wp-content\/uploads\/2024\/09\/muse-67-photo_1.jpg 700w\" sizes=\"(max-width: 300px) 100vw, 300px\" \/><\/div><\/a>\n\t\t\t\t<div class=\"elementor-post__text\">\n\t\t\t\t<h3 class=\"elementor-post__title\">\n\t\t\t<a href=\"http:\/\/www.musees-mediterranee.org\/index.php\/2024\/09\/04\/musee-des-santons\/\" >\n\t\t\t\tMus\u00e9e des Santons\t\t\t<\/a>\n\t\t<\/h3>\n\t\t\t\t<div class=\"elementor-post__excerpt\">\n\t\t\t<p>Les Baux-de-Provence<\/p>\t\t<\/div>\n\t\t\t\t<\/div>\n\t\t\t\t\t<\/div>\n\t\t<\/article>\n\t\t\t\t<article class=\"elementor-post elementor-grid-item post-12759 post type-post status-publish format-standard has-post-thumbnail hentry category-page-musee category-route-archeo tag-131 tag-ferme tag-les-baux-de-provence\" role=\"listitem\">\n\t\t\t<div class=\"elementor-post__card\">\n\t\t\t\t<a class=\"elementor-post__thumbnail__link\" href=\"http:\/\/www.musees-mediterranee.org\/index.php\/2024\/09\/04\/musee-dhistoire-et-darcheologie\/\" tabindex=\"-1\" ><div class=\"elementor-post__thumbnail\"><img loading=\"lazy\" decoding=\"async\" width=\"200\" height=\"300\" src=\"http:\/\/www.musees-mediterranee.org\/wp-content\/uploads\/2024\/09\/muse-157-photo_1-200x300.jpg\" class=\"attachment-medium size-medium wp-image-12760\" alt=\"\" srcset=\"http:\/\/www.musees-mediterranee.org\/wp-content\/uploads\/2024\/09\/muse-157-photo_1-200x300.jpg 200w, http:\/\/www.musees-mediterranee.org\/wp-content\/uploads\/2024\/09\/muse-157-photo_1.jpg 466w\" sizes=\"(max-width: 200px) 100vw, 200px\" \/><\/div><\/a>\n\t\t\t\t<div class=\"elementor-post__text\">\n\t\t\t\t<h3 class=\"elementor-post__title\">\n\t\t\t<a href=\"http:\/\/www.musees-mediterranee.org\/index.php\/2024\/09\/04\/musee-dhistoire-et-darcheologie\/\" >\n\t\t\t\tMus\u00e9e d&#8217;Histoire et d&#8217;arch\u00e9ologie\t\t\t<\/a>\n\t\t<\/h3>\n\t\t\t\t<div class=\"elementor-post__excerpt\">\n\t\t\t<p>Les Baux-de-Provence<\/p>\t\t<\/div>\n\t\t\t\t<\/div>\n\t\t\t\t\t<\/div>\n\t\t<\/article>\n\t\t\t\t<article class=\"elementor-post elementor-grid-item post-12762 post type-post status-publish format-standard has-post-thumbnail hentry category-page-musee tag-131 tag-les-baux-de-provence\" role=\"listitem\">\n\t\t\t<div class=\"elementor-post__card\">\n\t\t\t\t<a class=\"elementor-post__thumbnail__link\" href=\"http:\/\/www.musees-mediterranee.org\/index.php\/2024\/09\/04\/musee-yves-brayer\/\" tabindex=\"-1\" ><div class=\"elementor-post__thumbnail\"><img loading=\"lazy\" decoding=\"async\" width=\"199\" height=\"300\" src=\"http:\/\/www.musees-mediterranee.org\/wp-content\/uploads\/2024\/09\/muse-158-photo_1-199x300.jpg\" class=\"attachment-medium size-medium wp-image-12763\" alt=\"\" srcset=\"http:\/\/www.musees-mediterranee.org\/wp-content\/uploads\/2024\/09\/muse-158-photo_1-199x300.jpg 199w, http:\/\/www.musees-mediterranee.org\/wp-content\/uploads\/2024\/09\/muse-158-photo_1.jpg 465w\" sizes=\"(max-width: 199px) 100vw, 199px\" \/><\/div><\/a>\n\t\t\t\t<div class=\"elementor-post__text\">\n\t\t\t\t<h3 class=\"elementor-post__title\">\n\t\t\t<a href=\"http:\/\/www.musees-mediterranee.org\/index.php\/2024\/09\/04\/musee-yves-brayer\/\" >\n\t\t\t\tMus\u00e9e Yves Brayer\t\t\t<\/a>\n\t\t<\/h3>\n\t\t\t\t<div class=\"elementor-post__excerpt\">\n\t\t\t<p>Les Baux-de-Provence<\/p>\t\t<\/div>\n\t\t\t\t<\/div>\n\t\t\t\t\t<\/div>\n\t\t<\/article>\n\t\t\t\t<article class=\"elementor-post elementor-grid-item post-12770 post type-post status-publish format-standard has-post-thumbnail hentry category-page-musee category-route-archeo tag-134 tag-les-matelles\" role=\"listitem\">\n\t\t\t<div class=\"elementor-post__card\">\n\t\t\t\t<a class=\"elementor-post__thumbnail__link\" href=\"http:\/\/www.musees-mediterranee.org\/index.php\/2024\/09\/04\/maison-des-consuls\/\" tabindex=\"-1\" ><div class=\"elementor-post__thumbnail\"><img loading=\"lazy\" decoding=\"async\" width=\"300\" height=\"225\" src=\"http:\/\/www.musees-mediterranee.org\/wp-content\/uploads\/2024\/09\/muse-197-photo_1-300x225.jpg\" class=\"attachment-medium size-medium wp-image-12771\" alt=\"\" srcset=\"http:\/\/www.musees-mediterranee.org\/wp-content\/uploads\/2024\/09\/muse-197-photo_1-300x225.jpg 300w, http:\/\/www.musees-mediterranee.org\/wp-content\/uploads\/2024\/09\/muse-197-photo_1.jpg 700w\" sizes=\"(max-width: 300px) 100vw, 300px\" \/><\/div><\/a>\n\t\t\t\t<div class=\"elementor-post__text\">\n\t\t\t\t<h3 class=\"elementor-post__title\">\n\t\t\t<a href=\"http:\/\/www.musees-mediterranee.org\/index.php\/2024\/09\/04\/maison-des-consuls\/\" >\n\t\t\t\tMaison des Consuls\t\t\t<\/a>\n\t\t<\/h3>\n\t\t\t\t<div class=\"elementor-post__excerpt\">\n\t\t\t<p>Les Matelles<\/p>\t\t<\/div>\n\t\t\t\t<\/div>\n\t\t\t\t\t<\/div>\n\t\t<\/article>\n\t\t\t\t<article class=\"elementor-post elementor-grid-item post-12775 post type-post status-publish format-standard has-post-thumbnail hentry category-page-musee tag-144 tag-limoux\" role=\"listitem\">\n\t\t\t<div class=\"elementor-post__card\">\n\t\t\t\t<a class=\"elementor-post__thumbnail__link\" href=\"http:\/\/www.musees-mediterranee.org\/index.php\/2024\/09\/04\/musee-petiet\/\" tabindex=\"-1\" ><div class=\"elementor-post__thumbnail\"><img loading=\"lazy\" decoding=\"async\" width=\"300\" height=\"197\" src=\"http:\/\/www.musees-mediterranee.org\/wp-content\/uploads\/2024\/09\/muse-170-photo_1-300x197.jpg\" class=\"attachment-medium size-medium wp-image-12776\" alt=\"\" srcset=\"http:\/\/www.musees-mediterranee.org\/wp-content\/uploads\/2024\/09\/muse-170-photo_1-300x197.jpg 300w, http:\/\/www.musees-mediterranee.org\/wp-content\/uploads\/2024\/09\/muse-170-photo_1.jpg 700w\" sizes=\"(max-width: 300px) 100vw, 300px\" \/><\/div><\/a>\n\t\t\t\t<div class=\"elementor-post__text\">\n\t\t\t\t<h3 class=\"elementor-post__title\">\n\t\t\t<a href=\"http:\/\/www.musees-mediterranee.org\/index.php\/2024\/09\/04\/musee-petiet\/\" >\n\t\t\t\tMus\u00e9e Petiet\t\t\t<\/a>\n\t\t<\/h3>\n\t\t\t\t<div class=\"elementor-post__excerpt\">\n\t\t\t<p>Limoux<\/p>\t\t<\/div>\n\t\t\t\t<\/div>\n\t\t\t\t\t<\/div>\n\t\t<\/article>\n\t\t\t\t<article class=\"elementor-post elementor-grid-item post-12779 post type-post status-publish format-standard has-post-thumbnail hentry category-page-musee tag-134 tag-lodeve\" role=\"listitem\">\n\t\t\t<div class=\"elementor-post__card\">\n\t\t\t\t<a class=\"elementor-post__thumbnail__link\" href=\"http:\/\/www.musees-mediterranee.org\/index.php\/2024\/09\/04\/musee-de-lodeve-hotel-du-cardinal-de-fleury\/\" tabindex=\"-1\" ><div class=\"elementor-post__thumbnail\"><img loading=\"lazy\" decoding=\"async\" width=\"300\" height=\"172\" src=\"http:\/\/www.musees-mediterranee.org\/wp-content\/uploads\/2024\/09\/musPhoto_198_F98S-300x172.jpg\" class=\"attachment-medium size-medium wp-image-12780\" alt=\"\" srcset=\"http:\/\/www.musees-mediterranee.org\/wp-content\/uploads\/2024\/09\/musPhoto_198_F98S-300x172.jpg 300w, http:\/\/www.musees-mediterranee.org\/wp-content\/uploads\/2024\/09\/musPhoto_198_F98S-128x72.jpg 128w, http:\/\/www.musees-mediterranee.org\/wp-content\/uploads\/2024\/09\/musPhoto_198_F98S.jpg 418w\" sizes=\"(max-width: 300px) 100vw, 300px\" \/><\/div><\/a>\n\t\t\t\t<div class=\"elementor-post__text\">\n\t\t\t\t<h3 class=\"elementor-post__title\">\n\t\t\t<a href=\"http:\/\/www.musees-mediterranee.org\/index.php\/2024\/09\/04\/musee-de-lodeve-hotel-du-cardinal-de-fleury\/\" >\n\t\t\t\tMus\u00e9e de Lod\u00e8ve, H\u00f4tel du cardinal de Fleury\t\t\t<\/a>\n\t\t<\/h3>\n\t\t\t\t<div class=\"elementor-post__excerpt\">\n\t\t\t<p>Lod\u00e8ve<\/p>\t\t<\/div>\n\t\t\t\t<\/div>\n\t\t\t\t\t<\/div>\n\t\t<\/article>\n\t\t\t\t<\/div>\n\t\t\n\t\t\t\t\t\t<\/div>\n\t\t\t\t<\/div>\n\t\t\t\t<div class=\"elementor-element elementor-element-dc0c077 elementor-widget-divider--view-line exad-sticky-section-no exad-glass-effect-no elementor-widget elementor-widget-divider\" data-id=\"dc0c077\" data-element_type=\"widget\" data-e-type=\"widget\" data-widget_type=\"divider.default\">\n\t\t\t\t<div class=\"elementor-widget-container\">\n\t\t\t\t\t\t\t<div class=\"elementor-divider\">\n\t\t\t<span class=\"elementor-divider-separator\">\n\t\t\t\t\t\t<\/span>\n\t\t<\/div>\n\t\t\t\t\t\t<\/div>\n\t\t\t\t<\/div>\n\t\t\t\t\t<\/div>\n\t\t<\/div>\n\t\t\t\t\t<\/div>\n\t\t<\/section>\n\t\t\t\t<section class=\"elementor-section elementor-top-section elementor-element elementor-element-65eeb8b elementor-section-boxed elementor-section-height-default elementor-section-height-default exad-glass-effect-no exad-sticky-section-no\" data-id=\"65eeb8b\" data-element_type=\"section\" data-e-type=\"section\">\n\t\t\t\t\t\t<div class=\"elementor-container elementor-column-gap-default\">\n\t\t\t\t\t<div class=\"elementor-column elementor-col-100 elementor-top-column elementor-element elementor-element-a4dc084 exad-glass-effect-no exad-sticky-section-no\" data-id=\"a4dc084\" data-element_type=\"column\" data-e-type=\"column\">\n\t\t\t<div class=\"elementor-widget-wrap elementor-element-populated\">\n\t\t\t\t\t\t<div class=\"elementor-element elementor-element-a050818 exad-sticky-section-no exad-glass-effect-no elementor-widget elementor-widget-heading\" data-id=\"a050818\" data-element_type=\"widget\" data-e-type=\"widget\" data-widget_type=\"heading.default\">\n\t\t\t\t<div class=\"elementor-widget-container\">\n\t\t\t\t\t<h5 class=\"elementor-heading-title elementor-size-default\">Lunel - Maillane - Mane - Manosque<\/h5>\t\t\t\t<\/div>\n\t\t\t\t<\/div>\n\t\t\t\t<div class=\"elementor-element elementor-element-17b4dcb elementor-grid-4 elementor-posts--align-center elementor-widget__width-initial elementor-grid-tablet-2 elementor-grid-mobile-1 elementor-posts--thumbnail-top elementor-card-shadow-yes elementor-posts__hover-gradient exad-sticky-section-no exad-glass-effect-no elementor-widget elementor-widget-posts\" data-id=\"17b4dcb\" data-element_type=\"widget\" data-e-type=\"widget\" data-settings=\"{&quot;cards_columns&quot;:&quot;4&quot;,&quot;cards_row_gap&quot;:{&quot;unit&quot;:&quot;px&quot;,&quot;size&quot;:10,&quot;sizes&quot;:[]},&quot;cards_columns_tablet&quot;:&quot;2&quot;,&quot;cards_columns_mobile&quot;:&quot;1&quot;,&quot;cards_row_gap_tablet&quot;:{&quot;unit&quot;:&quot;px&quot;,&quot;size&quot;:&quot;&quot;,&quot;sizes&quot;:[]},&quot;cards_row_gap_mobile&quot;:{&quot;unit&quot;:&quot;px&quot;,&quot;size&quot;:&quot;&quot;,&quot;sizes&quot;:[]}}\" data-widget_type=\"posts.cards\">\n\t\t\t\t<div class=\"elementor-widget-container\">\n\t\t\t\t\t\t\t<div class=\"elementor-posts-container elementor-posts elementor-posts--skin-cards elementor-grid\" role=\"list\">\n\t\t\t\t<article class=\"elementor-post elementor-grid-item post-13071 post type-post status-publish format-standard has-post-thumbnail hentry category-page-musee tag-134 tag-lunel\" role=\"listitem\">\n\t\t\t<div class=\"elementor-post__card\">\n\t\t\t\t<a class=\"elementor-post__thumbnail__link\" href=\"http:\/\/www.musees-mediterranee.org\/index.php\/2024\/09\/11\/musee-medard\/\" tabindex=\"-1\" ><div class=\"elementor-post__thumbnail\"><img loading=\"lazy\" decoding=\"async\" width=\"300\" height=\"199\" src=\"http:\/\/www.musees-mediterranee.org\/wp-content\/uploads\/2024\/09\/musPhoto_249_8BMC-300x199.jpg\" class=\"attachment-medium size-medium wp-image-13072\" alt=\"\" srcset=\"http:\/\/www.musees-mediterranee.org\/wp-content\/uploads\/2024\/09\/musPhoto_249_8BMC-300x199.jpg 300w, http:\/\/www.musees-mediterranee.org\/wp-content\/uploads\/2024\/09\/musPhoto_249_8BMC.jpg 600w\" sizes=\"(max-width: 300px) 100vw, 300px\" \/><\/div><\/a>\n\t\t\t\t<div class=\"elementor-post__text\">\n\t\t\t\t<h3 class=\"elementor-post__title\">\n\t\t\t<a href=\"http:\/\/www.musees-mediterranee.org\/index.php\/2024\/09\/11\/musee-medard\/\" >\n\t\t\t\tMus\u00e9e M\u00e9dard\t\t\t<\/a>\n\t\t<\/h3>\n\t\t\t\t<div class=\"elementor-post__excerpt\">\n\t\t\t<p>Lunel<\/p>\t\t<\/div>\n\t\t\t\t<\/div>\n\t\t\t\t\t<\/div>\n\t\t<\/article>\n\t\t\t\t<article class=\"elementor-post elementor-grid-item post-13076 post type-post status-publish format-standard has-post-thumbnail hentry category-page-musee tag-131 tag-maillane\" role=\"listitem\">\n\t\t\t<div class=\"elementor-post__card\">\n\t\t\t\t<a class=\"elementor-post__thumbnail__link\" href=\"http:\/\/www.musees-mediterranee.org\/index.php\/2024\/09\/11\/musee-frederic-mistral\/\" tabindex=\"-1\" ><div class=\"elementor-post__thumbnail\"><img loading=\"lazy\" decoding=\"async\" width=\"182\" height=\"300\" src=\"http:\/\/www.musees-mediterranee.org\/wp-content\/uploads\/2024\/09\/muse-234-photo_1-182x300.jpg\" class=\"attachment-medium size-medium wp-image-13077\" alt=\"\" srcset=\"http:\/\/www.musees-mediterranee.org\/wp-content\/uploads\/2024\/09\/muse-234-photo_1-182x300.jpg 182w, http:\/\/www.musees-mediterranee.org\/wp-content\/uploads\/2024\/09\/muse-234-photo_1.jpg 269w\" sizes=\"(max-width: 182px) 100vw, 182px\" \/><\/div><\/a>\n\t\t\t\t<div class=\"elementor-post__text\">\n\t\t\t\t<h3 class=\"elementor-post__title\">\n\t\t\t<a href=\"http:\/\/www.musees-mediterranee.org\/index.php\/2024\/09\/11\/musee-frederic-mistral\/\" >\n\t\t\t\tMus\u00e9e Fr\u00e9d\u00e9ric-Mistral\t\t\t<\/a>\n\t\t<\/h3>\n\t\t\t\t<div class=\"elementor-post__excerpt\">\n\t\t\t<p>Maillane<\/p>\t\t<\/div>\n\t\t\t\t<\/div>\n\t\t\t\t\t<\/div>\n\t\t<\/article>\n\t\t\t\t<article class=\"elementor-post elementor-grid-item post-13079 post type-post status-publish format-standard has-post-thumbnail hentry category-musee-adherent category-page-musee tag-129 tag-mane\" role=\"listitem\">\n\t\t\t<div class=\"elementor-post__card\">\n\t\t\t\t<a class=\"elementor-post__thumbnail__link\" href=\"http:\/\/www.musees-mediterranee.org\/index.php\/2024\/09\/11\/musee-de-salagon\/\" tabindex=\"-1\" ><div class=\"elementor-post__thumbnail\"><img loading=\"lazy\" decoding=\"async\" width=\"300\" height=\"180\" src=\"http:\/\/www.musees-mediterranee.org\/wp-content\/uploads\/2024\/09\/muse-13-photo_1-300x180.jpg\" class=\"attachment-medium size-medium wp-image-13080\" alt=\"\" srcset=\"http:\/\/www.musees-mediterranee.org\/wp-content\/uploads\/2024\/09\/muse-13-photo_1-300x180.jpg 300w, http:\/\/www.musees-mediterranee.org\/wp-content\/uploads\/2024\/09\/muse-13-photo_1.jpg 350w\" sizes=\"(max-width: 300px) 100vw, 300px\" \/><\/div><\/a>\n\t\t\t\t<div class=\"elementor-post__text\">\n\t\t\t\t<h3 class=\"elementor-post__title\">\n\t\t\t<a href=\"http:\/\/www.musees-mediterranee.org\/index.php\/2024\/09\/11\/musee-de-salagon\/\" >\n\t\t\t\tMus\u00e9e de Salagon\t\t\t<\/a>\n\t\t<\/h3>\n\t\t\t\t<div class=\"elementor-post__excerpt\">\n\t\t\t<p>Mane<\/p>\t\t<\/div>\n\t\t\t\t<\/div>\n\t\t\t\t\t<\/div>\n\t\t<\/article>\n\t\t\t\t<article class=\"elementor-post elementor-grid-item post-13095 post type-post status-publish format-standard has-post-thumbnail hentry category-page-musee tag-129 tag-manosque\" role=\"listitem\">\n\t\t\t<div class=\"elementor-post__card\">\n\t\t\t\t<a class=\"elementor-post__thumbnail__link\" href=\"http:\/\/www.musees-mediterranee.org\/index.php\/2024\/09\/11\/centre-jean-giono\/\" tabindex=\"-1\" ><div class=\"elementor-post__thumbnail\"><img loading=\"lazy\" decoding=\"async\" width=\"300\" height=\"232\" src=\"http:\/\/www.musees-mediterranee.org\/wp-content\/uploads\/2024\/07\/vide-300x232.jpg\" class=\"attachment-medium size-medium wp-image-12350\" alt=\"\" srcset=\"http:\/\/www.musees-mediterranee.org\/wp-content\/uploads\/2024\/07\/vide-300x232.jpg 300w, http:\/\/www.musees-mediterranee.org\/wp-content\/uploads\/2024\/07\/vide-1024x792.jpg 1024w, http:\/\/www.musees-mediterranee.org\/wp-content\/uploads\/2024\/07\/vide-768x594.jpg 768w, http:\/\/www.musees-mediterranee.org\/wp-content\/uploads\/2024\/07\/vide.jpg 1200w\" sizes=\"(max-width: 300px) 100vw, 300px\" \/><\/div><\/a>\n\t\t\t\t<div class=\"elementor-post__text\">\n\t\t\t\t<h3 class=\"elementor-post__title\">\n\t\t\t<a href=\"http:\/\/www.musees-mediterranee.org\/index.php\/2024\/09\/11\/centre-jean-giono\/\" >\n\t\t\t\tCentre Jean Giono\t\t\t<\/a>\n\t\t<\/h3>\n\t\t\t\t<div class=\"elementor-post__excerpt\">\n\t\t\t<p>Manosque<\/p>\t\t<\/div>\n\t\t\t\t<\/div>\n\t\t\t\t\t<\/div>\n\t\t<\/article>\n\t\t\t\t<\/div>\n\t\t\n\t\t\t\t\t\t<\/div>\n\t\t\t\t<\/div>\n\t\t\t\t<div class=\"elementor-element elementor-element-3dfe23a elementor-widget-divider--view-line exad-sticky-section-no exad-glass-effect-no elementor-widget elementor-widget-divider\" data-id=\"3dfe23a\" data-element_type=\"widget\" data-e-type=\"widget\" data-widget_type=\"divider.default\">\n\t\t\t\t<div class=\"elementor-widget-container\">\n\t\t\t\t\t\t\t<div class=\"elementor-divider\">\n\t\t\t<span class=\"elementor-divider-separator\">\n\t\t\t\t\t\t<\/span>\n\t\t<\/div>\n\t\t\t\t\t\t<\/div>\n\t\t\t\t<\/div>\n\t\t\t\t\t<\/div>\n\t\t<\/div>\n\t\t\t\t\t<\/div>\n\t\t<\/section>\n\t\t\t\t<section class=\"elementor-section elementor-top-section elementor-element elementor-element-2e9fa54 elementor-section-boxed elementor-section-height-default elementor-section-height-default exad-glass-effect-no exad-sticky-section-no\" data-id=\"2e9fa54\" data-element_type=\"section\" data-e-type=\"section\">\n\t\t\t\t\t\t<div class=\"elementor-container elementor-column-gap-default\">\n\t\t\t\t\t<div class=\"elementor-column elementor-col-100 elementor-top-column elementor-element elementor-element-3b7bfcd exad-glass-effect-no exad-sticky-section-no\" data-id=\"3b7bfcd\" data-element_type=\"column\" data-e-type=\"column\">\n\t\t\t<div class=\"elementor-widget-wrap elementor-element-populated\">\n\t\t\t\t\t\t<div class=\"elementor-element elementor-element-b5e375c exad-sticky-section-no exad-glass-effect-no elementor-widget elementor-widget-heading\" data-id=\"b5e375c\" data-element_type=\"widget\" data-e-type=\"widget\" data-widget_type=\"heading.default\">\n\t\t\t\t<div class=\"elementor-widget-container\">\n\t\t\t\t\t<h5 class=\"elementor-heading-title elementor-size-default\">Marseille<\/h5>\t\t\t\t<\/div>\n\t\t\t\t<\/div>\n\t\t\t\t<div class=\"elementor-element elementor-element-f4347b7 elementor-grid-4 elementor-posts--align-center elementor-widget__width-initial elementor-grid-tablet-2 elementor-grid-mobile-1 elementor-posts--thumbnail-top elementor-card-shadow-yes elementor-posts__hover-gradient exad-sticky-section-no exad-glass-effect-no elementor-widget elementor-widget-posts\" data-id=\"f4347b7\" data-element_type=\"widget\" data-e-type=\"widget\" data-settings=\"{&quot;cards_columns&quot;:&quot;4&quot;,&quot;cards_row_gap&quot;:{&quot;unit&quot;:&quot;px&quot;,&quot;size&quot;:10,&quot;sizes&quot;:[]},&quot;cards_columns_tablet&quot;:&quot;2&quot;,&quot;cards_columns_mobile&quot;:&quot;1&quot;,&quot;cards_row_gap_tablet&quot;:{&quot;unit&quot;:&quot;px&quot;,&quot;size&quot;:&quot;&quot;,&quot;sizes&quot;:[]},&quot;cards_row_gap_mobile&quot;:{&quot;unit&quot;:&quot;px&quot;,&quot;size&quot;:&quot;&quot;,&quot;sizes&quot;:[]}}\" data-widget_type=\"posts.cards\">\n\t\t\t\t<div class=\"elementor-widget-container\">\n\t\t\t\t\t\t\t<div class=\"elementor-posts-container elementor-posts elementor-posts--skin-cards elementor-grid\" role=\"list\">\n\t\t\t\t<article class=\"elementor-post elementor-grid-item post-13184 post type-post status-publish format-standard has-post-thumbnail hentry category-page-musee tag-131 tag-marseille\" role=\"listitem\">\n\t\t\t<div class=\"elementor-post__card\">\n\t\t\t\t<a class=\"elementor-post__thumbnail__link\" href=\"http:\/\/www.musees-mediterranee.org\/index.php\/2024\/09\/17\/mac-musee-dart-contemporain\/\" tabindex=\"-1\" ><div class=\"elementor-post__thumbnail\"><img loading=\"lazy\" decoding=\"async\" width=\"300\" height=\"195\" src=\"http:\/\/www.musees-mediterranee.org\/wp-content\/uploads\/2024\/09\/muse-10-photo_1-300x195.jpg\" class=\"attachment-medium size-medium wp-image-13185\" alt=\"\" srcset=\"http:\/\/www.musees-mediterranee.org\/wp-content\/uploads\/2024\/09\/muse-10-photo_1-300x195.jpg 300w, http:\/\/www.musees-mediterranee.org\/wp-content\/uploads\/2024\/09\/muse-10-photo_1.jpg 700w\" sizes=\"(max-width: 300px) 100vw, 300px\" \/><\/div><\/a>\n\t\t\t\t<div class=\"elementor-post__text\">\n\t\t\t\t<h3 class=\"elementor-post__title\">\n\t\t\t<a href=\"http:\/\/www.musees-mediterranee.org\/index.php\/2024\/09\/17\/mac-musee-dart-contemporain\/\" >\n\t\t\t\tMAC, mus\u00e9e d&#8217;art contemporain\t\t\t<\/a>\n\t\t<\/h3>\n\t\t\t\t<div class=\"elementor-post__excerpt\">\n\t\t\t<p>Marseille<\/p>\t\t<\/div>\n\t\t\t\t<\/div>\n\t\t\t\t\t<\/div>\n\t\t<\/article>\n\t\t\t\t<article class=\"elementor-post elementor-grid-item post-13194 post type-post status-publish format-standard has-post-thumbnail hentry category-page-musee category-route-archeo tag-131 tag-marseille\" role=\"listitem\">\n\t\t\t<div class=\"elementor-post__card\">\n\t\t\t\t<a class=\"elementor-post__thumbnail__link\" href=\"http:\/\/www.musees-mediterranee.org\/index.php\/2024\/09\/17\/cabinet-des-monnaies-et-medailles\/\" tabindex=\"-1\" ><div class=\"elementor-post__thumbnail\"><img loading=\"lazy\" decoding=\"async\" width=\"300\" height=\"203\" src=\"http:\/\/www.musees-mediterranee.org\/wp-content\/uploads\/2024\/09\/muse-43-photo_1-300x203.jpg\" class=\"attachment-medium size-medium wp-image-13195\" alt=\"\" srcset=\"http:\/\/www.musees-mediterranee.org\/wp-content\/uploads\/2024\/09\/muse-43-photo_1-300x203.jpg 300w, http:\/\/www.musees-mediterranee.org\/wp-content\/uploads\/2024\/09\/muse-43-photo_1.jpg 700w\" sizes=\"(max-width: 300px) 100vw, 300px\" \/><\/div><\/a>\n\t\t\t\t<div class=\"elementor-post__text\">\n\t\t\t\t<h3 class=\"elementor-post__title\">\n\t\t\t<a href=\"http:\/\/www.musees-mediterranee.org\/index.php\/2024\/09\/17\/cabinet-des-monnaies-et-medailles\/\" >\n\t\t\t\tCabinet des Monnaies et M\u00e9dailles\t\t\t<\/a>\n\t\t<\/h3>\n\t\t\t\t<div class=\"elementor-post__excerpt\">\n\t\t\t<p>Marseille<\/p>\t\t<\/div>\n\t\t\t\t<\/div>\n\t\t\t\t\t<\/div>\n\t\t<\/article>\n\t\t\t\t<article class=\"elementor-post elementor-grid-item post-13199 post type-post status-publish format-standard has-post-thumbnail hentry category-page-musee tag-131 tag-marseille\" role=\"listitem\">\n\t\t\t<div class=\"elementor-post__card\">\n\t\t\t\t<a class=\"elementor-post__thumbnail__link\" href=\"http:\/\/www.musees-mediterranee.org\/index.php\/2024\/09\/17\/musee-cantini\/\" tabindex=\"-1\" ><div class=\"elementor-post__thumbnail\"><img loading=\"lazy\" decoding=\"async\" width=\"300\" height=\"248\" src=\"http:\/\/www.musees-mediterranee.org\/wp-content\/uploads\/2024\/09\/muse-59-photo_1-300x248.jpg\" class=\"attachment-medium size-medium wp-image-13200\" alt=\"\" srcset=\"http:\/\/www.musees-mediterranee.org\/wp-content\/uploads\/2024\/09\/muse-59-photo_1-300x248.jpg 300w, http:\/\/www.musees-mediterranee.org\/wp-content\/uploads\/2024\/09\/muse-59-photo_1.jpg 580w\" sizes=\"(max-width: 300px) 100vw, 300px\" \/><\/div><\/a>\n\t\t\t\t<div class=\"elementor-post__text\">\n\t\t\t\t<h3 class=\"elementor-post__title\">\n\t\t\t<a href=\"http:\/\/www.musees-mediterranee.org\/index.php\/2024\/09\/17\/musee-cantini\/\" >\n\t\t\t\tMus\u00e9e Cantini\t\t\t<\/a>\n\t\t<\/h3>\n\t\t\t\t<div class=\"elementor-post__excerpt\">\n\t\t\t<p>Marseille<\/p>\t\t<\/div>\n\t\t\t\t<\/div>\n\t\t\t\t\t<\/div>\n\t\t<\/article>\n\t\t\t\t<article class=\"elementor-post elementor-grid-item post-13206 post type-post status-publish format-standard has-post-thumbnail hentry category-page-musee category-route-archeo tag-131 tag-marseille\" role=\"listitem\">\n\t\t\t<div class=\"elementor-post__card\">\n\t\t\t\t<a class=\"elementor-post__thumbnail__link\" href=\"http:\/\/www.musees-mediterranee.org\/index.php\/2024\/09\/17\/musee-darcheologie-mediterraneenne\/\" tabindex=\"-1\" ><div class=\"elementor-post__thumbnail\"><img loading=\"lazy\" decoding=\"async\" width=\"300\" height=\"225\" src=\"http:\/\/www.musees-mediterranee.org\/wp-content\/uploads\/2024\/09\/muse-63-photo_1-300x225.jpg\" class=\"attachment-medium size-medium wp-image-13207\" alt=\"\" srcset=\"http:\/\/www.musees-mediterranee.org\/wp-content\/uploads\/2024\/09\/muse-63-photo_1-300x225.jpg 300w, http:\/\/www.musees-mediterranee.org\/wp-content\/uploads\/2024\/09\/muse-63-photo_1.jpg 700w\" sizes=\"(max-width: 300px) 100vw, 300px\" \/><\/div><\/a>\n\t\t\t\t<div class=\"elementor-post__text\">\n\t\t\t\t<h3 class=\"elementor-post__title\">\n\t\t\t<a href=\"http:\/\/www.musees-mediterranee.org\/index.php\/2024\/09\/17\/musee-darcheologie-mediterraneenne\/\" >\n\t\t\t\tMus\u00e9e d&#8217;Arch\u00e9ologie M\u00e9diterran\u00e9enne\t\t\t<\/a>\n\t\t<\/h3>\n\t\t\t\t<div class=\"elementor-post__excerpt\">\n\t\t\t<p>Marseille<\/p>\t\t<\/div>\n\t\t\t\t<\/div>\n\t\t\t\t\t<\/div>\n\t\t<\/article>\n\t\t\t\t<article class=\"elementor-post elementor-grid-item post-13211 post type-post status-publish format-standard has-post-thumbnail hentry category-page-musee tag-131 tag-marseille\" role=\"listitem\">\n\t\t\t<div class=\"elementor-post__card\">\n\t\t\t\t<a class=\"elementor-post__thumbnail__link\" href=\"http:\/\/www.musees-mediterranee.org\/index.php\/2024\/09\/17\/musee-darts-africains-oceaniens-amerindiens\/\" tabindex=\"-1\" ><div class=\"elementor-post__thumbnail\"><img loading=\"lazy\" decoding=\"async\" width=\"195\" height=\"300\" src=\"http:\/\/www.musees-mediterranee.org\/wp-content\/uploads\/2024\/09\/muse-66-photo_1-195x300.jpg\" class=\"attachment-medium size-medium wp-image-13212\" alt=\"\" srcset=\"http:\/\/www.musees-mediterranee.org\/wp-content\/uploads\/2024\/09\/muse-66-photo_1-195x300.jpg 195w, http:\/\/www.musees-mediterranee.org\/wp-content\/uploads\/2024\/09\/muse-66-photo_1.jpg 293w\" sizes=\"(max-width: 195px) 100vw, 195px\" \/><\/div><\/a>\n\t\t\t\t<div class=\"elementor-post__text\">\n\t\t\t\t<h3 class=\"elementor-post__title\">\n\t\t\t<a href=\"http:\/\/www.musees-mediterranee.org\/index.php\/2024\/09\/17\/musee-darts-africains-oceaniens-amerindiens\/\" >\n\t\t\t\tMus\u00e9e d&#8217;Arts Africains, Oc\u00e9aniens, Am\u00e9rindiens\t\t\t<\/a>\n\t\t<\/h3>\n\t\t\t\t<div class=\"elementor-post__excerpt\">\n\t\t\t<p>Marseille<\/p>\t\t<\/div>\n\t\t\t\t<\/div>\n\t\t\t\t\t<\/div>\n\t\t<\/article>\n\t\t\t\t<article class=\"elementor-post elementor-grid-item post-13216 post type-post status-publish format-standard has-post-thumbnail hentry category-page-musee category-route-archeo tag-131 tag-marseille\" role=\"listitem\">\n\t\t\t<div class=\"elementor-post__card\">\n\t\t\t\t<a class=\"elementor-post__thumbnail__link\" href=\"http:\/\/www.musees-mediterranee.org\/index.php\/2024\/09\/17\/musee-dhistoire-de-marseille\/\" tabindex=\"-1\" ><div class=\"elementor-post__thumbnail\"><img loading=\"lazy\" decoding=\"async\" width=\"300\" height=\"200\" src=\"http:\/\/www.musees-mediterranee.org\/wp-content\/uploads\/2024\/09\/musPhoto_68_AQ46-300x200.jpg\" class=\"attachment-medium size-medium wp-image-13217\" alt=\"\" srcset=\"http:\/\/www.musees-mediterranee.org\/wp-content\/uploads\/2024\/09\/musPhoto_68_AQ46-300x200.jpg 300w, http:\/\/www.musees-mediterranee.org\/wp-content\/uploads\/2024\/09\/musPhoto_68_AQ46.jpg 600w\" sizes=\"(max-width: 300px) 100vw, 300px\" \/><\/div><\/a>\n\t\t\t\t<div class=\"elementor-post__text\">\n\t\t\t\t<h3 class=\"elementor-post__title\">\n\t\t\t<a href=\"http:\/\/www.musees-mediterranee.org\/index.php\/2024\/09\/17\/musee-dhistoire-de-marseille\/\" >\n\t\t\t\tMus\u00e9e d&#8217;Histoire de Marseille\t\t\t<\/a>\n\t\t<\/h3>\n\t\t\t\t<div class=\"elementor-post__excerpt\">\n\t\t\t<p>Marseille<\/p>\t\t<\/div>\n\t\t\t\t<\/div>\n\t\t\t\t\t<\/div>\n\t\t<\/article>\n\t\t\t\t<article class=\"elementor-post elementor-grid-item post-13251 post type-post status-publish format-standard has-post-thumbnail hentry category-page-musee tag-131 tag-marseille\" role=\"listitem\">\n\t\t\t<div class=\"elementor-post__card\">\n\t\t\t\t<a class=\"elementor-post__thumbnail__link\" href=\"http:\/\/www.musees-mediterranee.org\/index.php\/2024\/09\/18\/musee-des-beaux-arts-3\/\" tabindex=\"-1\" ><div class=\"elementor-post__thumbnail\"><img loading=\"lazy\" decoding=\"async\" width=\"300\" height=\"191\" src=\"http:\/\/www.musees-mediterranee.org\/wp-content\/uploads\/2024\/09\/muse-131-photo_1-300x191.jpg\" class=\"attachment-medium size-medium wp-image-13253\" alt=\"\" srcset=\"http:\/\/www.musees-mediterranee.org\/wp-content\/uploads\/2024\/09\/muse-131-photo_1-300x191.jpg 300w, http:\/\/www.musees-mediterranee.org\/wp-content\/uploads\/2024\/09\/muse-131-photo_1.jpg 700w\" sizes=\"(max-width: 300px) 100vw, 300px\" \/><\/div><\/a>\n\t\t\t\t<div class=\"elementor-post__text\">\n\t\t\t\t<h3 class=\"elementor-post__title\">\n\t\t\t<a href=\"http:\/\/www.musees-mediterranee.org\/index.php\/2024\/09\/18\/musee-des-beaux-arts-3\/\" >\n\t\t\t\tMus\u00e9e des Beaux-Arts\t\t\t<\/a>\n\t\t<\/h3>\n\t\t\t\t<div class=\"elementor-post__excerpt\">\n\t\t\t<p>Marseille<\/p>\t\t<\/div>\n\t\t\t\t<\/div>\n\t\t\t\t\t<\/div>\n\t\t<\/article>\n\t\t\t\t<article class=\"elementor-post elementor-grid-item post-13254 post type-post status-publish format-standard has-post-thumbnail hentry category-page-musee category-route-archeo tag-131 tag-marseille\" role=\"listitem\">\n\t\t\t<div class=\"elementor-post__card\">\n\t\t\t\t<a class=\"elementor-post__thumbnail__link\" href=\"http:\/\/www.musees-mediterranee.org\/index.php\/2024\/09\/18\/musee-des-docks-romains\/\" tabindex=\"-1\" ><div class=\"elementor-post__thumbnail\"><img loading=\"lazy\" decoding=\"async\" width=\"300\" height=\"233\" src=\"http:\/\/www.musees-mediterranee.org\/wp-content\/uploads\/2024\/09\/muse-85-photo_1-300x233.jpg\" class=\"attachment-medium size-medium wp-image-13255\" alt=\"\" srcset=\"http:\/\/www.musees-mediterranee.org\/wp-content\/uploads\/2024\/09\/muse-85-photo_1-300x233.jpg 300w, http:\/\/www.musees-mediterranee.org\/wp-content\/uploads\/2024\/09\/muse-85-photo_1.jpg 700w\" sizes=\"(max-width: 300px) 100vw, 300px\" \/><\/div><\/a>\n\t\t\t\t<div class=\"elementor-post__text\">\n\t\t\t\t<h3 class=\"elementor-post__title\">\n\t\t\t<a href=\"http:\/\/www.musees-mediterranee.org\/index.php\/2024\/09\/18\/musee-des-docks-romains\/\" >\n\t\t\t\tMus\u00e9e des Docks Romains\t\t\t<\/a>\n\t\t<\/h3>\n\t\t\t\t<div class=\"elementor-post__excerpt\">\n\t\t\t<p>Marseille<\/p>\t\t<\/div>\n\t\t\t\t<\/div>\n\t\t\t\t\t<\/div>\n\t\t<\/article>\n\t\t\t\t<article class=\"elementor-post elementor-grid-item post-13258 post type-post status-publish format-standard has-post-thumbnail hentry category-page-musee tag-131 tag-ferme tag-marseille\" role=\"listitem\">\n\t\t\t<div class=\"elementor-post__card\">\n\t\t\t\t<a class=\"elementor-post__thumbnail__link\" href=\"http:\/\/www.musees-mediterranee.org\/index.php\/2024\/09\/18\/musee-grobet-labadie\/\" tabindex=\"-1\" ><div class=\"elementor-post__thumbnail\"><img loading=\"lazy\" decoding=\"async\" width=\"259\" height=\"172\" src=\"http:\/\/www.musees-mediterranee.org\/wp-content\/uploads\/2024\/09\/musPhoto_101_RN33.jpg\" class=\"attachment-medium size-medium wp-image-13259\" alt=\"\" \/><\/div><\/a>\n\t\t\t\t<div class=\"elementor-post__text\">\n\t\t\t\t<h3 class=\"elementor-post__title\">\n\t\t\t<a href=\"http:\/\/www.musees-mediterranee.org\/index.php\/2024\/09\/18\/musee-grobet-labadie\/\" >\n\t\t\t\tMus\u00e9e Grobet-Labadi\u00e9\t\t\t<\/a>\n\t\t<\/h3>\n\t\t\t\t<div class=\"elementor-post__excerpt\">\n\t\t\t<p>Marseille<\/p>\t\t<\/div>\n\t\t\t\t<\/div>\n\t\t\t\t\t<\/div>\n\t\t<\/article>\n\t\t\t\t<article class=\"elementor-post elementor-grid-item post-13269 post type-post status-publish format-standard has-post-thumbnail hentry category-page-musee category-route-archeo tag-131 tag-marseille\" role=\"listitem\">\n\t\t\t<div class=\"elementor-post__card\">\n\t\t\t\t<a class=\"elementor-post__thumbnail__link\" href=\"http:\/\/www.musees-mediterranee.org\/index.php\/2024\/09\/18\/museum-dhistoire-naturelle\/\" tabindex=\"-1\" ><div class=\"elementor-post__thumbnail\"><img loading=\"lazy\" decoding=\"async\" width=\"300\" height=\"191\" src=\"http:\/\/www.musees-mediterranee.org\/wp-content\/uploads\/2024\/09\/muse-131-photo_1-300x191.jpg\" class=\"attachment-medium size-medium wp-image-13253\" alt=\"\" srcset=\"http:\/\/www.musees-mediterranee.org\/wp-content\/uploads\/2024\/09\/muse-131-photo_1-300x191.jpg 300w, http:\/\/www.musees-mediterranee.org\/wp-content\/uploads\/2024\/09\/muse-131-photo_1.jpg 700w\" sizes=\"(max-width: 300px) 100vw, 300px\" \/><\/div><\/a>\n\t\t\t\t<div class=\"elementor-post__text\">\n\t\t\t\t<h3 class=\"elementor-post__title\">\n\t\t\t<a href=\"http:\/\/www.musees-mediterranee.org\/index.php\/2024\/09\/18\/museum-dhistoire-naturelle\/\" >\n\t\t\t\tMus\u00e9um d&#8217;histoire naturelle\t\t\t<\/a>\n\t\t<\/h3>\n\t\t\t\t<div class=\"elementor-post__excerpt\">\n\t\t\t<p>Marseille<\/p>\t\t<\/div>\n\t\t\t\t<\/div>\n\t\t\t\t\t<\/div>\n\t\t<\/article>\n\t\t\t\t<article class=\"elementor-post elementor-grid-item post-13276 post type-post status-publish format-standard has-post-thumbnail hentry category-page-musee tag-131 tag-marseille\" role=\"listitem\">\n\t\t\t<div class=\"elementor-post__card\">\n\t\t\t\t<a class=\"elementor-post__thumbnail__link\" href=\"http:\/\/www.musees-mediterranee.org\/index.php\/2024\/09\/18\/preau-des-accoules\/\" tabindex=\"-1\" ><div class=\"elementor-post__thumbnail\"><img loading=\"lazy\" decoding=\"async\" width=\"300\" height=\"232\" src=\"http:\/\/www.musees-mediterranee.org\/wp-content\/uploads\/2024\/07\/vide-300x232.jpg\" class=\"attachment-medium size-medium wp-image-12350\" alt=\"\" srcset=\"http:\/\/www.musees-mediterranee.org\/wp-content\/uploads\/2024\/07\/vide-300x232.jpg 300w, http:\/\/www.musees-mediterranee.org\/wp-content\/uploads\/2024\/07\/vide-1024x792.jpg 1024w, http:\/\/www.musees-mediterranee.org\/wp-content\/uploads\/2024\/07\/vide-768x594.jpg 768w, http:\/\/www.musees-mediterranee.org\/wp-content\/uploads\/2024\/07\/vide.jpg 1200w\" sizes=\"(max-width: 300px) 100vw, 300px\" \/><\/div><\/a>\n\t\t\t\t<div class=\"elementor-post__text\">\n\t\t\t\t<h3 class=\"elementor-post__title\">\n\t\t\t<a href=\"http:\/\/www.musees-mediterranee.org\/index.php\/2024\/09\/18\/preau-des-accoules\/\" >\n\t\t\t\tPr\u00e9au des Accoules\t\t\t<\/a>\n\t\t<\/h3>\n\t\t\t\t<div class=\"elementor-post__excerpt\">\n\t\t\t<p>Marseille<\/p>\t\t<\/div>\n\t\t\t\t<\/div>\n\t\t\t\t\t<\/div>\n\t\t<\/article>\n\t\t\t\t<article class=\"elementor-post elementor-grid-item post-13379 post type-post status-publish format-standard has-post-thumbnail hentry category-page-musee tag-131 tag-marseille\" role=\"listitem\">\n\t\t\t<div class=\"elementor-post__card\">\n\t\t\t\t<a class=\"elementor-post__thumbnail__link\" href=\"http:\/\/www.musees-mediterranee.org\/index.php\/2024\/09\/24\/musee-des-arts-decoratifs-de-la-faience-et-de-la-mode\/\" tabindex=\"-1\" ><div class=\"elementor-post__thumbnail\"><img loading=\"lazy\" decoding=\"async\" width=\"300\" height=\"199\" src=\"http:\/\/www.musees-mediterranee.org\/wp-content\/uploads\/2024\/09\/musPhoto_244_O3B2-300x199.jpg\" class=\"attachment-medium size-medium wp-image-13380\" alt=\"\" srcset=\"http:\/\/www.musees-mediterranee.org\/wp-content\/uploads\/2024\/09\/musPhoto_244_O3B2-300x199.jpg 300w, http:\/\/www.musees-mediterranee.org\/wp-content\/uploads\/2024\/09\/musPhoto_244_O3B2.jpg 360w\" sizes=\"(max-width: 300px) 100vw, 300px\" \/><\/div><\/a>\n\t\t\t\t<div class=\"elementor-post__text\">\n\t\t\t\t<h3 class=\"elementor-post__title\">\n\t\t\t<a href=\"http:\/\/www.musees-mediterranee.org\/index.php\/2024\/09\/24\/musee-des-arts-decoratifs-de-la-faience-et-de-la-mode\/\" >\n\t\t\t\tMus\u00e9e des arts d\u00e9coratifs, de la fa\u00efence et de la mode\t\t\t<\/a>\n\t\t<\/h3>\n\t\t\t\t<div class=\"elementor-post__excerpt\">\n\t\t\t<p>Marseille<\/p>\t\t<\/div>\n\t\t\t\t<\/div>\n\t\t\t\t\t<\/div>\n\t\t<\/article>\n\t\t\t\t<article class=\"elementor-post elementor-grid-item post-13382 post type-post status-publish format-standard has-post-thumbnail hentry category-page-musee tag-131 tag-marseille\" role=\"listitem\">\n\t\t\t<div class=\"elementor-post__card\">\n\t\t\t\t<a class=\"elementor-post__thumbnail__link\" href=\"http:\/\/www.musees-mediterranee.org\/index.php\/2024\/09\/24\/mucem-musee-des-civilisations-de-leurope-et-de-la-mediterranee\/\" tabindex=\"-1\" ><div class=\"elementor-post__thumbnail\"><img loading=\"lazy\" decoding=\"async\" width=\"300\" height=\"150\" src=\"http:\/\/www.musees-mediterranee.org\/wp-content\/uploads\/2024\/09\/musPhoto_245_5BJP-300x150.jpg\" class=\"attachment-medium size-medium wp-image-13383\" alt=\"\" srcset=\"http:\/\/www.musees-mediterranee.org\/wp-content\/uploads\/2024\/09\/musPhoto_245_5BJP-300x150.jpg 300w, http:\/\/www.musees-mediterranee.org\/wp-content\/uploads\/2024\/09\/musPhoto_245_5BJP.jpg 600w\" sizes=\"(max-width: 300px) 100vw, 300px\" \/><\/div><\/a>\n\t\t\t\t<div class=\"elementor-post__text\">\n\t\t\t\t<h3 class=\"elementor-post__title\">\n\t\t\t<a href=\"http:\/\/www.musees-mediterranee.org\/index.php\/2024\/09\/24\/mucem-musee-des-civilisations-de-leurope-et-de-la-mediterranee\/\" >\n\t\t\t\tMuCEM &#8211; Mus\u00e9e des Civilisations de l&#8217;Europe et de la M\u00e9diterran\u00e9e\t\t\t<\/a>\n\t\t<\/h3>\n\t\t\t\t<div class=\"elementor-post__excerpt\">\n\t\t\t<p>Marseille<\/p>\t\t<\/div>\n\t\t\t\t<\/div>\n\t\t\t\t\t<\/div>\n\t\t<\/article>\n\t\t\t\t<article class=\"elementor-post elementor-grid-item post-13385 post type-post status-publish format-standard has-post-thumbnail hentry category-page-musee tag-131 tag-marseille\" role=\"listitem\">\n\t\t\t<div class=\"elementor-post__card\">\n\t\t\t\t<a class=\"elementor-post__thumbnail__link\" href=\"http:\/\/www.musees-mediterranee.org\/index.php\/2024\/09\/24\/musee-provencal\/\" tabindex=\"-1\" ><div class=\"elementor-post__thumbnail\"><img loading=\"lazy\" decoding=\"async\" width=\"225\" height=\"300\" src=\"http:\/\/www.musees-mediterranee.org\/wp-content\/uploads\/2024\/09\/musPhoto_248_3UMR-225x300.jpeg\" class=\"attachment-medium size-medium wp-image-13387\" alt=\"\" srcset=\"http:\/\/www.musees-mediterranee.org\/wp-content\/uploads\/2024\/09\/musPhoto_248_3UMR-225x300.jpeg 225w, http:\/\/www.musees-mediterranee.org\/wp-content\/uploads\/2024\/09\/musPhoto_248_3UMR.jpeg 450w\" sizes=\"(max-width: 225px) 100vw, 225px\" \/><\/div><\/a>\n\t\t\t\t<div class=\"elementor-post__text\">\n\t\t\t\t<h3 class=\"elementor-post__title\">\n\t\t\t<a href=\"http:\/\/www.musees-mediterranee.org\/index.php\/2024\/09\/24\/musee-provencal\/\" >\n\t\t\t\tMus\u00e9e Proven\u00e7al\t\t\t<\/a>\n\t\t<\/h3>\n\t\t\t\t<div class=\"elementor-post__excerpt\">\n\t\t\t<p>Marseille<\/p>\t\t<\/div>\n\t\t\t\t<\/div>\n\t\t\t\t\t<\/div>\n\t\t<\/article>\n\t\t\t\t<\/div>\n\t\t\n\t\t\t\t\t\t<\/div>\n\t\t\t\t<\/div>\n\t\t\t\t<div class=\"elementor-element elementor-element-6385432 elementor-widget-divider--view-line exad-sticky-section-no exad-glass-effect-no elementor-widget elementor-widget-divider\" data-id=\"6385432\" data-element_type=\"widget\" data-e-type=\"widget\" data-widget_type=\"divider.default\">\n\t\t\t\t<div class=\"elementor-widget-container\">\n\t\t\t\t\t\t\t<div class=\"elementor-divider\">\n\t\t\t<span class=\"elementor-divider-separator\">\n\t\t\t\t\t\t<\/span>\n\t\t<\/div>\n\t\t\t\t\t\t<\/div>\n\t\t\t\t<\/div>\n\t\t\t\t\t<\/div>\n\t\t<\/div>\n\t\t\t\t\t<\/div>\n\t\t<\/section>\n\t\t\t\t<section class=\"elementor-section elementor-top-section elementor-element elementor-element-5d23d6d elementor-section-boxed elementor-section-height-default elementor-section-height-default exad-glass-effect-no exad-sticky-section-no\" data-id=\"5d23d6d\" data-element_type=\"section\" data-e-type=\"section\">\n\t\t\t\t\t\t<div class=\"elementor-container elementor-column-gap-default\">\n\t\t\t\t\t<div class=\"elementor-column elementor-col-100 elementor-top-column elementor-element elementor-element-25517be exad-glass-effect-no exad-sticky-section-no\" data-id=\"25517be\" data-element_type=\"column\" data-e-type=\"column\">\n\t\t\t<div class=\"elementor-widget-wrap elementor-element-populated\">\n\t\t\t\t\t\t<div class=\"elementor-element elementor-element-24c2174 exad-sticky-section-no exad-glass-effect-no elementor-widget elementor-widget-heading\" data-id=\"24c2174\" data-element_type=\"widget\" data-e-type=\"widget\" data-widget_type=\"heading.default\">\n\t\t\t\t<div class=\"elementor-widget-container\">\n\t\t\t\t\t<h5 class=\"elementor-heading-title elementor-size-default\">Martigues - Menton - Minerve - Montpellier<\/h5>\t\t\t\t<\/div>\n\t\t\t\t<\/div>\n\t\t\t\t<div class=\"elementor-element elementor-element-10491f8 elementor-grid-4 elementor-posts--align-center elementor-widget__width-initial elementor-grid-tablet-2 elementor-grid-mobile-1 elementor-posts--thumbnail-top elementor-card-shadow-yes elementor-posts__hover-gradient exad-sticky-section-no exad-glass-effect-no elementor-widget elementor-widget-posts\" data-id=\"10491f8\" data-element_type=\"widget\" data-e-type=\"widget\" data-settings=\"{&quot;cards_columns&quot;:&quot;4&quot;,&quot;cards_row_gap&quot;:{&quot;unit&quot;:&quot;px&quot;,&quot;size&quot;:10,&quot;sizes&quot;:[]},&quot;cards_columns_tablet&quot;:&quot;2&quot;,&quot;cards_columns_mobile&quot;:&quot;1&quot;,&quot;cards_row_gap_tablet&quot;:{&quot;unit&quot;:&quot;px&quot;,&quot;size&quot;:&quot;&quot;,&quot;sizes&quot;:[]},&quot;cards_row_gap_mobile&quot;:{&quot;unit&quot;:&quot;px&quot;,&quot;size&quot;:&quot;&quot;,&quot;sizes&quot;:[]}}\" data-widget_type=\"posts.cards\">\n\t\t\t\t<div class=\"elementor-widget-container\">\n\t\t\t\t\t\t\t<div class=\"elementor-posts-container elementor-posts elementor-posts--skin-cards elementor-grid\" role=\"list\">\n\t\t\t\t<article class=\"elementor-post elementor-grid-item post-13495 post type-post status-publish format-standard has-post-thumbnail hentry category-page-musee category-route-archeo tag-131 tag-martigues\" role=\"listitem\">\n\t\t\t<div class=\"elementor-post__card\">\n\t\t\t\t<a class=\"elementor-post__thumbnail__link\" href=\"http:\/\/www.musees-mediterranee.org\/index.php\/2024\/09\/25\/musee-ziem\/\" tabindex=\"-1\" ><div class=\"elementor-post__thumbnail\"><img loading=\"lazy\" decoding=\"async\" width=\"300\" height=\"183\" src=\"http:\/\/www.musees-mediterranee.org\/wp-content\/uploads\/2024\/09\/musPhoto_128_RAKH-300x183.jpg\" class=\"attachment-medium size-medium wp-image-13496\" alt=\"\" srcset=\"http:\/\/www.musees-mediterranee.org\/wp-content\/uploads\/2024\/09\/musPhoto_128_RAKH-300x183.jpg 300w, http:\/\/www.musees-mediterranee.org\/wp-content\/uploads\/2024\/09\/musPhoto_128_RAKH.jpg 600w\" sizes=\"(max-width: 300px) 100vw, 300px\" \/><\/div><\/a>\n\t\t\t\t<div class=\"elementor-post__text\">\n\t\t\t\t<h3 class=\"elementor-post__title\">\n\t\t\t<a href=\"http:\/\/www.musees-mediterranee.org\/index.php\/2024\/09\/25\/musee-ziem\/\" >\n\t\t\t\tMus\u00e9e Ziem\t\t\t<\/a>\n\t\t<\/h3>\n\t\t\t\t<div class=\"elementor-post__excerpt\">\n\t\t\t<p>Martigues<\/p>\t\t<\/div>\n\t\t\t\t<\/div>\n\t\t\t\t\t<\/div>\n\t\t<\/article>\n\t\t\t\t<article class=\"elementor-post elementor-grid-item post-13506 post type-post status-publish format-standard has-post-thumbnail hentry category-page-musee category-route-archeo tag-132 tag-menton\" role=\"listitem\">\n\t\t\t<div class=\"elementor-post__card\">\n\t\t\t\t<a class=\"elementor-post__thumbnail__link\" href=\"http:\/\/www.musees-mediterranee.org\/index.php\/2024\/09\/25\/musee-de-prehistoire-regionale\/\" tabindex=\"-1\" ><div class=\"elementor-post__thumbnail\"><img loading=\"lazy\" decoding=\"async\" width=\"300\" height=\"192\" src=\"http:\/\/www.musees-mediterranee.org\/wp-content\/uploads\/2024\/09\/musPhoto_77_HQM5-300x192.jpg\" class=\"attachment-medium size-medium wp-image-13507\" alt=\"\" srcset=\"http:\/\/www.musees-mediterranee.org\/wp-content\/uploads\/2024\/09\/musPhoto_77_HQM5-300x192.jpg 300w, http:\/\/www.musees-mediterranee.org\/wp-content\/uploads\/2024\/09\/musPhoto_77_HQM5.jpg 373w\" sizes=\"(max-width: 300px) 100vw, 300px\" \/><\/div><\/a>\n\t\t\t\t<div class=\"elementor-post__text\">\n\t\t\t\t<h3 class=\"elementor-post__title\">\n\t\t\t<a href=\"http:\/\/www.musees-mediterranee.org\/index.php\/2024\/09\/25\/musee-de-prehistoire-regionale\/\" >\n\t\t\t\tMus\u00e9e de Pr\u00e9histoire R\u00e9gionale\t\t\t<\/a>\n\t\t<\/h3>\n\t\t\t\t<div class=\"elementor-post__excerpt\">\n\t\t\t<p>Menton<\/p>\t\t<\/div>\n\t\t\t\t<\/div>\n\t\t\t\t\t<\/div>\n\t\t<\/article>\n\t\t\t\t<article class=\"elementor-post elementor-grid-item post-13514 post type-post status-publish format-standard has-post-thumbnail hentry category-page-musee tag-132 tag-menton\" role=\"listitem\">\n\t\t\t<div class=\"elementor-post__card\">\n\t\t\t\t<a class=\"elementor-post__thumbnail__link\" href=\"http:\/\/www.musees-mediterranee.org\/index.php\/2024\/09\/25\/musee-jean-cocteau-le-bastion\/\" tabindex=\"-1\" ><div class=\"elementor-post__thumbnail\"><img loading=\"lazy\" decoding=\"async\" width=\"300\" height=\"225\" src=\"http:\/\/www.musees-mediterranee.org\/wp-content\/uploads\/2024\/09\/musPhoto_104_W0VN-300x225.jpg\" class=\"attachment-medium size-medium wp-image-13515\" alt=\"\" srcset=\"http:\/\/www.musees-mediterranee.org\/wp-content\/uploads\/2024\/09\/musPhoto_104_W0VN-300x225.jpg 300w, http:\/\/www.musees-mediterranee.org\/wp-content\/uploads\/2024\/09\/musPhoto_104_W0VN.jpg 319w\" sizes=\"(max-width: 300px) 100vw, 300px\" \/><\/div><\/a>\n\t\t\t\t<div class=\"elementor-post__text\">\n\t\t\t\t<h3 class=\"elementor-post__title\">\n\t\t\t<a href=\"http:\/\/www.musees-mediterranee.org\/index.php\/2024\/09\/25\/musee-jean-cocteau-le-bastion\/\" >\n\t\t\t\tMus\u00e9e Jean Cocteau &#8211; le Bastion\t\t\t<\/a>\n\t\t<\/h3>\n\t\t\t\t<div class=\"elementor-post__excerpt\">\n\t\t\t<p>Menton<\/p>\t\t<\/div>\n\t\t\t\t<\/div>\n\t\t\t\t\t<\/div>\n\t\t<\/article>\n\t\t\t\t<article class=\"elementor-post elementor-grid-item post-13518 post type-post status-publish format-standard has-post-thumbnail hentry category-page-musee category-route-archeo tag-134 tag-minerve\" role=\"listitem\">\n\t\t\t<div class=\"elementor-post__card\">\n\t\t\t\t<a class=\"elementor-post__thumbnail__link\" href=\"http:\/\/www.musees-mediterranee.org\/index.php\/2024\/09\/25\/musee-archeologique-et-de-paleontologie\/\" tabindex=\"-1\" ><div class=\"elementor-post__thumbnail\"><img loading=\"lazy\" decoding=\"async\" width=\"300\" height=\"225\" src=\"http:\/\/www.musees-mediterranee.org\/wp-content\/uploads\/2024\/09\/muse-199-photo_1-300x225.jpg\" class=\"attachment-medium size-medium wp-image-13519\" alt=\"\" srcset=\"http:\/\/www.musees-mediterranee.org\/wp-content\/uploads\/2024\/09\/muse-199-photo_1-300x225.jpg 300w, http:\/\/www.musees-mediterranee.org\/wp-content\/uploads\/2024\/09\/muse-199-photo_1.jpg 700w\" sizes=\"(max-width: 300px) 100vw, 300px\" \/><\/div><\/a>\n\t\t\t\t<div class=\"elementor-post__text\">\n\t\t\t\t<h3 class=\"elementor-post__title\">\n\t\t\t<a href=\"http:\/\/www.musees-mediterranee.org\/index.php\/2024\/09\/25\/musee-archeologique-et-de-paleontologie\/\" >\n\t\t\t\tMus\u00e9e arch\u00e9ologique et de pal\u00e9ontologie\t\t\t<\/a>\n\t\t<\/h3>\n\t\t\t\t<div class=\"elementor-post__excerpt\">\n\t\t\t<p>Minerve<\/p>\t\t<\/div>\n\t\t\t\t<\/div>\n\t\t\t\t\t<\/div>\n\t\t<\/article>\n\t\t\t\t<article class=\"elementor-post elementor-grid-item post-13527 post type-post status-publish format-standard has-post-thumbnail hentry category-page-musee tag-134 tag-montpellier\" role=\"listitem\">\n\t\t\t<div class=\"elementor-post__card\">\n\t\t\t\t<a class=\"elementor-post__thumbnail__link\" href=\"http:\/\/www.musees-mediterranee.org\/index.php\/2024\/09\/25\/musee-fabre\/\" tabindex=\"-1\" ><div class=\"elementor-post__thumbnail\"><img loading=\"lazy\" decoding=\"async\" width=\"300\" height=\"199\" src=\"http:\/\/www.musees-mediterranee.org\/wp-content\/uploads\/2024\/09\/musPhoto_201_HK4Y-300x199.jpg\" class=\"attachment-medium size-medium wp-image-13528\" alt=\"\" srcset=\"http:\/\/www.musees-mediterranee.org\/wp-content\/uploads\/2024\/09\/musPhoto_201_HK4Y-300x199.jpg 300w, http:\/\/www.musees-mediterranee.org\/wp-content\/uploads\/2024\/09\/musPhoto_201_HK4Y.jpg 360w\" sizes=\"(max-width: 300px) 100vw, 300px\" \/><\/div><\/a>\n\t\t\t\t<div class=\"elementor-post__text\">\n\t\t\t\t<h3 class=\"elementor-post__title\">\n\t\t\t<a href=\"http:\/\/www.musees-mediterranee.org\/index.php\/2024\/09\/25\/musee-fabre\/\" >\n\t\t\t\tMus\u00e9e Fabre\t\t\t<\/a>\n\t\t<\/h3>\n\t\t\t\t<div class=\"elementor-post__excerpt\">\n\t\t\t<p>Montpellier<\/p>\t\t<\/div>\n\t\t\t\t<\/div>\n\t\t\t\t\t<\/div>\n\t\t<\/article>\n\t\t\t\t<article class=\"elementor-post elementor-grid-item post-13535 post type-post status-publish format-standard has-post-thumbnail hentry category-page-musee tag-134 tag-montpellier\" role=\"listitem\">\n\t\t\t<div class=\"elementor-post__card\">\n\t\t\t\t<a class=\"elementor-post__thumbnail__link\" href=\"http:\/\/www.musees-mediterranee.org\/index.php\/2024\/09\/25\/hotel-de-cabrieres-sabatier-despeyran\/\" tabindex=\"-1\" ><div class=\"elementor-post__thumbnail\"><img loading=\"lazy\" decoding=\"async\" width=\"300\" height=\"200\" src=\"http:\/\/www.musees-mediterranee.org\/wp-content\/uploads\/2024\/09\/musPhoto_202_UD5A-300x200.jpg\" class=\"attachment-medium size-medium wp-image-13536\" alt=\"\" srcset=\"http:\/\/www.musees-mediterranee.org\/wp-content\/uploads\/2024\/09\/musPhoto_202_UD5A-300x200.jpg 300w, http:\/\/www.musees-mediterranee.org\/wp-content\/uploads\/2024\/09\/musPhoto_202_UD5A.jpg 359w\" sizes=\"(max-width: 300px) 100vw, 300px\" \/><\/div><\/a>\n\t\t\t\t<div class=\"elementor-post__text\">\n\t\t\t\t<h3 class=\"elementor-post__title\">\n\t\t\t<a href=\"http:\/\/www.musees-mediterranee.org\/index.php\/2024\/09\/25\/hotel-de-cabrieres-sabatier-despeyran\/\" >\n\t\t\t\tH\u00f4tel de Cabri\u00e8res-Sabatier d&#8217;Espeyran\t\t\t<\/a>\n\t\t<\/h3>\n\t\t\t\t<div class=\"elementor-post__excerpt\">\n\t\t\t<p>Montpellier <\/p>\t\t<\/div>\n\t\t\t\t<\/div>\n\t\t\t\t\t<\/div>\n\t\t<\/article>\n\t\t\t\t<article class=\"elementor-post elementor-grid-item post-13540 post type-post status-publish format-standard has-post-thumbnail hentry category-page-musee tag-134 tag-montpellier\" role=\"listitem\">\n\t\t\t<div class=\"elementor-post__card\">\n\t\t\t\t<a class=\"elementor-post__thumbnail__link\" href=\"http:\/\/www.musees-mediterranee.org\/index.php\/2024\/09\/25\/musee-du-vieux-montpellier\/\" tabindex=\"-1\" ><div class=\"elementor-post__thumbnail\"><img loading=\"lazy\" decoding=\"async\" width=\"300\" height=\"225\" src=\"http:\/\/www.musees-mediterranee.org\/wp-content\/uploads\/2024\/09\/musPhoto_204_UD5A-300x225.jpg\" class=\"attachment-medium size-medium wp-image-13542\" alt=\"\" srcset=\"http:\/\/www.musees-mediterranee.org\/wp-content\/uploads\/2024\/09\/musPhoto_204_UD5A-300x225.jpg 300w, http:\/\/www.musees-mediterranee.org\/wp-content\/uploads\/2024\/09\/musPhoto_204_UD5A-768x576.jpg 768w, http:\/\/www.musees-mediterranee.org\/wp-content\/uploads\/2024\/09\/musPhoto_204_UD5A.jpg 1024w\" sizes=\"(max-width: 300px) 100vw, 300px\" \/><\/div><\/a>\n\t\t\t\t<div class=\"elementor-post__text\">\n\t\t\t\t<h3 class=\"elementor-post__title\">\n\t\t\t<a href=\"http:\/\/www.musees-mediterranee.org\/index.php\/2024\/09\/25\/musee-du-vieux-montpellier\/\" >\n\t\t\t\tMus\u00e9e du Vieux Montpellier\t\t\t<\/a>\n\t\t<\/h3>\n\t\t\t\t<div class=\"elementor-post__excerpt\">\n\t\t\t<p>Montpellier<\/p>\t\t<\/div>\n\t\t\t\t<\/div>\n\t\t\t\t\t<\/div>\n\t\t<\/article>\n\t\t\t\t<\/div>\n\t\t\n\t\t\t\t\t\t<\/div>\n\t\t\t\t<\/div>\n\t\t\t\t<div class=\"elementor-element elementor-element-4e0aab6 elementor-widget-divider--view-line exad-sticky-section-no exad-glass-effect-no elementor-widget elementor-widget-divider\" data-id=\"4e0aab6\" data-element_type=\"widget\" data-e-type=\"widget\" data-widget_type=\"divider.default\">\n\t\t\t\t<div class=\"elementor-widget-container\">\n\t\t\t\t\t\t\t<div class=\"elementor-divider\">\n\t\t\t<span class=\"elementor-divider-separator\">\n\t\t\t\t\t\t<\/span>\n\t\t<\/div>\n\t\t\t\t\t\t<\/div>\n\t\t\t\t<\/div>\n\t\t\t\t\t<\/div>\n\t\t<\/div>\n\t\t\t\t\t<\/div>\n\t\t<\/section>\n\t\t\t\t<section class=\"elementor-section elementor-top-section elementor-element elementor-element-bd3c8ac elementor-section-boxed elementor-section-height-default elementor-section-height-default exad-glass-effect-no exad-sticky-section-no\" data-id=\"bd3c8ac\" data-element_type=\"section\" data-e-type=\"section\">\n\t\t\t\t\t\t<div class=\"elementor-container elementor-column-gap-default\">\n\t\t\t\t\t<div class=\"elementor-column elementor-col-100 elementor-top-column elementor-element elementor-element-aa9a633 exad-glass-effect-no exad-sticky-section-no\" data-id=\"aa9a633\" data-element_type=\"column\" data-e-type=\"column\">\n\t\t\t<div class=\"elementor-widget-wrap elementor-element-populated\">\n\t\t\t\t\t\t<div class=\"elementor-element elementor-element-5425b71 exad-sticky-section-no exad-glass-effect-no elementor-widget elementor-widget-heading\" data-id=\"5425b71\" data-element_type=\"widget\" data-e-type=\"widget\" data-widget_type=\"heading.default\">\n\t\t\t\t<div class=\"elementor-widget-container\">\n\t\t\t\t\t<h5 class=\"elementor-heading-title elementor-size-default\">Moustiers-Sainte-Marie - Murviel-l\u00e8s-Montpellier - Narbonne<\/h5>\t\t\t\t<\/div>\n\t\t\t\t<\/div>\n\t\t\t\t<div class=\"elementor-element elementor-element-09073c2 elementor-grid-4 elementor-posts--align-center elementor-widget__width-initial elementor-grid-tablet-2 elementor-grid-mobile-1 elementor-posts--thumbnail-top elementor-card-shadow-yes elementor-posts__hover-gradient exad-sticky-section-no exad-glass-effect-no elementor-widget elementor-widget-posts\" data-id=\"09073c2\" data-element_type=\"widget\" data-e-type=\"widget\" data-settings=\"{&quot;cards_columns&quot;:&quot;4&quot;,&quot;cards_row_gap&quot;:{&quot;unit&quot;:&quot;px&quot;,&quot;size&quot;:10,&quot;sizes&quot;:[]},&quot;cards_columns_tablet&quot;:&quot;2&quot;,&quot;cards_columns_mobile&quot;:&quot;1&quot;,&quot;cards_row_gap_tablet&quot;:{&quot;unit&quot;:&quot;px&quot;,&quot;size&quot;:&quot;&quot;,&quot;sizes&quot;:[]},&quot;cards_row_gap_mobile&quot;:{&quot;unit&quot;:&quot;px&quot;,&quot;size&quot;:&quot;&quot;,&quot;sizes&quot;:[]}}\" data-widget_type=\"posts.cards\">\n\t\t\t\t<div class=\"elementor-widget-container\">\n\t\t\t\t\t\t\t<div class=\"elementor-posts-container elementor-posts elementor-posts--skin-cards elementor-grid\" role=\"list\">\n\t\t\t\t<article class=\"elementor-post elementor-grid-item post-13543 post type-post status-publish format-standard has-post-thumbnail hentry category-page-musee tag-129 tag-moustiers-sainte-marie\" role=\"listitem\">\n\t\t\t<div class=\"elementor-post__card\">\n\t\t\t\t<a class=\"elementor-post__thumbnail__link\" href=\"http:\/\/www.musees-mediterranee.org\/index.php\/2024\/09\/25\/musee-de-la-faience\/\" tabindex=\"-1\" ><div class=\"elementor-post__thumbnail\"><img loading=\"lazy\" decoding=\"async\" width=\"300\" height=\"225\" src=\"http:\/\/www.musees-mediterranee.org\/wp-content\/uploads\/2024\/09\/muse-73-photo_1-300x225.jpg\" class=\"attachment-medium size-medium wp-image-13550\" alt=\"\" srcset=\"http:\/\/www.musees-mediterranee.org\/wp-content\/uploads\/2024\/09\/muse-73-photo_1-300x225.jpg 300w, http:\/\/www.musees-mediterranee.org\/wp-content\/uploads\/2024\/09\/muse-73-photo_1.jpg 700w\" sizes=\"(max-width: 300px) 100vw, 300px\" \/><\/div><\/a>\n\t\t\t\t<div class=\"elementor-post__text\">\n\t\t\t\t<h3 class=\"elementor-post__title\">\n\t\t\t<a href=\"http:\/\/www.musees-mediterranee.org\/index.php\/2024\/09\/25\/musee-de-la-faience\/\" >\n\t\t\t\tMus\u00e9e de la Fa\u00efence\t\t\t<\/a>\n\t\t<\/h3>\n\t\t\t\t<div class=\"elementor-post__excerpt\">\n\t\t\t<p>Moustiers-Sainte-Marie<\/p>\t\t<\/div>\n\t\t\t\t<\/div>\n\t\t\t\t\t<\/div>\n\t\t<\/article>\n\t\t\t\t<article class=\"elementor-post elementor-grid-item post-13594 post type-post status-publish format-standard has-post-thumbnail hentry category-page-musee category-route-archeo tag-134 tag-murviel-les-montpellier\" role=\"listitem\">\n\t\t\t<div class=\"elementor-post__card\">\n\t\t\t\t<a class=\"elementor-post__thumbnail__link\" href=\"http:\/\/www.musees-mediterranee.org\/index.php\/2024\/10\/01\/musee-archeologique-paul-soyris\/\" tabindex=\"-1\" ><div class=\"elementor-post__thumbnail\"><img loading=\"lazy\" decoding=\"async\" width=\"300\" height=\"138\" src=\"http:\/\/www.musees-mediterranee.org\/wp-content\/uploads\/2024\/10\/musPhoto_205_ZL3W-300x138.jpg\" class=\"attachment-medium size-medium wp-image-13595\" alt=\"\" srcset=\"http:\/\/www.musees-mediterranee.org\/wp-content\/uploads\/2024\/10\/musPhoto_205_ZL3W-300x138.jpg 300w, http:\/\/www.musees-mediterranee.org\/wp-content\/uploads\/2024\/10\/musPhoto_205_ZL3W.jpg 600w\" sizes=\"(max-width: 300px) 100vw, 300px\" \/><\/div><\/a>\n\t\t\t\t<div class=\"elementor-post__text\">\n\t\t\t\t<h3 class=\"elementor-post__title\">\n\t\t\t<a href=\"http:\/\/www.musees-mediterranee.org\/index.php\/2024\/10\/01\/musee-archeologique-paul-soyris\/\" >\n\t\t\t\tMus\u00e9e arch\u00e9ologique<br\/>Paul Soyris\t\t\t<\/a>\n\t\t<\/h3>\n\t\t\t\t<div class=\"elementor-post__excerpt\">\n\t\t\t<p>Murviel-l\u00e8s-Montpellier<\/p>\t\t<\/div>\n\t\t\t\t<\/div>\n\t\t\t\t\t<\/div>\n\t\t<\/article>\n\t\t\t\t<article class=\"elementor-post elementor-grid-item post-13600 post type-post status-publish format-standard has-post-thumbnail hentry category-page-musee tag-144 tag-narbonne\" role=\"listitem\">\n\t\t\t<div class=\"elementor-post__card\">\n\t\t\t\t<a class=\"elementor-post__thumbnail__link\" href=\"http:\/\/www.musees-mediterranee.org\/index.php\/2024\/10\/01\/palais-musee-des-archeveques\/\" tabindex=\"-1\" ><div class=\"elementor-post__thumbnail\"><img loading=\"lazy\" decoding=\"async\" width=\"300\" height=\"200\" src=\"http:\/\/www.musees-mediterranee.org\/wp-content\/uploads\/2024\/10\/musPhoto_172_GSOL-300x200.jpg\" class=\"attachment-medium size-medium wp-image-13601\" alt=\"\" srcset=\"http:\/\/www.musees-mediterranee.org\/wp-content\/uploads\/2024\/10\/musPhoto_172_GSOL-300x200.jpg 300w, http:\/\/www.musees-mediterranee.org\/wp-content\/uploads\/2024\/10\/musPhoto_172_GSOL.jpg 600w\" sizes=\"(max-width: 300px) 100vw, 300px\" \/><\/div><\/a>\n\t\t\t\t<div class=\"elementor-post__text\">\n\t\t\t\t<h3 class=\"elementor-post__title\">\n\t\t\t<a href=\"http:\/\/www.musees-mediterranee.org\/index.php\/2024\/10\/01\/palais-musee-des-archeveques\/\" >\n\t\t\t\tPalais-Mus\u00e9e des Archev\u00eaques\t\t\t<\/a>\n\t\t<\/h3>\n\t\t\t\t<div class=\"elementor-post__excerpt\">\n\t\t\t<p>Narbonne<\/p>\t\t<\/div>\n\t\t\t\t<\/div>\n\t\t\t\t\t<\/div>\n\t\t<\/article>\n\t\t\t\t<article class=\"elementor-post elementor-grid-item post-13606 post type-post status-publish format-standard has-post-thumbnail hentry category-page-musee category-route-archeo tag-144 tag-narbonne\" role=\"listitem\">\n\t\t\t<div class=\"elementor-post__card\">\n\t\t\t\t<a class=\"elementor-post__thumbnail__link\" href=\"http:\/\/www.musees-mediterranee.org\/index.php\/2024\/10\/01\/narbo-via\/\" tabindex=\"-1\" ><div class=\"elementor-post__thumbnail\"><img loading=\"lazy\" decoding=\"async\" width=\"300\" height=\"192\" src=\"http:\/\/www.musees-mediterranee.org\/wp-content\/uploads\/2024\/10\/musPhoto_253_NGAD-300x192.jpg\" class=\"attachment-medium size-medium wp-image-13607\" alt=\"\" srcset=\"http:\/\/www.musees-mediterranee.org\/wp-content\/uploads\/2024\/10\/musPhoto_253_NGAD-300x192.jpg 300w, http:\/\/www.musees-mediterranee.org\/wp-content\/uploads\/2024\/10\/musPhoto_253_NGAD.jpg 600w\" sizes=\"(max-width: 300px) 100vw, 300px\" \/><\/div><\/a>\n\t\t\t\t<div class=\"elementor-post__text\">\n\t\t\t\t<h3 class=\"elementor-post__title\">\n\t\t\t<a href=\"http:\/\/www.musees-mediterranee.org\/index.php\/2024\/10\/01\/narbo-via\/\" >\n\t\t\t\tNarbo Via\t\t\t<\/a>\n\t\t<\/h3>\n\t\t\t\t<div class=\"elementor-post__excerpt\">\n\t\t\t<p>Narbonne<\/p>\t\t<\/div>\n\t\t\t\t<\/div>\n\t\t\t\t\t<\/div>\n\t\t<\/article>\n\t\t\t\t<\/div>\n\t\t\n\t\t\t\t\t\t<\/div>\n\t\t\t\t<\/div>\n\t\t\t\t<div class=\"elementor-element elementor-element-47e126c elementor-widget-divider--view-line exad-sticky-section-no exad-glass-effect-no elementor-widget elementor-widget-divider\" data-id=\"47e126c\" data-element_type=\"widget\" data-e-type=\"widget\" data-widget_type=\"divider.default\">\n\t\t\t\t<div class=\"elementor-widget-container\">\n\t\t\t\t\t\t\t<div class=\"elementor-divider\">\n\t\t\t<span class=\"elementor-divider-separator\">\n\t\t\t\t\t\t<\/span>\n\t\t<\/div>\n\t\t\t\t\t\t<\/div>\n\t\t\t\t<\/div>\n\t\t\t\t\t<\/div>\n\t\t<\/div>\n\t\t\t\t\t<\/div>\n\t\t<\/section>\n\t\t\t\t<section class=\"elementor-section elementor-top-section elementor-element elementor-element-f9ca80c elementor-section-boxed elementor-section-height-default elementor-section-height-default exad-glass-effect-no exad-sticky-section-no\" data-id=\"f9ca80c\" data-element_type=\"section\" data-e-type=\"section\">\n\t\t\t\t\t\t<div class=\"elementor-container elementor-column-gap-default\">\n\t\t\t\t\t<div class=\"elementor-column elementor-col-100 elementor-top-column elementor-element elementor-element-6ab2242 exad-glass-effect-no exad-sticky-section-no\" data-id=\"6ab2242\" data-element_type=\"column\" data-e-type=\"column\">\n\t\t\t<div class=\"elementor-widget-wrap elementor-element-populated\">\n\t\t\t\t\t\t<div class=\"elementor-element elementor-element-4e4e5b2 exad-sticky-section-no exad-glass-effect-no elementor-widget elementor-widget-heading\" data-id=\"4e4e5b2\" data-element_type=\"widget\" data-e-type=\"widget\" data-widget_type=\"heading.default\">\n\t\t\t\t<div class=\"elementor-widget-container\">\n\t\t\t\t\t<h5 class=\"elementor-heading-title elementor-size-default\">Nice<\/h5>\t\t\t\t<\/div>\n\t\t\t\t<\/div>\n\t\t\t\t<div class=\"elementor-element elementor-element-f727056 elementor-grid-4 elementor-posts--align-center elementor-widget__width-initial elementor-grid-tablet-2 elementor-grid-mobile-1 elementor-posts--thumbnail-top elementor-card-shadow-yes elementor-posts__hover-gradient exad-sticky-section-no exad-glass-effect-no elementor-widget elementor-widget-posts\" data-id=\"f727056\" data-element_type=\"widget\" data-e-type=\"widget\" data-settings=\"{&quot;cards_columns&quot;:&quot;4&quot;,&quot;cards_row_gap&quot;:{&quot;unit&quot;:&quot;px&quot;,&quot;size&quot;:10,&quot;sizes&quot;:[]},&quot;cards_columns_tablet&quot;:&quot;2&quot;,&quot;cards_columns_mobile&quot;:&quot;1&quot;,&quot;cards_row_gap_tablet&quot;:{&quot;unit&quot;:&quot;px&quot;,&quot;size&quot;:&quot;&quot;,&quot;sizes&quot;:[]},&quot;cards_row_gap_mobile&quot;:{&quot;unit&quot;:&quot;px&quot;,&quot;size&quot;:&quot;&quot;,&quot;sizes&quot;:[]}}\" data-widget_type=\"posts.cards\">\n\t\t\t\t<div class=\"elementor-widget-container\">\n\t\t\t\t\t\t\t<div class=\"elementor-posts-container elementor-posts elementor-posts--skin-cards elementor-grid\" role=\"list\">\n\t\t\t\t<article class=\"elementor-post elementor-grid-item post-13615 post type-post status-publish format-standard has-post-thumbnail hentry category-page-musee tag-132 tag-nice\" role=\"listitem\">\n\t\t\t<div class=\"elementor-post__card\">\n\t\t\t\t<a class=\"elementor-post__thumbnail__link\" href=\"http:\/\/www.musees-mediterranee.org\/index.php\/2024\/10\/01\/musee-international-dart-naif-anatole-jakovsky\/\" tabindex=\"-1\" ><div class=\"elementor-post__thumbnail\"><img loading=\"lazy\" decoding=\"async\" width=\"300\" height=\"231\" src=\"http:\/\/www.musees-mediterranee.org\/wp-content\/uploads\/2024\/10\/muse-1-photo_1-300x231.jpg\" class=\"attachment-medium size-medium wp-image-13620\" alt=\"\" srcset=\"http:\/\/www.musees-mediterranee.org\/wp-content\/uploads\/2024\/10\/muse-1-photo_1-300x231.jpg 300w, http:\/\/www.musees-mediterranee.org\/wp-content\/uploads\/2024\/10\/muse-1-photo_1.jpg 437w\" sizes=\"(max-width: 300px) 100vw, 300px\" \/><\/div><\/a>\n\t\t\t\t<div class=\"elementor-post__text\">\n\t\t\t\t<h3 class=\"elementor-post__title\">\n\t\t\t<a href=\"http:\/\/www.musees-mediterranee.org\/index.php\/2024\/10\/01\/musee-international-dart-naif-anatole-jakovsky\/\" >\n\t\t\t\tMus\u00e9e International d&#8217;Art Na\u00eff Anatole Jakovsky\t\t\t<\/a>\n\t\t<\/h3>\n\t\t\t\t<div class=\"elementor-post__excerpt\">\n\t\t\t<p>Nice<\/p>\t\t<\/div>\n\t\t\t\t<\/div>\n\t\t\t\t\t<\/div>\n\t\t<\/article>\n\t\t\t\t<article class=\"elementor-post elementor-grid-item post-13621 post type-post status-publish format-standard has-post-thumbnail hentry category-page-musee tag-132 tag-nice\" role=\"listitem\">\n\t\t\t<div class=\"elementor-post__card\">\n\t\t\t\t<a class=\"elementor-post__thumbnail__link\" href=\"http:\/\/www.musees-mediterranee.org\/index.php\/2024\/10\/01\/museum-dhistoire-naturelle-2\/\" tabindex=\"-1\" ><div class=\"elementor-post__thumbnail\"><img loading=\"lazy\" decoding=\"async\" width=\"300\" height=\"194\" src=\"http:\/\/www.musees-mediterranee.org\/wp-content\/uploads\/2024\/10\/muse-11-photo_1-300x194.jpg\" class=\"attachment-medium size-medium wp-image-13622\" alt=\"\" srcset=\"http:\/\/www.musees-mediterranee.org\/wp-content\/uploads\/2024\/10\/muse-11-photo_1-300x194.jpg 300w, http:\/\/www.musees-mediterranee.org\/wp-content\/uploads\/2024\/10\/muse-11-photo_1.jpg 400w\" sizes=\"(max-width: 300px) 100vw, 300px\" \/><\/div><\/a>\n\t\t\t\t<div class=\"elementor-post__text\">\n\t\t\t\t<h3 class=\"elementor-post__title\">\n\t\t\t<a href=\"http:\/\/www.musees-mediterranee.org\/index.php\/2024\/10\/01\/museum-dhistoire-naturelle-2\/\" >\n\t\t\t\tMuseum d&#8217;Histoire naturelle\t\t\t<\/a>\n\t\t<\/h3>\n\t\t\t\t<div class=\"elementor-post__excerpt\">\n\t\t\t<p>Nice<\/p>\t\t<\/div>\n\t\t\t\t<\/div>\n\t\t\t\t\t<\/div>\n\t\t<\/article>\n\t\t\t\t<article class=\"elementor-post elementor-grid-item post-13624 post type-post status-publish format-standard has-post-thumbnail hentry category-page-musee tag-132 tag-nice\" role=\"listitem\">\n\t\t\t<div class=\"elementor-post__card\">\n\t\t\t\t<a class=\"elementor-post__thumbnail__link\" href=\"http:\/\/www.musees-mediterranee.org\/index.php\/2024\/10\/01\/musee-des-arts-asiatiques\/\" tabindex=\"-1\" ><div class=\"elementor-post__thumbnail\"><img loading=\"lazy\" decoding=\"async\" width=\"300\" height=\"200\" src=\"http:\/\/www.musees-mediterranee.org\/wp-content\/uploads\/2024\/10\/muse-24-photo_1-300x200.jpg\" class=\"attachment-medium size-medium wp-image-13625\" alt=\"\" srcset=\"http:\/\/www.musees-mediterranee.org\/wp-content\/uploads\/2024\/10\/muse-24-photo_1-300x200.jpg 300w, http:\/\/www.musees-mediterranee.org\/wp-content\/uploads\/2024\/10\/muse-24-photo_1.jpg 700w\" sizes=\"(max-width: 300px) 100vw, 300px\" \/><\/div><\/a>\n\t\t\t\t<div class=\"elementor-post__text\">\n\t\t\t\t<h3 class=\"elementor-post__title\">\n\t\t\t<a href=\"http:\/\/www.musees-mediterranee.org\/index.php\/2024\/10\/01\/musee-des-arts-asiatiques\/\" >\n\t\t\t\tMus\u00e9e des Arts asiatiques\t\t\t<\/a>\n\t\t<\/h3>\n\t\t\t\t<div class=\"elementor-post__excerpt\">\n\t\t\t<p>Nice<\/p>\t\t<\/div>\n\t\t\t\t<\/div>\n\t\t\t\t\t<\/div>\n\t\t<\/article>\n\t\t\t\t<article class=\"elementor-post elementor-grid-item post-13629 post type-post status-publish format-standard has-post-thumbnail hentry category-page-musee category-route-archeo tag-132 tag-nice\" role=\"listitem\">\n\t\t\t<div class=\"elementor-post__card\">\n\t\t\t\t<a class=\"elementor-post__thumbnail__link\" href=\"http:\/\/www.musees-mediterranee.org\/index.php\/2024\/10\/01\/musee-darcheologie-de-nice-cimiez\/\" tabindex=\"-1\" ><div class=\"elementor-post__thumbnail\"><img loading=\"lazy\" decoding=\"async\" width=\"300\" height=\"131\" src=\"http:\/\/www.musees-mediterranee.org\/wp-content\/uploads\/2024\/10\/muse-52-photo_1-300x131.jpg\" class=\"attachment-medium size-medium wp-image-13630\" alt=\"\" srcset=\"http:\/\/www.musees-mediterranee.org\/wp-content\/uploads\/2024\/10\/muse-52-photo_1-300x131.jpg 300w, http:\/\/www.musees-mediterranee.org\/wp-content\/uploads\/2024\/10\/muse-52-photo_1.jpg 700w\" sizes=\"(max-width: 300px) 100vw, 300px\" \/><\/div><\/a>\n\t\t\t\t<div class=\"elementor-post__text\">\n\t\t\t\t<h3 class=\"elementor-post__title\">\n\t\t\t<a href=\"http:\/\/www.musees-mediterranee.org\/index.php\/2024\/10\/01\/musee-darcheologie-de-nice-cimiez\/\" >\n\t\t\t\tMus\u00e9e d&#8217;Arch\u00e9ologie de Nice \/ Cimiez\t\t\t<\/a>\n\t\t<\/h3>\n\t\t\t\t<div class=\"elementor-post__excerpt\">\n\t\t\t<p>Nice<\/p>\t\t<\/div>\n\t\t\t\t<\/div>\n\t\t\t\t\t<\/div>\n\t\t<\/article>\n\t\t\t\t<article class=\"elementor-post elementor-grid-item post-13634 post type-post status-publish format-standard has-post-thumbnail hentry category-page-musee tag-132 tag-nice\" role=\"listitem\">\n\t\t\t<div class=\"elementor-post__card\">\n\t\t\t\t<a class=\"elementor-post__thumbnail__link\" href=\"http:\/\/www.musees-mediterranee.org\/index.php\/2024\/10\/01\/musee-massena\/\" tabindex=\"-1\" ><div class=\"elementor-post__thumbnail\"><img loading=\"lazy\" decoding=\"async\" width=\"300\" height=\"200\" src=\"http:\/\/www.musees-mediterranee.org\/wp-content\/uploads\/2024\/10\/musPhoto_64_RP3Z-300x200.jpg\" class=\"attachment-medium size-medium wp-image-13635\" alt=\"\" srcset=\"http:\/\/www.musees-mediterranee.org\/wp-content\/uploads\/2024\/10\/musPhoto_64_RP3Z-300x200.jpg 300w, http:\/\/www.musees-mediterranee.org\/wp-content\/uploads\/2024\/10\/musPhoto_64_RP3Z.jpg 600w\" sizes=\"(max-width: 300px) 100vw, 300px\" \/><\/div><\/a>\n\t\t\t\t<div class=\"elementor-post__text\">\n\t\t\t\t<h3 class=\"elementor-post__title\">\n\t\t\t<a href=\"http:\/\/www.musees-mediterranee.org\/index.php\/2024\/10\/01\/musee-massena\/\" >\n\t\t\t\tMus\u00e9e Mass\u00e9na\t\t\t<\/a>\n\t\t<\/h3>\n\t\t\t\t<div class=\"elementor-post__excerpt\">\n\t\t\t<p>Nice<\/p>\t\t<\/div>\n\t\t\t\t<\/div>\n\t\t\t\t\t<\/div>\n\t\t<\/article>\n\t\t\t\t<article class=\"elementor-post elementor-grid-item post-13642 post type-post status-publish format-standard has-post-thumbnail hentry category-page-musee tag-132 tag-nice\" role=\"listitem\">\n\t\t\t<div class=\"elementor-post__card\">\n\t\t\t\t<a class=\"elementor-post__thumbnail__link\" href=\"http:\/\/www.musees-mediterranee.org\/index.php\/2024\/10\/01\/musee-dart-moderne-et-dart-contemporain\/\" tabindex=\"-1\" ><div class=\"elementor-post__thumbnail\"><img loading=\"lazy\" decoding=\"async\" width=\"300\" height=\"236\" src=\"http:\/\/www.musees-mediterranee.org\/wp-content\/uploads\/2024\/10\/muse-65-photo_1-300x236.jpg\" class=\"attachment-medium size-medium wp-image-13643\" alt=\"\" srcset=\"http:\/\/www.musees-mediterranee.org\/wp-content\/uploads\/2024\/10\/muse-65-photo_1-300x236.jpg 300w, http:\/\/www.musees-mediterranee.org\/wp-content\/uploads\/2024\/10\/muse-65-photo_1.jpg 700w\" sizes=\"(max-width: 300px) 100vw, 300px\" \/><\/div><\/a>\n\t\t\t\t<div class=\"elementor-post__text\">\n\t\t\t\t<h3 class=\"elementor-post__title\">\n\t\t\t<a href=\"http:\/\/www.musees-mediterranee.org\/index.php\/2024\/10\/01\/musee-dart-moderne-et-dart-contemporain\/\" >\n\t\t\t\tMus\u00e9e d&#8217;Art Moderne et d&#8217;Art Contemporain\t\t\t<\/a>\n\t\t<\/h3>\n\t\t\t\t<div class=\"elementor-post__excerpt\">\n\t\t\t<p>Nice<\/p>\t\t<\/div>\n\t\t\t\t<\/div>\n\t\t\t\t\t<\/div>\n\t\t<\/article>\n\t\t\t\t<article class=\"elementor-post elementor-grid-item post-13659 post type-post status-publish format-standard has-post-thumbnail hentry category-page-musee category-route-archeo tag-132 tag-nice\" role=\"listitem\">\n\t\t\t<div class=\"elementor-post__card\">\n\t\t\t\t<a class=\"elementor-post__thumbnail__link\" href=\"http:\/\/www.musees-mediterranee.org\/index.php\/2024\/10\/02\/musee-de-prehistroire-terra-amata\/\" tabindex=\"-1\" ><div class=\"elementor-post__thumbnail\"><img loading=\"lazy\" decoding=\"async\" width=\"300\" height=\"199\" src=\"http:\/\/www.musees-mediterranee.org\/wp-content\/uploads\/2024\/10\/musPhoto_79_XMND-300x199.jpg\" class=\"attachment-medium size-medium wp-image-13660\" alt=\"\" srcset=\"http:\/\/www.musees-mediterranee.org\/wp-content\/uploads\/2024\/10\/musPhoto_79_XMND-300x199.jpg 300w, http:\/\/www.musees-mediterranee.org\/wp-content\/uploads\/2024\/10\/musPhoto_79_XMND.jpg 600w\" sizes=\"(max-width: 300px) 100vw, 300px\" \/><\/div><\/a>\n\t\t\t\t<div class=\"elementor-post__text\">\n\t\t\t\t<h3 class=\"elementor-post__title\">\n\t\t\t<a href=\"http:\/\/www.musees-mediterranee.org\/index.php\/2024\/10\/02\/musee-de-prehistroire-terra-amata\/\" >\n\t\t\t\tMus\u00e9e de Pr\u00e9histroire<br\/>Terra Amata\t\t\t<\/a>\n\t\t<\/h3>\n\t\t\t\t<div class=\"elementor-post__excerpt\">\n\t\t\t<p>Nice<\/p>\t\t<\/div>\n\t\t\t\t<\/div>\n\t\t\t\t\t<\/div>\n\t\t<\/article>\n\t\t\t\t<article class=\"elementor-post elementor-grid-item post-13664 post type-post status-publish format-standard has-post-thumbnail hentry category-page-musee tag-132 tag-nice\" role=\"listitem\">\n\t\t\t<div class=\"elementor-post__card\">\n\t\t\t\t<a class=\"elementor-post__thumbnail__link\" href=\"http:\/\/www.musees-mediterranee.org\/index.php\/2024\/10\/02\/musee-des-beaux-arts-5\/\" tabindex=\"-1\" ><div class=\"elementor-post__thumbnail\"><img loading=\"lazy\" decoding=\"async\" width=\"300\" height=\"283\" src=\"http:\/\/www.musees-mediterranee.org\/wp-content\/uploads\/2024\/10\/muse-84-photo_1-300x283.jpg\" class=\"attachment-medium size-medium wp-image-13665\" alt=\"\" srcset=\"http:\/\/www.musees-mediterranee.org\/wp-content\/uploads\/2024\/10\/muse-84-photo_1-300x283.jpg 300w, http:\/\/www.musees-mediterranee.org\/wp-content\/uploads\/2024\/10\/muse-84-photo_1.jpg 490w\" sizes=\"(max-width: 300px) 100vw, 300px\" \/><\/div><\/a>\n\t\t\t\t<div class=\"elementor-post__text\">\n\t\t\t\t<h3 class=\"elementor-post__title\">\n\t\t\t<a href=\"http:\/\/www.musees-mediterranee.org\/index.php\/2024\/10\/02\/musee-des-beaux-arts-5\/\" >\n\t\t\t\tMus\u00e9e des Beaux-Arts\t\t\t<\/a>\n\t\t<\/h3>\n\t\t\t\t<div class=\"elementor-post__excerpt\">\n\t\t\t<p>Nice<\/p>\t\t<\/div>\n\t\t\t\t<\/div>\n\t\t\t\t\t<\/div>\n\t\t<\/article>\n\t\t\t\t<article class=\"elementor-post elementor-grid-item post-13671 post type-post status-publish format-standard has-post-thumbnail hentry category-page-musee tag-132 tag-nice\" role=\"listitem\">\n\t\t\t<div class=\"elementor-post__card\">\n\t\t\t\t<a class=\"elementor-post__thumbnail__link\" href=\"http:\/\/www.musees-mediterranee.org\/index.php\/2024\/10\/02\/musee-matisse\/\" tabindex=\"-1\" ><div class=\"elementor-post__thumbnail\"><img loading=\"lazy\" decoding=\"async\" width=\"300\" height=\"195\" src=\"http:\/\/www.musees-mediterranee.org\/wp-content\/uploads\/2024\/10\/muse-112-photo_1-300x195.jpg\" class=\"attachment-medium size-medium wp-image-13672\" alt=\"\" srcset=\"http:\/\/www.musees-mediterranee.org\/wp-content\/uploads\/2024\/10\/muse-112-photo_1-300x195.jpg 300w, http:\/\/www.musees-mediterranee.org\/wp-content\/uploads\/2024\/10\/muse-112-photo_1.jpg 700w\" sizes=\"(max-width: 300px) 100vw, 300px\" \/><\/div><\/a>\n\t\t\t\t<div class=\"elementor-post__text\">\n\t\t\t\t<h3 class=\"elementor-post__title\">\n\t\t\t<a href=\"http:\/\/www.musees-mediterranee.org\/index.php\/2024\/10\/02\/musee-matisse\/\" >\n\t\t\t\tMus\u00e9e Matisse\t\t\t<\/a>\n\t\t<\/h3>\n\t\t\t\t<div class=\"elementor-post__excerpt\">\n\t\t\t<p>Nice<\/p>\t\t<\/div>\n\t\t\t\t<\/div>\n\t\t\t\t\t<\/div>\n\t\t<\/article>\n\t\t\t\t<article class=\"elementor-post elementor-grid-item post-13677 post type-post status-publish format-standard has-post-thumbnail hentry category-page-musee tag-132 tag-nice\" role=\"listitem\">\n\t\t\t<div class=\"elementor-post__card\">\n\t\t\t\t<a class=\"elementor-post__thumbnail__link\" href=\"http:\/\/www.musees-mediterranee.org\/index.php\/2024\/10\/02\/musee-national-marc-chagall\/\" tabindex=\"-1\" ><div class=\"elementor-post__thumbnail\"><img loading=\"lazy\" decoding=\"async\" width=\"300\" height=\"189\" src=\"http:\/\/www.musees-mediterranee.org\/wp-content\/uploads\/2024\/10\/muse-121-photo_1-300x189.jpg\" class=\"attachment-medium size-medium wp-image-13678\" alt=\"\" srcset=\"http:\/\/www.musees-mediterranee.org\/wp-content\/uploads\/2024\/10\/muse-121-photo_1-300x189.jpg 300w, http:\/\/www.musees-mediterranee.org\/wp-content\/uploads\/2024\/10\/muse-121-photo_1.jpg 700w\" sizes=\"(max-width: 300px) 100vw, 300px\" \/><\/div><\/a>\n\t\t\t\t<div class=\"elementor-post__text\">\n\t\t\t\t<h3 class=\"elementor-post__title\">\n\t\t\t<a href=\"http:\/\/www.musees-mediterranee.org\/index.php\/2024\/10\/02\/musee-national-marc-chagall\/\" >\n\t\t\t\tMus\u00e9e national Marc-Chagall\t\t\t<\/a>\n\t\t<\/h3>\n\t\t\t\t<div class=\"elementor-post__excerpt\">\n\t\t\t<p>Nice<\/p>\t\t<\/div>\n\t\t\t\t<\/div>\n\t\t\t\t\t<\/div>\n\t\t<\/article>\n\t\t\t\t<article class=\"elementor-post elementor-grid-item post-13683 post type-post status-publish format-standard has-post-thumbnail hentry category-page-musee tag-132 tag-nice\" role=\"listitem\">\n\t\t\t<div class=\"elementor-post__card\">\n\t\t\t\t<a class=\"elementor-post__thumbnail__link\" href=\"http:\/\/www.musees-mediterranee.org\/index.php\/2024\/10\/02\/palais-lascaris\/\" tabindex=\"-1\" ><div class=\"elementor-post__thumbnail\"><img loading=\"lazy\" decoding=\"async\" width=\"216\" height=\"300\" src=\"http:\/\/www.musees-mediterranee.org\/wp-content\/uploads\/2024\/10\/muse-133-photo_1-216x300.jpg\" class=\"attachment-medium size-medium wp-image-13684\" alt=\"\" srcset=\"http:\/\/www.musees-mediterranee.org\/wp-content\/uploads\/2024\/10\/muse-133-photo_1-216x300.jpg 216w, http:\/\/www.musees-mediterranee.org\/wp-content\/uploads\/2024\/10\/muse-133-photo_1.jpg 505w\" sizes=\"(max-width: 216px) 100vw, 216px\" \/><\/div><\/a>\n\t\t\t\t<div class=\"elementor-post__text\">\n\t\t\t\t<h3 class=\"elementor-post__title\">\n\t\t\t<a href=\"http:\/\/www.musees-mediterranee.org\/index.php\/2024\/10\/02\/palais-lascaris\/\" >\n\t\t\t\tPalais Lascaris\t\t\t<\/a>\n\t\t<\/h3>\n\t\t\t\t<div class=\"elementor-post__excerpt\">\n\t\t\t<p>Nice<\/p>\t\t<\/div>\n\t\t\t\t<\/div>\n\t\t\t\t\t<\/div>\n\t\t<\/article>\n\t\t\t\t<article class=\"elementor-post elementor-grid-item post-13689 post type-post status-publish format-standard has-post-thumbnail hentry category-page-musee tag-132 tag-nice\" role=\"listitem\">\n\t\t\t<div class=\"elementor-post__card\">\n\t\t\t\t<a class=\"elementor-post__thumbnail__link\" href=\"http:\/\/www.musees-mediterranee.org\/index.php\/2024\/10\/02\/musee-national-du-sport\/\" tabindex=\"-1\" ><div class=\"elementor-post__thumbnail\"><img loading=\"lazy\" decoding=\"async\" width=\"300\" height=\"211\" src=\"http:\/\/www.musees-mediterranee.org\/wp-content\/uploads\/2024\/10\/musPhoto_246_88DM-300x211.jpg\" class=\"attachment-medium size-medium wp-image-13690\" alt=\"\" srcset=\"http:\/\/www.musees-mediterranee.org\/wp-content\/uploads\/2024\/10\/musPhoto_246_88DM-300x211.jpg 300w, http:\/\/www.musees-mediterranee.org\/wp-content\/uploads\/2024\/10\/musPhoto_246_88DM.jpg 600w\" sizes=\"(max-width: 300px) 100vw, 300px\" \/><\/div><\/a>\n\t\t\t\t<div class=\"elementor-post__text\">\n\t\t\t\t<h3 class=\"elementor-post__title\">\n\t\t\t<a href=\"http:\/\/www.musees-mediterranee.org\/index.php\/2024\/10\/02\/musee-national-du-sport\/\" >\n\t\t\t\tMus\u00e9e National du sport\t\t\t<\/a>\n\t\t<\/h3>\n\t\t\t\t<div class=\"elementor-post__excerpt\">\n\t\t\t<p>Nice<\/p>\t\t<\/div>\n\t\t\t\t<\/div>\n\t\t\t\t\t<\/div>\n\t\t<\/article>\n\t\t\t\t<\/div>\n\t\t\n\t\t\t\t\t\t<\/div>\n\t\t\t\t<\/div>\n\t\t\t\t<div class=\"elementor-element elementor-element-443b9a2 elementor-widget-divider--view-line exad-sticky-section-no exad-glass-effect-no elementor-widget elementor-widget-divider\" data-id=\"443b9a2\" data-element_type=\"widget\" data-e-type=\"widget\" data-widget_type=\"divider.default\">\n\t\t\t\t<div class=\"elementor-widget-container\">\n\t\t\t\t\t\t\t<div class=\"elementor-divider\">\n\t\t\t<span class=\"elementor-divider-separator\">\n\t\t\t\t\t\t<\/span>\n\t\t<\/div>\n\t\t\t\t\t\t<\/div>\n\t\t\t\t<\/div>\n\t\t\t\t\t<\/div>\n\t\t<\/div>\n\t\t\t\t\t<\/div>\n\t\t<\/section>\n\t\t\t\t<section class=\"elementor-section elementor-top-section elementor-element elementor-element-0e6dc8c elementor-section-boxed elementor-section-height-default elementor-section-height-default exad-glass-effect-no exad-sticky-section-no\" data-id=\"0e6dc8c\" data-element_type=\"section\" data-e-type=\"section\">\n\t\t\t\t\t\t<div class=\"elementor-container elementor-column-gap-default\">\n\t\t\t\t\t<div class=\"elementor-column elementor-col-100 elementor-top-column elementor-element elementor-element-2d6a243 exad-glass-effect-no exad-sticky-section-no\" data-id=\"2d6a243\" data-element_type=\"column\" data-e-type=\"column\">\n\t\t\t<div class=\"elementor-widget-wrap elementor-element-populated\">\n\t\t\t\t\t\t<div class=\"elementor-element elementor-element-a2a7d92 exad-sticky-section-no exad-glass-effect-no elementor-widget elementor-widget-heading\" data-id=\"a2a7d92\" data-element_type=\"widget\" data-e-type=\"widget\" data-widget_type=\"heading.default\">\n\t\t\t\t<div class=\"elementor-widget-container\">\n\t\t\t\t\t<h5 class=\"elementor-heading-title elementor-size-default\">N\u00eemes - Orange<\/h5>\t\t\t\t<\/div>\n\t\t\t\t<\/div>\n\t\t\t\t<div class=\"elementor-element elementor-element-9c2b749 elementor-grid-4 elementor-posts--align-center elementor-widget__width-initial elementor-grid-tablet-2 elementor-grid-mobile-1 elementor-posts--thumbnail-top elementor-card-shadow-yes elementor-posts__hover-gradient exad-sticky-section-no exad-glass-effect-no elementor-widget elementor-widget-posts\" data-id=\"9c2b749\" data-element_type=\"widget\" data-e-type=\"widget\" data-settings=\"{&quot;cards_columns&quot;:&quot;4&quot;,&quot;cards_row_gap&quot;:{&quot;unit&quot;:&quot;px&quot;,&quot;size&quot;:10,&quot;sizes&quot;:[]},&quot;cards_columns_tablet&quot;:&quot;2&quot;,&quot;cards_columns_mobile&quot;:&quot;1&quot;,&quot;cards_row_gap_tablet&quot;:{&quot;unit&quot;:&quot;px&quot;,&quot;size&quot;:&quot;&quot;,&quot;sizes&quot;:[]},&quot;cards_row_gap_mobile&quot;:{&quot;unit&quot;:&quot;px&quot;,&quot;size&quot;:&quot;&quot;,&quot;sizes&quot;:[]}}\" data-widget_type=\"posts.cards\">\n\t\t\t\t<div class=\"elementor-widget-container\">\n\t\t\t\t\t\t\t<div class=\"elementor-posts-container elementor-posts elementor-posts--skin-cards elementor-grid\" role=\"list\">\n\t\t\t\t<article class=\"elementor-post elementor-grid-item post-13702 post type-post status-publish format-standard has-post-thumbnail hentry category-page-musee tag-128 tag-nimes\" role=\"listitem\">\n\t\t\t<div class=\"elementor-post__card\">\n\t\t\t\t<a class=\"elementor-post__thumbnail__link\" href=\"http:\/\/www.musees-mediterranee.org\/index.php\/2024\/10\/02\/musee-des-beaux-arts-6\/\" tabindex=\"-1\" ><div class=\"elementor-post__thumbnail\"><img loading=\"lazy\" decoding=\"async\" width=\"300\" height=\"300\" src=\"http:\/\/www.musees-mediterranee.org\/wp-content\/uploads\/2024\/10\/muse-167-photo_1-300x300.jpg\" class=\"attachment-medium size-medium wp-image-13703\" alt=\"\" srcset=\"http:\/\/www.musees-mediterranee.org\/wp-content\/uploads\/2024\/10\/muse-167-photo_1-300x300.jpg 300w, http:\/\/www.musees-mediterranee.org\/wp-content\/uploads\/2024\/10\/muse-167-photo_1-150x150.jpg 150w, http:\/\/www.musees-mediterranee.org\/wp-content\/uploads\/2024\/10\/muse-167-photo_1-330x330.jpg 330w, http:\/\/www.musees-mediterranee.org\/wp-content\/uploads\/2024\/10\/muse-167-photo_1.jpg 700w\" sizes=\"(max-width: 300px) 100vw, 300px\" \/><\/div><\/a>\n\t\t\t\t<div class=\"elementor-post__text\">\n\t\t\t\t<h3 class=\"elementor-post__title\">\n\t\t\t<a href=\"http:\/\/www.musees-mediterranee.org\/index.php\/2024\/10\/02\/musee-des-beaux-arts-6\/\" >\n\t\t\t\tMus\u00e9e des Beaux-arts\t\t\t<\/a>\n\t\t<\/h3>\n\t\t\t\t<div class=\"elementor-post__excerpt\">\n\t\t\t<p>N\u00eemes<\/p>\t\t<\/div>\n\t\t\t\t<\/div>\n\t\t\t\t\t<\/div>\n\t\t<\/article>\n\t\t\t\t<article class=\"elementor-post elementor-grid-item post-13847 post type-post status-publish format-standard has-post-thumbnail hentry category-page-musee category-route-archeo tag-128 tag-nimes\" role=\"listitem\">\n\t\t\t<div class=\"elementor-post__card\">\n\t\t\t\t<a class=\"elementor-post__thumbnail__link\" href=\"http:\/\/www.musees-mediterranee.org\/index.php\/2024\/10\/09\/musee-de-la-romanite\/\" tabindex=\"-1\" ><div class=\"elementor-post__thumbnail\"><img loading=\"lazy\" decoding=\"async\" width=\"300\" height=\"171\" src=\"http:\/\/www.musees-mediterranee.org\/wp-content\/uploads\/2024\/10\/musPhoto_179_M7KS-300x171.jpg\" class=\"attachment-medium size-medium wp-image-13848\" alt=\"\" srcset=\"http:\/\/www.musees-mediterranee.org\/wp-content\/uploads\/2024\/10\/musPhoto_179_M7KS-300x171.jpg 300w, http:\/\/www.musees-mediterranee.org\/wp-content\/uploads\/2024\/10\/musPhoto_179_M7KS-128x72.jpg 128w, http:\/\/www.musees-mediterranee.org\/wp-content\/uploads\/2024\/10\/musPhoto_179_M7KS.jpg 419w\" sizes=\"(max-width: 300px) 100vw, 300px\" \/><\/div><\/a>\n\t\t\t\t<div class=\"elementor-post__text\">\n\t\t\t\t<h3 class=\"elementor-post__title\">\n\t\t\t<a href=\"http:\/\/www.musees-mediterranee.org\/index.php\/2024\/10\/09\/musee-de-la-romanite\/\" >\n\t\t\t\tMus\u00e9e de la Romanit\u00e9\t\t\t<\/a>\n\t\t<\/h3>\n\t\t\t\t<div class=\"elementor-post__excerpt\">\n\t\t\t<p>N\u00eemes<\/p>\t\t<\/div>\n\t\t\t\t<\/div>\n\t\t\t\t\t<\/div>\n\t\t<\/article>\n\t\t\t\t<article class=\"elementor-post elementor-grid-item post-13852 post type-post status-publish format-standard has-post-thumbnail hentry category-page-musee tag-128 tag-nimes\" role=\"listitem\">\n\t\t\t<div class=\"elementor-post__card\">\n\t\t\t\t<a class=\"elementor-post__thumbnail__link\" href=\"http:\/\/www.musees-mediterranee.org\/index.php\/2024\/10\/09\/carre-dart-musee-dart-contemporain\/\" tabindex=\"-1\" ><div class=\"elementor-post__thumbnail\"><img loading=\"lazy\" decoding=\"async\" width=\"300\" height=\"199\" src=\"http:\/\/www.musees-mediterranee.org\/wp-content\/uploads\/2024\/10\/muse-181-photo_1-300x199.jpg\" class=\"attachment-medium size-medium wp-image-13853\" alt=\"\" srcset=\"http:\/\/www.musees-mediterranee.org\/wp-content\/uploads\/2024\/10\/muse-181-photo_1-300x199.jpg 300w, http:\/\/www.musees-mediterranee.org\/wp-content\/uploads\/2024\/10\/muse-181-photo_1.jpg 700w\" sizes=\"(max-width: 300px) 100vw, 300px\" \/><\/div><\/a>\n\t\t\t\t<div class=\"elementor-post__text\">\n\t\t\t\t<h3 class=\"elementor-post__title\">\n\t\t\t<a href=\"http:\/\/www.musees-mediterranee.org\/index.php\/2024\/10\/09\/carre-dart-musee-dart-contemporain\/\" >\n\t\t\t\tCarr\u00e9 d&#8217;art &#8211; mus\u00e9e d&#8217;art contemporain\t\t\t<\/a>\n\t\t<\/h3>\n\t\t\t\t<div class=\"elementor-post__excerpt\">\n\t\t\t<p>N\u00eemes<\/p>\t\t<\/div>\n\t\t\t\t<\/div>\n\t\t\t\t\t<\/div>\n\t\t<\/article>\n\t\t\t\t<article class=\"elementor-post elementor-grid-item post-13857 post type-post status-publish format-standard has-post-thumbnail hentry category-page-musee category-route-archeo tag-128 tag-nimes\" role=\"listitem\">\n\t\t\t<div class=\"elementor-post__card\">\n\t\t\t\t<a class=\"elementor-post__thumbnail__link\" href=\"http:\/\/www.musees-mediterranee.org\/index.php\/2024\/10\/09\/museum-musee-dhistoire-naturelle\/\" tabindex=\"-1\" ><div class=\"elementor-post__thumbnail\"><img loading=\"lazy\" decoding=\"async\" width=\"300\" height=\"232\" src=\"http:\/\/www.musees-mediterranee.org\/wp-content\/uploads\/2024\/07\/vide-300x232.jpg\" class=\"attachment-medium size-medium wp-image-12350\" alt=\"\" srcset=\"http:\/\/www.musees-mediterranee.org\/wp-content\/uploads\/2024\/07\/vide-300x232.jpg 300w, http:\/\/www.musees-mediterranee.org\/wp-content\/uploads\/2024\/07\/vide-1024x792.jpg 1024w, http:\/\/www.musees-mediterranee.org\/wp-content\/uploads\/2024\/07\/vide-768x594.jpg 768w, http:\/\/www.musees-mediterranee.org\/wp-content\/uploads\/2024\/07\/vide.jpg 1200w\" sizes=\"(max-width: 300px) 100vw, 300px\" \/><\/div><\/a>\n\t\t\t\t<div class=\"elementor-post__text\">\n\t\t\t\t<h3 class=\"elementor-post__title\">\n\t\t\t<a href=\"http:\/\/www.musees-mediterranee.org\/index.php\/2024\/10\/09\/museum-musee-dhistoire-naturelle\/\" >\n\t\t\t\tMuseum &#8211; mus\u00e9e d&#8217;Histoire naturelle\t\t\t<\/a>\n\t\t<\/h3>\n\t\t\t\t<div class=\"elementor-post__excerpt\">\n\t\t\t<p>N\u00eemes <\/p>\t\t<\/div>\n\t\t\t\t<\/div>\n\t\t\t\t\t<\/div>\n\t\t<\/article>\n\t\t\t\t<article class=\"elementor-post elementor-grid-item post-13859 post type-post status-publish format-standard has-post-thumbnail hentry category-page-musee tag-128 tag-nimes\" role=\"listitem\">\n\t\t\t<div class=\"elementor-post__card\">\n\t\t\t\t<a class=\"elementor-post__thumbnail__link\" href=\"http:\/\/www.musees-mediterranee.org\/index.php\/2024\/10\/09\/musee-du-vieux-nimes\/\" tabindex=\"-1\" ><div class=\"elementor-post__thumbnail\"><img loading=\"lazy\" decoding=\"async\" width=\"300\" height=\"187\" src=\"http:\/\/www.musees-mediterranee.org\/wp-content\/uploads\/2024\/10\/muse-183-photo_1-300x187.jpg\" class=\"attachment-medium size-medium wp-image-13860\" alt=\"\" srcset=\"http:\/\/www.musees-mediterranee.org\/wp-content\/uploads\/2024\/10\/muse-183-photo_1-300x187.jpg 300w, http:\/\/www.musees-mediterranee.org\/wp-content\/uploads\/2024\/10\/muse-183-photo_1.jpg 700w\" sizes=\"(max-width: 300px) 100vw, 300px\" \/><\/div><\/a>\n\t\t\t\t<div class=\"elementor-post__text\">\n\t\t\t\t<h3 class=\"elementor-post__title\">\n\t\t\t<a href=\"http:\/\/www.musees-mediterranee.org\/index.php\/2024\/10\/09\/musee-du-vieux-nimes\/\" >\n\t\t\t\tMus\u00e9e du Vieux N\u00eemes\t\t\t<\/a>\n\t\t<\/h3>\n\t\t\t\t<div class=\"elementor-post__excerpt\">\n\t\t\t<p>N\u00eemes<\/p>\t\t<\/div>\n\t\t\t\t<\/div>\n\t\t\t\t\t<\/div>\n\t\t<\/article>\n\t\t\t\t<article class=\"elementor-post elementor-grid-item post-13864 post type-post status-publish format-standard has-post-thumbnail hentry category-page-musee tag-128 tag-nimes\" role=\"listitem\">\n\t\t\t<div class=\"elementor-post__card\">\n\t\t\t\t<a class=\"elementor-post__thumbnail__link\" href=\"http:\/\/www.musees-mediterranee.org\/index.php\/2024\/10\/09\/musee-des-cultures-taurines\/\" tabindex=\"-1\" ><div class=\"elementor-post__thumbnail\"><img loading=\"lazy\" decoding=\"async\" width=\"225\" height=\"300\" src=\"http:\/\/www.musees-mediterranee.org\/wp-content\/uploads\/2024\/10\/muse-184-photo_1-225x300.jpg\" class=\"attachment-medium size-medium wp-image-13865\" alt=\"\" srcset=\"http:\/\/www.musees-mediterranee.org\/wp-content\/uploads\/2024\/10\/muse-184-photo_1-225x300.jpg 225w, http:\/\/www.musees-mediterranee.org\/wp-content\/uploads\/2024\/10\/muse-184-photo_1.jpg 525w\" sizes=\"(max-width: 225px) 100vw, 225px\" \/><\/div><\/a>\n\t\t\t\t<div class=\"elementor-post__text\">\n\t\t\t\t<h3 class=\"elementor-post__title\">\n\t\t\t<a href=\"http:\/\/www.musees-mediterranee.org\/index.php\/2024\/10\/09\/musee-des-cultures-taurines\/\" >\n\t\t\t\tMus\u00e9e des Cultures taurines\t\t\t<\/a>\n\t\t<\/h3>\n\t\t\t\t<div class=\"elementor-post__excerpt\">\n\t\t\t<p>N\u00eemes<\/p>\t\t<\/div>\n\t\t\t\t<\/div>\n\t\t\t\t\t<\/div>\n\t\t<\/article>\n\t\t\t\t<article class=\"elementor-post elementor-grid-item post-13869 post type-post status-publish format-standard has-post-thumbnail hentry category-page-musee category-route-archeo tag-130 tag-orange\" role=\"listitem\">\n\t\t\t<div class=\"elementor-post__card\">\n\t\t\t\t<a class=\"elementor-post__thumbnail__link\" href=\"http:\/\/www.musees-mediterranee.org\/index.php\/2024\/10\/09\/musee-dart-et-dhistoire\/\" tabindex=\"-1\" ><div class=\"elementor-post__thumbnail\"><img loading=\"lazy\" decoding=\"async\" width=\"300\" height=\"198\" src=\"http:\/\/www.musees-mediterranee.org\/wp-content\/uploads\/2024\/10\/muse-118-photo_1-300x198.jpg\" class=\"attachment-medium size-medium wp-image-13870\" alt=\"\" srcset=\"http:\/\/www.musees-mediterranee.org\/wp-content\/uploads\/2024\/10\/muse-118-photo_1-300x198.jpg 300w, http:\/\/www.musees-mediterranee.org\/wp-content\/uploads\/2024\/10\/muse-118-photo_1.jpg 700w\" sizes=\"(max-width: 300px) 100vw, 300px\" \/><\/div><\/a>\n\t\t\t\t<div class=\"elementor-post__text\">\n\t\t\t\t<h3 class=\"elementor-post__title\">\n\t\t\t<a href=\"http:\/\/www.musees-mediterranee.org\/index.php\/2024\/10\/09\/musee-dart-et-dhistoire\/\" >\n\t\t\t\tMus\u00e9e d&#8217;Art et d&#8217;Histoire\t\t\t<\/a>\n\t\t<\/h3>\n\t\t\t\t<div class=\"elementor-post__excerpt\">\n\t\t\t<p>Orange<\/p>\t\t<\/div>\n\t\t\t\t<\/div>\n\t\t\t\t\t<\/div>\n\t\t<\/article>\n\t\t\t\t<\/div>\n\t\t\n\t\t\t\t\t\t<\/div>\n\t\t\t\t<\/div>\n\t\t\t\t<div class=\"elementor-element elementor-element-701c689 elementor-widget-divider--view-line exad-sticky-section-no exad-glass-effect-no elementor-widget elementor-widget-divider\" data-id=\"701c689\" data-element_type=\"widget\" data-e-type=\"widget\" data-widget_type=\"divider.default\">\n\t\t\t\t<div class=\"elementor-widget-container\">\n\t\t\t\t\t\t\t<div class=\"elementor-divider\">\n\t\t\t<span class=\"elementor-divider-separator\">\n\t\t\t\t\t\t<\/span>\n\t\t<\/div>\n\t\t\t\t\t\t<\/div>\n\t\t\t\t<\/div>\n\t\t\t\t\t<\/div>\n\t\t<\/div>\n\t\t\t\t\t<\/div>\n\t\t<\/section>\n\t\t\t\t<section class=\"elementor-section elementor-top-section elementor-element elementor-element-475f82d elementor-section-boxed elementor-section-height-default elementor-section-height-default exad-glass-effect-no exad-sticky-section-no\" data-id=\"475f82d\" data-element_type=\"section\" data-e-type=\"section\">\n\t\t\t\t\t\t<div class=\"elementor-container elementor-column-gap-default\">\n\t\t\t\t\t<div class=\"elementor-column elementor-col-100 elementor-top-column elementor-element elementor-element-07a0199 exad-glass-effect-no exad-sticky-section-no\" data-id=\"07a0199\" data-element_type=\"column\" data-e-type=\"column\">\n\t\t\t<div class=\"elementor-widget-wrap elementor-element-populated\">\n\t\t\t\t\t\t<div class=\"elementor-element elementor-element-699f659 exad-sticky-section-no exad-glass-effect-no elementor-widget elementor-widget-heading\" data-id=\"699f659\" data-element_type=\"widget\" data-e-type=\"widget\" data-widget_type=\"heading.default\">\n\t\t\t\t<div class=\"elementor-widget-container\">\n\t\t\t\t\t<h5 class=\"elementor-heading-title elementor-size-default\">Perpignan - Pont-Saint-Esprit - Puget-Rostang - Quinson<\/h5>\t\t\t\t<\/div>\n\t\t\t\t<\/div>\n\t\t\t\t<div class=\"elementor-element elementor-element-2f6d440 elementor-grid-4 elementor-posts--align-center elementor-widget__width-initial elementor-grid-tablet-2 elementor-grid-mobile-1 elementor-posts--thumbnail-top elementor-card-shadow-yes elementor-posts__hover-gradient exad-sticky-section-no exad-glass-effect-no elementor-widget elementor-widget-posts\" data-id=\"2f6d440\" data-element_type=\"widget\" data-e-type=\"widget\" data-settings=\"{&quot;cards_columns&quot;:&quot;4&quot;,&quot;cards_row_gap&quot;:{&quot;unit&quot;:&quot;px&quot;,&quot;size&quot;:10,&quot;sizes&quot;:[]},&quot;cards_columns_tablet&quot;:&quot;2&quot;,&quot;cards_columns_mobile&quot;:&quot;1&quot;,&quot;cards_row_gap_tablet&quot;:{&quot;unit&quot;:&quot;px&quot;,&quot;size&quot;:&quot;&quot;,&quot;sizes&quot;:[]},&quot;cards_row_gap_mobile&quot;:{&quot;unit&quot;:&quot;px&quot;,&quot;size&quot;:&quot;&quot;,&quot;sizes&quot;:[]}}\" data-widget_type=\"posts.cards\">\n\t\t\t\t<div class=\"elementor-widget-container\">\n\t\t\t\t\t\t\t<div class=\"elementor-posts-container elementor-posts elementor-posts--skin-cards elementor-grid\" role=\"list\">\n\t\t\t\t<article class=\"elementor-post elementor-grid-item post-13944 post type-post status-publish format-standard has-post-thumbnail hentry category-page-musee tag-149 tag-perpignan\" role=\"listitem\">\n\t\t\t<div class=\"elementor-post__card\">\n\t\t\t\t<a class=\"elementor-post__thumbnail__link\" href=\"http:\/\/www.musees-mediterranee.org\/index.php\/2024\/10\/15\/musee-casa-pairal\/\" tabindex=\"-1\" ><div class=\"elementor-post__thumbnail\"><img loading=\"lazy\" decoding=\"async\" width=\"300\" height=\"225\" src=\"http:\/\/www.musees-mediterranee.org\/wp-content\/uploads\/2024\/10\/musPhoto_212_YBIZ-300x225.jpg\" class=\"attachment-medium size-medium wp-image-13945\" alt=\"\" srcset=\"http:\/\/www.musees-mediterranee.org\/wp-content\/uploads\/2024\/10\/musPhoto_212_YBIZ-300x225.jpg 300w, http:\/\/www.musees-mediterranee.org\/wp-content\/uploads\/2024\/10\/musPhoto_212_YBIZ.jpg 600w\" sizes=\"(max-width: 300px) 100vw, 300px\" \/><\/div><\/a>\n\t\t\t\t<div class=\"elementor-post__text\">\n\t\t\t\t<h3 class=\"elementor-post__title\">\n\t\t\t<a href=\"http:\/\/www.musees-mediterranee.org\/index.php\/2024\/10\/15\/musee-casa-pairal\/\" >\n\t\t\t\tMus\u00e9e Casa Pairal\t\t\t<\/a>\n\t\t<\/h3>\n\t\t\t\t<div class=\"elementor-post__excerpt\">\n\t\t\t<p>Perpignan<\/p>\t\t<\/div>\n\t\t\t\t<\/div>\n\t\t\t\t\t<\/div>\n\t\t<\/article>\n\t\t\t\t<article class=\"elementor-post elementor-grid-item post-13948 post type-post status-publish format-standard has-post-thumbnail hentry category-page-musee tag-149 tag-perpignan\" role=\"listitem\">\n\t\t\t<div class=\"elementor-post__card\">\n\t\t\t\t<a class=\"elementor-post__thumbnail__link\" href=\"http:\/\/www.musees-mediterranee.org\/index.php\/2024\/10\/15\/musee-hyacinthe-rigaud\/\" tabindex=\"-1\" ><div class=\"elementor-post__thumbnail\"><img loading=\"lazy\" decoding=\"async\" width=\"174\" height=\"300\" src=\"http:\/\/www.musees-mediterranee.org\/wp-content\/uploads\/2024\/10\/muse-213-photo_1-174x300.jpg\" class=\"attachment-medium size-medium wp-image-13949\" alt=\"\" srcset=\"http:\/\/www.musees-mediterranee.org\/wp-content\/uploads\/2024\/10\/muse-213-photo_1-174x300.jpg 174w, http:\/\/www.musees-mediterranee.org\/wp-content\/uploads\/2024\/10\/muse-213-photo_1.jpg 407w\" sizes=\"(max-width: 174px) 100vw, 174px\" \/><\/div><\/a>\n\t\t\t\t<div class=\"elementor-post__text\">\n\t\t\t\t<h3 class=\"elementor-post__title\">\n\t\t\t<a href=\"http:\/\/www.musees-mediterranee.org\/index.php\/2024\/10\/15\/musee-hyacinthe-rigaud\/\" >\n\t\t\t\tMus\u00e9e Hyacinthe-Rigaud\t\t\t<\/a>\n\t\t<\/h3>\n\t\t\t\t<div class=\"elementor-post__excerpt\">\n\t\t\t<p>Perpignan<\/p>\t\t<\/div>\n\t\t\t\t<\/div>\n\t\t\t\t\t<\/div>\n\t\t<\/article>\n\t\t\t\t<article class=\"elementor-post elementor-grid-item post-13951 post type-post status-publish format-standard has-post-thumbnail hentry category-page-musee tag-149 tag-perpignan\" role=\"listitem\">\n\t\t\t<div class=\"elementor-post__card\">\n\t\t\t\t<a class=\"elementor-post__thumbnail__link\" href=\"http:\/\/www.musees-mediterranee.org\/index.php\/2024\/10\/15\/musee-des-monnaies-et-medailles-joseph-puig\/\" tabindex=\"-1\" ><div class=\"elementor-post__thumbnail\"><img loading=\"lazy\" decoding=\"async\" width=\"300\" height=\"281\" src=\"http:\/\/www.musees-mediterranee.org\/wp-content\/uploads\/2024\/10\/musPhoto_214_G0Z2-300x281.png\" class=\"attachment-medium size-medium wp-image-13952\" alt=\"\" srcset=\"http:\/\/www.musees-mediterranee.org\/wp-content\/uploads\/2024\/10\/musPhoto_214_G0Z2-300x281.png 300w, http:\/\/www.musees-mediterranee.org\/wp-content\/uploads\/2024\/10\/musPhoto_214_G0Z2.png 533w\" sizes=\"(max-width: 300px) 100vw, 300px\" \/><\/div><\/a>\n\t\t\t\t<div class=\"elementor-post__text\">\n\t\t\t\t<h3 class=\"elementor-post__title\">\n\t\t\t<a href=\"http:\/\/www.musees-mediterranee.org\/index.php\/2024\/10\/15\/musee-des-monnaies-et-medailles-joseph-puig\/\" >\n\t\t\t\tMus\u00e9e des monnaies et m\u00e9dailles Joseph Puig\t\t\t<\/a>\n\t\t<\/h3>\n\t\t\t\t<div class=\"elementor-post__excerpt\">\n\t\t\t<p>Perpignan<\/p>\t\t<\/div>\n\t\t\t\t<\/div>\n\t\t\t\t\t<\/div>\n\t\t<\/article>\n\t\t\t\t<article class=\"elementor-post elementor-grid-item post-13955 post type-post status-publish format-standard has-post-thumbnail hentry category-page-musee tag-149 tag-perpignan\" role=\"listitem\">\n\t\t\t<div class=\"elementor-post__card\">\n\t\t\t\t<a class=\"elementor-post__thumbnail__link\" href=\"http:\/\/www.musees-mediterranee.org\/index.php\/2024\/10\/15\/museum-dhistoire-naturelle-3\/\" tabindex=\"-1\" ><div class=\"elementor-post__thumbnail\"><img loading=\"lazy\" decoding=\"async\" width=\"300\" height=\"249\" src=\"http:\/\/www.musees-mediterranee.org\/wp-content\/uploads\/2024\/10\/musPhoto_215_24IW-300x249.jpg\" class=\"attachment-medium size-medium wp-image-13956\" alt=\"\" srcset=\"http:\/\/www.musees-mediterranee.org\/wp-content\/uploads\/2024\/10\/musPhoto_215_24IW-300x249.jpg 300w, http:\/\/www.musees-mediterranee.org\/wp-content\/uploads\/2024\/10\/musPhoto_215_24IW.jpg 583w\" sizes=\"(max-width: 300px) 100vw, 300px\" \/><\/div><\/a>\n\t\t\t\t<div class=\"elementor-post__text\">\n\t\t\t\t<h3 class=\"elementor-post__title\">\n\t\t\t<a href=\"http:\/\/www.musees-mediterranee.org\/index.php\/2024\/10\/15\/museum-dhistoire-naturelle-3\/\" >\n\t\t\t\tMus\u00e9um d&#8217;histoire naturelle\t\t\t<\/a>\n\t\t<\/h3>\n\t\t\t\t<div class=\"elementor-post__excerpt\">\n\t\t\t<p>Perpignan<\/p>\t\t<\/div>\n\t\t\t\t<\/div>\n\t\t\t\t\t<\/div>\n\t\t<\/article>\n\t\t\t\t<article class=\"elementor-post elementor-grid-item post-13967 post type-post status-publish format-standard has-post-thumbnail hentry category-musee-adherent category-page-musee tag-128 tag-pont-saint-esprit\" role=\"listitem\">\n\t\t\t<div class=\"elementor-post__card\">\n\t\t\t\t<a class=\"elementor-post__thumbnail__link\" href=\"http:\/\/www.musees-mediterranee.org\/index.php\/2024\/10\/15\/musee-dart-sacre-du-gard-maison-des-chevaliers\/\" tabindex=\"-1\" ><div class=\"elementor-post__thumbnail\"><img loading=\"lazy\" decoding=\"async\" width=\"300\" height=\"171\" src=\"http:\/\/www.musees-mediterranee.org\/wp-content\/uploads\/2024\/10\/musPhoto_185_0FYW-300x171.jpg\" class=\"attachment-medium size-medium wp-image-13968\" alt=\"\" srcset=\"http:\/\/www.musees-mediterranee.org\/wp-content\/uploads\/2024\/10\/musPhoto_185_0FYW-300x171.jpg 300w, http:\/\/www.musees-mediterranee.org\/wp-content\/uploads\/2024\/10\/musPhoto_185_0FYW-128x72.jpg 128w, http:\/\/www.musees-mediterranee.org\/wp-content\/uploads\/2024\/10\/musPhoto_185_0FYW.jpg 419w\" sizes=\"(max-width: 300px) 100vw, 300px\" \/><\/div><\/a>\n\t\t\t\t<div class=\"elementor-post__text\">\n\t\t\t\t<h3 class=\"elementor-post__title\">\n\t\t\t<a href=\"http:\/\/www.musees-mediterranee.org\/index.php\/2024\/10\/15\/musee-dart-sacre-du-gard-maison-des-chevaliers\/\" >\n\t\t\t\tMus\u00e9e d&#8217;art sacr\u00e9 du Gard &#8211; Maison des Chevaliers\t\t\t<\/a>\n\t\t<\/h3>\n\t\t\t\t<div class=\"elementor-post__excerpt\">\n\t\t\t<p>Pont-Saint-Esprit<\/p>\t\t<\/div>\n\t\t\t\t<\/div>\n\t\t\t\t\t<\/div>\n\t\t<\/article>\n\t\t\t\t<article class=\"elementor-post elementor-grid-item post-13970 post type-post status-publish format-standard has-post-thumbnail hentry category-page-musee tag-132 tag-puget-rostang\" role=\"listitem\">\n\t\t\t<div class=\"elementor-post__card\">\n\t\t\t\t<a class=\"elementor-post__thumbnail__link\" href=\"http:\/\/www.musees-mediterranee.org\/index.php\/2024\/10\/15\/roudoule-ecomusee-en-terre-gavotte\/\" tabindex=\"-1\" ><div class=\"elementor-post__thumbnail\"><img loading=\"lazy\" decoding=\"async\" width=\"270\" height=\"180\" src=\"http:\/\/www.musees-mediterranee.org\/wp-content\/uploads\/2024\/10\/muse-36-photo_1.jpg\" class=\"attachment-medium size-medium wp-image-13971\" alt=\"\" \/><\/div><\/a>\n\t\t\t\t<div class=\"elementor-post__text\">\n\t\t\t\t<h3 class=\"elementor-post__title\">\n\t\t\t<a href=\"http:\/\/www.musees-mediterranee.org\/index.php\/2024\/10\/15\/roudoule-ecomusee-en-terre-gavotte\/\" >\n\t\t\t\tRoudoule, \u00e9comus\u00e9e en terre gavotte\t\t\t<\/a>\n\t\t<\/h3>\n\t\t\t\t<div class=\"elementor-post__excerpt\">\n\t\t\t<p>Puget-Rostang<\/p>\t\t<\/div>\n\t\t\t\t<\/div>\n\t\t\t\t\t<\/div>\n\t\t<\/article>\n\t\t\t\t<article class=\"elementor-post elementor-grid-item post-13974 post type-post status-publish format-standard has-post-thumbnail hentry category-musee-adherent category-page-musee category-route-archeo tag-129 tag-quinson\" role=\"listitem\">\n\t\t\t<div class=\"elementor-post__card\">\n\t\t\t\t<a class=\"elementor-post__thumbnail__link\" href=\"http:\/\/www.musees-mediterranee.org\/index.php\/2024\/10\/15\/musee-de-prehistoire-des-gorges-du-verdon\/\" tabindex=\"-1\" ><div class=\"elementor-post__thumbnail\"><img loading=\"lazy\" decoding=\"async\" width=\"300\" height=\"225\" src=\"http:\/\/www.musees-mediterranee.org\/wp-content\/uploads\/2024\/10\/muse-76-photo_1-300x225.jpg\" class=\"attachment-medium size-medium wp-image-13975\" alt=\"\" srcset=\"http:\/\/www.musees-mediterranee.org\/wp-content\/uploads\/2024\/10\/muse-76-photo_1-300x225.jpg 300w, http:\/\/www.musees-mediterranee.org\/wp-content\/uploads\/2024\/10\/muse-76-photo_1.jpg 700w\" sizes=\"(max-width: 300px) 100vw, 300px\" \/><\/div><\/a>\n\t\t\t\t<div class=\"elementor-post__text\">\n\t\t\t\t<h3 class=\"elementor-post__title\">\n\t\t\t<a href=\"http:\/\/www.musees-mediterranee.org\/index.php\/2024\/10\/15\/musee-de-prehistoire-des-gorges-du-verdon\/\" >\n\t\t\t\tMus\u00e9e de Pr\u00e9histoire des gorges du Verdon\t\t\t<\/a>\n\t\t<\/h3>\n\t\t\t\t<div class=\"elementor-post__excerpt\">\n\t\t\t<p>Quinson<\/p>\t\t<\/div>\n\t\t\t\t<\/div>\n\t\t\t\t\t<\/div>\n\t\t<\/article>\n\t\t\t\t<\/div>\n\t\t\n\t\t\t\t\t\t<\/div>\n\t\t\t\t<\/div>\n\t\t\t\t<div class=\"elementor-element elementor-element-1694873 elementor-widget-divider--view-line exad-sticky-section-no exad-glass-effect-no elementor-widget elementor-widget-divider\" data-id=\"1694873\" data-element_type=\"widget\" data-e-type=\"widget\" data-widget_type=\"divider.default\">\n\t\t\t\t<div class=\"elementor-widget-container\">\n\t\t\t\t\t\t\t<div class=\"elementor-divider\">\n\t\t\t<span class=\"elementor-divider-separator\">\n\t\t\t\t\t\t<\/span>\n\t\t<\/div>\n\t\t\t\t\t\t<\/div>\n\t\t\t\t<\/div>\n\t\t\t\t\t<\/div>\n\t\t<\/div>\n\t\t\t\t\t<\/div>\n\t\t<\/section>\n\t\t\t\t<section class=\"elementor-section elementor-top-section elementor-element elementor-element-d7c2628 elementor-section-boxed elementor-section-height-default elementor-section-height-default exad-glass-effect-no exad-sticky-section-no\" data-id=\"d7c2628\" data-element_type=\"section\" data-e-type=\"section\">\n\t\t\t\t\t\t<div class=\"elementor-container elementor-column-gap-default\">\n\t\t\t\t\t<div class=\"elementor-column elementor-col-100 elementor-top-column elementor-element elementor-element-ecfbda2 exad-glass-effect-no exad-sticky-section-no\" data-id=\"ecfbda2\" data-element_type=\"column\" data-e-type=\"column\">\n\t\t\t<div class=\"elementor-widget-wrap elementor-element-populated\">\n\t\t\t\t\t\t<div class=\"elementor-element elementor-element-526b6b4 exad-sticky-section-no exad-glass-effect-no elementor-widget elementor-widget-heading\" data-id=\"526b6b4\" data-element_type=\"widget\" data-e-type=\"widget\" data-widget_type=\"heading.default\">\n\t\t\t\t<div class=\"elementor-widget-container\">\n\t\t\t\t\t<h5 class=\"elementor-heading-title elementor-size-default\">Saint-Cannat - Saint-Chamas - Sainte-L\u00e9ocadie - Saint-Gilles<\/h5>\t\t\t\t<\/div>\n\t\t\t\t<\/div>\n\t\t\t\t<div class=\"elementor-element elementor-element-7927f7c elementor-grid-4 elementor-posts--align-center elementor-widget__width-initial elementor-grid-tablet-2 elementor-grid-mobile-1 elementor-posts--thumbnail-top elementor-card-shadow-yes elementor-posts__hover-gradient exad-sticky-section-no exad-glass-effect-no elementor-widget elementor-widget-posts\" data-id=\"7927f7c\" data-element_type=\"widget\" data-e-type=\"widget\" data-settings=\"{&quot;cards_columns&quot;:&quot;4&quot;,&quot;cards_row_gap&quot;:{&quot;unit&quot;:&quot;px&quot;,&quot;size&quot;:10,&quot;sizes&quot;:[]},&quot;cards_columns_tablet&quot;:&quot;2&quot;,&quot;cards_columns_mobile&quot;:&quot;1&quot;,&quot;cards_row_gap_tablet&quot;:{&quot;unit&quot;:&quot;px&quot;,&quot;size&quot;:&quot;&quot;,&quot;sizes&quot;:[]},&quot;cards_row_gap_mobile&quot;:{&quot;unit&quot;:&quot;px&quot;,&quot;size&quot;:&quot;&quot;,&quot;sizes&quot;:[]}}\" data-widget_type=\"posts.cards\">\n\t\t\t\t<div class=\"elementor-widget-container\">\n\t\t\t\t\t\t\t<div class=\"elementor-posts-container elementor-posts elementor-posts--skin-cards elementor-grid\" role=\"list\">\n\t\t\t\t<article class=\"elementor-post elementor-grid-item post-14013 post type-post status-publish format-standard has-post-thumbnail hentry category-page-musee tag-131 tag-saint-cannat\" role=\"listitem\">\n\t\t\t<div class=\"elementor-post__card\">\n\t\t\t\t<a class=\"elementor-post__thumbnail__link\" href=\"http:\/\/www.musees-mediterranee.org\/index.php\/2024\/10\/16\/musee-suffren-et-du-vieux-saint-cannat\/\" tabindex=\"-1\" ><div class=\"elementor-post__thumbnail\"><img loading=\"lazy\" decoding=\"async\" width=\"300\" height=\"196\" src=\"http:\/\/www.musees-mediterranee.org\/wp-content\/uploads\/2024\/10\/muse-97-photo_1-300x196.jpg\" class=\"attachment-medium size-medium wp-image-14014\" alt=\"\" srcset=\"http:\/\/www.musees-mediterranee.org\/wp-content\/uploads\/2024\/10\/muse-97-photo_1-300x196.jpg 300w, http:\/\/www.musees-mediterranee.org\/wp-content\/uploads\/2024\/10\/muse-97-photo_1.jpg 700w\" sizes=\"(max-width: 300px) 100vw, 300px\" \/><\/div><\/a>\n\t\t\t\t<div class=\"elementor-post__text\">\n\t\t\t\t<h3 class=\"elementor-post__title\">\n\t\t\t<a href=\"http:\/\/www.musees-mediterranee.org\/index.php\/2024\/10\/16\/musee-suffren-et-du-vieux-saint-cannat\/\" >\n\t\t\t\tMus\u00e9e Suffren et du Vieux Saint-Cannat\t\t\t<\/a>\n\t\t<\/h3>\n\t\t\t\t<div class=\"elementor-post__excerpt\">\n\t\t\t<p>Saint-Cannat<\/p>\t\t<\/div>\n\t\t\t\t<\/div>\n\t\t\t\t\t<\/div>\n\t\t<\/article>\n\t\t\t\t<article class=\"elementor-post elementor-grid-item post-14018 post type-post status-publish format-standard has-post-thumbnail hentry category-page-musee category-route-archeo tag-131 tag-saint-chamas\" role=\"listitem\">\n\t\t\t<div class=\"elementor-post__card\">\n\t\t\t\t<a class=\"elementor-post__thumbnail__link\" href=\"http:\/\/www.musees-mediterranee.org\/index.php\/2024\/10\/16\/musee-municipal-paul-lafran-de-saint-chamas\/\" tabindex=\"-1\" ><div class=\"elementor-post__thumbnail\"><img loading=\"lazy\" decoding=\"async\" width=\"300\" height=\"252\" src=\"http:\/\/www.musees-mediterranee.org\/wp-content\/uploads\/2024\/10\/muse-139-photo_1-300x252.png\" class=\"attachment-medium size-medium wp-image-14037\" alt=\"\" srcset=\"http:\/\/www.musees-mediterranee.org\/wp-content\/uploads\/2024\/10\/muse-139-photo_1-300x252.png 300w, http:\/\/www.musees-mediterranee.org\/wp-content\/uploads\/2024\/10\/muse-139-photo_1.png 350w\" sizes=\"(max-width: 300px) 100vw, 300px\" \/><\/div><\/a>\n\t\t\t\t<div class=\"elementor-post__text\">\n\t\t\t\t<h3 class=\"elementor-post__title\">\n\t\t\t<a href=\"http:\/\/www.musees-mediterranee.org\/index.php\/2024\/10\/16\/musee-municipal-paul-lafran-de-saint-chamas\/\" >\n\t\t\t\tMus\u00e9e municipal Paul-Lafran de Saint-Chamas\t\t\t<\/a>\n\t\t<\/h3>\n\t\t\t\t<div class=\"elementor-post__excerpt\">\n\t\t\t<p>Saint-Chamas<\/p>\t\t<\/div>\n\t\t\t\t<\/div>\n\t\t\t\t\t<\/div>\n\t\t<\/article>\n\t\t\t\t<article class=\"elementor-post elementor-grid-item post-14022 post type-post status-publish format-standard has-post-thumbnail hentry category-page-musee tag-149 tag-sainte-leocadie\" role=\"listitem\">\n\t\t\t<div class=\"elementor-post__card\">\n\t\t\t\t<a class=\"elementor-post__thumbnail__link\" href=\"http:\/\/www.musees-mediterranee.org\/index.php\/2024\/10\/16\/musee-de-cerdagne\/\" tabindex=\"-1\" ><div class=\"elementor-post__thumbnail\"><img loading=\"lazy\" decoding=\"async\" width=\"200\" height=\"134\" src=\"http:\/\/www.musees-mediterranee.org\/wp-content\/uploads\/2024\/10\/muse-216-photo_1.jpg\" class=\"attachment-medium size-medium wp-image-14023\" alt=\"\" \/><\/div><\/a>\n\t\t\t\t<div class=\"elementor-post__text\">\n\t\t\t\t<h3 class=\"elementor-post__title\">\n\t\t\t<a href=\"http:\/\/www.musees-mediterranee.org\/index.php\/2024\/10\/16\/musee-de-cerdagne\/\" >\n\t\t\t\tMus\u00e9e de Cerdagne\t\t\t<\/a>\n\t\t<\/h3>\n\t\t\t\t<div class=\"elementor-post__excerpt\">\n\t\t\t<p>Sainte-L\u00e9ocadie<\/p>\t\t<\/div>\n\t\t\t\t<\/div>\n\t\t\t\t\t<\/div>\n\t\t<\/article>\n\t\t\t\t<article class=\"elementor-post elementor-grid-item post-14026 post type-post status-publish format-standard has-post-thumbnail hentry category-page-musee category-route-archeo tag-128 tag-saint-gilles\" role=\"listitem\">\n\t\t\t<div class=\"elementor-post__card\">\n\t\t\t\t<a class=\"elementor-post__thumbnail__link\" href=\"http:\/\/www.musees-mediterranee.org\/index.php\/2024\/10\/16\/musee-de-la-maison-romane\/\" tabindex=\"-1\" ><div class=\"elementor-post__thumbnail\"><img loading=\"lazy\" decoding=\"async\" width=\"300\" height=\"256\" src=\"http:\/\/www.musees-mediterranee.org\/wp-content\/uploads\/2024\/10\/musPhoto_187_1FIB-300x256.jpg\" class=\"attachment-medium size-medium wp-image-14027\" alt=\"\" srcset=\"http:\/\/www.musees-mediterranee.org\/wp-content\/uploads\/2024\/10\/musPhoto_187_1FIB-300x256.jpg 300w, http:\/\/www.musees-mediterranee.org\/wp-content\/uploads\/2024\/10\/musPhoto_187_1FIB.jpg 393w\" sizes=\"(max-width: 300px) 100vw, 300px\" \/><\/div><\/a>\n\t\t\t\t<div class=\"elementor-post__text\">\n\t\t\t\t<h3 class=\"elementor-post__title\">\n\t\t\t<a href=\"http:\/\/www.musees-mediterranee.org\/index.php\/2024\/10\/16\/musee-de-la-maison-romane\/\" >\n\t\t\t\tMus\u00e9e de la Maison Romane\t\t\t<\/a>\n\t\t<\/h3>\n\t\t\t\t<div class=\"elementor-post__excerpt\">\n\t\t\t<p>Saint-Gilles<\/p>\t\t<\/div>\n\t\t\t\t<\/div>\n\t\t\t\t\t<\/div>\n\t\t<\/article>\n\t\t\t\t<\/div>\n\t\t\n\t\t\t\t\t\t<\/div>\n\t\t\t\t<\/div>\n\t\t\t\t<div class=\"elementor-element elementor-element-c15c36f elementor-widget-divider--view-line exad-sticky-section-no exad-glass-effect-no elementor-widget elementor-widget-divider\" data-id=\"c15c36f\" data-element_type=\"widget\" data-e-type=\"widget\" data-widget_type=\"divider.default\">\n\t\t\t\t<div class=\"elementor-widget-container\">\n\t\t\t\t\t\t\t<div class=\"elementor-divider\">\n\t\t\t<span class=\"elementor-divider-separator\">\n\t\t\t\t\t\t<\/span>\n\t\t<\/div>\n\t\t\t\t\t\t<\/div>\n\t\t\t\t<\/div>\n\t\t\t\t\t<\/div>\n\t\t<\/div>\n\t\t\t\t\t<\/div>\n\t\t<\/section>\n\t\t\t\t<section class=\"elementor-section elementor-top-section elementor-element elementor-element-f108233 elementor-section-boxed elementor-section-height-default elementor-section-height-default exad-glass-effect-no exad-sticky-section-no\" data-id=\"f108233\" data-element_type=\"section\" data-e-type=\"section\">\n\t\t\t\t\t\t<div class=\"elementor-container elementor-column-gap-default\">\n\t\t\t\t\t<div class=\"elementor-column elementor-col-100 elementor-top-column elementor-element elementor-element-6a78d14 exad-glass-effect-no exad-sticky-section-no\" data-id=\"6a78d14\" data-element_type=\"column\" data-e-type=\"column\">\n\t\t\t<div class=\"elementor-widget-wrap elementor-element-populated\">\n\t\t\t\t\t\t<div class=\"elementor-element elementor-element-c60898d exad-sticky-section-no exad-glass-effect-no elementor-widget elementor-widget-heading\" data-id=\"c60898d\" data-element_type=\"widget\" data-e-type=\"widget\" data-widget_type=\"heading.default\">\n\t\t\t\t<div class=\"elementor-widget-container\">\n\t\t\t\t\t<h5 class=\"elementor-heading-title elementor-size-default\">Saint-Jean-du-Gard - Saint-Martin-de-Crau - Saint-Paul sur Ubaye - Saint-Pons-de-Thomi\u00e8res<\/h5>\t\t\t\t<\/div>\n\t\t\t\t<\/div>\n\t\t\t\t<div class=\"elementor-element elementor-element-f8c6bdf elementor-grid-4 elementor-posts--align-center elementor-widget__width-initial elementor-grid-tablet-2 elementor-grid-mobile-1 elementor-posts--thumbnail-top elementor-card-shadow-yes elementor-posts__hover-gradient exad-sticky-section-no exad-glass-effect-no elementor-widget elementor-widget-posts\" data-id=\"f8c6bdf\" data-element_type=\"widget\" data-e-type=\"widget\" data-settings=\"{&quot;cards_columns&quot;:&quot;4&quot;,&quot;cards_row_gap&quot;:{&quot;unit&quot;:&quot;px&quot;,&quot;size&quot;:10,&quot;sizes&quot;:[]},&quot;cards_columns_tablet&quot;:&quot;2&quot;,&quot;cards_columns_mobile&quot;:&quot;1&quot;,&quot;cards_row_gap_tablet&quot;:{&quot;unit&quot;:&quot;px&quot;,&quot;size&quot;:&quot;&quot;,&quot;sizes&quot;:[]},&quot;cards_row_gap_mobile&quot;:{&quot;unit&quot;:&quot;px&quot;,&quot;size&quot;:&quot;&quot;,&quot;sizes&quot;:[]}}\" data-widget_type=\"posts.cards\">\n\t\t\t\t<div class=\"elementor-widget-container\">\n\t\t\t\t\t\t\t<div class=\"elementor-posts-container elementor-posts elementor-posts--skin-cards elementor-grid\" role=\"list\">\n\t\t\t\t<article class=\"elementor-post elementor-grid-item post-14045 post type-post status-publish format-standard has-post-thumbnail hentry category-page-musee tag-128 tag-saint-jean-du-gard\" role=\"listitem\">\n\t\t\t<div class=\"elementor-post__card\">\n\t\t\t\t<a class=\"elementor-post__thumbnail__link\" href=\"http:\/\/www.musees-mediterranee.org\/index.php\/2024\/10\/16\/maison-rouge-musee-des-vallees-cevenoles\/\" tabindex=\"-1\" ><div class=\"elementor-post__thumbnail\"><img loading=\"lazy\" decoding=\"async\" width=\"300\" height=\"169\" src=\"http:\/\/www.musees-mediterranee.org\/wp-content\/uploads\/2024\/10\/muse-188-photo_1-300x169.jpg\" class=\"attachment-medium size-medium wp-image-14046\" alt=\"\" srcset=\"http:\/\/www.musees-mediterranee.org\/wp-content\/uploads\/2024\/10\/muse-188-photo_1-300x169.jpg 300w, http:\/\/www.musees-mediterranee.org\/wp-content\/uploads\/2024\/10\/muse-188-photo_1-128x72.jpg 128w, http:\/\/www.musees-mediterranee.org\/wp-content\/uploads\/2024\/10\/muse-188-photo_1.jpg 420w\" sizes=\"(max-width: 300px) 100vw, 300px\" \/><\/div><\/a>\n\t\t\t\t<div class=\"elementor-post__text\">\n\t\t\t\t<h3 class=\"elementor-post__title\">\n\t\t\t<a href=\"http:\/\/www.musees-mediterranee.org\/index.php\/2024\/10\/16\/maison-rouge-musee-des-vallees-cevenoles\/\" >\n\t\t\t\tMaison Rouge &#8211; Mus\u00e9e des Vall\u00e9es c\u00e9venoles\t\t\t<\/a>\n\t\t<\/h3>\n\t\t\t\t<div class=\"elementor-post__excerpt\">\n\t\t\t<p>Saint-Jean-du-Gard<\/p>\t\t<\/div>\n\t\t\t\t<\/div>\n\t\t\t\t\t<\/div>\n\t\t<\/article>\n\t\t\t\t<article class=\"elementor-post elementor-grid-item post-17606 post type-post status-publish format-standard has-post-thumbnail hentry category-musee-adherent category-page-musee tag-131 tag-saint-martin-de-crau\" role=\"listitem\">\n\t\t\t<div class=\"elementor-post__card\">\n\t\t\t\t<a class=\"elementor-post__thumbnail__link\" href=\"http:\/\/www.musees-mediterranee.org\/index.php\/2024\/10\/16\/ecomusee-de-la-crau\/\" tabindex=\"-1\" ><div class=\"elementor-post__thumbnail\"><img loading=\"lazy\" decoding=\"async\" width=\"300\" height=\"225\" src=\"http:\/\/www.musees-mediterranee.org\/wp-content\/uploads\/2025\/02\/Crau-300x225.jpg\" class=\"attachment-medium size-medium wp-image-17609\" alt=\"\" srcset=\"http:\/\/www.musees-mediterranee.org\/wp-content\/uploads\/2025\/02\/Crau-300x225.jpg 300w, http:\/\/www.musees-mediterranee.org\/wp-content\/uploads\/2025\/02\/Crau.jpg 400w\" sizes=\"(max-width: 300px) 100vw, 300px\" \/><\/div><\/a>\n\t\t\t\t<div class=\"elementor-post__text\">\n\t\t\t\t<h3 class=\"elementor-post__title\">\n\t\t\t<a href=\"http:\/\/www.musees-mediterranee.org\/index.php\/2024\/10\/16\/ecomusee-de-la-crau\/\" >\n\t\t\t\tEcomus\u00e9e de la Crau\t\t\t<\/a>\n\t\t<\/h3>\n\t\t\t\t<div class=\"elementor-post__excerpt\">\n\t\t\t<p>Saint-Martin-de-Crau<\/p>\t\t<\/div>\n\t\t\t\t<\/div>\n\t\t\t\t\t<\/div>\n\t\t<\/article>\n\t\t\t\t<article class=\"elementor-post elementor-grid-item post-14050 post type-post status-publish format-standard has-post-thumbnail hentry category-page-musee tag-129 tag-saint-paul-sur-ubaye\" role=\"listitem\">\n\t\t\t<div class=\"elementor-post__card\">\n\t\t\t\t<a class=\"elementor-post__thumbnail__link\" href=\"http:\/\/www.musees-mediterranee.org\/index.php\/2024\/10\/16\/musee-de-la-vallee-a-saint-paul\/\" tabindex=\"-1\" ><div class=\"elementor-post__thumbnail\"><img loading=\"lazy\" decoding=\"async\" width=\"300\" height=\"198\" src=\"http:\/\/www.musees-mediterranee.org\/wp-content\/uploads\/2024\/10\/muse-144-photo_1-300x198.jpg\" class=\"attachment-medium size-medium wp-image-14051\" alt=\"\" srcset=\"http:\/\/www.musees-mediterranee.org\/wp-content\/uploads\/2024\/10\/muse-144-photo_1-300x198.jpg 300w, http:\/\/www.musees-mediterranee.org\/wp-content\/uploads\/2024\/10\/muse-144-photo_1.jpg 700w\" sizes=\"(max-width: 300px) 100vw, 300px\" \/><\/div><\/a>\n\t\t\t\t<div class=\"elementor-post__text\">\n\t\t\t\t<h3 class=\"elementor-post__title\">\n\t\t\t<a href=\"http:\/\/www.musees-mediterranee.org\/index.php\/2024\/10\/16\/musee-de-la-vallee-a-saint-paul\/\" >\n\t\t\t\tMus\u00e9e de la Vall\u00e9e \u00e0 Saint-Paul\t\t\t<\/a>\n\t\t<\/h3>\n\t\t\t\t<div class=\"elementor-post__excerpt\">\n\t\t\t<p>Saint-Paul sur Ubaye<\/p>\t\t<\/div>\n\t\t\t\t<\/div>\n\t\t\t\t\t<\/div>\n\t\t<\/article>\n\t\t\t\t<article class=\"elementor-post elementor-grid-item post-14055 post type-post status-publish format-standard has-post-thumbnail hentry category-page-musee category-route-archeo tag-134 tag-saint-pons-de-thomieres\" role=\"listitem\">\n\t\t\t<div class=\"elementor-post__card\">\n\t\t\t\t<a class=\"elementor-post__thumbnail__link\" href=\"http:\/\/www.musees-mediterranee.org\/index.php\/2024\/10\/16\/musee-de-prehistoire\/\" tabindex=\"-1\" ><div class=\"elementor-post__thumbnail\"><img loading=\"lazy\" decoding=\"async\" width=\"300\" height=\"200\" src=\"http:\/\/www.musees-mediterranee.org\/wp-content\/uploads\/2024\/10\/muse-207-photo_1-300x200.jpg\" class=\"attachment-medium size-medium wp-image-14056\" alt=\"\" srcset=\"http:\/\/www.musees-mediterranee.org\/wp-content\/uploads\/2024\/10\/muse-207-photo_1-300x200.jpg 300w, http:\/\/www.musees-mediterranee.org\/wp-content\/uploads\/2024\/10\/muse-207-photo_1.jpg 700w\" sizes=\"(max-width: 300px) 100vw, 300px\" \/><\/div><\/a>\n\t\t\t\t<div class=\"elementor-post__text\">\n\t\t\t\t<h3 class=\"elementor-post__title\">\n\t\t\t<a href=\"http:\/\/www.musees-mediterranee.org\/index.php\/2024\/10\/16\/musee-de-prehistoire\/\" >\n\t\t\t\tMus\u00e9e de pr\u00e9histoire\t\t\t<\/a>\n\t\t<\/h3>\n\t\t\t\t<div class=\"elementor-post__excerpt\">\n\t\t\t<p>Saint-Pons-de-Thomi\u00e8res<\/p>\t\t<\/div>\n\t\t\t\t<\/div>\n\t\t\t\t\t<\/div>\n\t\t<\/article>\n\t\t\t\t<\/div>\n\t\t\n\t\t\t\t\t\t<\/div>\n\t\t\t\t<\/div>\n\t\t\t\t<div class=\"elementor-element elementor-element-b4d7e65 elementor-widget-divider--view-line exad-sticky-section-no exad-glass-effect-no elementor-widget elementor-widget-divider\" data-id=\"b4d7e65\" data-element_type=\"widget\" data-e-type=\"widget\" data-widget_type=\"divider.default\">\n\t\t\t\t<div class=\"elementor-widget-container\">\n\t\t\t\t\t\t\t<div class=\"elementor-divider\">\n\t\t\t<span class=\"elementor-divider-separator\">\n\t\t\t\t\t\t<\/span>\n\t\t<\/div>\n\t\t\t\t\t\t<\/div>\n\t\t\t\t<\/div>\n\t\t\t\t\t<\/div>\n\t\t<\/div>\n\t\t\t\t\t<\/div>\n\t\t<\/section>\n\t\t\t\t<section class=\"elementor-section elementor-top-section elementor-element elementor-element-3b8a90b elementor-section-boxed elementor-section-height-default elementor-section-height-default exad-glass-effect-no exad-sticky-section-no\" data-id=\"3b8a90b\" data-element_type=\"section\" data-e-type=\"section\">\n\t\t\t\t\t\t<div class=\"elementor-container elementor-column-gap-default\">\n\t\t\t\t\t<div class=\"elementor-column elementor-col-100 elementor-top-column elementor-element elementor-element-08b139b exad-glass-effect-no exad-sticky-section-no\" data-id=\"08b139b\" data-element_type=\"column\" data-e-type=\"column\">\n\t\t\t<div class=\"elementor-widget-wrap elementor-element-populated\">\n\t\t\t\t\t\t<div class=\"elementor-element elementor-element-6e3018a exad-sticky-section-no exad-glass-effect-no elementor-widget elementor-widget-heading\" data-id=\"6e3018a\" data-element_type=\"widget\" data-e-type=\"widget\" data-widget_type=\"heading.default\">\n\t\t\t\t<div class=\"elementor-widget-container\">\n\t\t\t\t\t<h5 class=\"elementor-heading-title elementor-size-default\">Saint-Rapha\u00ebl - Saint-R\u00e9my-de-Provence - Saint-Tropez<\/h5>\t\t\t\t<\/div>\n\t\t\t\t<\/div>\n\t\t\t\t<div class=\"elementor-element elementor-element-4000403 elementor-grid-4 elementor-posts--align-center elementor-widget__width-initial elementor-grid-tablet-2 elementor-grid-mobile-1 elementor-posts--thumbnail-top elementor-card-shadow-yes elementor-posts__hover-gradient exad-sticky-section-no exad-glass-effect-no elementor-widget elementor-widget-posts\" data-id=\"4000403\" data-element_type=\"widget\" data-e-type=\"widget\" data-settings=\"{&quot;cards_columns&quot;:&quot;4&quot;,&quot;cards_row_gap&quot;:{&quot;unit&quot;:&quot;px&quot;,&quot;size&quot;:10,&quot;sizes&quot;:[]},&quot;cards_columns_tablet&quot;:&quot;2&quot;,&quot;cards_columns_mobile&quot;:&quot;1&quot;,&quot;cards_row_gap_tablet&quot;:{&quot;unit&quot;:&quot;px&quot;,&quot;size&quot;:&quot;&quot;,&quot;sizes&quot;:[]},&quot;cards_row_gap_mobile&quot;:{&quot;unit&quot;:&quot;px&quot;,&quot;size&quot;:&quot;&quot;,&quot;sizes&quot;:[]}}\" data-widget_type=\"posts.cards\">\n\t\t\t\t<div class=\"elementor-widget-container\">\n\t\t\t\t\t\t\t<div class=\"elementor-posts-container elementor-posts elementor-posts--skin-cards elementor-grid\" role=\"list\">\n\t\t\t\t<article class=\"elementor-post elementor-grid-item post-14058 post type-post status-publish format-standard has-post-thumbnail hentry category-page-musee category-route-archeo tag-136 tag-saint-raphael\" role=\"listitem\">\n\t\t\t<div class=\"elementor-post__card\">\n\t\t\t\t<a class=\"elementor-post__thumbnail__link\" href=\"http:\/\/www.musees-mediterranee.org\/index.php\/2024\/10\/16\/musee-archeologique\/\" tabindex=\"-1\" ><div class=\"elementor-post__thumbnail\"><img loading=\"lazy\" decoding=\"async\" width=\"300\" height=\"300\" src=\"http:\/\/www.musees-mediterranee.org\/wp-content\/uploads\/2024\/10\/muse-50-photo_1-300x300.jpg\" class=\"attachment-medium size-medium wp-image-14059\" alt=\"\" srcset=\"http:\/\/www.musees-mediterranee.org\/wp-content\/uploads\/2024\/10\/muse-50-photo_1-300x300.jpg 300w, http:\/\/www.musees-mediterranee.org\/wp-content\/uploads\/2024\/10\/muse-50-photo_1-150x150.jpg 150w, http:\/\/www.musees-mediterranee.org\/wp-content\/uploads\/2024\/10\/muse-50-photo_1-330x330.jpg 330w, http:\/\/www.musees-mediterranee.org\/wp-content\/uploads\/2024\/10\/muse-50-photo_1.jpg 480w\" sizes=\"(max-width: 300px) 100vw, 300px\" \/><\/div><\/a>\n\t\t\t\t<div class=\"elementor-post__text\">\n\t\t\t\t<h3 class=\"elementor-post__title\">\n\t\t\t<a href=\"http:\/\/www.musees-mediterranee.org\/index.php\/2024\/10\/16\/musee-archeologique\/\" >\n\t\t\t\tMus\u00e9e Arch\u00e9ologique\t\t\t<\/a>\n\t\t<\/h3>\n\t\t\t\t<div class=\"elementor-post__excerpt\">\n\t\t\t<p>Saint-Rapha\u00ebl<\/p>\t\t<\/div>\n\t\t\t\t<\/div>\n\t\t\t\t\t<\/div>\n\t\t<\/article>\n\t\t\t\t<article class=\"elementor-post elementor-grid-item post-14142 post type-post status-publish format-standard has-post-thumbnail hentry category-page-musee category-route-archeo tag-131 tag-saint-remy-de-provence\" role=\"listitem\">\n\t\t\t<div class=\"elementor-post__card\">\n\t\t\t\t<a class=\"elementor-post__thumbnail__link\" href=\"http:\/\/www.musees-mediterranee.org\/index.php\/2024\/10\/22\/musee-des-alpilles\/\" tabindex=\"-1\" ><div class=\"elementor-post__thumbnail\"><img loading=\"lazy\" decoding=\"async\" width=\"300\" height=\"218\" src=\"http:\/\/www.musees-mediterranee.org\/wp-content\/uploads\/2024\/10\/muse-3-photo_1-300x218.jpg\" class=\"attachment-medium size-medium wp-image-14143\" alt=\"\" srcset=\"http:\/\/www.musees-mediterranee.org\/wp-content\/uploads\/2024\/10\/muse-3-photo_1-300x218.jpg 300w, http:\/\/www.musees-mediterranee.org\/wp-content\/uploads\/2024\/10\/muse-3-photo_1.jpg 700w\" sizes=\"(max-width: 300px) 100vw, 300px\" \/><\/div><\/a>\n\t\t\t\t<div class=\"elementor-post__text\">\n\t\t\t\t<h3 class=\"elementor-post__title\">\n\t\t\t<a href=\"http:\/\/www.musees-mediterranee.org\/index.php\/2024\/10\/22\/musee-des-alpilles\/\" >\n\t\t\t\tMus\u00e9e des Alpilles\t\t\t<\/a>\n\t\t<\/h3>\n\t\t\t\t<div class=\"elementor-post__excerpt\">\n\t\t\t<p>Saint-R\u00e9my-de-Provence<\/p>\t\t<\/div>\n\t\t\t\t<\/div>\n\t\t\t\t\t<\/div>\n\t\t<\/article>\n\t\t\t\t<article class=\"elementor-post elementor-grid-item post-14146 post type-post status-publish format-standard has-post-thumbnail hentry category-page-musee tag-131 tag-saint-remy-de-provence\" role=\"listitem\">\n\t\t\t<div class=\"elementor-post__card\">\n\t\t\t\t<a class=\"elementor-post__thumbnail__link\" href=\"http:\/\/www.musees-mediterranee.org\/index.php\/2024\/10\/22\/musee-estrine\/\" tabindex=\"-1\" ><div class=\"elementor-post__thumbnail\"><img loading=\"lazy\" decoding=\"async\" width=\"200\" height=\"300\" src=\"http:\/\/www.musees-mediterranee.org\/wp-content\/uploads\/2024\/10\/musPhoto_161_EZOS-200x300.jpg\" class=\"attachment-medium size-medium wp-image-14147\" alt=\"\" srcset=\"http:\/\/www.musees-mediterranee.org\/wp-content\/uploads\/2024\/10\/musPhoto_161_EZOS-200x300.jpg 200w, http:\/\/www.musees-mediterranee.org\/wp-content\/uploads\/2024\/10\/musPhoto_161_EZOS.jpg 278w\" sizes=\"(max-width: 200px) 100vw, 200px\" \/><\/div><\/a>\n\t\t\t\t<div class=\"elementor-post__text\">\n\t\t\t\t<h3 class=\"elementor-post__title\">\n\t\t\t<a href=\"http:\/\/www.musees-mediterranee.org\/index.php\/2024\/10\/22\/musee-estrine\/\" >\n\t\t\t\tMus\u00e9e Estrine\t\t\t<\/a>\n\t\t<\/h3>\n\t\t\t\t<div class=\"elementor-post__excerpt\">\n\t\t\t<p>Saint-R\u00e9my-de-Provence<\/p>\t\t<\/div>\n\t\t\t\t<\/div>\n\t\t\t\t\t<\/div>\n\t\t<\/article>\n\t\t\t\t<article class=\"elementor-post elementor-grid-item post-14154 post type-post status-publish format-standard has-post-thumbnail hentry category-page-musee tag-136 tag-saint-tropez\" role=\"listitem\">\n\t\t\t<div class=\"elementor-post__card\">\n\t\t\t\t<a class=\"elementor-post__thumbnail__link\" href=\"http:\/\/www.musees-mediterranee.org\/index.php\/2024\/10\/22\/musee-de-lannonciade\/\" tabindex=\"-1\" ><div class=\"elementor-post__thumbnail\"><img loading=\"lazy\" decoding=\"async\" width=\"300\" height=\"300\" src=\"http:\/\/www.musees-mediterranee.org\/wp-content\/uploads\/2024\/10\/musPhoto_70_D879-300x300.jpg\" class=\"attachment-medium size-medium wp-image-14155\" alt=\"\" srcset=\"http:\/\/www.musees-mediterranee.org\/wp-content\/uploads\/2024\/10\/musPhoto_70_D879-300x300.jpg 300w, http:\/\/www.musees-mediterranee.org\/wp-content\/uploads\/2024\/10\/musPhoto_70_D879-150x150.jpg 150w, http:\/\/www.musees-mediterranee.org\/wp-content\/uploads\/2024\/10\/musPhoto_70_D879-330x330.jpg 330w, http:\/\/www.musees-mediterranee.org\/wp-content\/uploads\/2024\/10\/musPhoto_70_D879.jpg 499w\" sizes=\"(max-width: 300px) 100vw, 300px\" \/><\/div><\/a>\n\t\t\t\t<div class=\"elementor-post__text\">\n\t\t\t\t<h3 class=\"elementor-post__title\">\n\t\t\t<a href=\"http:\/\/www.musees-mediterranee.org\/index.php\/2024\/10\/22\/musee-de-lannonciade\/\" >\n\t\t\t\tMus\u00e9e de l&#8217;Annonciade\t\t\t<\/a>\n\t\t<\/h3>\n\t\t\t\t<div class=\"elementor-post__excerpt\">\n\t\t\t<p>Saint-Tropez<\/p>\t\t<\/div>\n\t\t\t\t<\/div>\n\t\t\t\t\t<\/div>\n\t\t<\/article>\n\t\t\t\t<\/div>\n\t\t\n\t\t\t\t\t\t<\/div>\n\t\t\t\t<\/div>\n\t\t\t\t<div class=\"elementor-element elementor-element-047913a elementor-widget-divider--view-line exad-sticky-section-no exad-glass-effect-no elementor-widget elementor-widget-divider\" data-id=\"047913a\" data-element_type=\"widget\" data-e-type=\"widget\" data-widget_type=\"divider.default\">\n\t\t\t\t<div class=\"elementor-widget-container\">\n\t\t\t\t\t\t\t<div class=\"elementor-divider\">\n\t\t\t<span class=\"elementor-divider-separator\">\n\t\t\t\t\t\t<\/span>\n\t\t<\/div>\n\t\t\t\t\t\t<\/div>\n\t\t\t\t<\/div>\n\t\t\t\t\t<\/div>\n\t\t<\/div>\n\t\t\t\t\t<\/div>\n\t\t<\/section>\n\t\t\t\t<section class=\"elementor-section elementor-top-section elementor-element elementor-element-b7a463e elementor-section-boxed elementor-section-height-default elementor-section-height-default exad-glass-effect-no exad-sticky-section-no\" data-id=\"b7a463e\" data-element_type=\"section\" data-e-type=\"section\">\n\t\t\t\t\t\t<div class=\"elementor-container elementor-column-gap-default\">\n\t\t\t\t\t<div class=\"elementor-column elementor-col-100 elementor-top-column elementor-element elementor-element-c164f28 exad-glass-effect-no exad-sticky-section-no\" data-id=\"c164f28\" data-element_type=\"column\" data-e-type=\"column\">\n\t\t\t<div class=\"elementor-widget-wrap elementor-element-populated\">\n\t\t\t\t\t\t<div class=\"elementor-element elementor-element-160aba5 exad-sticky-section-no exad-glass-effect-no elementor-widget elementor-widget-heading\" data-id=\"160aba5\" data-element_type=\"widget\" data-e-type=\"widget\" data-widget_type=\"heading.default\">\n\t\t\t\t<div class=\"elementor-widget-container\">\n\t\t\t\t\t<h5 class=\"elementor-heading-title elementor-size-default\">Sall\u00e8les-d'Aude - Salon-de-Provence - Sart\u00e8ne\n<\/h5>\t\t\t\t<\/div>\n\t\t\t\t<\/div>\n\t\t\t\t<div class=\"elementor-element elementor-element-0bd2edb elementor-grid-4 elementor-posts--align-center elementor-widget__width-initial elementor-grid-tablet-2 elementor-grid-mobile-1 elementor-posts--thumbnail-top elementor-card-shadow-yes elementor-posts__hover-gradient exad-sticky-section-no exad-glass-effect-no elementor-widget elementor-widget-posts\" data-id=\"0bd2edb\" data-element_type=\"widget\" data-e-type=\"widget\" data-settings=\"{&quot;cards_columns&quot;:&quot;4&quot;,&quot;cards_row_gap&quot;:{&quot;unit&quot;:&quot;px&quot;,&quot;size&quot;:10,&quot;sizes&quot;:[]},&quot;cards_columns_tablet&quot;:&quot;2&quot;,&quot;cards_columns_mobile&quot;:&quot;1&quot;,&quot;cards_row_gap_tablet&quot;:{&quot;unit&quot;:&quot;px&quot;,&quot;size&quot;:&quot;&quot;,&quot;sizes&quot;:[]},&quot;cards_row_gap_mobile&quot;:{&quot;unit&quot;:&quot;px&quot;,&quot;size&quot;:&quot;&quot;,&quot;sizes&quot;:[]}}\" data-widget_type=\"posts.cards\">\n\t\t\t\t<div class=\"elementor-widget-container\">\n\t\t\t\t\t\t\t<div class=\"elementor-posts-container elementor-posts elementor-posts--skin-cards elementor-grid\" role=\"list\">\n\t\t\t\t<article class=\"elementor-post elementor-grid-item post-14163 post type-post status-publish format-standard has-post-thumbnail hentry category-page-musee category-route-archeo tag-144 tag-salleles-daude\" role=\"listitem\">\n\t\t\t<div class=\"elementor-post__card\">\n\t\t\t\t<a class=\"elementor-post__thumbnail__link\" href=\"http:\/\/www.musees-mediterranee.org\/index.php\/2024\/10\/22\/musee-des-potiers-gallo-romains-amphoralis\/\" tabindex=\"-1\" ><div class=\"elementor-post__thumbnail\"><img loading=\"lazy\" decoding=\"async\" width=\"300\" height=\"201\" src=\"http:\/\/www.musees-mediterranee.org\/wp-content\/uploads\/2024\/10\/musPhoto_173_M3TM-300x201.jpg\" class=\"attachment-medium size-medium wp-image-14164\" alt=\"\" srcset=\"http:\/\/www.musees-mediterranee.org\/wp-content\/uploads\/2024\/10\/musPhoto_173_M3TM-300x201.jpg 300w, http:\/\/www.musees-mediterranee.org\/wp-content\/uploads\/2024\/10\/musPhoto_173_M3TM.jpg 600w\" sizes=\"(max-width: 300px) 100vw, 300px\" \/><\/div><\/a>\n\t\t\t\t<div class=\"elementor-post__text\">\n\t\t\t\t<h3 class=\"elementor-post__title\">\n\t\t\t<a href=\"http:\/\/www.musees-mediterranee.org\/index.php\/2024\/10\/22\/musee-des-potiers-gallo-romains-amphoralis\/\" >\n\t\t\t\tMus\u00e9e des potiers gallo-romains Amphoralis\t\t\t<\/a>\n\t\t<\/h3>\n\t\t\t\t<div class=\"elementor-post__excerpt\">\n\t\t\t<p>Sall\u00e8les-d&#8217;Aude<\/p>\t\t<\/div>\n\t\t\t\t<\/div>\n\t\t\t\t\t<\/div>\n\t\t<\/article>\n\t\t\t\t<article class=\"elementor-post elementor-grid-item post-14172 post type-post status-publish format-standard has-post-thumbnail hentry category-page-musee tag-131 tag-salon-de-provence\" role=\"listitem\">\n\t\t\t<div class=\"elementor-post__card\">\n\t\t\t\t<a class=\"elementor-post__thumbnail__link\" href=\"http:\/\/www.musees-mediterranee.org\/index.php\/2024\/10\/22\/musee-de-lemperi\/\" tabindex=\"-1\" ><div class=\"elementor-post__thumbnail\"><img loading=\"lazy\" decoding=\"async\" width=\"225\" height=\"300\" src=\"http:\/\/www.musees-mediterranee.org\/wp-content\/uploads\/2024\/10\/muse-8-photo_1-225x300.jpg\" class=\"attachment-medium size-medium wp-image-14190\" alt=\"\" srcset=\"http:\/\/www.musees-mediterranee.org\/wp-content\/uploads\/2024\/10\/muse-8-photo_1-225x300.jpg 225w, http:\/\/www.musees-mediterranee.org\/wp-content\/uploads\/2024\/10\/muse-8-photo_1.jpg 525w\" sizes=\"(max-width: 225px) 100vw, 225px\" \/><\/div><\/a>\n\t\t\t\t<div class=\"elementor-post__text\">\n\t\t\t\t<h3 class=\"elementor-post__title\">\n\t\t\t<a href=\"http:\/\/www.musees-mediterranee.org\/index.php\/2024\/10\/22\/musee-de-lemperi\/\" >\n\t\t\t\tMus\u00e9e de l&#8217;Emp\u00e9ri\t\t\t<\/a>\n\t\t<\/h3>\n\t\t\t\t<div class=\"elementor-post__excerpt\">\n\t\t\t<p>Salon-de-Provence<\/p>\t\t<\/div>\n\t\t\t\t<\/div>\n\t\t\t\t\t<\/div>\n\t\t<\/article>\n\t\t\t\t<article class=\"elementor-post elementor-grid-item post-14175 post type-post status-publish format-standard has-post-thumbnail hentry category-page-musee tag-131 tag-salon-de-provence\" role=\"listitem\">\n\t\t\t<div class=\"elementor-post__card\">\n\t\t\t\t<a class=\"elementor-post__thumbnail__link\" href=\"http:\/\/www.musees-mediterranee.org\/index.php\/2024\/10\/22\/musee-de-salon-de-la-crau\/\" tabindex=\"-1\" ><div class=\"elementor-post__thumbnail\"><img loading=\"lazy\" decoding=\"async\" width=\"225\" height=\"300\" src=\"http:\/\/www.musees-mediterranee.org\/wp-content\/uploads\/2024\/10\/muse-155-photo_1-225x300.jpg\" class=\"attachment-medium size-medium wp-image-14223\" alt=\"\" srcset=\"http:\/\/www.musees-mediterranee.org\/wp-content\/uploads\/2024\/10\/muse-155-photo_1-225x300.jpg 225w, http:\/\/www.musees-mediterranee.org\/wp-content\/uploads\/2024\/10\/muse-155-photo_1.jpg 480w\" sizes=\"(max-width: 225px) 100vw, 225px\" \/><\/div><\/a>\n\t\t\t\t<div class=\"elementor-post__text\">\n\t\t\t\t<h3 class=\"elementor-post__title\">\n\t\t\t<a href=\"http:\/\/www.musees-mediterranee.org\/index.php\/2024\/10\/22\/musee-de-salon-de-la-crau\/\" >\n\t\t\t\tMus\u00e9e de Salon &#038; de la Crau\t\t\t<\/a>\n\t\t<\/h3>\n\t\t\t\t<div class=\"elementor-post__excerpt\">\n\t\t\t<p>Salon-de-Provence<\/p>\t\t<\/div>\n\t\t\t\t<\/div>\n\t\t\t\t\t<\/div>\n\t\t<\/article>\n\t\t\t\t<article class=\"elementor-post elementor-grid-item post-14178 post type-post status-publish format-standard has-post-thumbnail hentry category-musee-adherent category-page-musee tag-112 tag-sartene\" role=\"listitem\">\n\t\t\t<div class=\"elementor-post__card\">\n\t\t\t\t<a class=\"elementor-post__thumbnail__link\" href=\"http:\/\/www.musees-mediterranee.org\/index.php\/2024\/10\/22\/musee-darcheologie-de-la-corse\/\" tabindex=\"-1\" ><div class=\"elementor-post__thumbnail\"><img loading=\"lazy\" decoding=\"async\" width=\"300\" height=\"142\" src=\"http:\/\/www.musees-mediterranee.org\/wp-content\/uploads\/2024\/10\/musPhoto_265_PG2X-300x142.jpg\" class=\"attachment-medium size-medium wp-image-14234\" alt=\"\" srcset=\"http:\/\/www.musees-mediterranee.org\/wp-content\/uploads\/2024\/10\/musPhoto_265_PG2X-300x142.jpg 300w, http:\/\/www.musees-mediterranee.org\/wp-content\/uploads\/2024\/10\/musPhoto_265_PG2X.jpg 600w\" sizes=\"(max-width: 300px) 100vw, 300px\" \/><\/div><\/a>\n\t\t\t\t<div class=\"elementor-post__text\">\n\t\t\t\t<h3 class=\"elementor-post__title\">\n\t\t\t<a href=\"http:\/\/www.musees-mediterranee.org\/index.php\/2024\/10\/22\/musee-darcheologie-de-la-corse\/\" >\n\t\t\t\tMus\u00e9e d&#8217;arch\u00e9ologie de la Corse\t\t\t<\/a>\n\t\t<\/h3>\n\t\t\t\t<div class=\"elementor-post__excerpt\">\n\t\t\t<p>Sart\u00e8ne<\/p>\t\t<\/div>\n\t\t\t\t<\/div>\n\t\t\t\t\t<\/div>\n\t\t<\/article>\n\t\t\t\t<\/div>\n\t\t\n\t\t\t\t\t\t<\/div>\n\t\t\t\t<\/div>\n\t\t\t\t<div class=\"elementor-element elementor-element-e4e5807 elementor-widget-divider--view-line exad-sticky-section-no exad-glass-effect-no elementor-widget elementor-widget-divider\" data-id=\"e4e5807\" data-element_type=\"widget\" data-e-type=\"widget\" data-widget_type=\"divider.default\">\n\t\t\t\t<div class=\"elementor-widget-container\">\n\t\t\t\t\t\t\t<div class=\"elementor-divider\">\n\t\t\t<span class=\"elementor-divider-separator\">\n\t\t\t\t\t\t<\/span>\n\t\t<\/div>\n\t\t\t\t\t\t<\/div>\n\t\t\t\t<\/div>\n\t\t\t\t\t<\/div>\n\t\t<\/div>\n\t\t\t\t\t<\/div>\n\t\t<\/section>\n\t\t\t\t<section class=\"elementor-section elementor-top-section elementor-element elementor-element-76ef672 elementor-section-boxed elementor-section-height-default elementor-section-height-default exad-glass-effect-no exad-sticky-section-no\" data-id=\"76ef672\" data-element_type=\"section\" data-e-type=\"section\">\n\t\t\t\t\t\t<div class=\"elementor-container elementor-column-gap-default\">\n\t\t\t\t\t<div class=\"elementor-column elementor-col-100 elementor-top-column elementor-element elementor-element-2984987 exad-glass-effect-no exad-sticky-section-no\" data-id=\"2984987\" data-element_type=\"column\" data-e-type=\"column\">\n\t\t\t<div class=\"elementor-widget-wrap elementor-element-populated\">\n\t\t\t\t\t\t<div class=\"elementor-element elementor-element-8f17884 exad-sticky-section-no exad-glass-effect-no elementor-widget elementor-widget-heading\" data-id=\"8f17884\" data-element_type=\"widget\" data-e-type=\"widget\" data-widget_type=\"heading.default\">\n\t\t\t\t<div class=\"elementor-widget-container\">\n\t\t\t\t\t<h5 class=\"elementor-heading-title elementor-size-default\">Sault - S\u00e8te - Sigean - Sisteron - Solli\u00e8s Ville - Tautavel - Tende<\/h5>\t\t\t\t<\/div>\n\t\t\t\t<\/div>\n\t\t\t\t<div class=\"elementor-element elementor-element-25e07a6 elementor-grid-4 elementor-posts--align-center elementor-widget__width-initial elementor-grid-tablet-2 elementor-grid-mobile-1 elementor-posts--thumbnail-top elementor-card-shadow-yes elementor-posts__hover-gradient exad-sticky-section-no exad-glass-effect-no elementor-widget elementor-widget-posts\" data-id=\"25e07a6\" data-element_type=\"widget\" data-e-type=\"widget\" data-settings=\"{&quot;cards_columns&quot;:&quot;4&quot;,&quot;cards_row_gap&quot;:{&quot;unit&quot;:&quot;px&quot;,&quot;size&quot;:10,&quot;sizes&quot;:[]},&quot;cards_columns_tablet&quot;:&quot;2&quot;,&quot;cards_columns_mobile&quot;:&quot;1&quot;,&quot;cards_row_gap_tablet&quot;:{&quot;unit&quot;:&quot;px&quot;,&quot;size&quot;:&quot;&quot;,&quot;sizes&quot;:[]},&quot;cards_row_gap_mobile&quot;:{&quot;unit&quot;:&quot;px&quot;,&quot;size&quot;:&quot;&quot;,&quot;sizes&quot;:[]}}\" data-widget_type=\"posts.cards\">\n\t\t\t\t<div class=\"elementor-widget-container\">\n\t\t\t\t\t\t\t<div class=\"elementor-posts-container elementor-posts elementor-posts--skin-cards elementor-grid\" role=\"list\">\n\t\t\t\t<article class=\"elementor-post elementor-grid-item post-14180 post type-post status-publish format-standard has-post-thumbnail hentry category-page-musee tag-130 tag-sault\" role=\"listitem\">\n\t\t\t<div class=\"elementor-post__card\">\n\t\t\t\t<a class=\"elementor-post__thumbnail__link\" href=\"http:\/\/www.musees-mediterranee.org\/index.php\/2024\/10\/22\/musee-municipal-de-sault-vaucluse\/\" tabindex=\"-1\" ><div class=\"elementor-post__thumbnail\"><img loading=\"lazy\" decoding=\"async\" width=\"230\" height=\"300\" src=\"http:\/\/www.musees-mediterranee.org\/wp-content\/uploads\/2024\/10\/muse-119-photo_1-230x300.jpg\" class=\"attachment-medium size-medium wp-image-14241\" alt=\"\" srcset=\"http:\/\/www.musees-mediterranee.org\/wp-content\/uploads\/2024\/10\/muse-119-photo_1-230x300.jpg 230w, http:\/\/www.musees-mediterranee.org\/wp-content\/uploads\/2024\/10\/muse-119-photo_1.jpg 369w\" sizes=\"(max-width: 230px) 100vw, 230px\" \/><\/div><\/a>\n\t\t\t\t<div class=\"elementor-post__text\">\n\t\t\t\t<h3 class=\"elementor-post__title\">\n\t\t\t<a href=\"http:\/\/www.musees-mediterranee.org\/index.php\/2024\/10\/22\/musee-municipal-de-sault-vaucluse\/\" >\n\t\t\t\tMus\u00e9e Municipal de Sault\t\t\t<\/a>\n\t\t<\/h3>\n\t\t\t\t<div class=\"elementor-post__excerpt\">\n\t\t\t<p>Sault<\/p>\t\t<\/div>\n\t\t\t\t<\/div>\n\t\t\t\t\t<\/div>\n\t\t<\/article>\n\t\t\t\t<article class=\"elementor-post elementor-grid-item post-14243 post type-post status-publish format-standard has-post-thumbnail hentry category-page-musee tag-134 tag-sete\" role=\"listitem\">\n\t\t\t<div class=\"elementor-post__card\">\n\t\t\t\t<a class=\"elementor-post__thumbnail__link\" href=\"http:\/\/www.musees-mediterranee.org\/index.php\/2024\/10\/23\/musee-paul-valery\/\" tabindex=\"-1\" ><div class=\"elementor-post__thumbnail\"><img loading=\"lazy\" decoding=\"async\" width=\"225\" height=\"300\" src=\"http:\/\/www.musees-mediterranee.org\/wp-content\/uploads\/2024\/10\/muse-208-photo_1-225x300.jpg\" class=\"attachment-medium size-medium wp-image-14244\" alt=\"\" srcset=\"http:\/\/www.musees-mediterranee.org\/wp-content\/uploads\/2024\/10\/muse-208-photo_1-225x300.jpg 225w, http:\/\/www.musees-mediterranee.org\/wp-content\/uploads\/2024\/10\/muse-208-photo_1.jpg 525w\" sizes=\"(max-width: 225px) 100vw, 225px\" \/><\/div><\/a>\n\t\t\t\t<div class=\"elementor-post__text\">\n\t\t\t\t<h3 class=\"elementor-post__title\">\n\t\t\t<a href=\"http:\/\/www.musees-mediterranee.org\/index.php\/2024\/10\/23\/musee-paul-valery\/\" >\n\t\t\t\tMus\u00e9e Paul-Val\u00e9ry\t\t\t<\/a>\n\t\t<\/h3>\n\t\t\t\t<div class=\"elementor-post__excerpt\">\n\t\t\t<p>S\u00e8te<\/p>\t\t<\/div>\n\t\t\t\t<\/div>\n\t\t\t\t\t<\/div>\n\t\t<\/article>\n\t\t\t\t<article class=\"elementor-post elementor-grid-item post-14247 post type-post status-publish format-standard has-post-thumbnail hentry category-page-musee category-route-archeo tag-144 tag-sigean\" role=\"listitem\">\n\t\t\t<div class=\"elementor-post__card\">\n\t\t\t\t<a class=\"elementor-post__thumbnail__link\" href=\"http:\/\/www.musees-mediterranee.org\/index.php\/2024\/10\/23\/musee-des-corbieres\/\" tabindex=\"-1\" ><div class=\"elementor-post__thumbnail\"><img loading=\"lazy\" decoding=\"async\" width=\"300\" height=\"225\" src=\"http:\/\/www.musees-mediterranee.org\/wp-content\/uploads\/2024\/10\/muse-174-photo_1-300x225.jpg\" class=\"attachment-medium size-medium wp-image-14248\" alt=\"\" srcset=\"http:\/\/www.musees-mediterranee.org\/wp-content\/uploads\/2024\/10\/muse-174-photo_1-300x225.jpg 300w, http:\/\/www.musees-mediterranee.org\/wp-content\/uploads\/2024\/10\/muse-174-photo_1.jpg 700w\" sizes=\"(max-width: 300px) 100vw, 300px\" \/><\/div><\/a>\n\t\t\t\t<div class=\"elementor-post__text\">\n\t\t\t\t<h3 class=\"elementor-post__title\">\n\t\t\t<a href=\"http:\/\/www.musees-mediterranee.org\/index.php\/2024\/10\/23\/musee-des-corbieres\/\" >\n\t\t\t\tMus\u00e9e des Corbi\u00e8res\t\t\t<\/a>\n\t\t<\/h3>\n\t\t\t\t<div class=\"elementor-post__excerpt\">\n\t\t\t<p>Sigean<\/p>\t\t<\/div>\n\t\t\t\t<\/div>\n\t\t\t\t\t<\/div>\n\t\t<\/article>\n\t\t\t\t<article class=\"elementor-post elementor-grid-item post-14255 post type-post status-publish format-standard has-post-thumbnail hentry category-page-musee category-route-archeo tag-129 tag-sisteron\" role=\"listitem\">\n\t\t\t<div class=\"elementor-post__card\">\n\t\t\t\t<a class=\"elementor-post__thumbnail__link\" href=\"http:\/\/www.musees-mediterranee.org\/index.php\/2024\/10\/23\/musee-gallo-romain\/\" tabindex=\"-1\" ><div class=\"elementor-post__thumbnail\"><img loading=\"lazy\" decoding=\"async\" width=\"300\" height=\"225\" src=\"http:\/\/www.musees-mediterranee.org\/wp-content\/uploads\/2024\/10\/musPhoto_80_ZS3H-300x225.jpg\" class=\"attachment-medium size-medium wp-image-14256\" alt=\"\" srcset=\"http:\/\/www.musees-mediterranee.org\/wp-content\/uploads\/2024\/10\/musPhoto_80_ZS3H-300x225.jpg 300w, http:\/\/www.musees-mediterranee.org\/wp-content\/uploads\/2024\/10\/musPhoto_80_ZS3H.jpg 600w\" sizes=\"(max-width: 300px) 100vw, 300px\" \/><\/div><\/a>\n\t\t\t\t<div class=\"elementor-post__text\">\n\t\t\t\t<h3 class=\"elementor-post__title\">\n\t\t\t<a href=\"http:\/\/www.musees-mediterranee.org\/index.php\/2024\/10\/23\/musee-gallo-romain\/\" >\n\t\t\t\tMus\u00e9e gallo-romain\t\t\t<\/a>\n\t\t<\/h3>\n\t\t\t\t<div class=\"elementor-post__excerpt\">\n\t\t\t<p>Sisteron<\/p>\t\t<\/div>\n\t\t\t\t<\/div>\n\t\t\t\t\t<\/div>\n\t\t<\/article>\n\t\t\t\t<article class=\"elementor-post elementor-grid-item post-14265 post type-post status-publish format-standard has-post-thumbnail hentry category-page-musee tag-136 tag-sollies-ville\" role=\"listitem\">\n\t\t\t<div class=\"elementor-post__card\">\n\t\t\t\t<a class=\"elementor-post__thumbnail__link\" href=\"http:\/\/www.musees-mediterranee.org\/index.php\/2024\/10\/23\/musee-du-vetement-provencal\/\" tabindex=\"-1\" ><div class=\"elementor-post__thumbnail\"><img loading=\"lazy\" decoding=\"async\" width=\"300\" height=\"225\" src=\"http:\/\/www.musees-mediterranee.org\/wp-content\/uploads\/2024\/10\/muse-94-photo_1-300x225.jpg\" class=\"attachment-medium size-medium wp-image-14345\" alt=\"\" srcset=\"http:\/\/www.musees-mediterranee.org\/wp-content\/uploads\/2024\/10\/muse-94-photo_1-300x225.jpg 300w, http:\/\/www.musees-mediterranee.org\/wp-content\/uploads\/2024\/10\/muse-94-photo_1.jpg 640w\" sizes=\"(max-width: 300px) 100vw, 300px\" \/><\/div><\/a>\n\t\t\t\t<div class=\"elementor-post__text\">\n\t\t\t\t<h3 class=\"elementor-post__title\">\n\t\t\t<a href=\"http:\/\/www.musees-mediterranee.org\/index.php\/2024\/10\/23\/musee-du-vetement-provencal\/\" >\n\t\t\t\tMus\u00e9e du V\u00eatement Proven\u00e7al\t\t\t<\/a>\n\t\t<\/h3>\n\t\t\t\t<div class=\"elementor-post__excerpt\">\n\t\t\t<p>Solli\u00e8s Ville<\/p>\t\t<\/div>\n\t\t\t\t<\/div>\n\t\t\t\t\t<\/div>\n\t\t<\/article>\n\t\t\t\t<article class=\"elementor-post elementor-grid-item post-14267 post type-post status-publish format-standard has-post-thumbnail hentry category-page-musee category-route-archeo tag-149 tag-tautavel\" role=\"listitem\">\n\t\t\t<div class=\"elementor-post__card\">\n\t\t\t\t<a class=\"elementor-post__thumbnail__link\" href=\"http:\/\/www.musees-mediterranee.org\/index.php\/2024\/10\/23\/musee-de-tautavel-epcc-centre-europeen-de-prehistoire\/\" tabindex=\"-1\" ><div class=\"elementor-post__thumbnail\"><img loading=\"lazy\" decoding=\"async\" width=\"219\" height=\"300\" src=\"http:\/\/www.musees-mediterranee.org\/wp-content\/uploads\/2024\/10\/muse-217-photo_1-219x300.jpg\" class=\"attachment-medium size-medium wp-image-14348\" alt=\"\" srcset=\"http:\/\/www.musees-mediterranee.org\/wp-content\/uploads\/2024\/10\/muse-217-photo_1-219x300.jpg 219w, http:\/\/www.musees-mediterranee.org\/wp-content\/uploads\/2024\/10\/muse-217-photo_1.jpg 512w\" sizes=\"(max-width: 219px) 100vw, 219px\" \/><\/div><\/a>\n\t\t\t\t<div class=\"elementor-post__text\">\n\t\t\t\t<h3 class=\"elementor-post__title\">\n\t\t\t<a href=\"http:\/\/www.musees-mediterranee.org\/index.php\/2024\/10\/23\/musee-de-tautavel-epcc-centre-europeen-de-prehistoire\/\" >\n\t\t\t\tMus\u00e9e de Tautavel, EPCC, Centre Europ\u00e9en de Pr\u00e9histoire\t\t\t<\/a>\n\t\t<\/h3>\n\t\t\t\t<div class=\"elementor-post__excerpt\">\n\t\t\t<p>Tautavel<\/p>\t\t<\/div>\n\t\t\t\t<\/div>\n\t\t\t\t\t<\/div>\n\t\t<\/article>\n\t\t\t\t<article class=\"elementor-post elementor-grid-item post-14269 post type-post status-publish format-standard has-post-thumbnail hentry category-page-musee category-route-archeo tag-132 tag-tende\" role=\"listitem\">\n\t\t\t<div class=\"elementor-post__card\">\n\t\t\t\t<a class=\"elementor-post__thumbnail__link\" href=\"http:\/\/www.musees-mediterranee.org\/index.php\/2024\/10\/23\/musee-departemental-des-merveilles\/\" tabindex=\"-1\" ><div class=\"elementor-post__thumbnail\"><img loading=\"lazy\" decoding=\"async\" width=\"300\" height=\"222\" src=\"http:\/\/www.musees-mediterranee.org\/wp-content\/uploads\/2024\/10\/muse-147-photo_2-300x222.jpg\" class=\"attachment-medium size-medium wp-image-14354\" alt=\"\" srcset=\"http:\/\/www.musees-mediterranee.org\/wp-content\/uploads\/2024\/10\/muse-147-photo_2-300x222.jpg 300w, http:\/\/www.musees-mediterranee.org\/wp-content\/uploads\/2024\/10\/muse-147-photo_2.jpg 700w\" sizes=\"(max-width: 300px) 100vw, 300px\" \/><\/div><\/a>\n\t\t\t\t<div class=\"elementor-post__text\">\n\t\t\t\t<h3 class=\"elementor-post__title\">\n\t\t\t<a href=\"http:\/\/www.musees-mediterranee.org\/index.php\/2024\/10\/23\/musee-departemental-des-merveilles\/\" >\n\t\t\t\tMus\u00e9e d\u00e9partemental des Merveilles\t\t\t<\/a>\n\t\t<\/h3>\n\t\t\t\t<div class=\"elementor-post__excerpt\">\n\t\t\t<p>Tende<\/p>\t\t<\/div>\n\t\t\t\t<\/div>\n\t\t\t\t\t<\/div>\n\t\t<\/article>\n\t\t\t\t<\/div>\n\t\t\n\t\t\t\t\t\t<\/div>\n\t\t\t\t<\/div>\n\t\t\t\t<div class=\"elementor-element elementor-element-bd837ad elementor-widget-divider--view-line exad-sticky-section-no exad-glass-effect-no elementor-widget elementor-widget-divider\" data-id=\"bd837ad\" data-element_type=\"widget\" data-e-type=\"widget\" data-widget_type=\"divider.default\">\n\t\t\t\t<div class=\"elementor-widget-container\">\n\t\t\t\t\t\t\t<div class=\"elementor-divider\">\n\t\t\t<span class=\"elementor-divider-separator\">\n\t\t\t\t\t\t<\/span>\n\t\t<\/div>\n\t\t\t\t\t\t<\/div>\n\t\t\t\t<\/div>\n\t\t\t\t\t<\/div>\n\t\t<\/div>\n\t\t\t\t\t<\/div>\n\t\t<\/section>\n\t\t\t\t<section class=\"elementor-section elementor-top-section elementor-element elementor-element-4e608b8 elementor-section-boxed elementor-section-height-default elementor-section-height-default exad-glass-effect-no exad-sticky-section-no\" data-id=\"4e608b8\" data-element_type=\"section\" data-e-type=\"section\">\n\t\t\t\t\t\t<div class=\"elementor-container elementor-column-gap-default\">\n\t\t\t\t\t<div class=\"elementor-column elementor-col-100 elementor-top-column elementor-element elementor-element-3b85996 exad-glass-effect-no exad-sticky-section-no\" data-id=\"3b85996\" data-element_type=\"column\" data-e-type=\"column\">\n\t\t\t<div class=\"elementor-widget-wrap elementor-element-populated\">\n\t\t\t\t\t\t<div class=\"elementor-element elementor-element-b05fc97 exad-sticky-section-no exad-glass-effect-no elementor-widget elementor-widget-heading\" data-id=\"b05fc97\" data-element_type=\"widget\" data-e-type=\"widget\" data-widget_type=\"heading.default\">\n\t\t\t\t<div class=\"elementor-widget-container\">\n\t\t\t\t\t<h5 class=\"elementor-heading-title elementor-size-default\">Toulon<\/h5>\t\t\t\t<\/div>\n\t\t\t\t<\/div>\n\t\t\t\t<div class=\"elementor-element elementor-element-1c66c4c elementor-grid-4 elementor-posts--align-center elementor-widget__width-initial elementor-grid-tablet-2 elementor-grid-mobile-1 elementor-posts--thumbnail-top elementor-card-shadow-yes elementor-posts__hover-gradient exad-sticky-section-no exad-glass-effect-no elementor-widget elementor-widget-posts\" data-id=\"1c66c4c\" data-element_type=\"widget\" data-e-type=\"widget\" data-settings=\"{&quot;cards_columns&quot;:&quot;4&quot;,&quot;cards_row_gap&quot;:{&quot;unit&quot;:&quot;px&quot;,&quot;size&quot;:10,&quot;sizes&quot;:[]},&quot;cards_columns_tablet&quot;:&quot;2&quot;,&quot;cards_columns_mobile&quot;:&quot;1&quot;,&quot;cards_row_gap_tablet&quot;:{&quot;unit&quot;:&quot;px&quot;,&quot;size&quot;:&quot;&quot;,&quot;sizes&quot;:[]},&quot;cards_row_gap_mobile&quot;:{&quot;unit&quot;:&quot;px&quot;,&quot;size&quot;:&quot;&quot;,&quot;sizes&quot;:[]}}\" data-widget_type=\"posts.cards\">\n\t\t\t\t<div class=\"elementor-widget-container\">\n\t\t\t\t\t\t\t<div class=\"elementor-posts-container elementor-posts elementor-posts--skin-cards elementor-grid\" role=\"list\">\n\t\t\t\t<article class=\"elementor-post elementor-grid-item post-14274 post type-post status-publish format-standard has-post-thumbnail hentry category-page-musee tag-136 tag-toulon\" role=\"listitem\">\n\t\t\t<div class=\"elementor-post__card\">\n\t\t\t\t<a class=\"elementor-post__thumbnail__link\" href=\"http:\/\/www.musees-mediterranee.org\/index.php\/2024\/10\/23\/musee-dart\/\" tabindex=\"-1\" ><div class=\"elementor-post__thumbnail\"><img loading=\"lazy\" decoding=\"async\" width=\"201\" height=\"300\" src=\"http:\/\/www.musees-mediterranee.org\/wp-content\/uploads\/2024\/10\/muse-32-photo_1-201x300.jpg\" class=\"attachment-medium size-medium wp-image-14360\" alt=\"\" srcset=\"http:\/\/www.musees-mediterranee.org\/wp-content\/uploads\/2024\/10\/muse-32-photo_1-201x300.jpg 201w, http:\/\/www.musees-mediterranee.org\/wp-content\/uploads\/2024\/10\/muse-32-photo_1.jpg 469w\" sizes=\"(max-width: 201px) 100vw, 201px\" \/><\/div><\/a>\n\t\t\t\t<div class=\"elementor-post__text\">\n\t\t\t\t<h3 class=\"elementor-post__title\">\n\t\t\t<a href=\"http:\/\/www.musees-mediterranee.org\/index.php\/2024\/10\/23\/musee-dart\/\" >\n\t\t\t\tMus\u00e9e d&#8217;art\t\t\t<\/a>\n\t\t<\/h3>\n\t\t\t\t<div class=\"elementor-post__excerpt\">\n\t\t\t<p>Toulon<\/p>\t\t<\/div>\n\t\t\t\t<\/div>\n\t\t\t\t\t<\/div>\n\t\t<\/article>\n\t\t\t\t<article class=\"elementor-post elementor-grid-item post-14277 post type-post status-publish format-standard has-post-thumbnail hentry category-page-musee tag-136 tag-toulon\" role=\"listitem\">\n\t\t\t<div class=\"elementor-post__card\">\n\t\t\t\t<a class=\"elementor-post__thumbnail__link\" href=\"http:\/\/www.musees-mediterranee.org\/index.php\/2024\/10\/23\/musee-des-arts-asiatiques-2\/\" tabindex=\"-1\" ><div class=\"elementor-post__thumbnail\"><img loading=\"lazy\" decoding=\"async\" width=\"200\" height=\"300\" src=\"http:\/\/www.musees-mediterranee.org\/wp-content\/uploads\/2024\/10\/muse-135-photo_1-200x300.jpg\" class=\"attachment-medium size-medium wp-image-14364\" alt=\"\" srcset=\"http:\/\/www.musees-mediterranee.org\/wp-content\/uploads\/2024\/10\/muse-135-photo_1-200x300.jpg 200w, http:\/\/www.musees-mediterranee.org\/wp-content\/uploads\/2024\/10\/muse-135-photo_1.jpg 467w\" sizes=\"(max-width: 200px) 100vw, 200px\" \/><\/div><\/a>\n\t\t\t\t<div class=\"elementor-post__text\">\n\t\t\t\t<h3 class=\"elementor-post__title\">\n\t\t\t<a href=\"http:\/\/www.musees-mediterranee.org\/index.php\/2024\/10\/23\/musee-des-arts-asiatiques-2\/\" >\n\t\t\t\tMus\u00e9e des Arts Asiatiques\t\t\t<\/a>\n\t\t<\/h3>\n\t\t\t\t<div class=\"elementor-post__excerpt\">\n\t\t\t<p>Toulon<\/p>\t\t<\/div>\n\t\t\t\t<\/div>\n\t\t\t\t\t<\/div>\n\t\t<\/article>\n\t\t\t\t<article class=\"elementor-post elementor-grid-item post-14279 post type-post status-publish format-standard has-post-thumbnail hentry category-page-musee tag-136 tag-toulon\" role=\"listitem\">\n\t\t\t<div class=\"elementor-post__card\">\n\t\t\t\t<a class=\"elementor-post__thumbnail__link\" href=\"http:\/\/www.musees-mediterranee.org\/index.php\/2024\/10\/23\/museum-departemental-du-var\/\" tabindex=\"-1\" ><div class=\"elementor-post__thumbnail\"><img loading=\"lazy\" decoding=\"async\" width=\"300\" height=\"199\" src=\"http:\/\/www.musees-mediterranee.org\/wp-content\/uploads\/2024\/10\/muse-138-photo_1-300x199.jpg\" class=\"attachment-medium size-medium wp-image-14370\" alt=\"\" srcset=\"http:\/\/www.musees-mediterranee.org\/wp-content\/uploads\/2024\/10\/muse-138-photo_1-300x199.jpg 300w, http:\/\/www.musees-mediterranee.org\/wp-content\/uploads\/2024\/10\/muse-138-photo_1.jpg 700w\" sizes=\"(max-width: 300px) 100vw, 300px\" \/><\/div><\/a>\n\t\t\t\t<div class=\"elementor-post__text\">\n\t\t\t\t<h3 class=\"elementor-post__title\">\n\t\t\t<a href=\"http:\/\/www.musees-mediterranee.org\/index.php\/2024\/10\/23\/museum-departemental-du-var\/\" >\n\t\t\t\tMuseum d\u00e9partemental du var\t\t\t<\/a>\n\t\t<\/h3>\n\t\t\t\t<div class=\"elementor-post__excerpt\">\n\t\t\t<p>Toulon<\/p>\t\t<\/div>\n\t\t\t\t<\/div>\n\t\t\t\t\t<\/div>\n\t\t<\/article>\n\t\t\t\t<article class=\"elementor-post elementor-grid-item post-14281 post type-post status-publish format-standard has-post-thumbnail hentry category-page-musee tag-136 tag-toulon\" role=\"listitem\">\n\t\t\t<div class=\"elementor-post__card\">\n\t\t\t\t<a class=\"elementor-post__thumbnail__link\" href=\"http:\/\/www.musees-mediterranee.org\/index.php\/2024\/10\/23\/musee-national-de-la-marine\/\" tabindex=\"-1\" ><div class=\"elementor-post__thumbnail\"><img loading=\"lazy\" decoding=\"async\" width=\"200\" height=\"300\" src=\"http:\/\/www.musees-mediterranee.org\/wp-content\/uploads\/2024\/10\/muse-141-photo_1-200x300.jpg\" class=\"attachment-medium size-medium wp-image-14375\" alt=\"\" srcset=\"http:\/\/www.musees-mediterranee.org\/wp-content\/uploads\/2024\/10\/muse-141-photo_1-200x300.jpg 200w, http:\/\/www.musees-mediterranee.org\/wp-content\/uploads\/2024\/10\/muse-141-photo_1.jpg 467w\" sizes=\"(max-width: 200px) 100vw, 200px\" \/><\/div><\/a>\n\t\t\t\t<div class=\"elementor-post__text\">\n\t\t\t\t<h3 class=\"elementor-post__title\">\n\t\t\t<a href=\"http:\/\/www.musees-mediterranee.org\/index.php\/2024\/10\/23\/musee-national-de-la-marine\/\" >\n\t\t\t\tMus\u00e9e national de la Marine\t\t\t<\/a>\n\t\t<\/h3>\n\t\t\t\t<div class=\"elementor-post__excerpt\">\n\t\t\t<p>Toulon<\/p>\t\t<\/div>\n\t\t\t\t<\/div>\n\t\t\t\t\t<\/div>\n\t\t<\/article>\n\t\t\t\t<\/div>\n\t\t\n\t\t\t\t\t\t<\/div>\n\t\t\t\t<\/div>\n\t\t\t\t<div class=\"elementor-element elementor-element-3966602 elementor-widget-divider--view-line exad-sticky-section-no exad-glass-effect-no elementor-widget elementor-widget-divider\" data-id=\"3966602\" data-element_type=\"widget\" data-e-type=\"widget\" data-widget_type=\"divider.default\">\n\t\t\t\t<div class=\"elementor-widget-container\">\n\t\t\t\t\t\t\t<div class=\"elementor-divider\">\n\t\t\t<span class=\"elementor-divider-separator\">\n\t\t\t\t\t\t<\/span>\n\t\t<\/div>\n\t\t\t\t\t\t<\/div>\n\t\t\t\t<\/div>\n\t\t\t\t\t<\/div>\n\t\t<\/div>\n\t\t\t\t\t<\/div>\n\t\t<\/section>\n\t\t\t\t<section class=\"elementor-section elementor-top-section elementor-element elementor-element-4d890ef elementor-section-boxed elementor-section-height-default elementor-section-height-default exad-glass-effect-no exad-sticky-section-no\" data-id=\"4d890ef\" data-element_type=\"section\" data-e-type=\"section\">\n\t\t\t\t\t\t<div class=\"elementor-container elementor-column-gap-default\">\n\t\t\t\t\t<div class=\"elementor-column elementor-col-100 elementor-top-column elementor-element elementor-element-b9f5972 exad-glass-effect-no exad-sticky-section-no\" data-id=\"b9f5972\" data-element_type=\"column\" data-e-type=\"column\">\n\t\t\t<div class=\"elementor-widget-wrap elementor-element-populated\">\n\t\t\t\t\t\t<div class=\"elementor-element elementor-element-f079d6d exad-sticky-section-no exad-glass-effect-no elementor-widget elementor-widget-heading\" data-id=\"f079d6d\" data-element_type=\"widget\" data-e-type=\"widget\" data-widget_type=\"heading.default\">\n\t\t\t\t<div class=\"elementor-widget-container\">\n\t\t\t\t\t<h5 class=\"elementor-heading-title elementor-size-default\">Uz\u00e8s - Vach\u00e8res - Vaison-la-Romaine - Vallauris<\/h5>\t\t\t\t<\/div>\n\t\t\t\t<\/div>\n\t\t\t\t<div class=\"elementor-element elementor-element-a17ed3e elementor-grid-4 elementor-posts--align-center elementor-widget__width-initial elementor-grid-tablet-2 elementor-grid-mobile-1 elementor-posts--thumbnail-top elementor-card-shadow-yes elementor-posts__hover-gradient exad-sticky-section-no exad-glass-effect-no elementor-widget elementor-widget-posts\" data-id=\"a17ed3e\" data-element_type=\"widget\" data-e-type=\"widget\" data-settings=\"{&quot;cards_columns&quot;:&quot;4&quot;,&quot;cards_row_gap&quot;:{&quot;unit&quot;:&quot;px&quot;,&quot;size&quot;:10,&quot;sizes&quot;:[]},&quot;cards_columns_tablet&quot;:&quot;2&quot;,&quot;cards_columns_mobile&quot;:&quot;1&quot;,&quot;cards_row_gap_tablet&quot;:{&quot;unit&quot;:&quot;px&quot;,&quot;size&quot;:&quot;&quot;,&quot;sizes&quot;:[]},&quot;cards_row_gap_mobile&quot;:{&quot;unit&quot;:&quot;px&quot;,&quot;size&quot;:&quot;&quot;,&quot;sizes&quot;:[]}}\" data-widget_type=\"posts.cards\">\n\t\t\t\t<div class=\"elementor-widget-container\">\n\t\t\t\t\t\t\t<div class=\"elementor-posts-container elementor-posts elementor-posts--skin-cards elementor-grid\" role=\"list\">\n\t\t\t\t<article class=\"elementor-post elementor-grid-item post-14378 post type-post status-publish format-standard has-post-thumbnail hentry category-page-musee tag-128 tag-uzes\" role=\"listitem\">\n\t\t\t<div class=\"elementor-post__card\">\n\t\t\t\t<a class=\"elementor-post__thumbnail__link\" href=\"http:\/\/www.musees-mediterranee.org\/index.php\/2024\/10\/29\/musee-georges-borias\/\" tabindex=\"-1\" ><div class=\"elementor-post__thumbnail\"><img loading=\"lazy\" decoding=\"async\" width=\"225\" height=\"300\" src=\"http:\/\/www.musees-mediterranee.org\/wp-content\/uploads\/2024\/10\/muse-189-photo_1-225x300.jpg\" class=\"attachment-medium size-medium wp-image-14407\" alt=\"\" srcset=\"http:\/\/www.musees-mediterranee.org\/wp-content\/uploads\/2024\/10\/muse-189-photo_1-225x300.jpg 225w, http:\/\/www.musees-mediterranee.org\/wp-content\/uploads\/2024\/10\/muse-189-photo_1.jpg 525w\" sizes=\"(max-width: 225px) 100vw, 225px\" \/><\/div><\/a>\n\t\t\t\t<div class=\"elementor-post__text\">\n\t\t\t\t<h3 class=\"elementor-post__title\">\n\t\t\t<a href=\"http:\/\/www.musees-mediterranee.org\/index.php\/2024\/10\/29\/musee-georges-borias\/\" >\n\t\t\t\tMus\u00e9e Georges-Borias\t\t\t<\/a>\n\t\t<\/h3>\n\t\t\t\t<div class=\"elementor-post__excerpt\">\n\t\t\t<p>Uz\u00e8s<\/p>\t\t<\/div>\n\t\t\t\t<\/div>\n\t\t\t\t\t<\/div>\n\t\t<\/article>\n\t\t\t\t<article class=\"elementor-post elementor-grid-item post-14380 post type-post status-publish format-standard has-post-thumbnail hentry category-page-musee category-route-archeo tag-129 tag-vacheres\" role=\"listitem\">\n\t\t\t<div class=\"elementor-post__card\">\n\t\t\t\t<a class=\"elementor-post__thumbnail__link\" href=\"http:\/\/www.musees-mediterranee.org\/index.php\/2024\/10\/29\/musee-pierre-martel\/\" tabindex=\"-1\" ><div class=\"elementor-post__thumbnail\"><img loading=\"lazy\" decoding=\"async\" width=\"200\" height=\"300\" src=\"http:\/\/www.musees-mediterranee.org\/wp-content\/uploads\/2024\/10\/muse-51-photo_1-200x300.jpg\" class=\"attachment-medium size-medium wp-image-14412\" alt=\"\" srcset=\"http:\/\/www.musees-mediterranee.org\/wp-content\/uploads\/2024\/10\/muse-51-photo_1-200x300.jpg 200w, http:\/\/www.musees-mediterranee.org\/wp-content\/uploads\/2024\/10\/muse-51-photo_1.jpg 467w\" sizes=\"(max-width: 200px) 100vw, 200px\" \/><\/div><\/a>\n\t\t\t\t<div class=\"elementor-post__text\">\n\t\t\t\t<h3 class=\"elementor-post__title\">\n\t\t\t<a href=\"http:\/\/www.musees-mediterranee.org\/index.php\/2024\/10\/29\/musee-pierre-martel\/\" >\n\t\t\t\tMus\u00e9e Pierre Martel\t\t\t<\/a>\n\t\t<\/h3>\n\t\t\t\t<div class=\"elementor-post__excerpt\">\n\t\t\t<p>Vach\u00e8res<\/p>\t\t<\/div>\n\t\t\t\t<\/div>\n\t\t\t\t\t<\/div>\n\t\t<\/article>\n\t\t\t\t<article class=\"elementor-post elementor-grid-item post-14382 post type-post status-publish format-standard has-post-thumbnail hentry category-page-musee category-route-archeo tag-130 tag-vaison-la-romaine\" role=\"listitem\">\n\t\t\t<div class=\"elementor-post__card\">\n\t\t\t\t<a class=\"elementor-post__thumbnail__link\" href=\"http:\/\/www.musees-mediterranee.org\/index.php\/2024\/10\/29\/musee-archeologique-theo-desplans\/\" tabindex=\"-1\" ><div class=\"elementor-post__thumbnail\"><img loading=\"lazy\" decoding=\"async\" width=\"300\" height=\"225\" src=\"http:\/\/www.musees-mediterranee.org\/wp-content\/uploads\/2024\/10\/muse-54-photo_1-300x225.jpg\" class=\"attachment-medium size-medium wp-image-14421\" alt=\"\" srcset=\"http:\/\/www.musees-mediterranee.org\/wp-content\/uploads\/2024\/10\/muse-54-photo_1-300x225.jpg 300w, http:\/\/www.musees-mediterranee.org\/wp-content\/uploads\/2024\/10\/muse-54-photo_1.jpg 640w\" sizes=\"(max-width: 300px) 100vw, 300px\" \/><\/div><\/a>\n\t\t\t\t<div class=\"elementor-post__text\">\n\t\t\t\t<h3 class=\"elementor-post__title\">\n\t\t\t<a href=\"http:\/\/www.musees-mediterranee.org\/index.php\/2024\/10\/29\/musee-archeologique-theo-desplans\/\" >\n\t\t\t\tMus\u00e9e Arch\u00e9ologique Th\u00e9o Desplans\t\t\t<\/a>\n\t\t<\/h3>\n\t\t\t\t<div class=\"elementor-post__excerpt\">\n\t\t\t<p>Vaison-la-Romaine<\/p>\t\t<\/div>\n\t\t\t\t<\/div>\n\t\t\t\t\t<\/div>\n\t\t<\/article>\n\t\t\t\t<article class=\"elementor-post elementor-grid-item post-14384 post type-post status-publish format-standard has-post-thumbnail hentry category-page-musee tag-132 tag-vallauris\" role=\"listitem\">\n\t\t\t<div class=\"elementor-post__card\">\n\t\t\t\t<a class=\"elementor-post__thumbnail__link\" href=\"http:\/\/www.musees-mediterranee.org\/index.php\/2024\/10\/29\/musee-national-pablo-picasso-la-guerre-et-la-paix\/\" tabindex=\"-1\" ><div class=\"elementor-post__thumbnail\"><img loading=\"lazy\" decoding=\"async\" width=\"300\" height=\"212\" src=\"http:\/\/www.musees-mediterranee.org\/wp-content\/uploads\/2024\/10\/musPhoto_123_0LUU-300x212.jpg\" class=\"attachment-medium size-medium wp-image-14426\" alt=\"\" srcset=\"http:\/\/www.musees-mediterranee.org\/wp-content\/uploads\/2024\/10\/musPhoto_123_0LUU-300x212.jpg 300w, http:\/\/www.musees-mediterranee.org\/wp-content\/uploads\/2024\/10\/musPhoto_123_0LUU.jpg 600w\" sizes=\"(max-width: 300px) 100vw, 300px\" \/><\/div><\/a>\n\t\t\t\t<div class=\"elementor-post__text\">\n\t\t\t\t<h3 class=\"elementor-post__title\">\n\t\t\t<a href=\"http:\/\/www.musees-mediterranee.org\/index.php\/2024\/10\/29\/musee-national-pablo-picasso-la-guerre-et-la-paix\/\" >\n\t\t\t\tMus\u00e9e National Pablo Picasso, la guerre et la paix\t\t\t<\/a>\n\t\t<\/h3>\n\t\t\t\t<div class=\"elementor-post__excerpt\">\n\t\t\t<p>Vallauris<\/p>\t\t<\/div>\n\t\t\t\t<\/div>\n\t\t\t\t\t<\/div>\n\t\t<\/article>\n\t\t\t\t<\/div>\n\t\t\n\t\t\t\t\t\t<\/div>\n\t\t\t\t<\/div>\n\t\t\t\t<div class=\"elementor-element elementor-element-fefbe0b elementor-widget-divider--view-line exad-sticky-section-no exad-glass-effect-no elementor-widget elementor-widget-divider\" data-id=\"fefbe0b\" data-element_type=\"widget\" data-e-type=\"widget\" data-widget_type=\"divider.default\">\n\t\t\t\t<div class=\"elementor-widget-container\">\n\t\t\t\t\t\t\t<div class=\"elementor-divider\">\n\t\t\t<span class=\"elementor-divider-separator\">\n\t\t\t\t\t\t<\/span>\n\t\t<\/div>\n\t\t\t\t\t\t<\/div>\n\t\t\t\t<\/div>\n\t\t\t\t\t<\/div>\n\t\t<\/div>\n\t\t\t\t\t<\/div>\n\t\t<\/section>\n\t\t\t\t<section class=\"elementor-section elementor-top-section elementor-element elementor-element-183a336 elementor-section-boxed elementor-section-height-default elementor-section-height-default exad-glass-effect-no exad-sticky-section-no\" data-id=\"183a336\" data-element_type=\"section\" data-e-type=\"section\">\n\t\t\t\t\t\t<div class=\"elementor-container elementor-column-gap-default\">\n\t\t\t\t\t<div class=\"elementor-column elementor-col-100 elementor-top-column elementor-element elementor-element-3f628a1 exad-glass-effect-no exad-sticky-section-no\" data-id=\"3f628a1\" data-element_type=\"column\" data-e-type=\"column\">\n\t\t\t<div class=\"elementor-widget-wrap elementor-element-populated\">\n\t\t\t\t\t\t<div class=\"elementor-element elementor-element-f3830cf exad-sticky-section-no exad-glass-effect-no elementor-widget elementor-widget-heading\" data-id=\"f3830cf\" data-element_type=\"widget\" data-e-type=\"widget\" data-widget_type=\"heading.default\">\n\t\t\t\t<div class=\"elementor-widget-container\">\n\t\t\t\t\t<h5 class=\"elementor-heading-title elementor-size-default\">Valr\u00e9as - Varages - Villefranche-sur-Mer - Villeneuve-l\u00e8s-Avignon<\/h5>\t\t\t\t<\/div>\n\t\t\t\t<\/div>\n\t\t\t\t<div class=\"elementor-element elementor-element-c086ee1 elementor-grid-4 elementor-posts--align-center elementor-widget__width-initial elementor-grid-tablet-2 elementor-grid-mobile-1 elementor-posts--thumbnail-top elementor-card-shadow-yes elementor-posts__hover-gradient exad-sticky-section-no exad-glass-effect-no elementor-widget elementor-widget-posts\" data-id=\"c086ee1\" data-element_type=\"widget\" data-e-type=\"widget\" data-settings=\"{&quot;cards_columns&quot;:&quot;4&quot;,&quot;cards_row_gap&quot;:{&quot;unit&quot;:&quot;px&quot;,&quot;size&quot;:10,&quot;sizes&quot;:[]},&quot;cards_columns_tablet&quot;:&quot;2&quot;,&quot;cards_columns_mobile&quot;:&quot;1&quot;,&quot;cards_row_gap_tablet&quot;:{&quot;unit&quot;:&quot;px&quot;,&quot;size&quot;:&quot;&quot;,&quot;sizes&quot;:[]},&quot;cards_row_gap_mobile&quot;:{&quot;unit&quot;:&quot;px&quot;,&quot;size&quot;:&quot;&quot;,&quot;sizes&quot;:[]}}\" data-widget_type=\"posts.cards\">\n\t\t\t\t<div class=\"elementor-widget-container\">\n\t\t\t\t\t\t\t<div class=\"elementor-posts-container elementor-posts elementor-posts--skin-cards elementor-grid\" role=\"list\">\n\t\t\t\t<article class=\"elementor-post elementor-grid-item post-14387 post type-post status-publish format-standard has-post-thumbnail hentry category-page-musee tag-130 tag-valreas\" role=\"listitem\">\n\t\t\t<div class=\"elementor-post__card\">\n\t\t\t\t<a class=\"elementor-post__thumbnail__link\" href=\"http:\/\/www.musees-mediterranee.org\/index.php\/2024\/10\/29\/musee-du-cartonnage-et-de-limprimerie\/\" tabindex=\"-1\" ><div class=\"elementor-post__thumbnail\"><img loading=\"lazy\" decoding=\"async\" width=\"300\" height=\"204\" src=\"http:\/\/www.musees-mediterranee.org\/wp-content\/uploads\/2024\/10\/muse-90-photo_1-300x204.jpg\" class=\"attachment-medium size-medium wp-image-14443\" alt=\"\" srcset=\"http:\/\/www.musees-mediterranee.org\/wp-content\/uploads\/2024\/10\/muse-90-photo_1-300x204.jpg 300w, http:\/\/www.musees-mediterranee.org\/wp-content\/uploads\/2024\/10\/muse-90-photo_1.jpg 444w\" sizes=\"(max-width: 300px) 100vw, 300px\" \/><\/div><\/a>\n\t\t\t\t<div class=\"elementor-post__text\">\n\t\t\t\t<h3 class=\"elementor-post__title\">\n\t\t\t<a href=\"http:\/\/www.musees-mediterranee.org\/index.php\/2024\/10\/29\/musee-du-cartonnage-et-de-limprimerie\/\" >\n\t\t\t\tMus\u00e9e du Cartonnage et de l&#8217;Imprimerie\t\t\t<\/a>\n\t\t<\/h3>\n\t\t\t\t<div class=\"elementor-post__excerpt\">\n\t\t\t<p>Valr\u00e9as<\/p>\t\t<\/div>\n\t\t\t\t<\/div>\n\t\t\t\t\t<\/div>\n\t\t<\/article>\n\t\t\t\t<article class=\"elementor-post elementor-grid-item post-14389 post type-post status-publish format-standard has-post-thumbnail hentry category-page-musee tag-136 tag-varages\" role=\"listitem\">\n\t\t\t<div class=\"elementor-post__card\">\n\t\t\t\t<a class=\"elementor-post__thumbnail__link\" href=\"http:\/\/www.musees-mediterranee.org\/index.php\/2024\/10\/29\/musee-des-faiences-de-varages\/\" tabindex=\"-1\" ><div class=\"elementor-post__thumbnail\"><img loading=\"lazy\" decoding=\"async\" width=\"300\" height=\"232\" src=\"http:\/\/www.musees-mediterranee.org\/wp-content\/uploads\/2024\/07\/vide-300x232.jpg\" class=\"attachment-medium size-medium wp-image-12350\" alt=\"\" srcset=\"http:\/\/www.musees-mediterranee.org\/wp-content\/uploads\/2024\/07\/vide-300x232.jpg 300w, http:\/\/www.musees-mediterranee.org\/wp-content\/uploads\/2024\/07\/vide-1024x792.jpg 1024w, http:\/\/www.musees-mediterranee.org\/wp-content\/uploads\/2024\/07\/vide-768x594.jpg 768w, http:\/\/www.musees-mediterranee.org\/wp-content\/uploads\/2024\/07\/vide.jpg 1200w\" sizes=\"(max-width: 300px) 100vw, 300px\" \/><\/div><\/a>\n\t\t\t\t<div class=\"elementor-post__text\">\n\t\t\t\t<h3 class=\"elementor-post__title\">\n\t\t\t<a href=\"http:\/\/www.musees-mediterranee.org\/index.php\/2024\/10\/29\/musee-des-faiences-de-varages\/\" >\n\t\t\t\tMus\u00e9e des Fa\u00efences de Varages\t\t\t<\/a>\n\t\t<\/h3>\n\t\t\t\t<div class=\"elementor-post__excerpt\">\n\t\t\t<p>Varages<\/p>\t\t<\/div>\n\t\t\t\t<\/div>\n\t\t\t\t\t<\/div>\n\t\t<\/article>\n\t\t\t\t<article class=\"elementor-post elementor-grid-item post-14391 post type-post status-publish format-standard has-post-thumbnail hentry category-page-musee tag-132 tag-villefranche-sur-mer\" role=\"listitem\">\n\t\t\t<div class=\"elementor-post__card\">\n\t\t\t\t<a class=\"elementor-post__thumbnail__link\" href=\"http:\/\/www.musees-mediterranee.org\/index.php\/2024\/10\/29\/musees-de-la-citadelle\/\" tabindex=\"-1\" ><div class=\"elementor-post__thumbnail\"><img loading=\"lazy\" decoding=\"async\" width=\"274\" height=\"300\" src=\"http:\/\/www.musees-mediterranee.org\/wp-content\/uploads\/2024\/10\/muse-19-photo_1-274x300.jpg\" class=\"attachment-medium size-medium wp-image-14448\" alt=\"\" srcset=\"http:\/\/www.musees-mediterranee.org\/wp-content\/uploads\/2024\/10\/muse-19-photo_1-274x300.jpg 274w, http:\/\/www.musees-mediterranee.org\/wp-content\/uploads\/2024\/10\/muse-19-photo_1.jpg 640w\" sizes=\"(max-width: 274px) 100vw, 274px\" \/><\/div><\/a>\n\t\t\t\t<div class=\"elementor-post__text\">\n\t\t\t\t<h3 class=\"elementor-post__title\">\n\t\t\t<a href=\"http:\/\/www.musees-mediterranee.org\/index.php\/2024\/10\/29\/musees-de-la-citadelle\/\" >\n\t\t\t\tMus\u00e9es de la Citadelle\t\t\t<\/a>\n\t\t<\/h3>\n\t\t\t\t<div class=\"elementor-post__excerpt\">\n\t\t\t<p>Villefranche-sur-Mer<\/p>\t\t<\/div>\n\t\t\t\t<\/div>\n\t\t\t\t\t<\/div>\n\t\t<\/article>\n\t\t\t\t<article class=\"elementor-post elementor-grid-item post-14393 post type-post status-publish format-standard has-post-thumbnail hentry category-musee-adherent category-page-musee tag-128 tag-villeneuve-les-avignon\" role=\"listitem\">\n\t\t\t<div class=\"elementor-post__card\">\n\t\t\t\t<a class=\"elementor-post__thumbnail__link\" href=\"http:\/\/www.musees-mediterranee.org\/index.php\/2024\/10\/29\/musee-pierre-de-luxembourg\/\" tabindex=\"-1\" ><div class=\"elementor-post__thumbnail\"><img loading=\"lazy\" decoding=\"async\" width=\"300\" height=\"258\" src=\"http:\/\/www.musees-mediterranee.org\/wp-content\/uploads\/2024\/10\/muse-190-photo_1-300x258.jpg\" class=\"attachment-medium size-medium wp-image-14450\" alt=\"\" srcset=\"http:\/\/www.musees-mediterranee.org\/wp-content\/uploads\/2024\/10\/muse-190-photo_1-300x258.jpg 300w, http:\/\/www.musees-mediterranee.org\/wp-content\/uploads\/2024\/10\/muse-190-photo_1.jpg 700w\" sizes=\"(max-width: 300px) 100vw, 300px\" \/><\/div><\/a>\n\t\t\t\t<div class=\"elementor-post__text\">\n\t\t\t\t<h3 class=\"elementor-post__title\">\n\t\t\t<a href=\"http:\/\/www.musees-mediterranee.org\/index.php\/2024\/10\/29\/musee-pierre-de-luxembourg\/\" >\n\t\t\t\tMus\u00e9e Pierre-de-Luxembourg\t\t\t<\/a>\n\t\t<\/h3>\n\t\t\t\t<div class=\"elementor-post__excerpt\">\n\t\t\t<p>Villeneuve-l\u00e8s-Avignon<\/p>\t\t<\/div>\n\t\t\t\t<\/div>\n\t\t\t\t\t<\/div>\n\t\t<\/article>\n\t\t\t\t<\/div>\n\t\t\n\t\t\t\t\t\t<\/div>\n\t\t\t\t<\/div>\n\t\t\t\t\t<\/div>\n\t\t<\/div>\n\t\t\t\t\t<\/div>\n\t\t<\/section>\n\t\t\t\t<\/div>\n\t\t","protected":false},"excerpt":{"rendered":"<p>Actualit\u00e9 des adh\u00e9rents Les adh\u00e9rents Tous les mus\u00e9es Les mus\u00e9es par d\u00e9partements : 04\/05 &#8211; 06 &#8211; 13 &#8211; 20 &#8211; 83 &#8211; 84 &#8211; 11 &#8211; 30 &#8211; 34&hellip; <\/p>\n","protected":false},"author":1,"featured_media":0,"parent":0,"menu_order":0,"comment_status":"closed","ping_status":"closed","template":"elementor_header_footer","meta":{"_acf_changed":false,"_bbp_topic_count":0,"_bbp_reply_count":0,"_bbp_total_topic_count":0,"_bbp_total_reply_count":0,"_bbp_voice_count":0,"_bbp_anonymous_reply_count":0,"_bbp_topic_count_hidden":0,"_bbp_reply_count_hidden":0,"_bbp_forum_subforum_count":0,"iawp_total_views":848,"footnotes":""},"class_list":["post-24","page","type-page","status-publish","hentry"],"acf":[],"_links":{"self":[{"href":"http:\/\/www.musees-mediterranee.org\/index.php\/wp-json\/wp\/v2\/pages\/24","targetHints":{"allow":["GET"]}}],"collection":[{"href":"http:\/\/www.musees-mediterranee.org\/index.php\/wp-json\/wp\/v2\/pages"}],"about":[{"href":"http:\/\/www.musees-mediterranee.org\/index.php\/wp-json\/wp\/v2\/types\/page"}],"author":[{"embeddable":true,"href":"http:\/\/www.musees-mediterranee.org\/index.php\/wp-json\/wp\/v2\/users\/1"}],"replies":[{"embeddable":true,"href":"http:\/\/www.musees-mediterranee.org\/index.php\/wp-json\/wp\/v2\/comments?post=24"}],"version-history":[{"count":3,"href":"http:\/\/www.musees-mediterranee.org\/index.php\/wp-json\/wp\/v2\/pages\/24\/revisions"}],"predecessor-version":[{"id":25408,"href":"http:\/\/www.musees-mediterranee.org\/index.php\/wp-json\/wp\/v2\/pages\/24\/revisions\/25408"}],"wp:attachment":[{"href":"http:\/\/www.musees-mediterranee.org\/index.php\/wp-json\/wp\/v2\/media?parent=24"}],"curies":[{"name":"wp","href":"https:\/\/api.w.org\/{rel}","templated":true}]}}