{"id":13449,"date":"2024-09-24T11:43:34","date_gmt":"2024-09-24T09:43:34","guid":{"rendered":"http:\/\/www.musees-mediterranee.org\/?page_id=13449"},"modified":"2025-03-12T11:38:55","modified_gmt":"2025-03-12T10:38:55","slug":"les-musees-34","status":"publish","type":"page","link":"http:\/\/www.musees-mediterranee.org\/index.php\/tous-les-musees\/les-musees-34\/","title":{"rendered":"Mus\u00e9es 34"},"content":{"rendered":"\t\t<div data-elementor-type=\"wp-page\" data-elementor-id=\"13449\" class=\"elementor elementor-13449\" data-elementor-post-type=\"page\">\n\t\t\t\t\t\t<section class=\"elementor-section elementor-top-section elementor-element elementor-element-0e4bb8d elementor-section-boxed elementor-section-height-default elementor-section-height-default exad-glass-effect-no exad-sticky-section-no\" data-id=\"0e4bb8d\" data-element_type=\"section\" data-e-type=\"section\">\n\t\t\t\t\t\t<div class=\"elementor-container elementor-column-gap-default\">\n\t\t\t\t\t<div class=\"elementor-column elementor-col-100 elementor-top-column elementor-element elementor-element-fb250f8 exad-glass-effect-no exad-sticky-section-no\" data-id=\"fb250f8\" data-element_type=\"column\" data-e-type=\"column\">\n\t\t\t<div class=\"elementor-widget-wrap elementor-element-populated\">\n\t\t\t\t\t\t<div class=\"elementor-element elementor-element-3059efe exad-sticky-section-no exad-glass-effect-no elementor-widget elementor-widget-heading\" data-id=\"3059efe\" data-element_type=\"widget\" data-e-type=\"widget\" data-widget_type=\"heading.default\">\n\t\t\t\t<div class=\"elementor-widget-container\">\n\t\t\t\t\t<h3 class=\"elementor-heading-title elementor-size-default\">Les mus\u00e9es de l'H\u00e9rault<\/h3>\t\t\t\t<\/div>\n\t\t\t\t<\/div>\n\t\t\t\t\t<\/div>\n\t\t<\/div>\n\t\t\t\t\t<\/div>\n\t\t<\/section>\n\t\t\t\t<section class=\"elementor-section elementor-top-section elementor-element elementor-element-308ef41 elementor-section-boxed elementor-section-height-default elementor-section-height-default exad-glass-effect-no exad-sticky-section-no\" data-id=\"308ef41\" data-element_type=\"section\" data-e-type=\"section\">\n\t\t\t\t\t\t<div class=\"elementor-container elementor-column-gap-default\">\n\t\t\t\t\t<div class=\"elementor-column elementor-col-100 elementor-top-column elementor-element elementor-element-a817124 exad-glass-effect-no exad-sticky-section-no\" data-id=\"a817124\" data-element_type=\"column\" data-e-type=\"column\">\n\t\t\t<div class=\"elementor-widget-wrap elementor-element-populated\">\n\t\t\t\t\t\t<div class=\"elementor-element elementor-element-2f91281 exad-sticky-section-no exad-glass-effect-no elementor-widget elementor-widget-text-editor\" data-id=\"2f91281\" data-element_type=\"widget\" data-e-type=\"widget\" data-widget_type=\"text-editor.default\">\n\t\t\t\t<div class=\"elementor-widget-container\">\n\t\t\t\t\t\t\t\t\t<p><a href=\"http:\/\/www.musees-mediterranee.org\/index.php\/tous-les-musees\/\">Retour tous les mus\u00e9es<\/a><\/p>\t\t\t\t\t\t\t\t<\/div>\n\t\t\t\t<\/div>\n\t\t\t\t\t<\/div>\n\t\t<\/div>\n\t\t\t\t\t<\/div>\n\t\t<\/section>\n\t\t\t\t<section class=\"elementor-section elementor-top-section elementor-element elementor-element-7941aef elementor-section-boxed elementor-section-height-default elementor-section-height-default exad-glass-effect-no exad-sticky-section-no\" data-id=\"7941aef\" data-element_type=\"section\" data-e-type=\"section\">\n\t\t\t\t\t\t<div class=\"elementor-container elementor-column-gap-default\">\n\t\t\t\t\t<div class=\"elementor-column elementor-col-100 elementor-top-column elementor-element elementor-element-d2f7e96 exad-glass-effect-no exad-sticky-section-no\" data-id=\"d2f7e96\" data-element_type=\"column\" data-e-type=\"column\">\n\t\t\t<div class=\"elementor-widget-wrap elementor-element-populated\">\n\t\t\t\t\t\t<div class=\"elementor-element elementor-element-ce3ee00 elementor-grid-4 elementor-posts--align-center elementor-grid-tablet-2 elementor-grid-mobile-1 elementor-posts--thumbnail-top elementor-card-shadow-yes elementor-posts__hover-gradient exad-sticky-section-no exad-glass-effect-no elementor-widget elementor-widget-posts\" data-id=\"ce3ee00\" data-element_type=\"widget\" data-e-type=\"widget\" data-settings=\"{&quot;cards_columns&quot;:&quot;4&quot;,&quot;cards_row_gap&quot;:{&quot;unit&quot;:&quot;px&quot;,&quot;size&quot;:5,&quot;sizes&quot;:[]},&quot;cards_columns_tablet&quot;:&quot;2&quot;,&quot;cards_columns_mobile&quot;:&quot;1&quot;,&quot;cards_row_gap_tablet&quot;:{&quot;unit&quot;:&quot;px&quot;,&quot;size&quot;:&quot;&quot;,&quot;sizes&quot;:[]},&quot;cards_row_gap_mobile&quot;:{&quot;unit&quot;:&quot;px&quot;,&quot;size&quot;:&quot;&quot;,&quot;sizes&quot;:[]}}\" data-widget_type=\"posts.cards\">\n\t\t\t\t<div class=\"elementor-widget-container\">\n\t\t\t\t\t\t\t<div class=\"elementor-posts-container elementor-posts elementor-posts--skin-cards elementor-grid\" role=\"list\">\n\t\t\t\t<article class=\"elementor-post elementor-grid-item post-12316 post type-post status-publish format-standard has-post-thumbnail hentry category-page-musee tag-134 tag-beziers\" role=\"listitem\">\n\t\t\t<div class=\"elementor-post__card\">\n\t\t\t\t<a class=\"elementor-post__thumbnail__link\" href=\"http:\/\/www.musees-mediterranee.org\/index.php\/2024\/07\/23\/musee-fayet\/\" tabindex=\"-1\" ><div class=\"elementor-post__thumbnail\"><img fetchpriority=\"high\" decoding=\"async\" width=\"211\" height=\"300\" src=\"http:\/\/www.musees-mediterranee.org\/wp-content\/uploads\/2024\/07\/musPhoto_191_08CN-211x300.jpg\" class=\"attachment-medium size-medium wp-image-12317\" alt=\"\" srcset=\"http:\/\/www.musees-mediterranee.org\/wp-content\/uploads\/2024\/07\/musPhoto_191_08CN-211x300.jpg 211w, http:\/\/www.musees-mediterranee.org\/wp-content\/uploads\/2024\/07\/musPhoto_191_08CN.jpg 315w\" sizes=\"(max-width: 211px) 100vw, 211px\" \/><\/div><\/a>\n\t\t\t\t<div class=\"elementor-post__text\">\n\t\t\t\t<h3 class=\"elementor-post__title\">\n\t\t\t<a href=\"http:\/\/www.musees-mediterranee.org\/index.php\/2024\/07\/23\/musee-fayet\/\" >\n\t\t\t\tMus\u00e9e Fayet\t\t\t<\/a>\n\t\t<\/h3>\n\t\t\t\t<div class=\"elementor-post__excerpt\">\n\t\t\t<p>B\u00e9ziers<\/p>\t\t<\/div>\n\t\t\t\t<\/div>\n\t\t\t\t\t<\/div>\n\t\t<\/article>\n\t\t\t\t<article class=\"elementor-post elementor-grid-item post-12376 post type-post status-publish format-standard has-post-thumbnail hentry category-page-musee tag-134 tag-bouzigues\" role=\"listitem\">\n\t\t\t<div class=\"elementor-post__card\">\n\t\t\t\t<a class=\"elementor-post__thumbnail__link\" href=\"http:\/\/www.musees-mediterranee.org\/index.php\/2024\/07\/24\/musee-de-letang-de-thau\/\" tabindex=\"-1\" ><div class=\"elementor-post__thumbnail\"><img decoding=\"async\" width=\"300\" height=\"197\" src=\"http:\/\/www.musees-mediterranee.org\/wp-content\/uploads\/2024\/07\/muse-194-photo_1-300x197.jpg\" class=\"attachment-medium size-medium wp-image-12377\" alt=\"\" srcset=\"http:\/\/www.musees-mediterranee.org\/wp-content\/uploads\/2024\/07\/muse-194-photo_1-300x197.jpg 300w, http:\/\/www.musees-mediterranee.org\/wp-content\/uploads\/2024\/07\/muse-194-photo_1.jpg 700w\" sizes=\"(max-width: 300px) 100vw, 300px\" \/><\/div><\/a>\n\t\t\t\t<div class=\"elementor-post__text\">\n\t\t\t\t<h3 class=\"elementor-post__title\">\n\t\t\t<a href=\"http:\/\/www.musees-mediterranee.org\/index.php\/2024\/07\/24\/musee-de-letang-de-thau\/\" >\n\t\t\t\tMus\u00e9e de l&#8217;Etang de Thau\t\t\t<\/a>\n\t\t<\/h3>\n\t\t\t\t<div class=\"elementor-post__excerpt\">\n\t\t\t<p>Bouzigues<\/p>\t\t<\/div>\n\t\t\t\t<\/div>\n\t\t\t\t\t<\/div>\n\t\t<\/article>\n\t\t\t\t<article class=\"elementor-post elementor-grid-item post-12433 post type-post status-publish format-standard has-post-thumbnail hentry category-page-musee tag-134 tag-cap-dagde\" role=\"listitem\">\n\t\t\t<div class=\"elementor-post__card\">\n\t\t\t\t<a class=\"elementor-post__thumbnail__link\" href=\"http:\/\/www.musees-mediterranee.org\/index.php\/2024\/07\/30\/musee-agathois\/\" tabindex=\"-1\" ><div class=\"elementor-post__thumbnail\"><img decoding=\"async\" width=\"300\" height=\"116\" src=\"http:\/\/www.musees-mediterranee.org\/wp-content\/uploads\/2024\/07\/muse-165-photo_1-300x116.jpg\" class=\"attachment-medium size-medium wp-image-12434\" alt=\"\" srcset=\"http:\/\/www.musees-mediterranee.org\/wp-content\/uploads\/2024\/07\/muse-165-photo_1-300x116.jpg 300w, http:\/\/www.musees-mediterranee.org\/wp-content\/uploads\/2024\/07\/muse-165-photo_1.jpg 600w\" sizes=\"(max-width: 300px) 100vw, 300px\" \/><\/div><\/a>\n\t\t\t\t<div class=\"elementor-post__text\">\n\t\t\t\t<h3 class=\"elementor-post__title\">\n\t\t\t<a href=\"http:\/\/www.musees-mediterranee.org\/index.php\/2024\/07\/30\/musee-agathois\/\" >\n\t\t\t\tMus\u00e9e Agathois\t\t\t<\/a>\n\t\t<\/h3>\n\t\t\t\t<div class=\"elementor-post__excerpt\">\n\t\t\t<p>Cap d&#8217;Agde<\/p>\t\t<\/div>\n\t\t\t\t<\/div>\n\t\t\t\t\t<\/div>\n\t\t<\/article>\n\t\t\t\t<article class=\"elementor-post elementor-grid-item post-12438 post type-post status-publish format-standard has-post-thumbnail hentry category-page-musee tag-134 tag-cap-dagde\" role=\"listitem\">\n\t\t\t<div class=\"elementor-post__card\">\n\t\t\t\t<a class=\"elementor-post__thumbnail__link\" href=\"http:\/\/www.musees-mediterranee.org\/index.php\/2024\/07\/30\/musee-de-lephebe-darcheologie-sous-marine\/\" tabindex=\"-1\" ><div class=\"elementor-post__thumbnail\"><img loading=\"lazy\" decoding=\"async\" width=\"300\" height=\"200\" src=\"http:\/\/www.musees-mediterranee.org\/wp-content\/uploads\/2024\/07\/muse-222-photo_1-300x200.jpg\" class=\"attachment-medium size-medium wp-image-12439\" alt=\"\" srcset=\"http:\/\/www.musees-mediterranee.org\/wp-content\/uploads\/2024\/07\/muse-222-photo_1-300x200.jpg 300w, http:\/\/www.musees-mediterranee.org\/wp-content\/uploads\/2024\/07\/muse-222-photo_1.jpg 600w\" sizes=\"(max-width: 300px) 100vw, 300px\" \/><\/div><\/a>\n\t\t\t\t<div class=\"elementor-post__text\">\n\t\t\t\t<h3 class=\"elementor-post__title\">\n\t\t\t<a href=\"http:\/\/www.musees-mediterranee.org\/index.php\/2024\/07\/30\/musee-de-lephebe-darcheologie-sous-marine\/\" >\n\t\t\t\tMus\u00e9e de l&#8217;\u00c9ph\u00e8be &amp; d&#8217;arch\u00e9ologie sous-marine\t\t\t<\/a>\n\t\t<\/h3>\n\t\t\t\t<div class=\"elementor-post__excerpt\">\n\t\t\t<p>Cap d&#8217;Agde<\/p>\t\t<\/div>\n\t\t\t\t<\/div>\n\t\t\t\t\t<\/div>\n\t\t<\/article>\n\t\t\t\t<article class=\"elementor-post elementor-grid-item post-12679 post type-post status-publish format-standard has-post-thumbnail hentry category-page-musee tag-134 tag-herepian\" role=\"listitem\">\n\t\t\t<div class=\"elementor-post__card\">\n\t\t\t\t<a class=\"elementor-post__thumbnail__link\" href=\"http:\/\/www.musees-mediterranee.org\/index.php\/2024\/08\/28\/musee-de-la-cloche-et-de-la-sonnaille\/\" tabindex=\"-1\" ><div class=\"elementor-post__thumbnail\"><img loading=\"lazy\" decoding=\"async\" width=\"300\" height=\"232\" src=\"http:\/\/www.musees-mediterranee.org\/wp-content\/uploads\/2024\/07\/vide-300x232.jpg\" class=\"attachment-medium size-medium wp-image-12350\" alt=\"\" srcset=\"http:\/\/www.musees-mediterranee.org\/wp-content\/uploads\/2024\/07\/vide-300x232.jpg 300w, http:\/\/www.musees-mediterranee.org\/wp-content\/uploads\/2024\/07\/vide-1024x792.jpg 1024w, http:\/\/www.musees-mediterranee.org\/wp-content\/uploads\/2024\/07\/vide-768x594.jpg 768w, http:\/\/www.musees-mediterranee.org\/wp-content\/uploads\/2024\/07\/vide.jpg 1200w\" sizes=\"(max-width: 300px) 100vw, 300px\" \/><\/div><\/a>\n\t\t\t\t<div class=\"elementor-post__text\">\n\t\t\t\t<h3 class=\"elementor-post__title\">\n\t\t\t<a href=\"http:\/\/www.musees-mediterranee.org\/index.php\/2024\/08\/28\/musee-de-la-cloche-et-de-la-sonnaille\/\" >\n\t\t\t\tMus\u00e9e de la Cloche et de la Sonnaille\t\t\t<\/a>\n\t\t<\/h3>\n\t\t\t\t<div class=\"elementor-post__excerpt\">\n\t\t\t<p>H\u00e9r\u00e9pian<\/p>\t\t<\/div>\n\t\t\t\t<\/div>\n\t\t\t\t\t<\/div>\n\t\t<\/article>\n\t\t\t\t<article class=\"elementor-post elementor-grid-item post-12723 post type-post status-publish format-standard has-post-thumbnail hentry category-page-musee category-route-archeo tag-134 tag-lattes\" role=\"listitem\">\n\t\t\t<div class=\"elementor-post__card\">\n\t\t\t\t<a class=\"elementor-post__thumbnail__link\" href=\"http:\/\/www.musees-mediterranee.org\/index.php\/2024\/09\/03\/site-archeologique-lattara-musee-henri-prades\/\" tabindex=\"-1\" ><div class=\"elementor-post__thumbnail\"><img loading=\"lazy\" decoding=\"async\" width=\"300\" height=\"199\" src=\"http:\/\/www.musees-mediterranee.org\/wp-content\/uploads\/2024\/09\/muse-196-photo_1-300x199.jpg\" class=\"attachment-medium size-medium wp-image-12724\" alt=\"\" srcset=\"http:\/\/www.musees-mediterranee.org\/wp-content\/uploads\/2024\/09\/muse-196-photo_1-300x199.jpg 300w, http:\/\/www.musees-mediterranee.org\/wp-content\/uploads\/2024\/09\/muse-196-photo_1.jpg 700w\" sizes=\"(max-width: 300px) 100vw, 300px\" \/><\/div><\/a>\n\t\t\t\t<div class=\"elementor-post__text\">\n\t\t\t\t<h3 class=\"elementor-post__title\">\n\t\t\t<a href=\"http:\/\/www.musees-mediterranee.org\/index.php\/2024\/09\/03\/site-archeologique-lattara-musee-henri-prades\/\" >\n\t\t\t\tSite arch\u00e9ologique Lattara &#8211; mus\u00e9e Henri Prades\t\t\t<\/a>\n\t\t<\/h3>\n\t\t\t\t<div class=\"elementor-post__excerpt\">\n\t\t\t<p>Lattes<\/p>\t\t<\/div>\n\t\t\t\t<\/div>\n\t\t\t\t\t<\/div>\n\t\t<\/article>\n\t\t\t\t<article class=\"elementor-post elementor-grid-item post-12770 post type-post status-publish format-standard has-post-thumbnail hentry category-page-musee category-route-archeo tag-134 tag-les-matelles\" role=\"listitem\">\n\t\t\t<div class=\"elementor-post__card\">\n\t\t\t\t<a class=\"elementor-post__thumbnail__link\" href=\"http:\/\/www.musees-mediterranee.org\/index.php\/2024\/09\/04\/maison-des-consuls\/\" tabindex=\"-1\" ><div class=\"elementor-post__thumbnail\"><img loading=\"lazy\" decoding=\"async\" width=\"300\" height=\"225\" src=\"http:\/\/www.musees-mediterranee.org\/wp-content\/uploads\/2024\/09\/muse-197-photo_1-300x225.jpg\" class=\"attachment-medium size-medium wp-image-12771\" alt=\"\" srcset=\"http:\/\/www.musees-mediterranee.org\/wp-content\/uploads\/2024\/09\/muse-197-photo_1-300x225.jpg 300w, http:\/\/www.musees-mediterranee.org\/wp-content\/uploads\/2024\/09\/muse-197-photo_1.jpg 700w\" sizes=\"(max-width: 300px) 100vw, 300px\" \/><\/div><\/a>\n\t\t\t\t<div class=\"elementor-post__text\">\n\t\t\t\t<h3 class=\"elementor-post__title\">\n\t\t\t<a href=\"http:\/\/www.musees-mediterranee.org\/index.php\/2024\/09\/04\/maison-des-consuls\/\" >\n\t\t\t\tMaison des Consuls\t\t\t<\/a>\n\t\t<\/h3>\n\t\t\t\t<div class=\"elementor-post__excerpt\">\n\t\t\t<p>Les Matelles<\/p>\t\t<\/div>\n\t\t\t\t<\/div>\n\t\t\t\t\t<\/div>\n\t\t<\/article>\n\t\t\t\t<article class=\"elementor-post elementor-grid-item post-12779 post type-post status-publish format-standard has-post-thumbnail hentry category-page-musee tag-134 tag-lodeve\" role=\"listitem\">\n\t\t\t<div class=\"elementor-post__card\">\n\t\t\t\t<a class=\"elementor-post__thumbnail__link\" href=\"http:\/\/www.musees-mediterranee.org\/index.php\/2024\/09\/04\/musee-de-lodeve-hotel-du-cardinal-de-fleury\/\" tabindex=\"-1\" ><div class=\"elementor-post__thumbnail\"><img loading=\"lazy\" decoding=\"async\" width=\"300\" height=\"172\" src=\"http:\/\/www.musees-mediterranee.org\/wp-content\/uploads\/2024\/09\/musPhoto_198_F98S-300x172.jpg\" class=\"attachment-medium size-medium wp-image-12780\" alt=\"\" srcset=\"http:\/\/www.musees-mediterranee.org\/wp-content\/uploads\/2024\/09\/musPhoto_198_F98S-300x172.jpg 300w, http:\/\/www.musees-mediterranee.org\/wp-content\/uploads\/2024\/09\/musPhoto_198_F98S-128x72.jpg 128w, http:\/\/www.musees-mediterranee.org\/wp-content\/uploads\/2024\/09\/musPhoto_198_F98S.jpg 418w\" sizes=\"(max-width: 300px) 100vw, 300px\" \/><\/div><\/a>\n\t\t\t\t<div class=\"elementor-post__text\">\n\t\t\t\t<h3 class=\"elementor-post__title\">\n\t\t\t<a href=\"http:\/\/www.musees-mediterranee.org\/index.php\/2024\/09\/04\/musee-de-lodeve-hotel-du-cardinal-de-fleury\/\" >\n\t\t\t\tMus\u00e9e de Lod\u00e8ve, H\u00f4tel du cardinal de Fleury\t\t\t<\/a>\n\t\t<\/h3>\n\t\t\t\t<div class=\"elementor-post__excerpt\">\n\t\t\t<p>Lod\u00e8ve<\/p>\t\t<\/div>\n\t\t\t\t<\/div>\n\t\t\t\t\t<\/div>\n\t\t<\/article>\n\t\t\t\t<article class=\"elementor-post elementor-grid-item post-13071 post type-post status-publish format-standard has-post-thumbnail hentry category-page-musee tag-134 tag-lunel\" role=\"listitem\">\n\t\t\t<div class=\"elementor-post__card\">\n\t\t\t\t<a class=\"elementor-post__thumbnail__link\" href=\"http:\/\/www.musees-mediterranee.org\/index.php\/2024\/09\/11\/musee-medard\/\" tabindex=\"-1\" ><div class=\"elementor-post__thumbnail\"><img loading=\"lazy\" decoding=\"async\" width=\"300\" height=\"199\" src=\"http:\/\/www.musees-mediterranee.org\/wp-content\/uploads\/2024\/09\/musPhoto_249_8BMC-300x199.jpg\" class=\"attachment-medium size-medium wp-image-13072\" alt=\"\" srcset=\"http:\/\/www.musees-mediterranee.org\/wp-content\/uploads\/2024\/09\/musPhoto_249_8BMC-300x199.jpg 300w, http:\/\/www.musees-mediterranee.org\/wp-content\/uploads\/2024\/09\/musPhoto_249_8BMC.jpg 600w\" sizes=\"(max-width: 300px) 100vw, 300px\" \/><\/div><\/a>\n\t\t\t\t<div class=\"elementor-post__text\">\n\t\t\t\t<h3 class=\"elementor-post__title\">\n\t\t\t<a href=\"http:\/\/www.musees-mediterranee.org\/index.php\/2024\/09\/11\/musee-medard\/\" >\n\t\t\t\tMus\u00e9e M\u00e9dard\t\t\t<\/a>\n\t\t<\/h3>\n\t\t\t\t<div class=\"elementor-post__excerpt\">\n\t\t\t<p>Lunel<\/p>\t\t<\/div>\n\t\t\t\t<\/div>\n\t\t\t\t\t<\/div>\n\t\t<\/article>\n\t\t\t\t<article class=\"elementor-post elementor-grid-item post-13518 post type-post status-publish format-standard has-post-thumbnail hentry category-page-musee category-route-archeo tag-134 tag-minerve\" role=\"listitem\">\n\t\t\t<div class=\"elementor-post__card\">\n\t\t\t\t<a class=\"elementor-post__thumbnail__link\" href=\"http:\/\/www.musees-mediterranee.org\/index.php\/2024\/09\/25\/musee-archeologique-et-de-paleontologie\/\" tabindex=\"-1\" ><div class=\"elementor-post__thumbnail\"><img loading=\"lazy\" decoding=\"async\" width=\"300\" height=\"225\" src=\"http:\/\/www.musees-mediterranee.org\/wp-content\/uploads\/2024\/09\/muse-199-photo_1-300x225.jpg\" class=\"attachment-medium size-medium wp-image-13519\" alt=\"\" srcset=\"http:\/\/www.musees-mediterranee.org\/wp-content\/uploads\/2024\/09\/muse-199-photo_1-300x225.jpg 300w, http:\/\/www.musees-mediterranee.org\/wp-content\/uploads\/2024\/09\/muse-199-photo_1.jpg 700w\" sizes=\"(max-width: 300px) 100vw, 300px\" \/><\/div><\/a>\n\t\t\t\t<div class=\"elementor-post__text\">\n\t\t\t\t<h3 class=\"elementor-post__title\">\n\t\t\t<a href=\"http:\/\/www.musees-mediterranee.org\/index.php\/2024\/09\/25\/musee-archeologique-et-de-paleontologie\/\" >\n\t\t\t\tMus\u00e9e arch\u00e9ologique et de pal\u00e9ontologie\t\t\t<\/a>\n\t\t<\/h3>\n\t\t\t\t<div class=\"elementor-post__excerpt\">\n\t\t\t<p>Minerve<\/p>\t\t<\/div>\n\t\t\t\t<\/div>\n\t\t\t\t\t<\/div>\n\t\t<\/article>\n\t\t\t\t<article class=\"elementor-post elementor-grid-item post-13527 post type-post status-publish format-standard has-post-thumbnail hentry category-page-musee tag-134 tag-montpellier\" role=\"listitem\">\n\t\t\t<div class=\"elementor-post__card\">\n\t\t\t\t<a class=\"elementor-post__thumbnail__link\" href=\"http:\/\/www.musees-mediterranee.org\/index.php\/2024\/09\/25\/musee-fabre\/\" tabindex=\"-1\" ><div class=\"elementor-post__thumbnail\"><img loading=\"lazy\" decoding=\"async\" width=\"300\" height=\"199\" src=\"http:\/\/www.musees-mediterranee.org\/wp-content\/uploads\/2024\/09\/musPhoto_201_HK4Y-300x199.jpg\" class=\"attachment-medium size-medium wp-image-13528\" alt=\"\" srcset=\"http:\/\/www.musees-mediterranee.org\/wp-content\/uploads\/2024\/09\/musPhoto_201_HK4Y-300x199.jpg 300w, http:\/\/www.musees-mediterranee.org\/wp-content\/uploads\/2024\/09\/musPhoto_201_HK4Y.jpg 360w\" sizes=\"(max-width: 300px) 100vw, 300px\" \/><\/div><\/a>\n\t\t\t\t<div class=\"elementor-post__text\">\n\t\t\t\t<h3 class=\"elementor-post__title\">\n\t\t\t<a href=\"http:\/\/www.musees-mediterranee.org\/index.php\/2024\/09\/25\/musee-fabre\/\" >\n\t\t\t\tMus\u00e9e Fabre\t\t\t<\/a>\n\t\t<\/h3>\n\t\t\t\t<div class=\"elementor-post__excerpt\">\n\t\t\t<p>Montpellier<\/p>\t\t<\/div>\n\t\t\t\t<\/div>\n\t\t\t\t\t<\/div>\n\t\t<\/article>\n\t\t\t\t<article class=\"elementor-post elementor-grid-item post-13535 post type-post status-publish format-standard has-post-thumbnail hentry category-page-musee tag-134 tag-montpellier\" role=\"listitem\">\n\t\t\t<div class=\"elementor-post__card\">\n\t\t\t\t<a class=\"elementor-post__thumbnail__link\" href=\"http:\/\/www.musees-mediterranee.org\/index.php\/2024\/09\/25\/hotel-de-cabrieres-sabatier-despeyran\/\" tabindex=\"-1\" ><div class=\"elementor-post__thumbnail\"><img loading=\"lazy\" decoding=\"async\" width=\"300\" height=\"200\" src=\"http:\/\/www.musees-mediterranee.org\/wp-content\/uploads\/2024\/09\/musPhoto_202_UD5A-300x200.jpg\" class=\"attachment-medium size-medium wp-image-13536\" alt=\"\" srcset=\"http:\/\/www.musees-mediterranee.org\/wp-content\/uploads\/2024\/09\/musPhoto_202_UD5A-300x200.jpg 300w, http:\/\/www.musees-mediterranee.org\/wp-content\/uploads\/2024\/09\/musPhoto_202_UD5A.jpg 359w\" sizes=\"(max-width: 300px) 100vw, 300px\" \/><\/div><\/a>\n\t\t\t\t<div class=\"elementor-post__text\">\n\t\t\t\t<h3 class=\"elementor-post__title\">\n\t\t\t<a href=\"http:\/\/www.musees-mediterranee.org\/index.php\/2024\/09\/25\/hotel-de-cabrieres-sabatier-despeyran\/\" >\n\t\t\t\tH\u00f4tel de Cabri\u00e8res-Sabatier d&#8217;Espeyran\t\t\t<\/a>\n\t\t<\/h3>\n\t\t\t\t<div class=\"elementor-post__excerpt\">\n\t\t\t<p>Montpellier <\/p>\t\t<\/div>\n\t\t\t\t<\/div>\n\t\t\t\t\t<\/div>\n\t\t<\/article>\n\t\t\t\t<article class=\"elementor-post elementor-grid-item post-13540 post type-post status-publish format-standard has-post-thumbnail hentry category-page-musee tag-134 tag-montpellier\" role=\"listitem\">\n\t\t\t<div class=\"elementor-post__card\">\n\t\t\t\t<a class=\"elementor-post__thumbnail__link\" href=\"http:\/\/www.musees-mediterranee.org\/index.php\/2024\/09\/25\/musee-du-vieux-montpellier\/\" tabindex=\"-1\" ><div class=\"elementor-post__thumbnail\"><img loading=\"lazy\" decoding=\"async\" width=\"300\" height=\"225\" src=\"http:\/\/www.musees-mediterranee.org\/wp-content\/uploads\/2024\/09\/musPhoto_204_UD5A-300x225.jpg\" class=\"attachment-medium size-medium wp-image-13542\" alt=\"\" srcset=\"http:\/\/www.musees-mediterranee.org\/wp-content\/uploads\/2024\/09\/musPhoto_204_UD5A-300x225.jpg 300w, http:\/\/www.musees-mediterranee.org\/wp-content\/uploads\/2024\/09\/musPhoto_204_UD5A-768x576.jpg 768w, http:\/\/www.musees-mediterranee.org\/wp-content\/uploads\/2024\/09\/musPhoto_204_UD5A.jpg 1024w\" sizes=\"(max-width: 300px) 100vw, 300px\" \/><\/div><\/a>\n\t\t\t\t<div class=\"elementor-post__text\">\n\t\t\t\t<h3 class=\"elementor-post__title\">\n\t\t\t<a href=\"http:\/\/www.musees-mediterranee.org\/index.php\/2024\/09\/25\/musee-du-vieux-montpellier\/\" >\n\t\t\t\tMus\u00e9e du Vieux Montpellier\t\t\t<\/a>\n\t\t<\/h3>\n\t\t\t\t<div class=\"elementor-post__excerpt\">\n\t\t\t<p>Montpellier<\/p>\t\t<\/div>\n\t\t\t\t<\/div>\n\t\t\t\t\t<\/div>\n\t\t<\/article>\n\t\t\t\t<article class=\"elementor-post elementor-grid-item post-13594 post type-post status-publish format-standard has-post-thumbnail hentry category-page-musee category-route-archeo tag-134 tag-murviel-les-montpellier\" role=\"listitem\">\n\t\t\t<div class=\"elementor-post__card\">\n\t\t\t\t<a class=\"elementor-post__thumbnail__link\" href=\"http:\/\/www.musees-mediterranee.org\/index.php\/2024\/10\/01\/musee-archeologique-paul-soyris\/\" tabindex=\"-1\" ><div class=\"elementor-post__thumbnail\"><img loading=\"lazy\" decoding=\"async\" width=\"300\" height=\"138\" src=\"http:\/\/www.musees-mediterranee.org\/wp-content\/uploads\/2024\/10\/musPhoto_205_ZL3W-300x138.jpg\" class=\"attachment-medium size-medium wp-image-13595\" alt=\"\" srcset=\"http:\/\/www.musees-mediterranee.org\/wp-content\/uploads\/2024\/10\/musPhoto_205_ZL3W-300x138.jpg 300w, http:\/\/www.musees-mediterranee.org\/wp-content\/uploads\/2024\/10\/musPhoto_205_ZL3W.jpg 600w\" sizes=\"(max-width: 300px) 100vw, 300px\" \/><\/div><\/a>\n\t\t\t\t<div class=\"elementor-post__text\">\n\t\t\t\t<h3 class=\"elementor-post__title\">\n\t\t\t<a href=\"http:\/\/www.musees-mediterranee.org\/index.php\/2024\/10\/01\/musee-archeologique-paul-soyris\/\" >\n\t\t\t\tMus\u00e9e arch\u00e9ologique<br\/>Paul Soyris\t\t\t<\/a>\n\t\t<\/h3>\n\t\t\t\t<div class=\"elementor-post__excerpt\">\n\t\t\t<p>Murviel-l\u00e8s-Montpellier<\/p>\t\t<\/div>\n\t\t\t\t<\/div>\n\t\t\t\t\t<\/div>\n\t\t<\/article>\n\t\t\t\t<article class=\"elementor-post elementor-grid-item post-14055 post type-post status-publish format-standard has-post-thumbnail hentry category-page-musee category-route-archeo tag-134 tag-saint-pons-de-thomieres\" role=\"listitem\">\n\t\t\t<div class=\"elementor-post__card\">\n\t\t\t\t<a class=\"elementor-post__thumbnail__link\" href=\"http:\/\/www.musees-mediterranee.org\/index.php\/2024\/10\/16\/musee-de-prehistoire\/\" tabindex=\"-1\" ><div class=\"elementor-post__thumbnail\"><img loading=\"lazy\" decoding=\"async\" width=\"300\" height=\"200\" src=\"http:\/\/www.musees-mediterranee.org\/wp-content\/uploads\/2024\/10\/muse-207-photo_1-300x200.jpg\" class=\"attachment-medium size-medium wp-image-14056\" alt=\"\" srcset=\"http:\/\/www.musees-mediterranee.org\/wp-content\/uploads\/2024\/10\/muse-207-photo_1-300x200.jpg 300w, http:\/\/www.musees-mediterranee.org\/wp-content\/uploads\/2024\/10\/muse-207-photo_1.jpg 700w\" sizes=\"(max-width: 300px) 100vw, 300px\" \/><\/div><\/a>\n\t\t\t\t<div class=\"elementor-post__text\">\n\t\t\t\t<h3 class=\"elementor-post__title\">\n\t\t\t<a href=\"http:\/\/www.musees-mediterranee.org\/index.php\/2024\/10\/16\/musee-de-prehistoire\/\" >\n\t\t\t\tMus\u00e9e de pr\u00e9histoire\t\t\t<\/a>\n\t\t<\/h3>\n\t\t\t\t<div class=\"elementor-post__excerpt\">\n\t\t\t<p>Saint-Pons-de-Thomi\u00e8res<\/p>\t\t<\/div>\n\t\t\t\t<\/div>\n\t\t\t\t\t<\/div>\n\t\t<\/article>\n\t\t\t\t<article class=\"elementor-post elementor-grid-item post-14243 post type-post status-publish format-standard has-post-thumbnail hentry category-page-musee tag-134 tag-sete\" role=\"listitem\">\n\t\t\t<div class=\"elementor-post__card\">\n\t\t\t\t<a class=\"elementor-post__thumbnail__link\" href=\"http:\/\/www.musees-mediterranee.org\/index.php\/2024\/10\/23\/musee-paul-valery\/\" tabindex=\"-1\" ><div class=\"elementor-post__thumbnail\"><img loading=\"lazy\" decoding=\"async\" width=\"225\" height=\"300\" src=\"http:\/\/www.musees-mediterranee.org\/wp-content\/uploads\/2024\/10\/muse-208-photo_1-225x300.jpg\" class=\"attachment-medium size-medium wp-image-14244\" alt=\"\" srcset=\"http:\/\/www.musees-mediterranee.org\/wp-content\/uploads\/2024\/10\/muse-208-photo_1-225x300.jpg 225w, http:\/\/www.musees-mediterranee.org\/wp-content\/uploads\/2024\/10\/muse-208-photo_1.jpg 525w\" sizes=\"(max-width: 225px) 100vw, 225px\" \/><\/div><\/a>\n\t\t\t\t<div class=\"elementor-post__text\">\n\t\t\t\t<h3 class=\"elementor-post__title\">\n\t\t\t<a href=\"http:\/\/www.musees-mediterranee.org\/index.php\/2024\/10\/23\/musee-paul-valery\/\" >\n\t\t\t\tMus\u00e9e Paul-Val\u00e9ry\t\t\t<\/a>\n\t\t<\/h3>\n\t\t\t\t<div class=\"elementor-post__excerpt\">\n\t\t\t<p>S\u00e8te<\/p>\t\t<\/div>\n\t\t\t\t<\/div>\n\t\t\t\t\t<\/div>\n\t\t<\/article>\n\t\t\t\t<\/div>\n\t\t\n\t\t\t\t\t\t<\/div>\n\t\t\t\t<\/div>\n\t\t\t\t\t<\/div>\n\t\t<\/div>\n\t\t\t\t\t<\/div>\n\t\t<\/section>\n\t\t\t\t<section class=\"elementor-section elementor-top-section elementor-element elementor-element-c0cb55b elementor-section-boxed elementor-section-height-default elementor-section-height-default exad-glass-effect-no exad-sticky-section-no\" data-id=\"c0cb55b\" data-element_type=\"section\" data-e-type=\"section\">\n\t\t\t\t\t\t<div class=\"elementor-container elementor-column-gap-default\">\n\t\t\t\t\t<div class=\"elementor-column elementor-col-100 elementor-top-column elementor-element elementor-element-86c195d exad-glass-effect-no exad-sticky-section-no\" data-id=\"86c195d\" data-element_type=\"column\" data-e-type=\"column\">\n\t\t\t<div class=\"elementor-widget-wrap elementor-element-populated\">\n\t\t\t\t\t\t<div class=\"elementor-element elementor-element-e2dceb3 exad-sticky-section-no exad-glass-effect-no elementor-widget elementor-widget-text-editor\" data-id=\"e2dceb3\" data-element_type=\"widget\" data-e-type=\"widget\" data-widget_type=\"text-editor.default\">\n\t\t\t\t<div class=\"elementor-widget-container\">\n\t\t\t\t\t\t\t\t\t<p><a href=\"http:\/\/www.musees-mediterranee.org\/index.php\/tous-les-musees\/\">Retour tous les mus\u00e9es<\/a><\/p>\t\t\t\t\t\t\t\t<\/div>\n\t\t\t\t<\/div>\n\t\t\t\t\t<\/div>\n\t\t<\/div>\n\t\t\t\t\t<\/div>\n\t\t<\/section>\n\t\t\t\t<\/div>\n\t\t","protected":false},"excerpt":{"rendered":"<p>Les mus\u00e9es de l&#8217;H\u00e9rault Retour tous les mus\u00e9es Retour tous les mus\u00e9es<\/p>\n","protected":false},"author":1,"featured_media":0,"parent":24,"menu_order":0,"comment_status":"closed","ping_status":"closed","template":"","meta":{"_acf_changed":false,"_bbp_topic_count":0,"_bbp_reply_count":0,"_bbp_total_topic_count":0,"_bbp_total_reply_count":0,"_bbp_voice_count":0,"_bbp_anonymous_reply_count":0,"_bbp_topic_count_hidden":0,"_bbp_reply_count_hidden":0,"_bbp_forum_subforum_count":0,"iawp_total_views":13,"footnotes":""},"class_list":["post-13449","page","type-page","status-publish","hentry"],"acf":[],"_links":{"self":[{"href":"http:\/\/www.musees-mediterranee.org\/index.php\/wp-json\/wp\/v2\/pages\/13449","targetHints":{"allow":["GET"]}}],"collection":[{"href":"http:\/\/www.musees-mediterranee.org\/index.php\/wp-json\/wp\/v2\/pages"}],"about":[{"href":"http:\/\/www.musees-mediterranee.org\/index.php\/wp-json\/wp\/v2\/types\/page"}],"author":[{"embeddable":true,"href":"http:\/\/www.musees-mediterranee.org\/index.php\/wp-json\/wp\/v2\/users\/1"}],"replies":[{"embeddable":true,"href":"http:\/\/www.musees-mediterranee.org\/index.php\/wp-json\/wp\/v2\/comments?post=13449"}],"version-history":[{"count":0,"href":"http:\/\/www.musees-mediterranee.org\/index.php\/wp-json\/wp\/v2\/pages\/13449\/revisions"}],"up":[{"embeddable":true,"href":"http:\/\/www.musees-mediterranee.org\/index.php\/wp-json\/wp\/v2\/pages\/24"}],"wp:attachment":[{"href":"http:\/\/www.musees-mediterranee.org\/index.php\/wp-json\/wp\/v2\/media?parent=13449"}],"curies":[{"name":"wp","href":"https:\/\/api.w.org\/{rel}","templated":true}]}}