{"id":13342,"date":"2024-09-24T09:37:26","date_gmt":"2024-09-24T07:37:26","guid":{"rendered":"http:\/\/www.musees-mediterranee.org\/?page_id=13342"},"modified":"2026-03-03T09:52:48","modified_gmt":"2026-03-03T08:52:48","slug":"les-musees-83","status":"publish","type":"page","link":"http:\/\/www.musees-mediterranee.org\/index.php\/tous-les-musees\/les-musees-83\/","title":{"rendered":"Mus\u00e9es 83"},"content":{"rendered":"\t\t<div data-elementor-type=\"wp-page\" data-elementor-id=\"13342\" class=\"elementor elementor-13342\" data-elementor-post-type=\"page\">\n\t\t\t\t\t\t<section class=\"elementor-section elementor-top-section elementor-element elementor-element-0e4bb8d elementor-section-boxed elementor-section-height-default elementor-section-height-default exad-glass-effect-no exad-sticky-section-no\" data-id=\"0e4bb8d\" data-element_type=\"section\" data-e-type=\"section\">\n\t\t\t\t\t\t<div class=\"elementor-container elementor-column-gap-default\">\n\t\t\t\t\t<div class=\"elementor-column elementor-col-100 elementor-top-column elementor-element elementor-element-fb250f8 exad-glass-effect-no exad-sticky-section-no\" data-id=\"fb250f8\" data-element_type=\"column\" data-e-type=\"column\">\n\t\t\t<div class=\"elementor-widget-wrap elementor-element-populated\">\n\t\t\t\t\t\t<div class=\"elementor-element elementor-element-3059efe exad-sticky-section-no exad-glass-effect-no elementor-widget elementor-widget-heading\" data-id=\"3059efe\" data-element_type=\"widget\" data-e-type=\"widget\" data-widget_type=\"heading.default\">\n\t\t\t\t<div class=\"elementor-widget-container\">\n\t\t\t\t\t<h3 class=\"elementor-heading-title elementor-size-default\">Les mus\u00e9es du Var<\/h3>\t\t\t\t<\/div>\n\t\t\t\t<\/div>\n\t\t\t\t\t<\/div>\n\t\t<\/div>\n\t\t\t\t\t<\/div>\n\t\t<\/section>\n\t\t\t\t<section class=\"elementor-section elementor-top-section elementor-element elementor-element-f78f3bb elementor-section-boxed elementor-section-height-default elementor-section-height-default exad-glass-effect-no exad-sticky-section-no\" data-id=\"f78f3bb\" data-element_type=\"section\" data-e-type=\"section\">\n\t\t\t\t\t\t<div class=\"elementor-container elementor-column-gap-default\">\n\t\t\t\t\t<div class=\"elementor-column elementor-col-100 elementor-top-column elementor-element elementor-element-3817e2e exad-glass-effect-no exad-sticky-section-no\" data-id=\"3817e2e\" data-element_type=\"column\" data-e-type=\"column\">\n\t\t\t<div class=\"elementor-widget-wrap elementor-element-populated\">\n\t\t\t\t\t\t<div class=\"elementor-element elementor-element-47829e1 exad-sticky-section-no exad-glass-effect-no elementor-widget elementor-widget-text-editor\" data-id=\"47829e1\" data-element_type=\"widget\" data-e-type=\"widget\" data-widget_type=\"text-editor.default\">\n\t\t\t\t<div class=\"elementor-widget-container\">\n\t\t\t\t\t\t\t\t\t<p><a href=\"http:\/\/www.musees-mediterranee.org\/index.php\/tous-les-musees\/\">Retour tous les mus\u00e9es<\/a><\/p>\t\t\t\t\t\t\t\t<\/div>\n\t\t\t\t<\/div>\n\t\t\t\t\t<\/div>\n\t\t<\/div>\n\t\t\t\t\t<\/div>\n\t\t<\/section>\n\t\t\t\t<section class=\"elementor-section elementor-top-section elementor-element elementor-element-7941aef elementor-section-boxed elementor-section-height-default elementor-section-height-default exad-glass-effect-no exad-sticky-section-no\" data-id=\"7941aef\" data-element_type=\"section\" data-e-type=\"section\">\n\t\t\t\t\t\t<div class=\"elementor-container elementor-column-gap-default\">\n\t\t\t\t\t<div class=\"elementor-column elementor-col-100 elementor-top-column elementor-element elementor-element-d2f7e96 exad-glass-effect-no exad-sticky-section-no\" data-id=\"d2f7e96\" data-element_type=\"column\" data-e-type=\"column\">\n\t\t\t<div class=\"elementor-widget-wrap elementor-element-populated\">\n\t\t\t\t\t\t\t<\/div>\n\t\t<\/div>\n\t\t\t\t\t<\/div>\n\t\t<\/section>\n\t\t\t\t<section class=\"elementor-section elementor-top-section elementor-element elementor-element-1892d87 elementor-section-boxed elementor-section-height-default elementor-section-height-default exad-glass-effect-no exad-sticky-section-no\" data-id=\"1892d87\" data-element_type=\"section\" data-e-type=\"section\">\n\t\t\t\t\t\t<div class=\"elementor-container elementor-column-gap-default\">\n\t\t\t\t\t<div class=\"elementor-column elementor-col-100 elementor-top-column elementor-element elementor-element-4d04af2 exad-glass-effect-no exad-sticky-section-no\" data-id=\"4d04af2\" data-element_type=\"column\" data-e-type=\"column\">\n\t\t\t<div class=\"elementor-widget-wrap elementor-element-populated\">\n\t\t\t\t\t\t<div class=\"elementor-element elementor-element-7ee52db elementor-grid-4 elementor-posts--align-center elementor-grid-tablet-2 elementor-grid-mobile-1 elementor-posts--thumbnail-top elementor-card-shadow-yes elementor-posts__hover-gradient exad-sticky-section-no exad-glass-effect-no elementor-widget elementor-widget-posts\" data-id=\"7ee52db\" data-element_type=\"widget\" data-e-type=\"widget\" data-settings=\"{&quot;cards_columns&quot;:&quot;4&quot;,&quot;cards_row_gap&quot;:{&quot;unit&quot;:&quot;px&quot;,&quot;size&quot;:5,&quot;sizes&quot;:[]},&quot;cards_columns_tablet&quot;:&quot;2&quot;,&quot;cards_columns_mobile&quot;:&quot;1&quot;,&quot;cards_row_gap_tablet&quot;:{&quot;unit&quot;:&quot;px&quot;,&quot;size&quot;:&quot;&quot;,&quot;sizes&quot;:[]},&quot;cards_row_gap_mobile&quot;:{&quot;unit&quot;:&quot;px&quot;,&quot;size&quot;:&quot;&quot;,&quot;sizes&quot;:[]}}\" data-widget_type=\"posts.cards\">\n\t\t\t\t<div class=\"elementor-widget-container\">\n\t\t\t\t\t\t\t<div class=\"elementor-posts-container elementor-posts elementor-posts--skin-cards elementor-grid\" role=\"list\">\n\t\t\t\t<article class=\"elementor-post elementor-grid-item post-12367 post type-post status-publish format-standard has-post-thumbnail hentry category-page-musee tag-136 tag-bormes-les-mimosas\" role=\"listitem\">\n\t\t\t<div class=\"elementor-post__card\">\n\t\t\t\t<a class=\"elementor-post__thumbnail__link\" href=\"http:\/\/www.musees-mediterranee.org\/index.php\/2024\/07\/24\/mhab-musee-dhistoire-et-dart-de-bormes\/\" tabindex=\"-1\" ><div class=\"elementor-post__thumbnail\"><img fetchpriority=\"high\" decoding=\"async\" width=\"225\" height=\"300\" src=\"http:\/\/www.musees-mediterranee.org\/wp-content\/uploads\/2024\/07\/muse-60-photo_1-225x300.jpg\" class=\"attachment-medium size-medium wp-image-12368\" alt=\"\" srcset=\"http:\/\/www.musees-mediterranee.org\/wp-content\/uploads\/2024\/07\/muse-60-photo_1-225x300.jpg 225w, http:\/\/www.musees-mediterranee.org\/wp-content\/uploads\/2024\/07\/muse-60-photo_1.jpg 526w\" sizes=\"(max-width: 225px) 100vw, 225px\" \/><\/div><\/a>\n\t\t\t\t<div class=\"elementor-post__text\">\n\t\t\t\t<h3 class=\"elementor-post__title\">\n\t\t\t<a href=\"http:\/\/www.musees-mediterranee.org\/index.php\/2024\/07\/24\/mhab-musee-dhistoire-et-dart-de-bormes\/\" >\n\t\t\t\tMHAB-Mus\u00e9e d&#8217;Histoire et d&#8217;Art de Bormes\t\t\t<\/a>\n\t\t<\/h3>\n\t\t\t\t<div class=\"elementor-post__excerpt\">\n\t\t\t<p>Bormes-les-Mimosas<\/p>\t\t<\/div>\n\t\t\t\t<\/div>\n\t\t\t\t\t<\/div>\n\t\t<\/article>\n\t\t\t\t<article class=\"elementor-post elementor-grid-item post-12385 post type-post status-publish format-standard has-post-thumbnail hentry category-page-musee category-route-archeo tag-136 tag-brignoles\" role=\"listitem\">\n\t\t\t<div class=\"elementor-post__card\">\n\t\t\t\t<a class=\"elementor-post__thumbnail__link\" href=\"http:\/\/www.musees-mediterranee.org\/index.php\/2024\/07\/24\/musee-des-comtes-de-provence\/\" tabindex=\"-1\" ><div class=\"elementor-post__thumbnail\"><img decoding=\"async\" width=\"300\" height=\"170\" src=\"http:\/\/www.musees-mediterranee.org\/wp-content\/uploads\/2024\/07\/muse-92-photo_1-300x170.jpg\" class=\"attachment-medium size-medium wp-image-12386\" alt=\"\" srcset=\"http:\/\/www.musees-mediterranee.org\/wp-content\/uploads\/2024\/07\/muse-92-photo_1-300x170.jpg 300w, http:\/\/www.musees-mediterranee.org\/wp-content\/uploads\/2024\/07\/muse-92-photo_1-128x72.jpg 128w, http:\/\/www.musees-mediterranee.org\/wp-content\/uploads\/2024\/07\/muse-92-photo_1.jpg 700w\" sizes=\"(max-width: 300px) 100vw, 300px\" \/><\/div><\/a>\n\t\t\t\t<div class=\"elementor-post__text\">\n\t\t\t\t<h3 class=\"elementor-post__title\">\n\t\t\t<a href=\"http:\/\/www.musees-mediterranee.org\/index.php\/2024\/07\/24\/musee-des-comtes-de-provence\/\" >\n\t\t\t\tMus\u00e9e des Comtes de Provence\t\t\t<\/a>\n\t\t<\/h3>\n\t\t\t\t<div class=\"elementor-post__excerpt\">\n\t\t\t<p>Brignoles<\/p>\t\t<\/div>\n\t\t\t\t<\/div>\n\t\t\t\t\t<\/div>\n\t\t<\/article>\n\t\t\t\t<article class=\"elementor-post elementor-grid-item post-12578 post type-post status-publish format-standard has-post-thumbnail hentry category-page-musee tag-136 tag-draguignan\" role=\"listitem\">\n\t\t\t<div class=\"elementor-post__card\">\n\t\t\t\t<a class=\"elementor-post__thumbnail__link\" href=\"http:\/\/www.musees-mediterranee.org\/index.php\/2024\/08\/27\/12578\/\" tabindex=\"-1\" ><div class=\"elementor-post__thumbnail\"><img decoding=\"async\" width=\"300\" height=\"226\" src=\"http:\/\/www.musees-mediterranee.org\/wp-content\/uploads\/2024\/08\/muse-14-photo_1-300x226.jpg\" class=\"attachment-medium size-medium wp-image-12579\" alt=\"\" srcset=\"http:\/\/www.musees-mediterranee.org\/wp-content\/uploads\/2024\/08\/muse-14-photo_1-300x226.jpg 300w, http:\/\/www.musees-mediterranee.org\/wp-content\/uploads\/2024\/08\/muse-14-photo_1.jpg 700w\" sizes=\"(max-width: 300px) 100vw, 300px\" \/><\/div><\/a>\n\t\t\t\t<div class=\"elementor-post__text\">\n\t\t\t\t<h3 class=\"elementor-post__title\">\n\t\t\t<a href=\"http:\/\/www.musees-mediterranee.org\/index.php\/2024\/08\/27\/12578\/\" >\n\t\t\t\tMus\u00e9e de l&#8217;Artillerie\t\t\t<\/a>\n\t\t<\/h3>\n\t\t\t\t<div class=\"elementor-post__excerpt\">\n\t\t\t<p>Draguignan<\/p>\t\t<\/div>\n\t\t\t\t<\/div>\n\t\t\t\t\t<\/div>\n\t\t<\/article>\n\t\t\t\t<article class=\"elementor-post elementor-grid-item post-12584 post type-post status-publish format-standard has-post-thumbnail hentry category-page-musee tag-136 tag-draguignan\" role=\"listitem\">\n\t\t\t<div class=\"elementor-post__card\">\n\t\t\t\t<a class=\"elementor-post__thumbnail__link\" href=\"http:\/\/www.musees-mediterranee.org\/index.php\/2024\/08\/27\/musee-des-arts-et-traditions-populaires-de-moyenne-provence\/\" tabindex=\"-1\" ><div class=\"elementor-post__thumbnail\"><img loading=\"lazy\" decoding=\"async\" width=\"300\" height=\"170\" src=\"http:\/\/www.musees-mediterranee.org\/wp-content\/uploads\/2024\/08\/musPhoto_35_WYN9-300x170.jpg\" class=\"attachment-medium size-medium wp-image-12585\" alt=\"\" srcset=\"http:\/\/www.musees-mediterranee.org\/wp-content\/uploads\/2024\/08\/musPhoto_35_WYN9-300x170.jpg 300w, http:\/\/www.musees-mediterranee.org\/wp-content\/uploads\/2024\/08\/musPhoto_35_WYN9-128x72.jpg 128w, http:\/\/www.musees-mediterranee.org\/wp-content\/uploads\/2024\/08\/musPhoto_35_WYN9.jpg 419w\" sizes=\"(max-width: 300px) 100vw, 300px\" \/><\/div><\/a>\n\t\t\t\t<div class=\"elementor-post__text\">\n\t\t\t\t<h3 class=\"elementor-post__title\">\n\t\t\t<a href=\"http:\/\/www.musees-mediterranee.org\/index.php\/2024\/08\/27\/musee-des-arts-et-traditions-populaires-de-moyenne-provence\/\" >\n\t\t\t\tMus\u00e9e des Arts et Traditions Populaires de Moyenne Provence\t\t\t<\/a>\n\t\t<\/h3>\n\t\t\t\t<div class=\"elementor-post__excerpt\">\n\t\t\t<p>Draguignan<\/p>\t\t<\/div>\n\t\t\t\t<\/div>\n\t\t\t\t\t<\/div>\n\t\t<\/article>\n\t\t\t\t<article class=\"elementor-post elementor-grid-item post-12588 post type-post status-publish format-standard has-post-thumbnail hentry category-page-musee category-route-archeo tag-136 tag-draguignan\" role=\"listitem\">\n\t\t\t<div class=\"elementor-post__card\">\n\t\t\t\t<a class=\"elementor-post__thumbnail__link\" href=\"http:\/\/www.musees-mediterranee.org\/index.php\/2024\/08\/27\/musee-des-beaux-arts-2\/\" tabindex=\"-1\" ><div class=\"elementor-post__thumbnail\"><img loading=\"lazy\" decoding=\"async\" width=\"300\" height=\"197\" src=\"http:\/\/www.musees-mediterranee.org\/wp-content\/uploads\/2024\/08\/muse-114-photo_1-300x197.jpg\" class=\"attachment-medium size-medium wp-image-12589\" alt=\"\" srcset=\"http:\/\/www.musees-mediterranee.org\/wp-content\/uploads\/2024\/08\/muse-114-photo_1-300x197.jpg 300w, http:\/\/www.musees-mediterranee.org\/wp-content\/uploads\/2024\/08\/muse-114-photo_1.jpg 591w\" sizes=\"(max-width: 300px) 100vw, 300px\" \/><\/div><\/a>\n\t\t\t\t<div class=\"elementor-post__text\">\n\t\t\t\t<h3 class=\"elementor-post__title\">\n\t\t\t<a href=\"http:\/\/www.musees-mediterranee.org\/index.php\/2024\/08\/27\/musee-des-beaux-arts-2\/\" >\n\t\t\t\tMus\u00e9e des Beaux-Arts\t\t\t<\/a>\n\t\t<\/h3>\n\t\t\t\t<div class=\"elementor-post__excerpt\">\n\t\t\t<p>Draguignan<\/p>\t\t<\/div>\n\t\t\t\t<\/div>\n\t\t\t\t\t<\/div>\n\t\t<\/article>\n\t\t\t\t<article class=\"elementor-post elementor-grid-item post-12634 post type-post status-publish format-standard has-post-thumbnail hentry category-page-musee category-route-archeo tag-136 tag-frejus\" role=\"listitem\">\n\t\t\t<div class=\"elementor-post__card\">\n\t\t\t\t<a class=\"elementor-post__thumbnail__link\" href=\"http:\/\/www.musees-mediterranee.org\/index.php\/2024\/08\/28\/musee-archeologique-municipal-de-frejus\/\" tabindex=\"-1\" ><div class=\"elementor-post__thumbnail\"><img loading=\"lazy\" decoding=\"async\" width=\"300\" height=\"200\" src=\"http:\/\/www.musees-mediterranee.org\/wp-content\/uploads\/2024\/08\/muse-53-photo_1-300x200.jpg\" class=\"attachment-medium size-medium wp-image-12636\" alt=\"\" srcset=\"http:\/\/www.musees-mediterranee.org\/wp-content\/uploads\/2024\/08\/muse-53-photo_1-300x200.jpg 300w, http:\/\/www.musees-mediterranee.org\/wp-content\/uploads\/2024\/08\/muse-53-photo_1.jpg 700w\" sizes=\"(max-width: 300px) 100vw, 300px\" \/><\/div><\/a>\n\t\t\t\t<div class=\"elementor-post__text\">\n\t\t\t\t<h3 class=\"elementor-post__title\">\n\t\t\t<a href=\"http:\/\/www.musees-mediterranee.org\/index.php\/2024\/08\/28\/musee-archeologique-municipal-de-frejus\/\" >\n\t\t\t\tMus\u00e9e Arch\u00e9ologique Municipal de Fr\u00e9jus\t\t\t<\/a>\n\t\t<\/h3>\n\t\t\t\t<div class=\"elementor-post__excerpt\">\n\t\t\t<p>Fr\u00e9jus<\/p>\t\t<\/div>\n\t\t\t\t<\/div>\n\t\t\t\t\t<\/div>\n\t\t<\/article>\n\t\t\t\t<article class=\"elementor-post elementor-grid-item post-12641 post type-post status-publish format-standard has-post-thumbnail hentry category-page-musee tag-136 tag-frejus\" role=\"listitem\">\n\t\t\t<div class=\"elementor-post__card\">\n\t\t\t\t<a class=\"elementor-post__thumbnail__link\" href=\"http:\/\/www.musees-mediterranee.org\/index.php\/2024\/08\/28\/musee-des-troupes-de-marine\/\" tabindex=\"-1\" ><div class=\"elementor-post__thumbnail\"><img loading=\"lazy\" decoding=\"async\" width=\"300\" height=\"144\" src=\"http:\/\/www.musees-mediterranee.org\/wp-content\/uploads\/2024\/08\/musPhoto_89_4DZP-300x144.jpg\" class=\"attachment-medium size-medium wp-image-12642\" alt=\"\" srcset=\"http:\/\/www.musees-mediterranee.org\/wp-content\/uploads\/2024\/08\/musPhoto_89_4DZP-300x144.jpg 300w, http:\/\/www.musees-mediterranee.org\/wp-content\/uploads\/2024\/08\/musPhoto_89_4DZP.jpg 600w\" sizes=\"(max-width: 300px) 100vw, 300px\" \/><\/div><\/a>\n\t\t\t\t<div class=\"elementor-post__text\">\n\t\t\t\t<h3 class=\"elementor-post__title\">\n\t\t\t<a href=\"http:\/\/www.musees-mediterranee.org\/index.php\/2024\/08\/28\/musee-des-troupes-de-marine\/\" >\n\t\t\t\tMus\u00e9e des Troupes de Marine\t\t\t<\/a>\n\t\t<\/h3>\n\t\t\t\t<div class=\"elementor-post__excerpt\">\n\t\t\t<p>Fr\u00e9jus<\/p>\t\t<\/div>\n\t\t\t\t<\/div>\n\t\t\t\t\t<\/div>\n\t\t<\/article>\n\t\t\t\t<article class=\"elementor-post elementor-grid-item post-12693 post type-post status-publish format-standard has-post-thumbnail hentry category-page-musee category-route-archeo tag-136 tag-hyeres\" role=\"listitem\">\n\t\t\t<div class=\"elementor-post__card\">\n\t\t\t\t<a class=\"elementor-post__thumbnail__link\" href=\"http:\/\/www.musees-mediterranee.org\/index.php\/2024\/09\/03\/site-archeologique-dolbia\/\" tabindex=\"-1\" ><div class=\"elementor-post__thumbnail\"><img loading=\"lazy\" decoding=\"async\" width=\"300\" height=\"225\" src=\"http:\/\/www.musees-mediterranee.org\/wp-content\/uploads\/2024\/09\/musPhoto_116_1Z13-300x225.png\" class=\"attachment-medium size-medium wp-image-12694\" alt=\"\" srcset=\"http:\/\/www.musees-mediterranee.org\/wp-content\/uploads\/2024\/09\/musPhoto_116_1Z13-300x225.png 300w, http:\/\/www.musees-mediterranee.org\/wp-content\/uploads\/2024\/09\/musPhoto_116_1Z13.png 600w\" sizes=\"(max-width: 300px) 100vw, 300px\" \/><\/div><\/a>\n\t\t\t\t<div class=\"elementor-post__text\">\n\t\t\t\t<h3 class=\"elementor-post__title\">\n\t\t\t<a href=\"http:\/\/www.musees-mediterranee.org\/index.php\/2024\/09\/03\/site-archeologique-dolbia\/\" >\n\t\t\t\tSite arch\u00e9ologique d&#8217;Olbia\t\t\t<\/a>\n\t\t<\/h3>\n\t\t\t\t<div class=\"elementor-post__excerpt\">\n\t\t\t<p>Hy\u00e8res<\/p>\t\t<\/div>\n\t\t\t\t<\/div>\n\t\t\t\t\t<\/div>\n\t\t<\/article>\n\t\t\t\t<article class=\"elementor-post elementor-grid-item post-12696 post type-post status-publish format-standard has-post-thumbnail hentry category-page-musee tag-136 tag-hyeres\" role=\"listitem\">\n\t\t\t<div class=\"elementor-post__card\">\n\t\t\t\t<a class=\"elementor-post__thumbnail__link\" href=\"http:\/\/www.musees-mediterranee.org\/index.php\/2024\/09\/03\/la-banque-musee-des-cultures-et-du-paysage\/\" tabindex=\"-1\" ><div class=\"elementor-post__thumbnail\"><img loading=\"lazy\" decoding=\"async\" width=\"300\" height=\"225\" src=\"http:\/\/www.musees-mediterranee.org\/wp-content\/uploads\/2024\/09\/musPhoto_251_9IGH-300x225.jpg\" class=\"attachment-medium size-medium wp-image-12697\" alt=\"\" srcset=\"http:\/\/www.musees-mediterranee.org\/wp-content\/uploads\/2024\/09\/musPhoto_251_9IGH-300x225.jpg 300w, http:\/\/www.musees-mediterranee.org\/wp-content\/uploads\/2024\/09\/musPhoto_251_9IGH.jpg 600w\" sizes=\"(max-width: 300px) 100vw, 300px\" \/><\/div><\/a>\n\t\t\t\t<div class=\"elementor-post__text\">\n\t\t\t\t<h3 class=\"elementor-post__title\">\n\t\t\t<a href=\"http:\/\/www.musees-mediterranee.org\/index.php\/2024\/09\/03\/la-banque-musee-des-cultures-et-du-paysage\/\" >\n\t\t\t\tLa Banque, mus\u00e9e des Cultures et du Paysage\t\t\t<\/a>\n\t\t<\/h3>\n\t\t\t\t<div class=\"elementor-post__excerpt\">\n\t\t\t<p>Hy\u00e8res<\/p>\t\t<\/div>\n\t\t\t\t<\/div>\n\t\t\t\t\t<\/div>\n\t\t<\/article>\n\t\t\t\t<article class=\"elementor-post elementor-grid-item post-12716 post type-post status-publish format-standard has-post-thumbnail hentry category-page-musee tag-136 tag-la-garde\" role=\"listitem\">\n\t\t\t<div class=\"elementor-post__card\">\n\t\t\t\t<a class=\"elementor-post__thumbnail__link\" href=\"http:\/\/www.musees-mediterranee.org\/index.php\/2024\/09\/03\/musee-jean-aicard-paulin-bertrand\/\" tabindex=\"-1\" ><div class=\"elementor-post__thumbnail\"><img loading=\"lazy\" decoding=\"async\" width=\"300\" height=\"200\" src=\"http:\/\/www.musees-mediterranee.org\/wp-content\/uploads\/2024\/09\/muse-102-photo_1-300x200.jpg\" class=\"attachment-medium size-medium wp-image-12717\" alt=\"\" srcset=\"http:\/\/www.musees-mediterranee.org\/wp-content\/uploads\/2024\/09\/muse-102-photo_1-300x200.jpg 300w, http:\/\/www.musees-mediterranee.org\/wp-content\/uploads\/2024\/09\/muse-102-photo_1.jpg 700w\" sizes=\"(max-width: 300px) 100vw, 300px\" \/><\/div><\/a>\n\t\t\t\t<div class=\"elementor-post__text\">\n\t\t\t\t<h3 class=\"elementor-post__title\">\n\t\t\t<a href=\"http:\/\/www.musees-mediterranee.org\/index.php\/2024\/09\/03\/musee-jean-aicard-paulin-bertrand\/\" >\n\t\t\t\tMus\u00e9e Jean Aicard &#8211; Paulin Bertrand\t\t\t<\/a>\n\t\t<\/h3>\n\t\t\t\t<div class=\"elementor-post__excerpt\">\n\t\t\t<p>La Garde<\/p>\t\t<\/div>\n\t\t\t\t<\/div>\n\t\t\t\t\t<\/div>\n\t\t<\/article>\n\t\t\t\t<article class=\"elementor-post elementor-grid-item post-14058 post type-post status-publish format-standard has-post-thumbnail hentry category-page-musee category-route-archeo tag-136 tag-saint-raphael\" role=\"listitem\">\n\t\t\t<div class=\"elementor-post__card\">\n\t\t\t\t<a class=\"elementor-post__thumbnail__link\" href=\"http:\/\/www.musees-mediterranee.org\/index.php\/2024\/10\/16\/musee-archeologique\/\" tabindex=\"-1\" ><div class=\"elementor-post__thumbnail\"><img loading=\"lazy\" decoding=\"async\" width=\"300\" height=\"300\" src=\"http:\/\/www.musees-mediterranee.org\/wp-content\/uploads\/2024\/10\/muse-50-photo_1-300x300.jpg\" class=\"attachment-medium size-medium wp-image-14059\" alt=\"\" srcset=\"http:\/\/www.musees-mediterranee.org\/wp-content\/uploads\/2024\/10\/muse-50-photo_1-300x300.jpg 300w, http:\/\/www.musees-mediterranee.org\/wp-content\/uploads\/2024\/10\/muse-50-photo_1-150x150.jpg 150w, http:\/\/www.musees-mediterranee.org\/wp-content\/uploads\/2024\/10\/muse-50-photo_1-330x330.jpg 330w, http:\/\/www.musees-mediterranee.org\/wp-content\/uploads\/2024\/10\/muse-50-photo_1.jpg 480w\" sizes=\"(max-width: 300px) 100vw, 300px\" \/><\/div><\/a>\n\t\t\t\t<div class=\"elementor-post__text\">\n\t\t\t\t<h3 class=\"elementor-post__title\">\n\t\t\t<a href=\"http:\/\/www.musees-mediterranee.org\/index.php\/2024\/10\/16\/musee-archeologique\/\" >\n\t\t\t\tMus\u00e9e Arch\u00e9ologique\t\t\t<\/a>\n\t\t<\/h3>\n\t\t\t\t<div class=\"elementor-post__excerpt\">\n\t\t\t<p>Saint-Rapha\u00ebl<\/p>\t\t<\/div>\n\t\t\t\t<\/div>\n\t\t\t\t\t<\/div>\n\t\t<\/article>\n\t\t\t\t<article class=\"elementor-post elementor-grid-item post-14154 post type-post status-publish format-standard has-post-thumbnail hentry category-page-musee tag-136 tag-saint-tropez\" role=\"listitem\">\n\t\t\t<div class=\"elementor-post__card\">\n\t\t\t\t<a class=\"elementor-post__thumbnail__link\" href=\"http:\/\/www.musees-mediterranee.org\/index.php\/2024\/10\/22\/musee-de-lannonciade\/\" tabindex=\"-1\" ><div class=\"elementor-post__thumbnail\"><img loading=\"lazy\" decoding=\"async\" width=\"300\" height=\"300\" src=\"http:\/\/www.musees-mediterranee.org\/wp-content\/uploads\/2024\/10\/musPhoto_70_D879-300x300.jpg\" class=\"attachment-medium size-medium wp-image-14155\" alt=\"\" srcset=\"http:\/\/www.musees-mediterranee.org\/wp-content\/uploads\/2024\/10\/musPhoto_70_D879-300x300.jpg 300w, http:\/\/www.musees-mediterranee.org\/wp-content\/uploads\/2024\/10\/musPhoto_70_D879-150x150.jpg 150w, http:\/\/www.musees-mediterranee.org\/wp-content\/uploads\/2024\/10\/musPhoto_70_D879-330x330.jpg 330w, http:\/\/www.musees-mediterranee.org\/wp-content\/uploads\/2024\/10\/musPhoto_70_D879.jpg 499w\" sizes=\"(max-width: 300px) 100vw, 300px\" \/><\/div><\/a>\n\t\t\t\t<div class=\"elementor-post__text\">\n\t\t\t\t<h3 class=\"elementor-post__title\">\n\t\t\t<a href=\"http:\/\/www.musees-mediterranee.org\/index.php\/2024\/10\/22\/musee-de-lannonciade\/\" >\n\t\t\t\tMus\u00e9e de l&#8217;Annonciade\t\t\t<\/a>\n\t\t<\/h3>\n\t\t\t\t<div class=\"elementor-post__excerpt\">\n\t\t\t<p>Saint-Tropez<\/p>\t\t<\/div>\n\t\t\t\t<\/div>\n\t\t\t\t\t<\/div>\n\t\t<\/article>\n\t\t\t\t<article class=\"elementor-post elementor-grid-item post-14265 post type-post status-publish format-standard has-post-thumbnail hentry category-page-musee tag-136 tag-sollies-ville\" role=\"listitem\">\n\t\t\t<div class=\"elementor-post__card\">\n\t\t\t\t<a class=\"elementor-post__thumbnail__link\" href=\"http:\/\/www.musees-mediterranee.org\/index.php\/2024\/10\/23\/musee-du-vetement-provencal\/\" tabindex=\"-1\" ><div class=\"elementor-post__thumbnail\"><img loading=\"lazy\" decoding=\"async\" width=\"300\" height=\"225\" src=\"http:\/\/www.musees-mediterranee.org\/wp-content\/uploads\/2024\/10\/muse-94-photo_1-300x225.jpg\" class=\"attachment-medium size-medium wp-image-14345\" alt=\"\" srcset=\"http:\/\/www.musees-mediterranee.org\/wp-content\/uploads\/2024\/10\/muse-94-photo_1-300x225.jpg 300w, http:\/\/www.musees-mediterranee.org\/wp-content\/uploads\/2024\/10\/muse-94-photo_1.jpg 640w\" sizes=\"(max-width: 300px) 100vw, 300px\" \/><\/div><\/a>\n\t\t\t\t<div class=\"elementor-post__text\">\n\t\t\t\t<h3 class=\"elementor-post__title\">\n\t\t\t<a href=\"http:\/\/www.musees-mediterranee.org\/index.php\/2024\/10\/23\/musee-du-vetement-provencal\/\" >\n\t\t\t\tMus\u00e9e du V\u00eatement Proven\u00e7al\t\t\t<\/a>\n\t\t<\/h3>\n\t\t\t\t<div class=\"elementor-post__excerpt\">\n\t\t\t<p>Solli\u00e8s Ville<\/p>\t\t<\/div>\n\t\t\t\t<\/div>\n\t\t\t\t\t<\/div>\n\t\t<\/article>\n\t\t\t\t<article class=\"elementor-post elementor-grid-item post-14274 post type-post status-publish format-standard has-post-thumbnail hentry category-page-musee tag-136 tag-toulon\" role=\"listitem\">\n\t\t\t<div class=\"elementor-post__card\">\n\t\t\t\t<a class=\"elementor-post__thumbnail__link\" href=\"http:\/\/www.musees-mediterranee.org\/index.php\/2024\/10\/23\/musee-dart\/\" tabindex=\"-1\" ><div class=\"elementor-post__thumbnail\"><img loading=\"lazy\" decoding=\"async\" width=\"201\" height=\"300\" src=\"http:\/\/www.musees-mediterranee.org\/wp-content\/uploads\/2024\/10\/muse-32-photo_1-201x300.jpg\" class=\"attachment-medium size-medium wp-image-14360\" alt=\"\" srcset=\"http:\/\/www.musees-mediterranee.org\/wp-content\/uploads\/2024\/10\/muse-32-photo_1-201x300.jpg 201w, http:\/\/www.musees-mediterranee.org\/wp-content\/uploads\/2024\/10\/muse-32-photo_1.jpg 469w\" sizes=\"(max-width: 201px) 100vw, 201px\" \/><\/div><\/a>\n\t\t\t\t<div class=\"elementor-post__text\">\n\t\t\t\t<h3 class=\"elementor-post__title\">\n\t\t\t<a href=\"http:\/\/www.musees-mediterranee.org\/index.php\/2024\/10\/23\/musee-dart\/\" >\n\t\t\t\tMus\u00e9e d&#8217;art\t\t\t<\/a>\n\t\t<\/h3>\n\t\t\t\t<div class=\"elementor-post__excerpt\">\n\t\t\t<p>Toulon<\/p>\t\t<\/div>\n\t\t\t\t<\/div>\n\t\t\t\t\t<\/div>\n\t\t<\/article>\n\t\t\t\t<article class=\"elementor-post elementor-grid-item post-14277 post type-post status-publish format-standard has-post-thumbnail hentry category-page-musee tag-136 tag-toulon\" role=\"listitem\">\n\t\t\t<div class=\"elementor-post__card\">\n\t\t\t\t<a class=\"elementor-post__thumbnail__link\" href=\"http:\/\/www.musees-mediterranee.org\/index.php\/2024\/10\/23\/musee-des-arts-asiatiques-2\/\" tabindex=\"-1\" ><div class=\"elementor-post__thumbnail\"><img loading=\"lazy\" decoding=\"async\" width=\"200\" height=\"300\" src=\"http:\/\/www.musees-mediterranee.org\/wp-content\/uploads\/2024\/10\/muse-135-photo_1-200x300.jpg\" class=\"attachment-medium size-medium wp-image-14364\" alt=\"\" srcset=\"http:\/\/www.musees-mediterranee.org\/wp-content\/uploads\/2024\/10\/muse-135-photo_1-200x300.jpg 200w, http:\/\/www.musees-mediterranee.org\/wp-content\/uploads\/2024\/10\/muse-135-photo_1.jpg 467w\" sizes=\"(max-width: 200px) 100vw, 200px\" \/><\/div><\/a>\n\t\t\t\t<div class=\"elementor-post__text\">\n\t\t\t\t<h3 class=\"elementor-post__title\">\n\t\t\t<a href=\"http:\/\/www.musees-mediterranee.org\/index.php\/2024\/10\/23\/musee-des-arts-asiatiques-2\/\" >\n\t\t\t\tMus\u00e9e des Arts Asiatiques\t\t\t<\/a>\n\t\t<\/h3>\n\t\t\t\t<div class=\"elementor-post__excerpt\">\n\t\t\t<p>Toulon<\/p>\t\t<\/div>\n\t\t\t\t<\/div>\n\t\t\t\t\t<\/div>\n\t\t<\/article>\n\t\t\t\t<article class=\"elementor-post elementor-grid-item post-14279 post type-post status-publish format-standard has-post-thumbnail hentry category-page-musee tag-136 tag-toulon\" role=\"listitem\">\n\t\t\t<div class=\"elementor-post__card\">\n\t\t\t\t<a class=\"elementor-post__thumbnail__link\" href=\"http:\/\/www.musees-mediterranee.org\/index.php\/2024\/10\/23\/museum-departemental-du-var\/\" tabindex=\"-1\" ><div class=\"elementor-post__thumbnail\"><img loading=\"lazy\" decoding=\"async\" width=\"300\" height=\"199\" src=\"http:\/\/www.musees-mediterranee.org\/wp-content\/uploads\/2024\/10\/muse-138-photo_1-300x199.jpg\" class=\"attachment-medium size-medium wp-image-14370\" alt=\"\" srcset=\"http:\/\/www.musees-mediterranee.org\/wp-content\/uploads\/2024\/10\/muse-138-photo_1-300x199.jpg 300w, http:\/\/www.musees-mediterranee.org\/wp-content\/uploads\/2024\/10\/muse-138-photo_1.jpg 700w\" sizes=\"(max-width: 300px) 100vw, 300px\" \/><\/div><\/a>\n\t\t\t\t<div class=\"elementor-post__text\">\n\t\t\t\t<h3 class=\"elementor-post__title\">\n\t\t\t<a href=\"http:\/\/www.musees-mediterranee.org\/index.php\/2024\/10\/23\/museum-departemental-du-var\/\" >\n\t\t\t\tMuseum d\u00e9partemental du var\t\t\t<\/a>\n\t\t<\/h3>\n\t\t\t\t<div class=\"elementor-post__excerpt\">\n\t\t\t<p>Toulon<\/p>\t\t<\/div>\n\t\t\t\t<\/div>\n\t\t\t\t\t<\/div>\n\t\t<\/article>\n\t\t\t\t<article class=\"elementor-post elementor-grid-item post-14281 post type-post status-publish format-standard has-post-thumbnail hentry category-page-musee tag-136 tag-toulon\" role=\"listitem\">\n\t\t\t<div class=\"elementor-post__card\">\n\t\t\t\t<a class=\"elementor-post__thumbnail__link\" href=\"http:\/\/www.musees-mediterranee.org\/index.php\/2024\/10\/23\/musee-national-de-la-marine\/\" tabindex=\"-1\" ><div class=\"elementor-post__thumbnail\"><img loading=\"lazy\" decoding=\"async\" width=\"200\" height=\"300\" src=\"http:\/\/www.musees-mediterranee.org\/wp-content\/uploads\/2024\/10\/muse-141-photo_1-200x300.jpg\" class=\"attachment-medium size-medium wp-image-14375\" alt=\"\" srcset=\"http:\/\/www.musees-mediterranee.org\/wp-content\/uploads\/2024\/10\/muse-141-photo_1-200x300.jpg 200w, http:\/\/www.musees-mediterranee.org\/wp-content\/uploads\/2024\/10\/muse-141-photo_1.jpg 467w\" sizes=\"(max-width: 200px) 100vw, 200px\" \/><\/div><\/a>\n\t\t\t\t<div class=\"elementor-post__text\">\n\t\t\t\t<h3 class=\"elementor-post__title\">\n\t\t\t<a href=\"http:\/\/www.musees-mediterranee.org\/index.php\/2024\/10\/23\/musee-national-de-la-marine\/\" >\n\t\t\t\tMus\u00e9e national de la Marine\t\t\t<\/a>\n\t\t<\/h3>\n\t\t\t\t<div class=\"elementor-post__excerpt\">\n\t\t\t<p>Toulon<\/p>\t\t<\/div>\n\t\t\t\t<\/div>\n\t\t\t\t\t<\/div>\n\t\t<\/article>\n\t\t\t\t<article class=\"elementor-post elementor-grid-item post-14389 post type-post status-publish format-standard has-post-thumbnail hentry category-page-musee tag-136 tag-varages\" role=\"listitem\">\n\t\t\t<div class=\"elementor-post__card\">\n\t\t\t\t<a class=\"elementor-post__thumbnail__link\" href=\"http:\/\/www.musees-mediterranee.org\/index.php\/2024\/10\/29\/musee-des-faiences-de-varages\/\" tabindex=\"-1\" ><div class=\"elementor-post__thumbnail\"><img loading=\"lazy\" decoding=\"async\" width=\"300\" height=\"232\" src=\"http:\/\/www.musees-mediterranee.org\/wp-content\/uploads\/2024\/07\/vide-300x232.jpg\" class=\"attachment-medium size-medium wp-image-12350\" alt=\"\" srcset=\"http:\/\/www.musees-mediterranee.org\/wp-content\/uploads\/2024\/07\/vide-300x232.jpg 300w, http:\/\/www.musees-mediterranee.org\/wp-content\/uploads\/2024\/07\/vide-1024x792.jpg 1024w, http:\/\/www.musees-mediterranee.org\/wp-content\/uploads\/2024\/07\/vide-768x594.jpg 768w, http:\/\/www.musees-mediterranee.org\/wp-content\/uploads\/2024\/07\/vide.jpg 1200w\" sizes=\"(max-width: 300px) 100vw, 300px\" \/><\/div><\/a>\n\t\t\t\t<div class=\"elementor-post__text\">\n\t\t\t\t<h3 class=\"elementor-post__title\">\n\t\t\t<a href=\"http:\/\/www.musees-mediterranee.org\/index.php\/2024\/10\/29\/musee-des-faiences-de-varages\/\" >\n\t\t\t\tMus\u00e9e des Fa\u00efences de Varages\t\t\t<\/a>\n\t\t<\/h3>\n\t\t\t\t<div class=\"elementor-post__excerpt\">\n\t\t\t<p>Varages<\/p>\t\t<\/div>\n\t\t\t\t<\/div>\n\t\t\t\t\t<\/div>\n\t\t<\/article>\n\t\t\t\t<\/div>\n\t\t\n\t\t\t\t\t\t<\/div>\n\t\t\t\t<\/div>\n\t\t\t\t\t<\/div>\n\t\t<\/div>\n\t\t\t\t\t<\/div>\n\t\t<\/section>\n\t\t\t\t<section class=\"elementor-section elementor-top-section elementor-element elementor-element-14eafe7 elementor-section-boxed elementor-section-height-default elementor-section-height-default exad-glass-effect-no exad-sticky-section-no\" data-id=\"14eafe7\" data-element_type=\"section\" data-e-type=\"section\">\n\t\t\t\t\t\t<div class=\"elementor-container elementor-column-gap-default\">\n\t\t\t\t\t<div class=\"elementor-column elementor-col-100 elementor-top-column elementor-element elementor-element-ca50fc9 exad-glass-effect-no exad-sticky-section-no\" data-id=\"ca50fc9\" data-element_type=\"column\" data-e-type=\"column\">\n\t\t\t<div class=\"elementor-widget-wrap elementor-element-populated\">\n\t\t\t\t\t\t<div class=\"elementor-element elementor-element-f7d0d39 exad-sticky-section-no exad-glass-effect-no elementor-widget elementor-widget-text-editor\" data-id=\"f7d0d39\" data-element_type=\"widget\" data-e-type=\"widget\" data-widget_type=\"text-editor.default\">\n\t\t\t\t<div class=\"elementor-widget-container\">\n\t\t\t\t\t\t\t\t\t<p><a href=\"http:\/\/www.musees-mediterranee.org\/index.php\/tous-les-musees\/\">Retour tous les mus\u00e9es<\/a><\/p>\t\t\t\t\t\t\t\t<\/div>\n\t\t\t\t<\/div>\n\t\t\t\t\t<\/div>\n\t\t<\/div>\n\t\t\t\t\t<\/div>\n\t\t<\/section>\n\t\t\t\t<\/div>\n\t\t","protected":false},"excerpt":{"rendered":"<p>Les mus\u00e9es du Var Retour tous les mus\u00e9es Retour tous les mus\u00e9es<\/p>\n","protected":false},"author":1,"featured_media":0,"parent":24,"menu_order":0,"comment_status":"closed","ping_status":"closed","template":"","meta":{"_acf_changed":false,"_bbp_topic_count":0,"_bbp_reply_count":0,"_bbp_total_topic_count":0,"_bbp_total_reply_count":0,"_bbp_voice_count":0,"_bbp_anonymous_reply_count":0,"_bbp_topic_count_hidden":0,"_bbp_reply_count_hidden":0,"_bbp_forum_subforum_count":0,"iawp_total_views":24,"footnotes":""},"class_list":["post-13342","page","type-page","status-publish","hentry"],"acf":[],"_links":{"self":[{"href":"http:\/\/www.musees-mediterranee.org\/index.php\/wp-json\/wp\/v2\/pages\/13342","targetHints":{"allow":["GET"]}}],"collection":[{"href":"http:\/\/www.musees-mediterranee.org\/index.php\/wp-json\/wp\/v2\/pages"}],"about":[{"href":"http:\/\/www.musees-mediterranee.org\/index.php\/wp-json\/wp\/v2\/types\/page"}],"author":[{"embeddable":true,"href":"http:\/\/www.musees-mediterranee.org\/index.php\/wp-json\/wp\/v2\/users\/1"}],"replies":[{"embeddable":true,"href":"http:\/\/www.musees-mediterranee.org\/index.php\/wp-json\/wp\/v2\/comments?post=13342"}],"version-history":[{"count":0,"href":"http:\/\/www.musees-mediterranee.org\/index.php\/wp-json\/wp\/v2\/pages\/13342\/revisions"}],"up":[{"embeddable":true,"href":"http:\/\/www.musees-mediterranee.org\/index.php\/wp-json\/wp\/v2\/pages\/24"}],"wp:attachment":[{"href":"http:\/\/www.musees-mediterranee.org\/index.php\/wp-json\/wp\/v2\/media?parent=13342"}],"curies":[{"name":"wp","href":"https:\/\/api.w.org\/{rel}","templated":true}]}}