{"id":12544,"date":"2024-07-31T12:04:26","date_gmt":"2024-07-31T10:04:26","guid":{"rendered":"http:\/\/www.musees-mediterranee.org\/?page_id=12544"},"modified":"2026-03-03T09:52:04","modified_gmt":"2026-03-03T08:52:04","slug":"les-musees-84","status":"publish","type":"page","link":"http:\/\/www.musees-mediterranee.org\/index.php\/tous-les-musees\/les-musees-84\/","title":{"rendered":"Mus\u00e9es 84"},"content":{"rendered":"\t\t<div data-elementor-type=\"wp-page\" data-elementor-id=\"12544\" class=\"elementor elementor-12544\" data-elementor-post-type=\"page\">\n\t\t\t\t\t\t<section class=\"elementor-section elementor-top-section elementor-element elementor-element-0e4bb8d elementor-section-boxed elementor-section-height-default elementor-section-height-default exad-glass-effect-no exad-sticky-section-no\" data-id=\"0e4bb8d\" data-element_type=\"section\" data-e-type=\"section\">\n\t\t\t\t\t\t<div class=\"elementor-container elementor-column-gap-default\">\n\t\t\t\t\t<div class=\"elementor-column elementor-col-100 elementor-top-column elementor-element elementor-element-fb250f8 exad-glass-effect-no exad-sticky-section-no\" data-id=\"fb250f8\" data-element_type=\"column\" data-e-type=\"column\">\n\t\t\t<div class=\"elementor-widget-wrap elementor-element-populated\">\n\t\t\t\t\t\t<div class=\"elementor-element elementor-element-3059efe exad-sticky-section-no exad-glass-effect-no elementor-widget elementor-widget-heading\" data-id=\"3059efe\" data-element_type=\"widget\" data-e-type=\"widget\" data-widget_type=\"heading.default\">\n\t\t\t\t<div class=\"elementor-widget-container\">\n\t\t\t\t\t<h3 class=\"elementor-heading-title elementor-size-default\">Les mus\u00e9es du Vaucluse<\/h3>\t\t\t\t<\/div>\n\t\t\t\t<\/div>\n\t\t\t\t\t<\/div>\n\t\t<\/div>\n\t\t\t\t\t<\/div>\n\t\t<\/section>\n\t\t\t\t<section class=\"elementor-section elementor-top-section elementor-element elementor-element-10978a0 elementor-section-boxed elementor-section-height-default elementor-section-height-default exad-glass-effect-no exad-sticky-section-no\" data-id=\"10978a0\" data-element_type=\"section\" data-e-type=\"section\">\n\t\t\t\t\t\t<div class=\"elementor-container elementor-column-gap-default\">\n\t\t\t\t\t<div class=\"elementor-column elementor-col-100 elementor-top-column elementor-element elementor-element-40fd2e0 exad-glass-effect-no exad-sticky-section-no\" data-id=\"40fd2e0\" data-element_type=\"column\" data-e-type=\"column\">\n\t\t\t<div class=\"elementor-widget-wrap elementor-element-populated\">\n\t\t\t\t\t\t<div class=\"elementor-element elementor-element-d816242 exad-sticky-section-no exad-glass-effect-no elementor-widget elementor-widget-text-editor\" data-id=\"d816242\" data-element_type=\"widget\" data-e-type=\"widget\" data-widget_type=\"text-editor.default\">\n\t\t\t\t<div class=\"elementor-widget-container\">\n\t\t\t\t\t\t\t\t\t<p><a href=\"http:\/\/www.musees-mediterranee.org\/index.php\/tous-les-musees\/\">Retour tous les mus\u00e9es<\/a><\/p>\t\t\t\t\t\t\t\t<\/div>\n\t\t\t\t<\/div>\n\t\t\t\t\t<\/div>\n\t\t<\/div>\n\t\t\t\t\t<\/div>\n\t\t<\/section>\n\t\t\t\t<section class=\"elementor-section elementor-top-section elementor-element elementor-element-7941aef elementor-section-boxed elementor-section-height-default elementor-section-height-default exad-glass-effect-no exad-sticky-section-no\" data-id=\"7941aef\" data-element_type=\"section\" data-e-type=\"section\">\n\t\t\t\t\t\t<div class=\"elementor-container elementor-column-gap-default\">\n\t\t\t\t\t<div class=\"elementor-column elementor-col-100 elementor-top-column elementor-element elementor-element-d2f7e96 exad-glass-effect-no exad-sticky-section-no\" data-id=\"d2f7e96\" data-element_type=\"column\" data-e-type=\"column\">\n\t\t\t<div class=\"elementor-widget-wrap elementor-element-populated\">\n\t\t\t\t\t\t\t<\/div>\n\t\t<\/div>\n\t\t\t\t\t<\/div>\n\t\t<\/section>\n\t\t\t\t<section class=\"elementor-section elementor-top-section elementor-element elementor-element-70b823f elementor-section-boxed elementor-section-height-default elementor-section-height-default exad-glass-effect-no exad-sticky-section-no\" data-id=\"70b823f\" data-element_type=\"section\" data-e-type=\"section\">\n\t\t\t\t\t\t<div class=\"elementor-container elementor-column-gap-default\">\n\t\t\t\t\t<div class=\"elementor-column elementor-col-100 elementor-top-column elementor-element elementor-element-ed25e4f exad-glass-effect-no exad-sticky-section-no\" data-id=\"ed25e4f\" data-element_type=\"column\" data-e-type=\"column\">\n\t\t\t<div class=\"elementor-widget-wrap elementor-element-populated\">\n\t\t\t\t\t\t<div class=\"elementor-element elementor-element-83a5e47 elementor-grid-4 elementor-posts--align-center elementor-grid-tablet-2 elementor-grid-mobile-1 elementor-posts--thumbnail-top elementor-card-shadow-yes elementor-posts__hover-gradient exad-sticky-section-no exad-glass-effect-no elementor-widget elementor-widget-posts\" data-id=\"83a5e47\" data-element_type=\"widget\" data-e-type=\"widget\" data-settings=\"{&quot;cards_columns&quot;:&quot;4&quot;,&quot;cards_row_gap&quot;:{&quot;unit&quot;:&quot;px&quot;,&quot;size&quot;:5,&quot;sizes&quot;:[]},&quot;cards_columns_tablet&quot;:&quot;2&quot;,&quot;cards_columns_mobile&quot;:&quot;1&quot;,&quot;cards_row_gap_tablet&quot;:{&quot;unit&quot;:&quot;px&quot;,&quot;size&quot;:&quot;&quot;,&quot;sizes&quot;:[]},&quot;cards_row_gap_mobile&quot;:{&quot;unit&quot;:&quot;px&quot;,&quot;size&quot;:&quot;&quot;,&quot;sizes&quot;:[]}}\" data-widget_type=\"posts.cards\">\n\t\t\t\t<div class=\"elementor-widget-container\">\n\t\t\t\t\t\t\t<div class=\"elementor-posts-container elementor-posts elementor-posts--skin-cards elementor-grid\" role=\"list\">\n\t\t\t\t<article class=\"elementor-post elementor-grid-item post-12155 post type-post status-publish format-standard has-post-thumbnail hentry category-page-musee category-route-archeo tag-130 tag-apt\" role=\"listitem\">\n\t\t\t<div class=\"elementor-post__card\">\n\t\t\t\t<a class=\"elementor-post__thumbnail__link\" href=\"http:\/\/www.musees-mediterranee.org\/index.php\/2024\/07\/10\/musee-dapt\/\" tabindex=\"-1\" ><div class=\"elementor-post__thumbnail\"><img fetchpriority=\"high\" decoding=\"async\" width=\"201\" height=\"300\" src=\"http:\/\/www.musees-mediterranee.org\/wp-content\/uploads\/2024\/07\/muse-120-photo_1-201x300.jpg\" class=\"attachment-medium size-medium wp-image-12156\" alt=\"\" srcset=\"http:\/\/www.musees-mediterranee.org\/wp-content\/uploads\/2024\/07\/muse-120-photo_1-201x300.jpg 201w, http:\/\/www.musees-mediterranee.org\/wp-content\/uploads\/2024\/07\/muse-120-photo_1.jpg 469w\" sizes=\"(max-width: 201px) 100vw, 201px\" \/><\/div><\/a>\n\t\t\t\t<div class=\"elementor-post__text\">\n\t\t\t\t<h3 class=\"elementor-post__title\">\n\t\t\t<a href=\"http:\/\/www.musees-mediterranee.org\/index.php\/2024\/07\/10\/musee-dapt\/\" >\n\t\t\t\tMus\u00e9e d&#8217;Apt\t\t\t<\/a>\n\t\t<\/h3>\n\t\t\t\t<div class=\"elementor-post__excerpt\">\n\t\t\t<p>Apt<\/p>\t\t<\/div>\n\t\t\t\t<\/div>\n\t\t\t\t\t<\/div>\n\t\t<\/article>\n\t\t\t\t<article class=\"elementor-post elementor-grid-item post-12202 post type-post status-publish format-standard has-post-thumbnail hentry category-page-musee tag-130 tag-avignon\" role=\"listitem\">\n\t\t\t<div class=\"elementor-post__card\">\n\t\t\t\t<a class=\"elementor-post__thumbnail__link\" href=\"http:\/\/www.musees-mediterranee.org\/index.php\/2024\/07\/17\/musee-du-petit-palais\/\" tabindex=\"-1\" ><div class=\"elementor-post__thumbnail\"><img decoding=\"async\" width=\"200\" height=\"300\" src=\"http:\/\/www.musees-mediterranee.org\/wp-content\/uploads\/2024\/07\/musPhoto_38_46LF-200x300.jpg\" class=\"attachment-medium size-medium wp-image-12203\" alt=\"\" srcset=\"http:\/\/www.musees-mediterranee.org\/wp-content\/uploads\/2024\/07\/musPhoto_38_46LF-200x300.jpg 200w, http:\/\/www.musees-mediterranee.org\/wp-content\/uploads\/2024\/07\/musPhoto_38_46LF.jpg 333w\" sizes=\"(max-width: 200px) 100vw, 200px\" \/><\/div><\/a>\n\t\t\t\t<div class=\"elementor-post__text\">\n\t\t\t\t<h3 class=\"elementor-post__title\">\n\t\t\t<a href=\"http:\/\/www.musees-mediterranee.org\/index.php\/2024\/07\/17\/musee-du-petit-palais\/\" >\n\t\t\t\tMus\u00e9e du Petit Palais\t\t\t<\/a>\n\t\t<\/h3>\n\t\t\t\t<div class=\"elementor-post__excerpt\">\n\t\t\t<p>Avignon<\/p>\t\t<\/div>\n\t\t\t\t<\/div>\n\t\t\t\t\t<\/div>\n\t\t<\/article>\n\t\t\t\t<article class=\"elementor-post elementor-grid-item post-12210 post type-post status-publish format-standard has-post-thumbnail hentry category-page-musee category-route-archeo tag-130 tag-avignon\" role=\"listitem\">\n\t\t\t<div class=\"elementor-post__card\">\n\t\t\t\t<a class=\"elementor-post__thumbnail__link\" href=\"http:\/\/www.musees-mediterranee.org\/index.php\/2024\/07\/17\/musee-calvet\/\" tabindex=\"-1\" ><div class=\"elementor-post__thumbnail\"><img decoding=\"async\" width=\"300\" height=\"195\" src=\"http:\/\/www.musees-mediterranee.org\/wp-content\/uploads\/2024\/07\/muse-58-photo_1-300x195.jpg\" class=\"attachment-medium size-medium wp-image-12211\" alt=\"\" srcset=\"http:\/\/www.musees-mediterranee.org\/wp-content\/uploads\/2024\/07\/muse-58-photo_1-300x195.jpg 300w, http:\/\/www.musees-mediterranee.org\/wp-content\/uploads\/2024\/07\/muse-58-photo_1.jpg 320w\" sizes=\"(max-width: 300px) 100vw, 300px\" \/><\/div><\/a>\n\t\t\t\t<div class=\"elementor-post__text\">\n\t\t\t\t<h3 class=\"elementor-post__title\">\n\t\t\t<a href=\"http:\/\/www.musees-mediterranee.org\/index.php\/2024\/07\/17\/musee-calvet\/\" >\n\t\t\t\tMus\u00e9e Calvet\t\t\t<\/a>\n\t\t<\/h3>\n\t\t\t\t<div class=\"elementor-post__excerpt\">\n\t\t\t<p>Avignon<\/p>\t\t<\/div>\n\t\t\t\t<\/div>\n\t\t\t\t\t<\/div>\n\t\t<\/article>\n\t\t\t\t<article class=\"elementor-post elementor-grid-item post-12215 post type-post status-publish format-standard has-post-thumbnail hentry category-page-musee category-route-archeo tag-130 tag-avignon\" role=\"listitem\">\n\t\t\t<div class=\"elementor-post__card\">\n\t\t\t\t<a class=\"elementor-post__thumbnail__link\" href=\"http:\/\/www.musees-mediterranee.org\/index.php\/2024\/07\/17\/musee-lapidaire\/\" tabindex=\"-1\" ><div class=\"elementor-post__thumbnail\"><img loading=\"lazy\" decoding=\"async\" width=\"300\" height=\"236\" src=\"http:\/\/www.musees-mediterranee.org\/wp-content\/uploads\/2024\/07\/muse-107-photo_1-300x236.jpg\" class=\"attachment-medium size-medium wp-image-12216\" alt=\"\" srcset=\"http:\/\/www.musees-mediterranee.org\/wp-content\/uploads\/2024\/07\/muse-107-photo_1-300x236.jpg 300w, http:\/\/www.musees-mediterranee.org\/wp-content\/uploads\/2024\/07\/muse-107-photo_1.jpg 448w\" sizes=\"(max-width: 300px) 100vw, 300px\" \/><\/div><\/a>\n\t\t\t\t<div class=\"elementor-post__text\">\n\t\t\t\t<h3 class=\"elementor-post__title\">\n\t\t\t<a href=\"http:\/\/www.musees-mediterranee.org\/index.php\/2024\/07\/17\/musee-lapidaire\/\" >\n\t\t\t\tMus\u00e9e Lapidaire\t\t\t<\/a>\n\t\t<\/h3>\n\t\t\t\t<div class=\"elementor-post__excerpt\">\n\t\t\t<p>Avignon<\/p>\t\t<\/div>\n\t\t\t\t<\/div>\n\t\t\t\t\t<\/div>\n\t\t<\/article>\n\t\t\t\t<article class=\"elementor-post elementor-grid-item post-12219 post type-post status-publish format-standard has-post-thumbnail hentry category-page-musee tag-130 tag-avignon\" role=\"listitem\">\n\t\t\t<div class=\"elementor-post__card\">\n\t\t\t\t<a class=\"elementor-post__thumbnail__link\" href=\"http:\/\/www.musees-mediterranee.org\/index.php\/2024\/07\/17\/musee-dhistoire-naturelle-esprit-requien\/\" tabindex=\"-1\" ><div class=\"elementor-post__thumbnail\"><img loading=\"lazy\" decoding=\"async\" width=\"300\" height=\"195\" src=\"http:\/\/www.musees-mediterranee.org\/wp-content\/uploads\/2024\/07\/muse-132-photo_1-300x195.jpg\" class=\"attachment-medium size-medium wp-image-12220\" alt=\"\" srcset=\"http:\/\/www.musees-mediterranee.org\/wp-content\/uploads\/2024\/07\/muse-132-photo_1-300x195.jpg 300w, http:\/\/www.musees-mediterranee.org\/wp-content\/uploads\/2024\/07\/muse-132-photo_1.jpg 700w\" sizes=\"(max-width: 300px) 100vw, 300px\" \/><\/div><\/a>\n\t\t\t\t<div class=\"elementor-post__text\">\n\t\t\t\t<h3 class=\"elementor-post__title\">\n\t\t\t<a href=\"http:\/\/www.musees-mediterranee.org\/index.php\/2024\/07\/17\/musee-dhistoire-naturelle-esprit-requien\/\" >\n\t\t\t\tMus\u00e9e d&#8217;Histoire naturelle Esprit Requien\t\t\t<\/a>\n\t\t<\/h3>\n\t\t\t\t<div class=\"elementor-post__excerpt\">\n\t\t\t<p>Avignon<\/p>\t\t<\/div>\n\t\t\t\t<\/div>\n\t\t\t\t\t<\/div>\n\t\t<\/article>\n\t\t\t\t<article class=\"elementor-post elementor-grid-item post-12455 post type-post status-publish format-standard has-post-thumbnail hentry category-page-musee tag-130 tag-carpentras\" role=\"listitem\">\n\t\t\t<div class=\"elementor-post__card\">\n\t\t\t\t<a class=\"elementor-post__thumbnail__link\" href=\"http:\/\/www.musees-mediterranee.org\/index.php\/2024\/07\/30\/musee-bibliotheque-inguimbertine\/\" tabindex=\"-1\" ><div class=\"elementor-post__thumbnail\"><img loading=\"lazy\" decoding=\"async\" width=\"300\" height=\"185\" src=\"http:\/\/www.musees-mediterranee.org\/wp-content\/uploads\/2024\/07\/musPhoto_260_QHJN-300x185.jpg\" class=\"attachment-medium size-medium wp-image-12456\" alt=\"\" srcset=\"http:\/\/www.musees-mediterranee.org\/wp-content\/uploads\/2024\/07\/musPhoto_260_QHJN-300x185.jpg 300w, http:\/\/www.musees-mediterranee.org\/wp-content\/uploads\/2024\/07\/musPhoto_260_QHJN.jpg 491w\" sizes=\"(max-width: 300px) 100vw, 300px\" \/><\/div><\/a>\n\t\t\t\t<div class=\"elementor-post__text\">\n\t\t\t\t<h3 class=\"elementor-post__title\">\n\t\t\t<a href=\"http:\/\/www.musees-mediterranee.org\/index.php\/2024\/07\/30\/musee-bibliotheque-inguimbertine\/\" >\n\t\t\t\tMus\u00e9e-Biblioth\u00e8que Inguimbertine\t\t\t<\/a>\n\t\t<\/h3>\n\t\t\t\t<div class=\"elementor-post__excerpt\">\n\t\t\t<p>Carpentras<\/p>\t\t<\/div>\n\t\t\t\t<\/div>\n\t\t\t\t\t<\/div>\n\t\t<\/article>\n\t\t\t\t<article class=\"elementor-post elementor-grid-item post-12498 post type-post status-publish format-standard has-post-thumbnail hentry category-page-musee category-route-archeo tag-130 tag-cavaillon\" role=\"listitem\">\n\t\t\t<div class=\"elementor-post__card\">\n\t\t\t\t<a class=\"elementor-post__thumbnail__link\" href=\"http:\/\/www.musees-mediterranee.org\/index.php\/2024\/07\/31\/musee-archeologique-de-lhotel-dieu\/\" tabindex=\"-1\" ><div class=\"elementor-post__thumbnail\"><img loading=\"lazy\" decoding=\"async\" width=\"300\" height=\"193\" src=\"http:\/\/www.musees-mediterranee.org\/wp-content\/uploads\/2024\/07\/musPhoto_49_KHAX-300x193.jpg\" class=\"attachment-medium size-medium wp-image-12499\" alt=\"\" srcset=\"http:\/\/www.musees-mediterranee.org\/wp-content\/uploads\/2024\/07\/musPhoto_49_KHAX-300x193.jpg 300w, http:\/\/www.musees-mediterranee.org\/wp-content\/uploads\/2024\/07\/musPhoto_49_KHAX.jpg 600w\" sizes=\"(max-width: 300px) 100vw, 300px\" \/><\/div><\/a>\n\t\t\t\t<div class=\"elementor-post__text\">\n\t\t\t\t<h3 class=\"elementor-post__title\">\n\t\t\t<a href=\"http:\/\/www.musees-mediterranee.org\/index.php\/2024\/07\/31\/musee-archeologique-de-lhotel-dieu\/\" >\n\t\t\t\tMus\u00e9e Arch\u00e9ologique de l&#8217;H\u00f4tel-Dieu\t\t\t<\/a>\n\t\t<\/h3>\n\t\t\t\t<div class=\"elementor-post__excerpt\">\n\t\t\t<p>Cavaillon<\/p>\t\t<\/div>\n\t\t\t\t<\/div>\n\t\t\t\t\t<\/div>\n\t\t<\/article>\n\t\t\t\t<article class=\"elementor-post elementor-grid-item post-12503 post type-post status-publish format-standard has-post-thumbnail hentry category-page-musee tag-130 tag-cavaillon tag-ferme\" role=\"listitem\">\n\t\t\t<div class=\"elementor-post__card\">\n\t\t\t\t<a class=\"elementor-post__thumbnail__link\" href=\"http:\/\/www.musees-mediterranee.org\/index.php\/2024\/07\/31\/musee-jouve\/\" tabindex=\"-1\" ><div class=\"elementor-post__thumbnail\"><img loading=\"lazy\" decoding=\"async\" width=\"200\" height=\"300\" src=\"http:\/\/www.musees-mediterranee.org\/wp-content\/uploads\/2024\/07\/muse-105-photo_1-200x300.jpg\" class=\"attachment-medium size-medium wp-image-12504\" alt=\"\" srcset=\"http:\/\/www.musees-mediterranee.org\/wp-content\/uploads\/2024\/07\/muse-105-photo_1-200x300.jpg 200w, http:\/\/www.musees-mediterranee.org\/wp-content\/uploads\/2024\/07\/muse-105-photo_1.jpg 448w\" sizes=\"(max-width: 200px) 100vw, 200px\" \/><\/div><\/a>\n\t\t\t\t<div class=\"elementor-post__text\">\n\t\t\t\t<h3 class=\"elementor-post__title\">\n\t\t\t<a href=\"http:\/\/www.musees-mediterranee.org\/index.php\/2024\/07\/31\/musee-jouve\/\" >\n\t\t\t\tMus\u00e9e Jouve\t\t\t<\/a>\n\t\t<\/h3>\n\t\t\t\t<div class=\"elementor-post__excerpt\">\n\t\t\t<p>Cavaillon<\/p>\t\t<\/div>\n\t\t\t\t<\/div>\n\t\t\t\t\t<\/div>\n\t\t<\/article>\n\t\t\t\t<article class=\"elementor-post elementor-grid-item post-12506 post type-post status-publish format-standard has-post-thumbnail hentry category-page-musee tag-130 tag-cavaillon\" role=\"listitem\">\n\t\t\t<div class=\"elementor-post__card\">\n\t\t\t\t<a class=\"elementor-post__thumbnail__link\" href=\"http:\/\/www.musees-mediterranee.org\/index.php\/2024\/07\/31\/musee-juif-comtadin-ancienne-synagogue\/\" tabindex=\"-1\" ><div class=\"elementor-post__thumbnail\"><img loading=\"lazy\" decoding=\"async\" width=\"171\" height=\"300\" src=\"http:\/\/www.musees-mediterranee.org\/wp-content\/uploads\/2024\/07\/musPhoto_106_9MP6-171x300.jpg\" class=\"attachment-medium size-medium wp-image-12507\" alt=\"\" srcset=\"http:\/\/www.musees-mediterranee.org\/wp-content\/uploads\/2024\/07\/musPhoto_106_9MP6-171x300.jpg 171w, http:\/\/www.musees-mediterranee.org\/wp-content\/uploads\/2024\/07\/musPhoto_106_9MP6.jpg 240w\" sizes=\"(max-width: 171px) 100vw, 171px\" \/><\/div><\/a>\n\t\t\t\t<div class=\"elementor-post__text\">\n\t\t\t\t<h3 class=\"elementor-post__title\">\n\t\t\t<a href=\"http:\/\/www.musees-mediterranee.org\/index.php\/2024\/07\/31\/musee-juif-comtadin-ancienne-synagogue\/\" >\n\t\t\t\tMus\u00e9e juif comtadin &#8211; ancienne synagogue\t\t\t<\/a>\n\t\t<\/h3>\n\t\t\t\t<div class=\"elementor-post__excerpt\">\n\t\t\t<p>Cavaillon<\/p>\t\t<\/div>\n\t\t\t\t<\/div>\n\t\t\t\t\t<\/div>\n\t\t<\/article>\n\t\t\t\t<article class=\"elementor-post elementor-grid-item post-12518 post type-post status-publish format-standard has-post-thumbnail hentry category-page-musee category-route-archeo tag-130 tag-cucuron\" role=\"listitem\">\n\t\t\t<div class=\"elementor-post__card\">\n\t\t\t\t<a class=\"elementor-post__thumbnail__link\" href=\"http:\/\/www.musees-mediterranee.org\/index.php\/2024\/07\/31\/musee-marc-deydier\/\" tabindex=\"-1\" ><div class=\"elementor-post__thumbnail\"><img loading=\"lazy\" decoding=\"async\" width=\"276\" height=\"300\" src=\"http:\/\/www.musees-mediterranee.org\/wp-content\/uploads\/2024\/07\/muse-111-photo_1-276x300.jpg\" class=\"attachment-medium size-medium wp-image-12519\" alt=\"\" srcset=\"http:\/\/www.musees-mediterranee.org\/wp-content\/uploads\/2024\/07\/muse-111-photo_1-276x300.jpg 276w, http:\/\/www.musees-mediterranee.org\/wp-content\/uploads\/2024\/07\/muse-111-photo_1.jpg 643w\" sizes=\"(max-width: 276px) 100vw, 276px\" \/><\/div><\/a>\n\t\t\t\t<div class=\"elementor-post__text\">\n\t\t\t\t<h3 class=\"elementor-post__title\">\n\t\t\t<a href=\"http:\/\/www.musees-mediterranee.org\/index.php\/2024\/07\/31\/musee-marc-deydier\/\" >\n\t\t\t\tMus\u00e9e Marc-Deydier\t\t\t<\/a>\n\t\t<\/h3>\n\t\t\t\t<div class=\"elementor-post__excerpt\">\n\t\t\t<p>Cucuron<\/p>\t\t<\/div>\n\t\t\t\t<\/div>\n\t\t\t\t\t<\/div>\n\t\t<\/article>\n\t\t\t\t<article class=\"elementor-post elementor-grid-item post-12599 post type-post status-publish format-standard has-post-thumbnail hentry category-page-musee tag-130 tag-fontaine-de-vaucluse\" role=\"listitem\">\n\t\t\t<div class=\"elementor-post__card\">\n\t\t\t\t<a class=\"elementor-post__thumbnail__link\" href=\"http:\/\/www.musees-mediterranee.org\/index.php\/2024\/08\/27\/musee-bibliotheque-petrarque\/\" tabindex=\"-1\" ><div class=\"elementor-post__thumbnail\"><img loading=\"lazy\" decoding=\"async\" width=\"300\" height=\"200\" src=\"http:\/\/www.musees-mediterranee.org\/wp-content\/uploads\/2024\/08\/muse-4-photo_1-300x200.jpg\" class=\"attachment-medium size-medium wp-image-12600\" alt=\"\" srcset=\"http:\/\/www.musees-mediterranee.org\/wp-content\/uploads\/2024\/08\/muse-4-photo_1-300x200.jpg 300w, http:\/\/www.musees-mediterranee.org\/wp-content\/uploads\/2024\/08\/muse-4-photo_1.jpg 700w\" sizes=\"(max-width: 300px) 100vw, 300px\" \/><\/div><\/a>\n\t\t\t\t<div class=\"elementor-post__text\">\n\t\t\t\t<h3 class=\"elementor-post__title\">\n\t\t\t<a href=\"http:\/\/www.musees-mediterranee.org\/index.php\/2024\/08\/27\/musee-bibliotheque-petrarque\/\" >\n\t\t\t\tMus\u00e9e-biblioth\u00e8que P\u00e9trarque\t\t\t<\/a>\n\t\t<\/h3>\n\t\t\t\t<div class=\"elementor-post__excerpt\">\n\t\t\t<p>Fontaine-de-Vaucluse<\/p>\t\t<\/div>\n\t\t\t\t<\/div>\n\t\t\t\t\t<\/div>\n\t\t<\/article>\n\t\t\t\t<article class=\"elementor-post elementor-grid-item post-12612 post type-post status-publish format-standard has-post-thumbnail hentry category-page-musee tag-130 tag-fontaine-de-vaucluse\" role=\"listitem\">\n\t\t\t<div class=\"elementor-post__card\">\n\t\t\t\t<a class=\"elementor-post__thumbnail__link\" href=\"http:\/\/www.musees-mediterranee.org\/index.php\/2024\/08\/27\/musee-dhistoire-jean-garcin-1939-1945-lappel-de-la-liberte\/\" tabindex=\"-1\" ><div class=\"elementor-post__thumbnail\"><img loading=\"lazy\" decoding=\"async\" width=\"199\" height=\"300\" src=\"http:\/\/www.musees-mediterranee.org\/wp-content\/uploads\/2024\/08\/muse-81-photo_1-199x300.jpg\" class=\"attachment-medium size-medium wp-image-12615\" alt=\"\" srcset=\"http:\/\/www.musees-mediterranee.org\/wp-content\/uploads\/2024\/08\/muse-81-photo_1-199x300.jpg 199w, http:\/\/www.musees-mediterranee.org\/wp-content\/uploads\/2024\/08\/muse-81-photo_1.jpg 465w\" sizes=\"(max-width: 199px) 100vw, 199px\" \/><\/div><\/a>\n\t\t\t\t<div class=\"elementor-post__text\">\n\t\t\t\t<h3 class=\"elementor-post__title\">\n\t\t\t<a href=\"http:\/\/www.musees-mediterranee.org\/index.php\/2024\/08\/27\/musee-dhistoire-jean-garcin-1939-1945-lappel-de-la-liberte\/\" >\n\t\t\t\tMus\u00e9e d&#8217;Histoire Jean Garcin \u00ab 1939-1945, l&#8217;Appel de la Libert\u00e9 \u00bb\t\t\t<\/a>\n\t\t<\/h3>\n\t\t\t\t<div class=\"elementor-post__excerpt\">\n\t\t\t<p>Fontaine-de-Vaucluse<\/p>\t\t<\/div>\n\t\t\t\t<\/div>\n\t\t\t\t\t<\/div>\n\t\t<\/article>\n\t\t\t\t<article class=\"elementor-post elementor-grid-item post-13501 post type-post status-publish format-standard has-post-thumbnail hentry category-page-musee category-route-archeo tag-130 tag-ferme tag-mazan\" role=\"listitem\">\n\t\t\t<div class=\"elementor-post__card\">\n\t\t\t\t<a class=\"elementor-post__thumbnail__link\" href=\"http:\/\/www.musees-mediterranee.org\/index.php\/2024\/09\/25\/musee-municipal-camille-pautet\/\" tabindex=\"-1\" ><div class=\"elementor-post__thumbnail\"><img loading=\"lazy\" decoding=\"async\" width=\"300\" height=\"205\" src=\"http:\/\/www.musees-mediterranee.org\/wp-content\/uploads\/2024\/09\/muse-117-photo_1-300x205.jpg\" class=\"attachment-medium size-medium wp-image-13502\" alt=\"\" srcset=\"http:\/\/www.musees-mediterranee.org\/wp-content\/uploads\/2024\/09\/muse-117-photo_1-300x205.jpg 300w, http:\/\/www.musees-mediterranee.org\/wp-content\/uploads\/2024\/09\/muse-117-photo_1.jpg 700w\" sizes=\"(max-width: 300px) 100vw, 300px\" \/><\/div><\/a>\n\t\t\t\t<div class=\"elementor-post__text\">\n\t\t\t\t<h3 class=\"elementor-post__title\">\n\t\t\t<a href=\"http:\/\/www.musees-mediterranee.org\/index.php\/2024\/09\/25\/musee-municipal-camille-pautet\/\" >\n\t\t\t\tMus\u00e9e Municipal &#8211; Camille Pautet\t\t\t<\/a>\n\t\t<\/h3>\n\t\t\t\t<div class=\"elementor-post__excerpt\">\n\t\t\t<p>Mazan<\/p>\t\t<\/div>\n\t\t\t\t<\/div>\n\t\t\t\t\t<\/div>\n\t\t<\/article>\n\t\t\t\t<article class=\"elementor-post elementor-grid-item post-13869 post type-post status-publish format-standard has-post-thumbnail hentry category-page-musee category-route-archeo tag-130 tag-orange\" role=\"listitem\">\n\t\t\t<div class=\"elementor-post__card\">\n\t\t\t\t<a class=\"elementor-post__thumbnail__link\" href=\"http:\/\/www.musees-mediterranee.org\/index.php\/2024\/10\/09\/musee-dart-et-dhistoire\/\" tabindex=\"-1\" ><div class=\"elementor-post__thumbnail\"><img loading=\"lazy\" decoding=\"async\" width=\"300\" height=\"198\" src=\"http:\/\/www.musees-mediterranee.org\/wp-content\/uploads\/2024\/10\/muse-118-photo_1-300x198.jpg\" class=\"attachment-medium size-medium wp-image-13870\" alt=\"\" srcset=\"http:\/\/www.musees-mediterranee.org\/wp-content\/uploads\/2024\/10\/muse-118-photo_1-300x198.jpg 300w, http:\/\/www.musees-mediterranee.org\/wp-content\/uploads\/2024\/10\/muse-118-photo_1.jpg 700w\" sizes=\"(max-width: 300px) 100vw, 300px\" \/><\/div><\/a>\n\t\t\t\t<div class=\"elementor-post__text\">\n\t\t\t\t<h3 class=\"elementor-post__title\">\n\t\t\t<a href=\"http:\/\/www.musees-mediterranee.org\/index.php\/2024\/10\/09\/musee-dart-et-dhistoire\/\" >\n\t\t\t\tMus\u00e9e d&#8217;Art et d&#8217;Histoire\t\t\t<\/a>\n\t\t<\/h3>\n\t\t\t\t<div class=\"elementor-post__excerpt\">\n\t\t\t<p>Orange<\/p>\t\t<\/div>\n\t\t\t\t<\/div>\n\t\t\t\t\t<\/div>\n\t\t<\/article>\n\t\t\t\t<article class=\"elementor-post elementor-grid-item post-14180 post type-post status-publish format-standard has-post-thumbnail hentry category-page-musee tag-130 tag-sault\" role=\"listitem\">\n\t\t\t<div class=\"elementor-post__card\">\n\t\t\t\t<a class=\"elementor-post__thumbnail__link\" href=\"http:\/\/www.musees-mediterranee.org\/index.php\/2024\/10\/22\/musee-municipal-de-sault-vaucluse\/\" tabindex=\"-1\" ><div class=\"elementor-post__thumbnail\"><img loading=\"lazy\" decoding=\"async\" width=\"230\" height=\"300\" src=\"http:\/\/www.musees-mediterranee.org\/wp-content\/uploads\/2024\/10\/muse-119-photo_1-230x300.jpg\" class=\"attachment-medium size-medium wp-image-14241\" alt=\"\" srcset=\"http:\/\/www.musees-mediterranee.org\/wp-content\/uploads\/2024\/10\/muse-119-photo_1-230x300.jpg 230w, http:\/\/www.musees-mediterranee.org\/wp-content\/uploads\/2024\/10\/muse-119-photo_1.jpg 369w\" sizes=\"(max-width: 230px) 100vw, 230px\" \/><\/div><\/a>\n\t\t\t\t<div class=\"elementor-post__text\">\n\t\t\t\t<h3 class=\"elementor-post__title\">\n\t\t\t<a href=\"http:\/\/www.musees-mediterranee.org\/index.php\/2024\/10\/22\/musee-municipal-de-sault-vaucluse\/\" >\n\t\t\t\tMus\u00e9e Municipal de Sault\t\t\t<\/a>\n\t\t<\/h3>\n\t\t\t\t<div class=\"elementor-post__excerpt\">\n\t\t\t<p>Sault<\/p>\t\t<\/div>\n\t\t\t\t<\/div>\n\t\t\t\t\t<\/div>\n\t\t<\/article>\n\t\t\t\t<article class=\"elementor-post elementor-grid-item post-14382 post type-post status-publish format-standard has-post-thumbnail hentry category-page-musee category-route-archeo tag-130 tag-vaison-la-romaine\" role=\"listitem\">\n\t\t\t<div class=\"elementor-post__card\">\n\t\t\t\t<a class=\"elementor-post__thumbnail__link\" href=\"http:\/\/www.musees-mediterranee.org\/index.php\/2024\/10\/29\/musee-archeologique-theo-desplans\/\" tabindex=\"-1\" ><div class=\"elementor-post__thumbnail\"><img loading=\"lazy\" decoding=\"async\" width=\"300\" height=\"225\" src=\"http:\/\/www.musees-mediterranee.org\/wp-content\/uploads\/2024\/10\/muse-54-photo_1-300x225.jpg\" class=\"attachment-medium size-medium wp-image-14421\" alt=\"\" srcset=\"http:\/\/www.musees-mediterranee.org\/wp-content\/uploads\/2024\/10\/muse-54-photo_1-300x225.jpg 300w, http:\/\/www.musees-mediterranee.org\/wp-content\/uploads\/2024\/10\/muse-54-photo_1.jpg 640w\" sizes=\"(max-width: 300px) 100vw, 300px\" \/><\/div><\/a>\n\t\t\t\t<div class=\"elementor-post__text\">\n\t\t\t\t<h3 class=\"elementor-post__title\">\n\t\t\t<a href=\"http:\/\/www.musees-mediterranee.org\/index.php\/2024\/10\/29\/musee-archeologique-theo-desplans\/\" >\n\t\t\t\tMus\u00e9e Arch\u00e9ologique Th\u00e9o Desplans\t\t\t<\/a>\n\t\t<\/h3>\n\t\t\t\t<div class=\"elementor-post__excerpt\">\n\t\t\t<p>Vaison-la-Romaine<\/p>\t\t<\/div>\n\t\t\t\t<\/div>\n\t\t\t\t\t<\/div>\n\t\t<\/article>\n\t\t\t\t<article class=\"elementor-post elementor-grid-item post-14387 post type-post status-publish format-standard has-post-thumbnail hentry category-page-musee tag-130 tag-valreas\" role=\"listitem\">\n\t\t\t<div class=\"elementor-post__card\">\n\t\t\t\t<a class=\"elementor-post__thumbnail__link\" href=\"http:\/\/www.musees-mediterranee.org\/index.php\/2024\/10\/29\/musee-du-cartonnage-et-de-limprimerie\/\" tabindex=\"-1\" ><div class=\"elementor-post__thumbnail\"><img loading=\"lazy\" decoding=\"async\" width=\"300\" height=\"204\" src=\"http:\/\/www.musees-mediterranee.org\/wp-content\/uploads\/2024\/10\/muse-90-photo_1-300x204.jpg\" class=\"attachment-medium size-medium wp-image-14443\" alt=\"\" srcset=\"http:\/\/www.musees-mediterranee.org\/wp-content\/uploads\/2024\/10\/muse-90-photo_1-300x204.jpg 300w, http:\/\/www.musees-mediterranee.org\/wp-content\/uploads\/2024\/10\/muse-90-photo_1.jpg 444w\" sizes=\"(max-width: 300px) 100vw, 300px\" \/><\/div><\/a>\n\t\t\t\t<div class=\"elementor-post__text\">\n\t\t\t\t<h3 class=\"elementor-post__title\">\n\t\t\t<a href=\"http:\/\/www.musees-mediterranee.org\/index.php\/2024\/10\/29\/musee-du-cartonnage-et-de-limprimerie\/\" >\n\t\t\t\tMus\u00e9e du Cartonnage et de l&#8217;Imprimerie\t\t\t<\/a>\n\t\t<\/h3>\n\t\t\t\t<div class=\"elementor-post__excerpt\">\n\t\t\t<p>Valr\u00e9as<\/p>\t\t<\/div>\n\t\t\t\t<\/div>\n\t\t\t\t\t<\/div>\n\t\t<\/article>\n\t\t\t\t<\/div>\n\t\t\n\t\t\t\t\t\t<\/div>\n\t\t\t\t<\/div>\n\t\t\t\t\t<\/div>\n\t\t<\/div>\n\t\t\t\t\t<\/div>\n\t\t<\/section>\n\t\t\t\t<section class=\"elementor-section elementor-top-section elementor-element elementor-element-88cc115 elementor-section-boxed elementor-section-height-default elementor-section-height-default exad-glass-effect-no exad-sticky-section-no\" data-id=\"88cc115\" data-element_type=\"section\" data-e-type=\"section\">\n\t\t\t\t\t\t<div class=\"elementor-container elementor-column-gap-default\">\n\t\t\t\t\t<div class=\"elementor-column elementor-col-100 elementor-top-column elementor-element elementor-element-a3f20d1 exad-glass-effect-no exad-sticky-section-no\" data-id=\"a3f20d1\" data-element_type=\"column\" data-e-type=\"column\">\n\t\t\t<div class=\"elementor-widget-wrap elementor-element-populated\">\n\t\t\t\t\t\t<div class=\"elementor-element elementor-element-ae0c1bf exad-sticky-section-no exad-glass-effect-no elementor-widget elementor-widget-text-editor\" data-id=\"ae0c1bf\" data-element_type=\"widget\" data-e-type=\"widget\" data-widget_type=\"text-editor.default\">\n\t\t\t\t<div class=\"elementor-widget-container\">\n\t\t\t\t\t\t\t\t\t<p><a href=\"http:\/\/www.musees-mediterranee.org\/index.php\/tous-les-musees\/\">Retour tous les mus\u00e9es<\/a><\/p>\t\t\t\t\t\t\t\t<\/div>\n\t\t\t\t<\/div>\n\t\t\t\t\t<\/div>\n\t\t<\/div>\n\t\t\t\t\t<\/div>\n\t\t<\/section>\n\t\t\t\t<\/div>\n\t\t","protected":false},"excerpt":{"rendered":"<p>Les mus\u00e9es du Vaucluse Retour tous les mus\u00e9es Retour tous les mus\u00e9es<\/p>\n","protected":false},"author":1,"featured_media":0,"parent":24,"menu_order":0,"comment_status":"closed","ping_status":"closed","template":"","meta":{"_acf_changed":false,"_bbp_topic_count":0,"_bbp_reply_count":0,"_bbp_total_topic_count":0,"_bbp_total_reply_count":0,"_bbp_voice_count":0,"_bbp_anonymous_reply_count":0,"_bbp_topic_count_hidden":0,"_bbp_reply_count_hidden":0,"_bbp_forum_subforum_count":0,"iawp_total_views":38,"footnotes":""},"class_list":["post-12544","page","type-page","status-publish","hentry"],"acf":[],"_links":{"self":[{"href":"http:\/\/www.musees-mediterranee.org\/index.php\/wp-json\/wp\/v2\/pages\/12544","targetHints":{"allow":["GET"]}}],"collection":[{"href":"http:\/\/www.musees-mediterranee.org\/index.php\/wp-json\/wp\/v2\/pages"}],"about":[{"href":"http:\/\/www.musees-mediterranee.org\/index.php\/wp-json\/wp\/v2\/types\/page"}],"author":[{"embeddable":true,"href":"http:\/\/www.musees-mediterranee.org\/index.php\/wp-json\/wp\/v2\/users\/1"}],"replies":[{"embeddable":true,"href":"http:\/\/www.musees-mediterranee.org\/index.php\/wp-json\/wp\/v2\/comments?post=12544"}],"version-history":[{"count":0,"href":"http:\/\/www.musees-mediterranee.org\/index.php\/wp-json\/wp\/v2\/pages\/12544\/revisions"}],"up":[{"embeddable":true,"href":"http:\/\/www.musees-mediterranee.org\/index.php\/wp-json\/wp\/v2\/pages\/24"}],"wp:attachment":[{"href":"http:\/\/www.musees-mediterranee.org\/index.php\/wp-json\/wp\/v2\/media?parent=12544"}],"curies":[{"name":"wp","href":"https:\/\/api.w.org\/{rel}","templated":true}]}}